{"id":36848,"date":"2023-04-26T17:31:43","date_gmt":"2023-04-26T20:31:43","guid":{"rendered":"https:\/\/www.ccbc.org.br\/cam-ccbc-centro-arbitragem-mediacao\/?page_id=36848"},"modified":"2024-05-07T21:20:07","modified_gmt":"2024-05-08T00:20:07","slug":"norma-complementar-02-2023","status":"publish","type":"page","link":"https:\/\/www.ccbc.org.br\/cam-ccbc-centro-arbitragem-mediacao\/norma-complementar-02-2023\/","title":{"rendered":"Norma Complementar 02\/2023"},"content":{"rendered":"\n\n[et_pb_section fb_built=&#8221;1&#8243; module_class=&#8221;interior-header&#8221; _builder_version=&#8221;4.16&#8243; background_image=&#8221;https:\/\/ccbc.org.br\/cam-ccbc-centro-arbitragem-mediacao\/wp-content\/uploads\/sites\/10\/2018\/08\/Conj31-A1-SalaDeArbitragem.jpg&#8221; custom_padding=&#8221;200px|0px||0px|false|false&#8221; locked=&#8221;off&#8221; global_colors_info=&#8221;{}&#8221;][et_pb_row _builder_version=&#8221;4.16&#8243; custom_margin=&#8221;50px|||&#8221; global_colors_info=&#8221;{}&#8221;][et_pb_column type=&#8221;4_4&#8243; _builder_version=&#8221;4.16&#8243; background_position=&#8221;top_left&#8221; custom_padding=&#8221;|||&#8221; global_colors_info=&#8221;{}&#8221; custom_padding__hover=&#8221;|||&#8221;][et_pb_text admin_label=&#8221;Header&#8221; _builder_version=&#8221;4.17.4&#8243; text_font=&#8221;||||||||&#8221; text_font_size=&#8221;22px&#8221; header_font=&#8221;||||||||&#8221; header_font_size=&#8221;60px&#8221; header_line_height=&#8221;1.2em&#8221; background_layout=&#8221;dark&#8221; hover_enabled=&#8221;0&#8243; text_font_size_tablet=&#8221;14px&#8221; text_font_size_phone=&#8221;14px&#8221; text_font_size_last_edited=&#8221;on|phone&#8221; header_font_size_tablet=&#8221;30px&#8221; header_font_size_phone=&#8221;&#8221; header_font_size_last_edited=&#8221;on|phone&#8221; global_colors_info=&#8221;{}&#8221; sticky_enabled=&#8221;0&#8243;]<h1>Regulamento de Arbitragem Societ\u00e1ria<\/h1>\n<p>Ref.: Norma Complementar 02\/2023<\/p>[\/et_pb_text][\/et_pb_column][\/et_pb_row][et_pb_row _builder_version=&#8221;4.16&#8243; custom_margin=&#8221;0px||0px|&#8221; custom_padding=&#8221;0px||0px|&#8221; global_colors_info=&#8221;{}&#8221;][et_pb_column type=&#8221;4_4&#8243; _builder_version=&#8221;4.16&#8243; custom_padding=&#8221;|||&#8221; global_colors_info=&#8221;{}&#8221; custom_padding__hover=&#8221;|||&#8221;][et_pb_code admin_label=&#8221;Breadcrumbs shortcode&#8221; module_class=&#8221;breadcrumbs&#8221; _builder_version=&#8221;4.16&#8243; custom_css_main_element=&#8221;margin-top: 103px;||font-size: 14px;&#8221; global_colors_info=&#8221;{}&#8221;][\/et_pb_code][\/et_pb_column][\/et_pb_row][\/et_pb_section][et_pb_section fb_built=&#8221;1&#8243; _builder_version=&#8221;4.16&#8243; locked=&#8221;off&#8221; global_colors_info=&#8221;{}&#8221;][et_pb_row _builder_version=&#8221;4.16&#8243; background_size=&#8221;initial&#8221; background_position=&#8221;top_left&#8221; background_repeat=&#8221;repeat&#8221; global_colors_info=&#8221;{}&#8221;][et_pb_column type=&#8221;4_4&#8243; _builder_version=&#8221;4.16&#8243; custom_padding=&#8221;|||&#8221; global_colors_info=&#8221;{}&#8221; custom_padding__hover=&#8221;|||&#8221;][et_pb_text ol_type=&#8221;lower-alpha&#8221; ol_item_indent=&#8221;30px&#8221; admin_label=&#8221;Text&#8221; _builder_version=&#8221;4.17.4&#8243; background_size=&#8221;initial&#8221; background_position=&#8221;top_left&#8221; background_repeat=&#8221;repeat&#8221; global_colors_info=&#8221;{}&#8221;]<p><span style=\"font-size: 14px;\">CONSIDERANDO o compromisso do CAM-CCBC com as melhores pr\u00e1ticas e o desenvolvimento cont\u00ednuo dos m\u00e9todos adequados de resolu\u00e7\u00e3o de conflitos,<\/span><\/p>\n<p>A Presidente do Centro de Arbitragem e Media\u00e7\u00e3o da C\u00e2mara de Com\u00e9rcio Brasil-Canad\u00e1 (\u201c<strong>CAM-CCBC<\/strong>\u201d), no uso das atribui\u00e7\u00f5es que lhe s\u00e3o conferidas pelo Regimento Interno do CAM-CCBC, com a aprova\u00e7\u00e3o do Conselho Consultivo, resolve editar a seguinte Norma Complementar, que disp\u00f5e sobre as arbitragens relativas a interesses pluri-individuais uniformes na arbitragem societ\u00e1ria (\u201c<strong>Regulamento de Arbitragem Societ\u00e1ria<\/strong>\u201d) administradas pelo CAM-CCBC.<\/p>\n<p><strong>Art. 1\u00ba.<\/strong>\u00a0\u00a0\u00a0\u00a0\u00a0\u00a0 O disposto neste Regulamento de Arbitragem Societ\u00e1ria ser\u00e1 aplicado, sempre que, cumulativamente:<\/p>\n<ol>\n<li>a senten\u00e7a arbitral seja capaz de afetar n\u00e3o apenas aqueles que integram o polo requerente de arbitragem ou que tenham sido inclu\u00eddos no polo requerido no Requerimento de Arbitragem, mas tamb\u00e9m a esfera jur\u00eddica de sociedade an\u00f4nima, sociedade limitada ou associa\u00e7\u00e3o (\u201c<strong>Pessoa Jur\u00eddica<\/strong>\u201d) e, simultaneamente, de s\u00f3cios, associados ou acionistas titulares de valores mobili\u00e1rios da classe ou esp\u00e9cie diretamente sujeitos aos efeitos da decis\u00e3o arbitral, e\/ou aos administradores tamb\u00e9m a ela sujeitos (\u201c<strong>Terceiros Afetados<\/strong>\u201d);<\/li>\n<li>a natureza da rela\u00e7\u00e3o jur\u00eddica controvertida objeto da arbitragem exija decis\u00e3o uniforme para todos os Terceiros Afetados; e<\/li>\n<li>o estatuto ou o contrato social da Pessoa Jur\u00eddica inclua cl\u00e1usula segundo a qual as partes convencionam que a arbitragem ser\u00e1 administrada pelo CAM-CCBC e regida pelo Regulamento do CAM-CCBC, conforme artigo 1\u00ba do Regulamento de Arbitragem do CAM-CCBC.<\/li>\n<\/ol>\n<p><strong>Art. 2\u00ba.<\/strong> \u00a0\u00a0\u00a0\u00a0\u00a0 Al\u00e9m de outras, na medida em que configurem a hip\u00f3tese prevista no art. 1\u00ba e suas al\u00edneas, ser\u00e3o regidas por este Regulamento de Arbitragem Societ\u00e1ria as arbitragens que versem sobre as seguintes mat\u00e9rias:<\/p>\n<ol>\n<li>invalidade de assembleias ou reuni\u00f5es de s\u00f3cios, acionistas, associados ou de seus respectivos \u00f3rg\u00e3os administrativos, bem como invalidade de quaisquer delibera\u00e7\u00f5es tomadas em tais assembleias ou reuni\u00f5es; ou<\/li>\n<li>dissolu\u00e7\u00e3o total ou parcial, retirada ou exclus\u00e3o de s\u00f3cios, acionistas ou associados, apura\u00e7\u00e3o de haveres; ou<\/li>\n<li>responsabilidade do controlador, de administradores ou dos membros do conselho fiscal perante a Pessoa Jur\u00eddica, seus acionistas, s\u00f3cios ou associados; ou<\/li>\n<li>responsabilidade de acionistas, s\u00f3cios ou associados, pelo exerc\u00edcio abusivo do direito de voto.<\/li>\n<\/ol>\n<p><strong>Art. 3\u00ba.<\/strong> \u00a0\u00a0\u00a0\u00a0\u00a0 De of\u00edcio ou a requerimento de qualquer das partes, e sempre ap\u00f3s ser observado o devido contradit\u00f3rio, a Presid\u00eancia do CAM-CCBC decidir\u00e1 sobre a incid\u00eancia do art. 1\u00ba, determinando, se for o caso, a reg\u00eancia da arbitragem pelo presente Regulamento de Arbitragem Societ\u00e1ria.<\/p>\n<p><strong>Art. 4\u00ba.\u00a0\u00a0\u00a0\u00a0\u00a0\u00a0 <\/strong>No mesmo ato ou ap\u00f3s solicitar informa\u00e7\u00f5es sobre os Terceiros Afetados \u00e0s partes, a Presid\u00eancia do CAM-CCBC determinar\u00e1 a notifica\u00e7\u00e3o de todos os Terceiros Afetados (\u201c<strong>Notifica\u00e7\u00e3o dos Terceiros Afetados<\/strong>\u201d), para que participem da arbitragem, caso queiram, ficando todos os notificados submetidos aos efeitos das decis\u00f5es arbitrais, independentemente da sua efetiva participa\u00e7\u00e3o.<\/p>\n<p><strong>Par\u00e1grafo Primeiro.\u00a0\u00a0\u00a0\u00a0 <\/strong>A minuta da Notifica\u00e7\u00e3o dos Terceiros Afetados ser\u00e1 preparada e instru\u00edda pela Secretaria do CAM-CCBC com o requerimento de arbitragem e dever\u00e1 conter informa\u00e7\u00f5es sobre:<\/p>\n<ol>\n<li>as partes da arbitragem;<\/li>\n<li>valores, bens ou direitos envolvidos, conforme indicados no requerimento de arbitragem; e,<\/li>\n<li>pedido ou provimento pleiteado no requerimento de arbitragem.<\/li>\n<\/ol>\n<p><strong>Par\u00e1grafo Segundo.\u00a0\u00a0\u00a0 <\/strong>Caber\u00e1 \u00e0 parte que tenha apresentado o requerimento de arbitragem realizar a Notifica\u00e7\u00e3o dos Terceiros Afetados, na forma do artigo 5\u00ba deste Regulamento, devendo juntar a comprova\u00e7\u00e3o da realiza\u00e7\u00e3o de todas as notifica\u00e7\u00f5es aos autos.<\/p>\n<p><strong>Art. 5\u00ba.<\/strong> \u00a0\u00a0\u00a0\u00a0\u00a0 No caso das companhias abertas obrigadas \u00e0 publica\u00e7\u00e3o do comunicado de demandas societ\u00e1rias, as Notifica\u00e7\u00f5es dos Terceiros Afetados dever\u00e3o ser divulgadas na forma prevista para aquela publica\u00e7\u00e3o, nos termos da regulamenta\u00e7\u00e3o da Comiss\u00e3o de Valores Mobili\u00e1rios. No caso das demais Pessoas Jur\u00eddicas, as Notifica\u00e7\u00f5es dos Terceiros Afetados dever\u00e3o ser divulgadas conforme o procedimento de convoca\u00e7\u00e3o dos s\u00f3cios ou associados para suas assembleias ou reuni\u00f5es, nos termos dos atos constitutivos ou, em sua omiss\u00e3o, da lei de reg\u00eancia da Pessoa Jur\u00eddica.<\/p>\n<p><strong>Art. 6\u00ba.<\/strong> \u00a0\u00a0\u00a0\u00a0\u00a0 Caber\u00e1 \u00e0 Presid\u00eancia do CAM-CCBC analisar e proceder \u00e0 consolida\u00e7\u00e3o da arbitragem com outra eventualmente pr\u00e9-existente, ouvidas as partes de ambos os processos.<\/p>\n<p><strong>Par\u00e1grafo \u00fanico. \u00a0\u00a0\u00a0\u00a0\u00a0\u00a0\u00a0\u00a0 <\/strong>Aplica-se \u00e0s arbitragens regidas por este Regulamento de Arbitragem Societ\u00e1ria o disposto no art. 19<a href=\"#_ftn1\" name=\"_ftnref1\"><span>[1]<\/span><\/a> do Regulamento de Arbitragem do CAM-CCBC na hip\u00f3tese de uma nova arbitragem promovida por qualquer Terceiro Afetado ou Pessoa Jur\u00eddica para discutir pedidos submetidos \u00e0 primeira arbitragem, prevalecendo a compet\u00eancia do Tribunal Arbitral institu\u00eddo.<\/p>\n<p><strong>Art. 7\u00ba.<\/strong> \u00a0\u00a0\u00a0\u00a0\u00a0 A Notifica\u00e7\u00e3o dos Terceiros Afetados fixar\u00e1 o prazo de 30 (trinta) dias corridos para a manifesta\u00e7\u00e3o dos Terceiros Afetados e, se for o caso, da Pessoa Jur\u00eddica, os quais poder\u00e3o requerer a sua integra\u00e7\u00e3o \u00e0 arbitragem (i) sustentando a pretens\u00e3o do(s) Requerente(s), (ii) indicando que pretendem compor o polo do(s) Requerido(s) original(is), ou (iii) meramente acompanhando a arbitragem.<\/p>\n<p><strong>Par\u00e1grafo \u00fanico<\/strong>. Findo o prazo previsto no <em>caput <\/em>deste artigo, a Secretaria do CAM-CCBC certificar\u00e1 as partes integrantes do polo requerido, oferecendo oportunidade para apresentarem resposta ao Requerimento de Arbitragem.<\/p>\n<p><strong>Art. 8\u00ba.<\/strong> \u00a0\u00a0\u00a0\u00a0\u00a0 Os Terceiros Afetados que integrarem a arbitragem nas hip\u00f3teses do artigo 7\u00ba, (i) e (ii) deste Regulamento ser\u00e3o considerados Partes da arbitragem para todos os efeitos, inclusive para o pagamento de custas.<\/p>\n<p><strong>Art. 9\u00ba.<\/strong> \u00a0\u00a0\u00a0\u00a0\u00a0 A falta de apresenta\u00e7\u00e3o de resposta dos Terceiros Afetados notificados ou da Pessoa Jur\u00eddica n\u00e3o prejudicar\u00e1 a aplica\u00e7\u00e3o do disposto na parte final do art. 4\u00ba quanto aos efeitos da senten\u00e7a arbitral de m\u00e9rito.<\/p>\n<p><strong>Art. 10\u00ba. \u00a0\u00a0 <\/strong>Os Terceiros Afetados poder\u00e3o ingressar na arbitragem a qualquer momento, no estado em que se encontrar quando do pedido de ingresso, submetendo-se \u00e0 escolha dos \u00e1rbitros, caso j\u00e1 realizada, assim como aos atos j\u00e1 praticados no procedimento.<\/p>\n<p><strong>Art. 11.<\/strong> \u00a0\u00a0\u00a0\u00a0 A qualquer momento, os Terceiros Afetados que n\u00e3o integrarem a arbitragem na forma do art. 8\u00ba acima poder\u00e3o requisitar \u00e0 Secretaria do CAM-CCBC que lhes seja fornecido link pessoal e intransfer\u00edvel para acesso \u00e0 integra de todos os atos at\u00e9 o t\u00e9rmino da arbitragem, ficando obrigados \u00e0 confidencialidade, nas hip\u00f3teses em que esta for aplic\u00e1vel nos termos acordados pelas partes.<\/p>\n<p><strong>Art. 12.<\/strong> \u00a0\u00a0\u00a0\u00a0 Caso seja apresentado novo pedido que se subsuma \u00e0 hip\u00f3tese de aplica\u00e7\u00e3o deste Regulamento de Arbitragem Societ\u00e1ria prevista no artigo 1\u00ba, caber\u00e1 \u00e0 Presid\u00eancia do CAM-CCBC suspender a arbitragem e determinar a realiza\u00e7\u00e3o de Notifica\u00e7\u00e3o dos Terceiros Afetados, especificamente em rela\u00e7\u00e3o a esse novo pedido.<\/p>\n<p><strong>Par\u00e1grafo Primeiro.<\/strong> \u00a0\u00a0\u00a0 Caber\u00e1 \u00e0 parte que tenha apresentado o novo pedido realizar a nova Notifica\u00e7\u00e3o dos Terceiros Afetados, devendo juntar a comprova\u00e7\u00e3o da realiza\u00e7\u00e3o de todas as novas notifica\u00e7\u00f5es aos autos.<\/p>\n<p><strong>Par\u00e1grafo Segundo.\u00a0\u00a0\u00a0 <\/strong>Caso o novo pedido seja apresentado ap\u00f3s a indica\u00e7\u00e3o de \u00e1rbitros e antes da celebra\u00e7\u00e3o do termo de arbitragem, ou ainda no momento de sua celebra\u00e7\u00e3o, o Tribunal Arbitral remeter\u00e1 a quest\u00e3o \u00e0 Presid\u00eancia do CAM-CCBC, a quem caber\u00e1 a an\u00e1lise e provid\u00eancias previstas no artigo 12 deste Regulamento.<\/p>\n<p><strong>Par\u00e1grafo Terceiro.<\/strong> \u00a0\u00a0\u00a0\u00a0 Poder\u00e1 a Presid\u00eancia do CAM-CCBC, se for o caso, indicar novo Tribunal Arbitral, inclusive aplicando o artigo 12 do Regulamento de Arbitragem.<\/p>\n<p><strong>Art. 13.<\/strong> \u00a0\u00a0\u00a0\u00a0 Aplica-se o Regulamento de Arbitragem do CAM-CCBC \u00e0s arbitragens submetidas a este Regulamento de Arbitragem Societ\u00e1ria, no que n\u00e3o contrariar as disposi\u00e7\u00f5es espec\u00edficas aqui constantes. Os casos omissos deste Regulamento de Arbitragem Societ\u00e1ria ser\u00e3o decididos pela Presid\u00eancia do CAM-CCBC.<\/p>\n<p><strong>Art. 14.<\/strong> \u00a0\u00a0\u00a0\u00a0 Aplica-se este Regulamento \u00e0s arbitragens iniciadas a partir do in\u00edcio da sua vig\u00eancia.<\/p>\n<p>&nbsp;<\/p>\n<p style=\"text-align: center;\">***<\/p>\n<p style=\"text-align: center;\">S\u00e3o Paulo, 26 de abril de 2023<\/p>\n<p style=\"text-align: center;\">Eleonora Coelho<\/p>\n<p style=\"text-align: center;\">Presidente<\/p>\n<p>&nbsp;<\/p>\n<p><!-- \/divi:paragraph --><\/p>[\/et_pb_text][et_pb_text admin_label=&#8221;Text&#8221; _builder_version=&#8221;4.17.4&#8243; text_font_size=&#8221;10px&#8221; background_size=&#8221;initial&#8221; background_position=&#8221;top_left&#8221; background_repeat=&#8221;repeat&#8221; global_colors_info=&#8221;{}&#8221;]<p><a href=\"#_ftnref1\" name=\"_ftn1\"><span>[1]<\/span><\/a> Artigo 19 \u2013 Consolida\u00e7\u00e3o de Arbitragens<\/p>\n<p>19.1 A Presid\u00eancia do CAM-CCBC poder\u00e1, diante do requerimento de uma parte apresentado antes da constitui\u00e7\u00e3o do tribunal arbitral do segundo processo, considerado o est\u00e1gio do primeiro, consolidar, em uma \u00fanica arbitragem, duas ou mais arbitragens pendentes, submetidas ao Regulamento, quando:<\/p>\n<p>(a) as partes tenham concordado com a consolida\u00e7\u00e3o; ou<\/p>\n<p>(b) todas as demandas nas arbitragens sejam formuladas com base na mesma conven\u00e7\u00e3o de arbitragem; ou<\/p>\n<p>(c) as demandas nas arbitragens n\u00e3o sejam formuladas com base na mesma conven\u00e7\u00e3o de arbitragem, mas (i) as arbitragens envolvam as mesmas partes, (ii) as disputas nas arbitragens estejam relacionadas com a mesma rela\u00e7\u00e3o jur\u00eddica, e (iii) a Presid\u00eancia do CAM-CCBC entenda que as conven\u00e7\u00f5es de arbitragem s\u00e3o compat\u00edveis.<\/p>\n<p>19.2 Ao decidir sobre a consolida\u00e7\u00e3o, a Presid\u00eancia do CAM-CCBC poder\u00e1 consultar os \u00e1rbitros j\u00e1 investidos.<\/p>\n<p>19.3 Os processos arbitrais dever\u00e3o ser consolidados na arbitragem iniciada em primeiro lugar, salvo acordo das partes em sentido contr\u00e1rio.<\/p>\n<p>&nbsp;<\/p>[\/et_pb_text][\/et_pb_column][\/et_pb_row][\/et_pb_section]\n\n","protected":false},"excerpt":{"rendered":"<p>Regulamento de Arbitragem Societ\u00e1ria Ref.: Norma Complementar 02\/2023CONSIDERANDO o compromisso do CAM-CCBC com as melhores pr\u00e1ticas e o desenvolvimento cont\u00ednuo dos m\u00e9todos adequados de resolu\u00e7\u00e3o de conflitos, A Presidente do Centro de Arbitragem e Media\u00e7\u00e3o da C\u00e2mara de Com\u00e9rcio Brasil-Canad\u00e1 (\u201cCAM-CCBC\u201d), no uso das atribui\u00e7\u00f5es que lhe s\u00e3o conferidas pelo Regimento Interno do CAM-CCBC, com [&hellip;]<\/p>\n","protected":false},"author":25,"featured_media":0,"parent":0,"menu_order":0,"comment_status":"closed","ping_status":"closed","template":"","meta":{"_et_pb_use_builder":"on","_et_pb_old_content":"<!-- wp:paragraph -->\n<p><strong>Ref.: <\/strong><strong>Calend\u00e1rio 2022<\/strong><\/p>\n<!-- \/wp:paragraph -->\n\n<!-- wp:paragraph -->\n<p>A Presidente do CAM-CCBC, no uso das atribui\u00e7\u00f5es que lhe s\u00e3o conferidas pelo artigo 2.6, al\u00ednea \u2018c\u2019, do Regulamento do CAM-CCBC, aprovado em 01 de setembro de 2011, informa que n\u00e3o haver\u00e1 expediente no CAM-CCBC<a href=\"#_ftn1\">[1]<\/a> aos finais de semana e nas seguintes datas de 2022<a href=\"#_ftn2\">[2]<\/a>: <em><\/em><\/p>\n<!-- \/wp:paragraph -->\n\n<!-- wp:table -->\n<figure class=\"wp-block-table\"><table><tbody><tr><td><strong>Data<\/strong><\/td><td><strong>Dia da semana<\/strong><\/td><td><strong>Data comemorativa<\/strong><\/td><\/tr><tr><td>24\/01\/2022<\/td><td>Segunda-feira<\/td><td>(Ponte) Anivers\u00e1rio de S\u00e3o Paulo<\/td><\/tr><tr><td>25\/01\/2022<\/td><td>Ter\u00e7a-feira<\/td><td>Anivers\u00e1rio de S\u00e3o Paulo<a href=\"#_ftn3\">[3]<\/a> <em>- mantida<\/em><\/td><\/tr><tr><td>28\/02\/2022<\/td><td>Segunda-feira<\/td><td>(Ponte) Carnaval<\/td><\/tr><tr><td>01\/03\/2022<\/td><td>Ter\u00e7a-feira<\/td><td>Carnaval<\/td><\/tr><tr><td>02\/03\/2022<\/td><td>Quarta-feira<\/td><td>Quarta-Feira de Cinzas<\/td><\/tr><tr><td>15\/04\/2022<\/td><td>Sexta-feira<\/td><td>Sexta-feira Santa<\/td><\/tr><tr><td>21\/04\/2022<\/td><td>Quinta-feira<\/td><td>Dia de Tiradentes<\/td><\/tr><tr><td>22\/04\/2022<\/td><td>Sexta-feira<\/td><td>(Ponte) Dia de Tiradentes<\/td><\/tr><tr><td>16\/06\/2022<\/td><td>Quinta-feira<\/td><td>Corpus Christi<a href=\"#_ftn4\">[4]<\/a> <em>- mantida<\/em><\/td><\/tr><tr><td>17\/06\/2022<\/td><td>Sexta-feira<\/td><td>(Ponte) Corpus Christi<\/td><\/tr><tr><td>07\/09\/2022<\/td><td>Quarta-feira<\/td><td>Dia da Independ\u00eancia do Brasil<\/td><\/tr><tr><td>12\/10\/2022<\/td><td>Quarta-Feira<\/td><td>Dia de Nossa Senhora Aparecida<\/td><\/tr><tr><td>02\/11\/2022<\/td><td>Quarta-Feira<\/td><td>Dia de Finados<\/td><\/tr><tr><td>14\/11\/2022<\/td><td>Segunda-feira<\/td><td>(Ponte) Proclama\u00e7\u00e3o da Rep\u00fablica<\/td><\/tr><tr><td>15\/11\/2022<\/td><td>Ter\u00e7a-feira<\/td><td>Proclama\u00e7\u00e3o da Rep\u00fablica<\/td><\/tr><\/tbody><\/table><\/figure>\n<!-- \/wp:table -->\n\n<!-- wp:paragraph -->\n<p>Ser\u00e3o considerados dias \u00fateis aqueles em que houver expediente no CAM-CCBC. Em caso de notifica\u00e7\u00f5es, comunica\u00e7\u00f5es ou outros atos realizados em dia em que n\u00e3o houver expediente no CAM-CCBC, estes ser\u00e3o considerados como realizados no pr\u00f3ximo dia \u00fatil.<\/p>\n<!-- \/wp:paragraph -->\n\n<!-- wp:paragraph -->\n<p>Do mesmo modo, prazos com vencimento em dia em que n\u00e3o houver expediente no CAM-CCBC ser\u00e3o prorrogados para o primeiro dia \u00fatil seguinte<a href=\"#_ftn5\">[5]<\/a>, conforme o artigo 6.6.2<a href=\"#_ftn6\">[6]<\/a> do Regulamento. <em><\/em><\/p>\n<!-- \/wp:paragraph -->\n\n<!-- wp:paragraph -->\n<p>Em car\u00e1ter excepcional, os procedimentos de \u00e1rbitro de emerg\u00eancia, regidos pelas Resolu\u00e7\u00f5es Administrativas n\u00b0 32\/2018<a href=\"#_ftn7\">[7]<\/a> e 44\/2020<a href=\"#_ftn8\">[8]<\/a>, podem ter andamento e vencimento de prazo em dia n\u00e3o \u00fatil (ou seja, em dia em que n\u00e3o h\u00e1 expediente no CAM-CCBC). <em><\/em><\/p>\n<!-- \/wp:paragraph -->\n\n<!-- wp:paragraph -->\n<p>Ademais, para melhor organiza\u00e7\u00e3o dos trabalhos, informamos, ainda, que o CAM-CCBC estar\u00e1 em recesso de 21 de dezembro de 2022 at\u00e9 o dia 04 de janeiro de 2023. Todos os prazos ficar\u00e3o suspensos no per\u00edodo, voltando a correr no dia 05 de janeiro de 2023.<\/p>\n<!-- \/wp:paragraph -->\n\n<!-- wp:table -->\n<figure class=\"wp-block-table\"><table><tbody><tr><td><strong>Recesso<\/strong><\/td><td><strong>Data<\/strong><strong><\/strong><\/td><td><strong>Dia da semana<\/strong><strong><\/strong><\/td><\/tr><tr><td>In\u00edcio<\/td><td>21\/12\/2022<\/td><td>Quarta-feira<\/td><\/tr><tr><td>Fim<\/td><td>04\/01\/2023<\/td><td>Quarta-feira<\/td><\/tr><\/tbody><\/table><\/figure>\n<!-- \/wp:table -->\n\n<!-- wp:paragraph {\"align\":\"center\"} -->\n<p class=\"has-text-align-center\">***<\/p>\n<!-- \/wp:paragraph -->\n\n<!-- wp:paragraph {\"align\":\"center\"} -->\n<p class=\"has-text-align-center\">S\u00e3o Paulo, 16 de dezembro de 2021<\/p>\n<!-- \/wp:paragraph -->\n\n<!-- wp:paragraph {\"align\":\"center\"} -->\n<p class=\"has-text-align-center\">Eleonora Coelho<\/p>\n<!-- \/wp:paragraph -->\n\n<!-- wp:paragraph {\"align\":\"center\"} -->\n<p class=\"has-text-align-center\">Presidente do CAM-CCBC<\/p>\n<!-- \/wp:paragraph -->\n\n<!-- wp:paragraph -->\n<p><sub><a href=\"#_ftnref1\">[1]<\/a> A sede de S\u00e3o Paulo \u00e9 utilizada como refer\u00eancia para defini\u00e7\u00e3o dos dias de expediente do CAM-CCBC, n\u00e3o obstante ter tamb\u00e9m unidade localizada no Rio de Janeiro.<\/sub><\/p>\n<!-- \/wp:paragraph -->\n\n<!-- wp:paragraph -->\n<p><sub><a href=\"#_ftnref2\">[2]<\/a> Apesar de a Prefeitura de S\u00e3o Paulo ter adiantado os feriados de Anivers\u00e1rio de S\u00e3o Paulo (janeiro) e Corpus Christi (junho), conforme o Comunicado da Presid\u00eancia de 22 de mar\u00e7o de 2021 o funcionamento foi mantido no CAM-CCBC nas datas correspondentes e, portanto, n\u00e3o haver\u00e1 expediente nessas datas em 2022.<\/sub><\/p>\n<!-- \/wp:paragraph -->\n\n<!-- wp:paragraph -->\n<p><sub>Comunicado da Presid\u00eancia de 22 de mar\u00e7o de 2021: \u201c<em>Em decreto publicado na quinta-feira dia 18.03.2021, a Prefeitura de S\u00e3o Paulo informou a antecipa\u00e7\u00e3o de feriados de 2021 (Corpus Christi, em junho, e Dia da Consci\u00eancia Negra, em novembro) e dos seguintes feriados de 2022: Anivers\u00e1rio de S\u00e3o Paulo (janeiro), Corpus Christi (junho) e Dia da Consci\u00eancia Negra (novembro). A medida tem como foco principal os setores que ainda mant\u00eam funcionamento presencial, pretende reduzir a circula\u00e7\u00e3o e evitar aglomera\u00e7\u00f5es. Como o CAM-CCBC est\u00e1 conduzindo suas atividades de forma 100% remota e, portanto, j\u00e1 contribui para o isolamento social mesmo em dias \u00fateis, decidimos manter nosso funcionamento com efetivo reduzido nos dias 26, 29, 30, 31 de mar\u00e7o e 1\u00ba de abril de 2021, observado estrito cumprimento das regras trabalhistas para tal hip\u00f3tese. Nossa decis\u00e3o considerou tamb\u00e9m a import\u00e2ncia da n\u00e3o interrup\u00e7\u00e3o do andamento dos procedimentos sob nossa gest\u00e3o neste momento t\u00e3o delicado para o mundo e especialmente para nosso pa\u00eds.\u201d<\/em><\/sub><\/p>\n<!-- \/wp:paragraph -->\n\n<!-- wp:paragraph -->\n<p><sub><a href=\"#_ftnref3\">[3]<\/a> Vide nota de rodap\u00e9 2.<\/sub><\/p>\n<!-- \/wp:paragraph -->\n\n<!-- wp:paragraph -->\n<p><sub><a href=\"#_ftnref4\">[4]<\/a> Vide nota de rodap\u00e9 2.<\/sub><\/p>\n<!-- \/wp:paragraph -->\n\n<!-- wp:paragraph -->\n<p><sub><a href=\"#_ftnref5\">[5]<\/a> Assim, por exemplo, caso a notifica\u00e7\u00e3o seja recebida em dia n\u00e3o \u00fatil, como s\u00e1bado ou domingo, para fins de contagem de prazo, ser\u00e1 considerada como recebida no pr\u00f3ximo dia \u00fatil, usualmente segunda-feira.<\/sub><\/p>\n<!-- \/wp:paragraph -->\n\n<!-- wp:paragraph -->\n<p><sub><a href=\"#_ftnref6\">[6]<\/a> Artigo 6.6.2. Considera-se prorrogado o prazo at\u00e9 o primeiro dia \u00fatil se o vencimento cair em dia em que n\u00e3o houver expediente no CAM-CCBC.<\/sub><\/p>\n<!-- \/wp:paragraph -->\n\n<!-- wp:paragraph -->\n<p><sub><a href=\"#_ftnref7\">[7]<\/a> Dispon\u00edvel em: https:\/\/www.ccbc.org.br\/cam-ccbc-centro-arbitragem-mediacao\/resolucao-de-disputas\/resolucoes-administrativas\/ra-32-2018-ref-procedimento-do-arbitro-de-emergencia\/<\/sub><\/p>\n<!-- \/wp:paragraph -->\n\n<!-- wp:paragraph -->\n<p><sub><a href=\"#_ftnref8\">[8]<\/a> Dispon\u00edvel em: https:\/\/www.ccbc.org.br\/cam-ccbc-centro-arbitragem-mediacao\/ra-44-2020\/<\/sub><\/p>\n<!-- \/wp:paragraph -->","_et_gb_content_width":"1200","footnotes":""},"class_list":["post-36848","page","type-page","status-publish","hentry"],"_links":{"self":[{"href":"https:\/\/www.ccbc.org.br\/cam-ccbc-centro-arbitragem-mediacao\/wp-json\/wp\/v2\/pages\/36848","targetHints":{"allow":["GET"]}}],"collection":[{"href":"https:\/\/www.ccbc.org.br\/cam-ccbc-centro-arbitragem-mediacao\/wp-json\/wp\/v2\/pages"}],"about":[{"href":"https:\/\/www.ccbc.org.br\/cam-ccbc-centro-arbitragem-mediacao\/wp-json\/wp\/v2\/types\/page"}],"author":[{"embeddable":true,"href":"https:\/\/www.ccbc.org.br\/cam-ccbc-centro-arbitragem-mediacao\/wp-json\/wp\/v2\/users\/25"}],"replies":[{"embeddable":true,"href":"https:\/\/www.ccbc.org.br\/cam-ccbc-centro-arbitragem-mediacao\/wp-json\/wp\/v2\/comments?post=36848"}],"version-history":[{"count":0,"href":"https:\/\/www.ccbc.org.br\/cam-ccbc-centro-arbitragem-mediacao\/wp-json\/wp\/v2\/pages\/36848\/revisions"}],"wp:attachment":[{"href":"https:\/\/www.ccbc.org.br\/cam-ccbc-centro-arbitragem-mediacao\/wp-json\/wp\/v2\/media?parent=36848"}],"curies":[{"name":"wp","href":"https:\/\/api.w.org\/{rel}","templated":true}]}}