{"id":30039,"date":"2022-04-26T16:23:58","date_gmt":"2022-04-26T19:23:58","guid":{"rendered":"https:\/\/www.ccbc.org.br\/cam-ccbc-centro-arbitragem-mediacao\/?page_id=30039"},"modified":"2024-05-08T14:50:53","modified_gmt":"2024-05-08T17:50:53","slug":"podcasts-cam-ccbc","status":"publish","type":"page","link":"https:\/\/www.ccbc.org.br\/cam-ccbc-centro-arbitragem-mediacao\/podcasts-cam-ccbc\/","title":{"rendered":"Podcasts CAM-CCBC"},"content":{"rendered":"<p>[et_pb_section fb_built=&#8221;1&#8243; module_class=&#8221;interior-header&#8221; _builder_version=&#8221;4.16&#8243; background_image=&#8221;https:\/\/ccbc.org.br\/wp-content\/uploads\/2018\/09\/podcasts.jpg&#8221; custom_padding=&#8221;200px|0px||0px|false|false&#8221; locked=&#8221;off&#8221; global_colors_info=&#8221;{}&#8221;][et_pb_row _builder_version=&#8221;4.16&#8243; custom_margin=&#8221;50px|||&#8221; global_colors_info=&#8221;{}&#8221;][et_pb_column type=&#8221;4_4&#8243; _builder_version=&#8221;4.16&#8243; background_position=&#8221;top_left&#8221; custom_padding=&#8221;|||&#8221; global_colors_info=&#8221;{}&#8221; custom_padding__hover=&#8221;|||&#8221;][et_pb_text admin_label=&#8221;Header&#8221; _builder_version=&#8221;4.16&#8243; text_font=&#8221;||||||||&#8221; text_font_size=&#8221;22px&#8221; header_font=&#8221;||||||||&#8221; header_font_size=&#8221;60px&#8221; header_line_height=&#8221;1.2em&#8221; background_layout=&#8221;dark&#8221; text_font_size_tablet=&#8221;14px&#8221; text_font_size_phone=&#8221;&#8221; text_font_size_last_edited=&#8221;on|phone&#8221; header_font_size_tablet=&#8221;30px&#8221; header_font_size_phone=&#8221;30px&#8221; header_font_size_last_edited=&#8221;on|phone&#8221; global_colors_info=&#8221;{}&#8221;]<\/p>\n<h1>PODCASTS<\/h1>\n<p>[\/et_pb_text][\/et_pb_column][\/et_pb_row][et_pb_row _builder_version=&#8221;4.16&#8243; custom_margin=&#8221;0px||0px|&#8221; custom_padding=&#8221;0px||0px|&#8221; global_colors_info=&#8221;{}&#8221;][et_pb_column type=&#8221;4_4&#8243; _builder_version=&#8221;4.16&#8243; custom_padding=&#8221;|||&#8221; global_colors_info=&#8221;{}&#8221; custom_padding__hover=&#8221;|||&#8221;][et_pb_code admin_label=&#8221;Breadcrumbs shortcode&#8221; module_class=&#8221;breadcrumbs&#8221; _builder_version=&#8221;4.16&#8243; custom_css_main_element=&#8221;margin-top: 103px;||font-size: 14px;&#8221; global_colors_info=&#8221;{}&#8221;][\/et_pb_code][\/et_pb_column][\/et_pb_row][\/et_pb_section][et_pb_section fb_built=&#8221;1&#8243; custom_padding_last_edited=&#8221;on|phone&#8221; disabled_on=&#8221;off|off|off&#8221; admin_label=&#8221;Section &#8211; Text&#8221; _builder_version=&#8221;4.16&#8243; custom_padding=&#8221;80px||65px||false|false&#8221; custom_padding_tablet=&#8221;&#8221; custom_padding_phone=&#8221;&#8221; bottom_divider_style=&#8221;slant&#8221; bottom_divider_color=&#8221;#f2f2f2&#8243; bottom_divider_height=&#8221;20px&#8221; locked=&#8221;off&#8221; collapsed=&#8221;off&#8221; global_colors_info=&#8221;{}&#8221;][et_pb_row column_structure=&#8221;1_2,1_2&#8243; use_custom_gutter=&#8221;on&#8221; gutter_width=&#8221;1&#8243; module_class=&#8221;row-with-border&#8221; _builder_version=&#8221;4.16&#8243; global_colors_info=&#8221;{}&#8221;][et_pb_column type=&#8221;1_2&#8243; _builder_version=&#8221;4.16&#8243; background_position=&#8221;top_left&#8221; custom_padding=&#8221;|||&#8221; global_colors_info=&#8221;{}&#8221; custom_padding__hover=&#8221;|||&#8221;][et_pb_text admin_label=&#8221;Texto-Bem-Vindo&#8221; _builder_version=&#8221;4.16&#8243; header_letter_spacing=&#8221;1px&#8221; global_colors_info=&#8221;{}&#8221;]<\/p>\n<h1>Ou\u00e7a dos Especialistas<\/h1>\n<p>O Podcast \u201c Media\u00e7\u00e3o com Administra\u00e7\u00e3o P\u00fablica\u201d \u00e9 uma iniciativa do CAM-CCBC (Centro de Arbitragem e Media\u00e7\u00e3o da C\u00e2mara de Com\u00e9rcio Brasil-Canad\u00e1), idealizado pela Task Force de mesmo nome, formada pelo Conselho de Media\u00e7\u00e3o, com o objetivo de divulgar e expandir a pr\u00e1tica da media\u00e7\u00e3o com a administra\u00e7\u00e3o p\u00fablica, tanto para os \u00f3rg\u00e3os, institui\u00e7\u00f5es e empresas p\u00fablicas do \u00e2mbito federal, estadual e municipal quanto para os profissionais de todas as \u00e1reas correlatas, sejam do setor privado ou p\u00fablico. Acompanhe quinzenalmente entrevistas com convidados muito especiais que ir\u00e3o abordar o tema sob os mais diversos prismas.<\/p>\n<p>[\/et_pb_text][\/et_pb_column][et_pb_column type=&#8221;1_2&#8243; _builder_version=&#8221;4.16&#8243; background_position=&#8221;top_left&#8221; custom_padding=&#8221;|||&#8221; global_colors_info=&#8221;{}&#8221; custom_padding__hover=&#8221;|||&#8221;][et_pb_image src=&#8221;https:\/\/ccbc.org.br\/wp-content\/uploads\/2018\/09\/podcasts-mic.jpg&#8221; align_tablet=&#8221;center&#8221; align_phone=&#8221;center&#8221; align_last_edited=&#8221;on|desktop&#8221; _builder_version=&#8221;4.16&#8243; global_colors_info=&#8221;{}&#8221;]<br \/>\n[\/et_pb_image][\/et_pb_column][\/et_pb_row][\/et_pb_section][et_pb_section fb_built=&#8221;1&#8243; _builder_version=&#8221;4.16&#8243; background_color=&#8221;#f2f2f2&#8243; locked=&#8221;off&#8221; global_colors_info=&#8221;{}&#8221;][et_pb_row _builder_version=&#8221;4.16&#8243; global_colors_info=&#8221;{}&#8221;][et_pb_column type=&#8221;4_4&#8243; _builder_version=&#8221;4.16&#8243; custom_padding=&#8221;|||&#8221; global_colors_info=&#8221;{}&#8221; custom_padding__hover=&#8221;|||&#8221;][et_pb_text _builder_version=&#8221;4.17.4&#8243; header_font=&#8221;||||||||&#8221; header_text_align=&#8221;center&#8221; header_4_font=&#8221;|700||on|||||&#8221; header_4_font_size=&#8221;20px&#8221; header_4_letter_spacing=&#8221;3px&#8221; text_orientation=&#8221;center&#8221; custom_margin=&#8221;|||&#8221; custom_padding=&#8221;|||&#8221; global_colors_info=&#8221;{}&#8221;]<\/p>\n<h4>OU\u00c7A AGORA<\/h4>\n<p><a href=\"#1-temporada\">1\u00aa Temporada<\/a> | <a href=\"#2-temporada\">2\u00aa Temporada<\/a><\/p>\n<p>[\/et_pb_text][et_pb_divider _builder_version=&#8221;4.16&#8243; max_width=&#8221;20%&#8221; module_alignment=&#8221;center&#8221; global_colors_info=&#8221;{}&#8221;]<br \/>\n[\/et_pb_divider][\/et_pb_column][\/et_pb_row][et_pb_row module_id=&#8221;2-temporada&#8221; _builder_version=&#8221;4.17.4&#8243; global_colors_info=&#8221;{}&#8221;][et_pb_column type=&#8221;4_4&#8243; _builder_version=&#8221;4.16&#8243; custom_padding=&#8221;|||&#8221; global_colors_info=&#8221;{}&#8221; custom_padding__hover=&#8221;|||&#8221;][et_pb_text _builder_version=&#8221;4.17.4&#8243; header_font=&#8221;||||||||&#8221; header_text_align=&#8221;center&#8221; header_4_font=&#8221;|700||on|||||&#8221; header_4_font_size=&#8221;20px&#8221; header_4_letter_spacing=&#8221;3px&#8221; custom_margin=&#8221;|||&#8221; custom_padding=&#8221;|||&#8221; global_colors_info=&#8221;{}&#8221;]<\/p>\n<h4>2\u00aa Temporada<\/h4>\n<p>[\/et_pb_text][\/et_pb_column][\/et_pb_row][et_pb_row column_structure=&#8221;1_3,2_3&#8243; use_custom_gutter=&#8221;on&#8221; make_equal=&#8221;on&#8221; module_id=&#8221;pesquisa&#8221; _builder_version=&#8221;4.17.4&#8243; display_conditions=&#8221;W3siaWQiOiI0NTQ0NThhMi1iMTQ5LTRiZTctOTliMi05NzkwOGVmYWQwNGUiLCJjb25kaXRpb24iOiJkYXRlVGltZSIsImNvbmRpdGlvblNldHRpbmdzIjp7ImRpc3BsYXlSdWxlIjoiaXNBZnRlciIsImRhdGUiOiIyMDIzLTA3LTI4IiwidGltZSI6IjA2OjAwIiwid2Vla2RheXMiOiJ8IiwiYWxsRGF5Ijoib24iLCJmcm9tVGltZSI6IjAwOjAwIiwidW50aWxUaW1lIjoiMDA6MDAiLCJyZXBlYXQiOiJvZmYiLCJyZXBlYXRGcmVxdWVuY3kiOiJtb250aGx5IiwicmVwZWF0RnJlcXVlbmN5U3BlY2lmaWNEYXlzIjoid2Vla2x5IiwicmVwZWF0RW5kIjoibmV2ZXIiLCJyZXBlYXRVbnRpbERhdGUiOiIyMDIzLTctNiIsInJlcGVhdFRpbWVzIjoiMyIsImFkbWluTGFiZWwiOiJBZ2VuZGFtZW50byIsImVuYWJsZUNvbmRpdGlvbiI6Im9uIn0sIm9wZXJhdG9yIjoiT1IifV0=&#8221; custom_margin=&#8221;||30px|&#8221; custom_padding=&#8221;30px|0px|29px|0px|false|false&#8221; animation_style=&#8221;fade&#8221; animation_duration=&#8221;1100ms&#8221; border_width_bottom=&#8221;1px&#8221; border_color_bottom=&#8221;#e02b20&#8243; box_shadow_style=&#8221;preset1&#8243; global_colors_info=&#8221;{}&#8221;][et_pb_column type=&#8221;1_3&#8243; _builder_version=&#8221;4.16&#8243; custom_padding=&#8221;|||&#8221; global_colors_info=&#8221;{}&#8221; custom_padding__hover=&#8221;|||&#8221;][et_pb_image src=&#8221;https:\/\/ccbc.org.br\/cam-ccbc-centro-arbitragem-mediacao\/wp-content\/uploads\/sites\/10\/2023\/12\/38215-sel-cam-ccbc-podcast-ep10-1080&#215;1080-1.png&#8221; title_text=&#8221;38215-sel-cam-ccbc-podcast-ep10-1080&#215;1080&#8243; align=&#8221;center&#8221; align_tablet=&#8221;center&#8221; align_phone=&#8221;center&#8221; align_last_edited=&#8221;on|desktop&#8221; _builder_version=&#8221;4.17.4&#8243; max_width=&#8221;40%&#8221; module_alignment=&#8221;center&#8221; hover_enabled=&#8221;0&#8243; locked=&#8221;off&#8221; global_colors_info=&#8221;{}&#8221; sticky_enabled=&#8221;0&#8243;]<\/p>\n<p>&nbsp;<\/p>\n<p>[\/et_pb_image][\/et_pb_column][et_pb_column type=&#8221;2_3&#8243; _builder_version=&#8221;4.16&#8243; custom_padding=&#8221;|||&#8221; global_colors_info=&#8221;{}&#8221; custom_padding__hover=&#8221;|||&#8221;][et_pb_text _builder_version=&#8221;4.17.4&#8243; text_font=&#8221;||||||||&#8221; header_font=&#8221;||||||||&#8221; header_4_font=&#8221;|700||on|||||&#8221; header_4_letter_spacing=&#8221;3px&#8221; custom_margin=&#8221;|||-50px&#8221; custom_margin_tablet=&#8221;|||40px&#8221; custom_margin_phone=&#8221;|||40px&#8221; custom_margin_last_edited=&#8221;on|desktop&#8221; custom_padding=&#8221;|30px||&#8221; custom_padding_tablet=&#8221;20px||&#8221; custom_padding_phone=&#8221;20px||&#8221; custom_padding_last_edited=&#8221;on|desktop&#8221; hover_enabled=&#8221;0&#8243; global_colors_info=&#8221;{}&#8221; sticky_enabled=&#8221;0&#8243;]<\/p>\n<h4 class=\"et_pb_module_header et-fb-editable-element et-fb-editable-element__editing\">10. A MEDIA\u00c7\u00c3O COM A ADMINISTRA\u00c7\u00c3O P\u00daBLICA SOB A \u00d3TICA DO PODER JUDICI\u00c1RIO<\/h4>\n<div class=\"col-sm-8\">\n<article class=\"historico\">\n<section ng-repeat=\"historico in row.historicos | orderBy:'-unixtime'\" ng-class=\"{secaoatendente : historico.byAtendente, secaocomentario : historico.tipo === 'O', secaostatusaberto : historico.tipo === 'SA', secaostatusencerrado : historico.tipo === 'SE'}\" data-indice=\"0\" class=\"ng-scope\">\n<div ng-if=\"historico.tipo === 'H'\" class=\"ng-scope\">\n<div class=\"conteudo\">\n<div class=\"css-reset ng-scope\" ng-if=\"historico.mimetype === 'text\/html'\" compile=\"historico.mensagem\">\n<p>Para encerrar a segunda temporada do Podcast Media\u00e7\u00e3o com a Administra\u00e7\u00e3o P\u00fablica, o d\u00e9cimo epis\u00f3dio explora a Media\u00e7\u00e3o com a Administra\u00e7\u00e3o P\u00fablica do ponto de vista do Poder Judici\u00e1rio, contando com a ilustre participa\u00e7\u00e3o de Humberto Dalla, Professor Titular da UERJ e Desembargador do Tribunal de Justi\u00e7a do Rio de Janeiro. A condu\u00e7\u00e3o da conversa fica a cargo de Ricardo Aprigliano, Vice-Presidente do CAM-CCBC.<\/p>\n<\/div>\n<\/div>\n<\/div>\n<\/section>\n<\/article>\n<\/div>\n<p>[\/et_pb_text][et_pb_button button_url=&#8221;@ET-DC@eyJkeW5hbWljIjp0cnVlLCJjb250ZW50IjoicG9zdF9saW5rX3VybF9wb2RjYXN0Iiwic2V0dGluZ3MiOnsicG9zdF9pZCI6IjQxNjA0In19@&#8221; url_new_window=&#8221;on&#8221; button_text=&#8221;OUVIR AGORA&#8221; button_alignment=&#8221;right&#8221; _builder_version=&#8221;4.17.4&#8243; _dynamic_attributes=&#8221;button_url&#8221; custom_button=&#8221;on&#8221; button_text_size=&#8221;14px&#8221; button_border_width=&#8221;0px&#8221; button_letter_spacing=&#8221;2px&#8221; button_font=&#8221;Open Sans|700|||||||&#8221; button_icon=&#8221;&#x49;||divi||400&#8243; button_on_hover=&#8221;off&#8221; custom_margin=&#8221;|50px||&#8221; custom_padding=&#8221;|||&#8221; hover_enabled=&#8221;0&#8243; button_text_color_hover=&#8221;#c61b1b&#8221; button_bg_color_hover=&#8221;rgba(0,0,0,0)&#8221; locked=&#8221;off&#8221; global_colors_info=&#8221;{}&#8221; button_text_size__hover_enabled=&#8221;off&#8221; button_one_text_size__hover_enabled=&#8221;off&#8221; button_two_text_size__hover_enabled=&#8221;off&#8221; button_text_color__hover_enabled=&#8221;on&#8221; button_text_color__hover=&#8221;#c61b1b&#8221; button_one_text_color__hover_enabled=&#8221;off&#8221; button_two_text_color__hover_enabled=&#8221;off&#8221; button_border_width__hover_enabled=&#8221;off&#8221; button_one_border_width__hover_enabled=&#8221;off&#8221; button_two_border_width__hover_enabled=&#8221;off&#8221; button_border_color__hover_enabled=&#8221;off&#8221; button_one_border_color__hover_enabled=&#8221;off&#8221; button_two_border_color__hover_enabled=&#8221;off&#8221; button_border_radius__hover_enabled=&#8221;off&#8221; button_one_border_radius__hover_enabled=&#8221;off&#8221; button_two_border_radius__hover_enabled=&#8221;off&#8221; button_letter_spacing__hover_enabled=&#8221;off&#8221; button_one_letter_spacing__hover_enabled=&#8221;off&#8221; button_two_letter_spacing__hover_enabled=&#8221;off&#8221; button_bg_color__hover_enabled=&#8221;on&#8221; button_bg_color__hover=&#8221;rgba(0,0,0,0)&#8221; button_one_bg_color__hover_enabled=&#8221;off&#8221; button_two_bg_color__hover_enabled=&#8221;off&#8221; sticky_enabled=&#8221;0&#8243;]<br \/>\n[\/et_pb_button][\/et_pb_column][\/et_pb_row][et_pb_row column_structure=&#8221;1_3,2_3&#8243; use_custom_gutter=&#8221;on&#8221; make_equal=&#8221;on&#8221; module_id=&#8221;pesquisa&#8221; _builder_version=&#8221;4.17.4&#8243; display_conditions=&#8221;W3siaWQiOiI0NTQ0NThhMi1iMTQ5LTRiZTctOTliMi05NzkwOGVmYWQwNGUiLCJjb25kaXRpb24iOiJkYXRlVGltZSIsImNvbmRpdGlvblNldHRpbmdzIjp7ImRpc3BsYXlSdWxlIjoiaXNBZnRlciIsImRhdGUiOiIyMDIzLTA3LTI4IiwidGltZSI6IjA2OjAwIiwid2Vla2RheXMiOiJ8IiwiYWxsRGF5Ijoib24iLCJmcm9tVGltZSI6IjAwOjAwIiwidW50aWxUaW1lIjoiMDA6MDAiLCJyZXBlYXQiOiJvZmYiLCJyZXBlYXRGcmVxdWVuY3kiOiJtb250aGx5IiwicmVwZWF0RnJlcXVlbmN5U3BlY2lmaWNEYXlzIjoid2Vla2x5IiwicmVwZWF0RW5kIjoibmV2ZXIiLCJyZXBlYXRVbnRpbERhdGUiOiIyMDIzLTctNiIsInJlcGVhdFRpbWVzIjoiMyIsImFkbWluTGFiZWwiOiJBZ2VuZGFtZW50byIsImVuYWJsZUNvbmRpdGlvbiI6Im9uIn0sIm9wZXJhdG9yIjoiT1IifV0=&#8221; custom_margin=&#8221;||30px|&#8221; custom_padding=&#8221;30px|0px|29px|0px|false|false&#8221; animation_style=&#8221;fade&#8221; animation_duration=&#8221;1100ms&#8221; border_width_bottom=&#8221;1px&#8221; border_color_bottom=&#8221;#e02b20&#8243; box_shadow_style=&#8221;preset1&#8243; global_colors_info=&#8221;{}&#8221;][et_pb_column type=&#8221;1_3&#8243; _builder_version=&#8221;4.16&#8243; custom_padding=&#8221;|||&#8221; global_colors_info=&#8221;{}&#8221; custom_padding__hover=&#8221;|||&#8221;][et_pb_image src=&#8221;https:\/\/ccbc.org.br\/cam-ccbc-centro-arbitragem-mediacao\/wp-content\/uploads\/sites\/10\/2023\/09\/37015-sel-cam-ccbc-template-podcast-ep9-1080&#215;1080-1.png&#8221; title_text=&#8221;37015-sel-cam-ccbc-template-podcast-ep9-1080&#215;1080&#8243; align=&#8221;center&#8221; align_tablet=&#8221;center&#8221; align_phone=&#8221;center&#8221; align_last_edited=&#8221;on|desktop&#8221; _builder_version=&#8221;4.17.4&#8243; max_width=&#8221;40%&#8221; module_alignment=&#8221;center&#8221; locked=&#8221;off&#8221; global_colors_info=&#8221;{}&#8221;]<\/p>\n<p>&nbsp;<\/p>\n<p>[\/et_pb_image][\/et_pb_column][et_pb_column type=&#8221;2_3&#8243; _builder_version=&#8221;4.16&#8243; custom_padding=&#8221;|||&#8221; global_colors_info=&#8221;{}&#8221; custom_padding__hover=&#8221;|||&#8221;][et_pb_text _builder_version=&#8221;4.17.4&#8243; text_font=&#8221;||||||||&#8221; header_font=&#8221;||||||||&#8221; header_4_font=&#8221;|700||on|||||&#8221; header_4_letter_spacing=&#8221;3px&#8221; custom_margin=&#8221;|||-50px&#8221; custom_margin_tablet=&#8221;|||40px&#8221; custom_margin_phone=&#8221;|||40px&#8221; custom_margin_last_edited=&#8221;on|desktop&#8221; custom_padding=&#8221;|30px||&#8221; custom_padding_tablet=&#8221;20px||&#8221; custom_padding_phone=&#8221;20px||&#8221; custom_padding_last_edited=&#8221;on|desktop&#8221; global_colors_info=&#8221;{}&#8221;]<\/p>\n<h4 class=\"et_pb_module_header et-fb-editable-element et-fb-editable-element__editing\"><span>9. Marcos Legislativos referentes \u00e0 media\u00e7\u00e3o com a Administra\u00e7\u00e3o P\u00fablica.<\/span><\/h4>\n<div class=\"col-sm-8\">\n<article class=\"historico\">\n<section ng-repeat=\"historico in row.historicos | orderBy:'-unixtime'\" ng-class=\"{secaoatendente : historico.byAtendente, secaocomentario : historico.tipo === 'O', secaostatusaberto : historico.tipo === 'SA', secaostatusencerrado : historico.tipo === 'SE'}\" data-indice=\"0\" class=\"ng-scope\">\n<div ng-if=\"historico.tipo === 'H'\" class=\"ng-scope\">\n<div class=\"conteudo\">\n<div class=\"css-reset ng-scope\" ng-if=\"historico.mimetype === 'text\/html'\" compile=\"historico.mensagem\">\n<p><span>O nono epis\u00f3dio da segunda temporada do Podcast Media\u00e7\u00e3o com a Administra\u00e7\u00e3o P\u00fablica aborda os Marcos Legislativos referentes \u00e0 media\u00e7\u00e3o com a Administra\u00e7\u00e3o P\u00fablica e conta com a participa\u00e7\u00e3o da convidada, Kaline Ferreira, coordenadora geral da C\u00e2mara de Media\u00e7\u00e3o e de Concilia\u00e7\u00e3o da Administra\u00e7\u00e3o P\u00fablica Federal (CCAF). A conversa \u00e9 conduzida por Adolfo Braga Neto, coordenador e membro da Task Force de Media\u00e7\u00e3o com a Administra\u00e7\u00e3o P\u00fablica.<\/span><\/p>\n<\/div>\n<\/div>\n<\/div>\n<\/section>\n<\/article>\n<\/div>\n<p>[\/et_pb_text][et_pb_button button_url=&#8221;@ET-DC@eyJkeW5hbWljIjp0cnVlLCJjb250ZW50IjoicG9zdF9saW5rX3VybF9wb2RjYXN0Iiwic2V0dGluZ3MiOnsicG9zdF9pZCI6IjM3NzU2In19@&#8221; url_new_window=&#8221;on&#8221; button_text=&#8221;OUVIR AGORA&#8221; button_alignment=&#8221;right&#8221; _builder_version=&#8221;4.17.4&#8243; _dynamic_attributes=&#8221;button_url&#8221; custom_button=&#8221;on&#8221; button_text_size=&#8221;14px&#8221; button_border_width=&#8221;0px&#8221; button_letter_spacing=&#8221;2px&#8221; button_font=&#8221;Open Sans|700|||||||&#8221; button_icon=&#8221;&#x49;||divi||400&#8243; button_on_hover=&#8221;off&#8221; custom_margin=&#8221;|50px||&#8221; custom_padding=&#8221;|||&#8221; button_text_color_hover=&#8221;#c61b1b&#8221; button_bg_color_hover=&#8221;rgba(0,0,0,0)&#8221; locked=&#8221;off&#8221; global_colors_info=&#8221;{}&#8221; button_text_size__hover_enabled=&#8221;off&#8221; button_one_text_size__hover_enabled=&#8221;off&#8221; button_two_text_size__hover_enabled=&#8221;off&#8221; button_text_color__hover_enabled=&#8221;on&#8221; button_text_color__hover=&#8221;#c61b1b&#8221; button_one_text_color__hover_enabled=&#8221;off&#8221; button_two_text_color__hover_enabled=&#8221;off&#8221; button_border_width__hover_enabled=&#8221;off&#8221; button_one_border_width__hover_enabled=&#8221;off&#8221; button_two_border_width__hover_enabled=&#8221;off&#8221; button_border_color__hover_enabled=&#8221;off&#8221; button_one_border_color__hover_enabled=&#8221;off&#8221; button_two_border_color__hover_enabled=&#8221;off&#8221; button_border_radius__hover_enabled=&#8221;off&#8221; button_one_border_radius__hover_enabled=&#8221;off&#8221; button_two_border_radius__hover_enabled=&#8221;off&#8221; button_letter_spacing__hover_enabled=&#8221;off&#8221; button_one_letter_spacing__hover_enabled=&#8221;off&#8221; button_two_letter_spacing__hover_enabled=&#8221;off&#8221; button_bg_color__hover_enabled=&#8221;on&#8221; button_bg_color__hover=&#8221;rgba(0,0,0,0)&#8221; button_one_bg_color__hover_enabled=&#8221;off&#8221; button_two_bg_color__hover_enabled=&#8221;off&#8221;]<br \/>\n[\/et_pb_button][\/et_pb_column][\/et_pb_row][et_pb_row column_structure=&#8221;1_3,2_3&#8243; use_custom_gutter=&#8221;on&#8221; make_equal=&#8221;on&#8221; module_id=&#8221;pesquisa&#8221; _builder_version=&#8221;4.17.4&#8243; display_conditions=&#8221;W3siaWQiOiI0NTQ0NThhMi1iMTQ5LTRiZTctOTliMi05NzkwOGVmYWQwNGUiLCJjb25kaXRpb24iOiJkYXRlVGltZSIsImNvbmRpdGlvblNldHRpbmdzIjp7ImRpc3BsYXlSdWxlIjoiaXNBZnRlciIsImRhdGUiOiIyMDIzLTA3LTI4IiwidGltZSI6IjA2OjAwIiwid2Vla2RheXMiOiJ8IiwiYWxsRGF5Ijoib24iLCJmcm9tVGltZSI6IjAwOjAwIiwidW50aWxUaW1lIjoiMDA6MDAiLCJyZXBlYXQiOiJvZmYiLCJyZXBlYXRGcmVxdWVuY3kiOiJtb250aGx5IiwicmVwZWF0RnJlcXVlbmN5U3BlY2lmaWNEYXlzIjoid2Vla2x5IiwicmVwZWF0RW5kIjoibmV2ZXIiLCJyZXBlYXRVbnRpbERhdGUiOiIyMDIzLTctNiIsInJlcGVhdFRpbWVzIjoiMyIsImFkbWluTGFiZWwiOiJBZ2VuZGFtZW50byIsImVuYWJsZUNvbmRpdGlvbiI6Im9uIn0sIm9wZXJhdG9yIjoiT1IifV0=&#8221; custom_margin=&#8221;||30px|&#8221; custom_padding=&#8221;30px|0px|29px|0px|false|false&#8221; animation_style=&#8221;fade&#8221; animation_duration=&#8221;1100ms&#8221; border_width_bottom=&#8221;1px&#8221; border_color_bottom=&#8221;#e02b20&#8243; box_shadow_style=&#8221;preset1&#8243; global_colors_info=&#8221;{}&#8221;][et_pb_column type=&#8221;1_3&#8243; _builder_version=&#8221;4.16&#8243; custom_padding=&#8221;|||&#8221; global_colors_info=&#8221;{}&#8221; custom_padding__hover=&#8221;|||&#8221;][et_pb_image src=&#8221;https:\/\/ccbc.org.br\/cam-ccbc-centro-arbitragem-mediacao\/wp-content\/uploads\/sites\/10\/2023\/08\/36803-sel-cam-ccbc-podcast-ep8-1080&#215;1080-1.png&#8221; title_text=&#8221;36803-sel-cam-ccbc-podcast-ep8-1080&#215;1080&#8243; align=&#8221;center&#8221; align_tablet=&#8221;center&#8221; align_phone=&#8221;center&#8221; align_last_edited=&#8221;on|desktop&#8221; _builder_version=&#8221;4.17.4&#8243; max_width=&#8221;40%&#8221; module_alignment=&#8221;center&#8221; locked=&#8221;off&#8221; global_colors_info=&#8221;{}&#8221;]<\/p>\n<p>&nbsp;<\/p>\n<p>[\/et_pb_image][\/et_pb_column][et_pb_column type=&#8221;2_3&#8243; _builder_version=&#8221;4.16&#8243; custom_padding=&#8221;|||&#8221; global_colors_info=&#8221;{}&#8221; custom_padding__hover=&#8221;|||&#8221;][et_pb_text _builder_version=&#8221;4.17.4&#8243; text_font=&#8221;||||||||&#8221; header_font=&#8221;||||||||&#8221; header_4_font=&#8221;|700||on|||||&#8221; header_4_letter_spacing=&#8221;3px&#8221; custom_margin=&#8221;|||-50px&#8221; custom_margin_tablet=&#8221;|||40px&#8221; custom_margin_phone=&#8221;|||40px&#8221; custom_margin_last_edited=&#8221;on|desktop&#8221; custom_padding=&#8221;|30px||&#8221; custom_padding_tablet=&#8221;20px||&#8221; custom_padding_phone=&#8221;20px||&#8221; custom_padding_last_edited=&#8221;on|desktop&#8221; global_colors_info=&#8221;{}&#8221;]<\/p>\n<h4 class=\"et_pb_module_header et-fb-editable-element et-fb-editable-element__editing\"><span>8. Janelas de oportunidades no ambiente da arbitragem com a administra\u00e7\u00e3o p\u00fablica<\/span><\/h4>\n<div class=\"col-sm-8\">\n<article class=\"historico\">\n<section ng-repeat=\"historico in row.historicos | orderBy:'-unixtime'\" ng-class=\"{secaoatendente : historico.byAtendente, secaocomentario : historico.tipo === 'O', secaostatusaberto : historico.tipo === 'SA', secaostatusencerrado : historico.tipo === 'SE'}\" data-indice=\"0\" class=\"ng-scope\">\n<div ng-if=\"historico.tipo === 'H'\" class=\"ng-scope\">\n<div class=\"conteudo\">\n<div class=\"css-reset ng-scope\" ng-if=\"historico.mimetype === 'text\/html'\" compile=\"historico.mensagem\">\n<p><span>O oitavo epis\u00f3dio da segunda temporada do Podcast Media\u00e7\u00e3o com a Administra\u00e7\u00e3o P\u00fablica tem como tema as Janelas de Oportunidades no ambiente da arbitragem com a Administra\u00e7\u00e3o P\u00fablica e tem a participa\u00e7\u00e3o da convidada, Prof.\u00aa Selma Lemes, integrante da Comiss\u00e3o Relatora da Lei de Arbitragem, \u00e1rbitra e advogada. A conversa \u00e9 conduzida por Silvia Pachikoski, vice-presidente do CAM-CCBC e membro da Task Force de Media\u00e7\u00e3o com a Administra\u00e7\u00e3o P\u00fablica.<\/span><\/p>\n<\/div>\n<\/div>\n<\/div>\n<\/section>\n<\/article>\n<\/div>\n<p>[\/et_pb_text][et_pb_button button_url=&#8221;@ET-DC@eyJkeW5hbWljIjp0cnVlLCJjb250ZW50IjoicG9zdF9saW5rX3VybF9wb2RjYXN0Iiwic2V0dGluZ3MiOnsicG9zdF9pZCI6IjM3Njk0In19@&#8221; url_new_window=&#8221;on&#8221; button_text=&#8221;OUVIR AGORA&#8221; button_alignment=&#8221;right&#8221; _builder_version=&#8221;4.17.4&#8243; _dynamic_attributes=&#8221;button_url&#8221; custom_button=&#8221;on&#8221; button_text_size=&#8221;14px&#8221; button_border_width=&#8221;0px&#8221; button_letter_spacing=&#8221;2px&#8221; button_font=&#8221;Open Sans|700|||||||&#8221; button_icon=&#8221;&#x49;||divi||400&#8243; button_on_hover=&#8221;off&#8221; custom_margin=&#8221;|50px||&#8221; custom_padding=&#8221;|||&#8221; button_text_color_hover=&#8221;#c61b1b&#8221; button_bg_color_hover=&#8221;rgba(0,0,0,0)&#8221; locked=&#8221;off&#8221; global_colors_info=&#8221;{}&#8221; button_text_size__hover_enabled=&#8221;off&#8221; button_one_text_size__hover_enabled=&#8221;off&#8221; button_two_text_size__hover_enabled=&#8221;off&#8221; button_text_color__hover_enabled=&#8221;on&#8221; button_text_color__hover=&#8221;#c61b1b&#8221; button_one_text_color__hover_enabled=&#8221;off&#8221; button_two_text_color__hover_enabled=&#8221;off&#8221; button_border_width__hover_enabled=&#8221;off&#8221; button_one_border_width__hover_enabled=&#8221;off&#8221; button_two_border_width__hover_enabled=&#8221;off&#8221; button_border_color__hover_enabled=&#8221;off&#8221; button_one_border_color__hover_enabled=&#8221;off&#8221; button_two_border_color__hover_enabled=&#8221;off&#8221; button_border_radius__hover_enabled=&#8221;off&#8221; button_one_border_radius__hover_enabled=&#8221;off&#8221; button_two_border_radius__hover_enabled=&#8221;off&#8221; button_letter_spacing__hover_enabled=&#8221;off&#8221; button_one_letter_spacing__hover_enabled=&#8221;off&#8221; button_two_letter_spacing__hover_enabled=&#8221;off&#8221; button_bg_color__hover_enabled=&#8221;on&#8221; button_bg_color__hover=&#8221;rgba(0,0,0,0)&#8221; button_one_bg_color__hover_enabled=&#8221;off&#8221; button_two_bg_color__hover_enabled=&#8221;off&#8221;]<br \/>\n[\/et_pb_button][\/et_pb_column][\/et_pb_row][et_pb_row column_structure=&#8221;1_3,2_3&#8243; use_custom_gutter=&#8221;on&#8221; make_equal=&#8221;on&#8221; module_id=&#8221;pesquisa&#8221; _builder_version=&#8221;4.17.4&#8243; display_conditions=&#8221;W3siaWQiOiI0NTQ0NThhMi1iMTQ5LTRiZTctOTliMi05NzkwOGVmYWQwNGUiLCJjb25kaXRpb24iOiJkYXRlVGltZSIsImNvbmRpdGlvblNldHRpbmdzIjp7ImRpc3BsYXlSdWxlIjoiaXNBZnRlciIsImRhdGUiOiIyMDIzLTA3LTI4IiwidGltZSI6IjA2OjAwIiwid2Vla2RheXMiOiJ8IiwiYWxsRGF5Ijoib24iLCJmcm9tVGltZSI6IjAwOjAwIiwidW50aWxUaW1lIjoiMDA6MDAiLCJyZXBlYXQiOiJvZmYiLCJyZXBlYXRGcmVxdWVuY3kiOiJtb250aGx5IiwicmVwZWF0RnJlcXVlbmN5U3BlY2lmaWNEYXlzIjoid2Vla2x5IiwicmVwZWF0RW5kIjoibmV2ZXIiLCJyZXBlYXRVbnRpbERhdGUiOiIyMDIzLTctNiIsInJlcGVhdFRpbWVzIjoiMyIsImFkbWluTGFiZWwiOiJBZ2VuZGFtZW50byIsImVuYWJsZUNvbmRpdGlvbiI6Im9uIn0sIm9wZXJhdG9yIjoiT1IifV0=&#8221; custom_margin=&#8221;||30px|&#8221; custom_padding=&#8221;30px|0px|29px|0px|false|false&#8221; animation_style=&#8221;fade&#8221; animation_duration=&#8221;1100ms&#8221; border_width_bottom=&#8221;1px&#8221; border_color_bottom=&#8221;#e02b20&#8243; box_shadow_style=&#8221;preset1&#8243; global_colors_info=&#8221;{}&#8221;][et_pb_column type=&#8221;1_3&#8243; _builder_version=&#8221;4.16&#8243; custom_padding=&#8221;|||&#8221; global_colors_info=&#8221;{}&#8221; custom_padding__hover=&#8221;|||&#8221;][et_pb_image src=&#8221;https:\/\/ccbc.org.br\/cam-ccbc-centro-arbitragem-mediacao\/wp-content\/uploads\/sites\/10\/2023\/08\/36785-sel-cam-ccbc-podcast-ep7-1080&#215;1080-1.png&#8221; title_text=&#8221;36785-sel-cam-ccbc-podcast-ep7-1080&#215;1080&#8243; align=&#8221;center&#8221; align_tablet=&#8221;center&#8221; align_phone=&#8221;center&#8221; align_last_edited=&#8221;on|desktop&#8221; _builder_version=&#8221;4.17.4&#8243; max_width=&#8221;40%&#8221; module_alignment=&#8221;center&#8221; locked=&#8221;off&#8221; global_colors_info=&#8221;{}&#8221;]<\/p>\n<p>&nbsp;<\/p>\n<p>[\/et_pb_image][\/et_pb_column][et_pb_column type=&#8221;2_3&#8243; _builder_version=&#8221;4.16&#8243; custom_padding=&#8221;|||&#8221; global_colors_info=&#8221;{}&#8221; custom_padding__hover=&#8221;|||&#8221;][et_pb_text _builder_version=&#8221;4.17.4&#8243; text_font=&#8221;||||||||&#8221; header_font=&#8221;||||||||&#8221; header_4_font=&#8221;|700||on|||||&#8221; header_4_letter_spacing=&#8221;3px&#8221; custom_margin=&#8221;|||-50px&#8221; custom_margin_tablet=&#8221;|||40px&#8221; custom_margin_phone=&#8221;|||40px&#8221; custom_margin_last_edited=&#8221;on|desktop&#8221; custom_padding=&#8221;|30px||&#8221; custom_padding_tablet=&#8221;20px||&#8221; custom_padding_phone=&#8221;20px||&#8221; custom_padding_last_edited=&#8221;on|desktop&#8221; global_colors_info=&#8221;{}&#8221;]<\/p>\n<h4 class=\"et_pb_module_header et-fb-editable-element et-fb-editable-element__editing\"><span>7. Nova lei de licita\u00e7\u00f5es e contratos administrativos e a previs\u00e3o de media\u00e7\u00e3o<\/span><\/h4>\n<div class=\"col-sm-8\">\n<article class=\"historico\">\n<section ng-repeat=\"historico in row.historicos | orderBy:'-unixtime'\" ng-class=\"{secaoatendente : historico.byAtendente, secaocomentario : historico.tipo === 'O', secaostatusaberto : historico.tipo === 'SA', secaostatusencerrado : historico.tipo === 'SE'}\" data-indice=\"0\" class=\"ng-scope\">\n<div ng-if=\"historico.tipo === 'H'\" class=\"ng-scope\">\n<div class=\"conteudo\">\n<div class=\"css-reset ng-scope\" ng-if=\"historico.mimetype === 'text\/html'\" compile=\"historico.mensagem\">\n<p>O s\u00e9timo epis\u00f3dio da segunda temporada do Podcast Media\u00e7\u00e3o com a Administra\u00e7\u00e3o P\u00fablica tem como tema Nova lei de licita\u00e7\u00f5es e Contratos administrativos e a previs\u00e3o de Media\u00e7\u00e3o e tem a participa\u00e7\u00e3o a convidada, Prof\u00aa Odete Medauar, Metre, doutora e livre-docente pela Faculdade de Direito da Universidade de S\u00e3o Paulo. A conversa \u00e9 conduzida por Beatriz Rosa, membro da Task Force de Media\u00e7\u00e3o com a Administra\u00e7\u00e3o P\u00fablica.<\/p>\n<p>&nbsp;<\/p>\n<p>&nbsp;<\/p>\n<\/div>\n<\/div>\n<\/div>\n<\/section>\n<\/article>\n<\/div>\n<p>[\/et_pb_text][et_pb_button button_url=&#8221;https:\/\/ccbc.org.br\/cam-ccbc-centro-arbitragem-mediacao\/noticias-cam-ccbc\/novidades-cam-ccbc\/podcast\/7-nova-lei-de-licitacoes-e-contratos-administrativos-e-a-previsao-de-mediacao\/&#8221; url_new_window=&#8221;on&#8221; button_text=&#8221;OUVIR AGORA&#8221; button_alignment=&#8221;right&#8221; _builder_version=&#8221;4.17.4&#8243; custom_button=&#8221;on&#8221; button_text_size=&#8221;14px&#8221; button_border_width=&#8221;0px&#8221; button_letter_spacing=&#8221;2px&#8221; button_font=&#8221;Open Sans|700|||||||&#8221; button_icon=&#8221;&#x49;||divi||400&#8243; button_on_hover=&#8221;off&#8221; custom_margin=&#8221;|50px||&#8221; custom_padding=&#8221;|||&#8221; button_text_color_hover=&#8221;#c61b1b&#8221; button_bg_color_hover=&#8221;rgba(0,0,0,0)&#8221; locked=&#8221;off&#8221; global_colors_info=&#8221;{}&#8221; button_text_size__hover_enabled=&#8221;off&#8221; button_one_text_size__hover_enabled=&#8221;off&#8221; button_two_text_size__hover_enabled=&#8221;off&#8221; button_text_color__hover_enabled=&#8221;on&#8221; button_text_color__hover=&#8221;#c61b1b&#8221; button_one_text_color__hover_enabled=&#8221;off&#8221; button_two_text_color__hover_enabled=&#8221;off&#8221; button_border_width__hover_enabled=&#8221;off&#8221; button_one_border_width__hover_enabled=&#8221;off&#8221; button_two_border_width__hover_enabled=&#8221;off&#8221; button_border_color__hover_enabled=&#8221;off&#8221; button_one_border_color__hover_enabled=&#8221;off&#8221; button_two_border_color__hover_enabled=&#8221;off&#8221; button_border_radius__hover_enabled=&#8221;off&#8221; button_one_border_radius__hover_enabled=&#8221;off&#8221; button_two_border_radius__hover_enabled=&#8221;off&#8221; button_letter_spacing__hover_enabled=&#8221;off&#8221; button_one_letter_spacing__hover_enabled=&#8221;off&#8221; button_two_letter_spacing__hover_enabled=&#8221;off&#8221; button_bg_color__hover_enabled=&#8221;on&#8221; button_bg_color__hover=&#8221;rgba(0,0,0,0)&#8221; button_one_bg_color__hover_enabled=&#8221;off&#8221; button_two_bg_color__hover_enabled=&#8221;off&#8221;]<br \/>\n[\/et_pb_button][\/et_pb_column][\/et_pb_row][et_pb_row column_structure=&#8221;1_3,2_3&#8243; use_custom_gutter=&#8221;on&#8221; make_equal=&#8221;on&#8221; module_id=&#8221;pesquisa&#8221; _builder_version=&#8221;4.17.4&#8243; display_conditions=&#8221;W3siaWQiOiI0NTQ0NThhMi1iMTQ5LTRiZTctOTliMi05NzkwOGVmYWQwNGUiLCJjb25kaXRpb24iOiJkYXRlVGltZSIsImNvbmRpdGlvblNldHRpbmdzIjp7ImRpc3BsYXlSdWxlIjoiaXNBZnRlciIsImRhdGUiOiIyMDIzLTA3LTI4IiwidGltZSI6IjA2OjAwIiwid2Vla2RheXMiOiJ8IiwiYWxsRGF5Ijoib24iLCJmcm9tVGltZSI6IjAwOjAwIiwidW50aWxUaW1lIjoiMDA6MDAiLCJyZXBlYXQiOiJvZmYiLCJyZXBlYXRGcmVxdWVuY3kiOiJtb250aGx5IiwicmVwZWF0RnJlcXVlbmN5U3BlY2lmaWNEYXlzIjoid2Vla2x5IiwicmVwZWF0RW5kIjoibmV2ZXIiLCJyZXBlYXRVbnRpbERhdGUiOiIyMDIzLTctNiIsInJlcGVhdFRpbWVzIjoiMyIsImFkbWluTGFiZWwiOiJBZ2VuZGFtZW50byIsImVuYWJsZUNvbmRpdGlvbiI6Im9uIn0sIm9wZXJhdG9yIjoiT1IifV0=&#8221; custom_margin=&#8221;||30px|&#8221; custom_padding=&#8221;30px|0px|29px|0px|false|false&#8221; animation_style=&#8221;fade&#8221; animation_duration=&#8221;1100ms&#8221; border_width_bottom=&#8221;1px&#8221; border_color_bottom=&#8221;#e02b20&#8243; box_shadow_style=&#8221;preset1&#8243; global_colors_info=&#8221;{}&#8221;][et_pb_column type=&#8221;1_3&#8243; _builder_version=&#8221;4.16&#8243; custom_padding=&#8221;|||&#8221; global_colors_info=&#8221;{}&#8221; custom_padding__hover=&#8221;|||&#8221;][et_pb_image src=&#8221;https:\/\/ccbc.org.br\/cam-ccbc-centro-arbitragem-mediacao\/wp-content\/uploads\/sites\/10\/2023\/07\/36660-sel-cam-ccbc-template-podcast-ep6-1080&#215;1080-1.png&#8221; title_text=&#8221;36660-sel-cam-ccbc-template-podcast-ep6-1080&#215;1080&#8243; align=&#8221;center&#8221; align_tablet=&#8221;center&#8221; align_phone=&#8221;center&#8221; align_last_edited=&#8221;on|desktop&#8221; _builder_version=&#8221;4.17.4&#8243; max_width=&#8221;40%&#8221; module_alignment=&#8221;center&#8221; locked=&#8221;off&#8221; global_colors_info=&#8221;{}&#8221;]<\/p>\n<p>&nbsp;<\/p>\n<p>[\/et_pb_image][\/et_pb_column][et_pb_column type=&#8221;2_3&#8243; _builder_version=&#8221;4.16&#8243; custom_padding=&#8221;|||&#8221; global_colors_info=&#8221;{}&#8221; custom_padding__hover=&#8221;|||&#8221;][et_pb_text _builder_version=&#8221;4.17.4&#8243; text_font=&#8221;||||||||&#8221; header_font=&#8221;||||||||&#8221; header_4_font=&#8221;|700||on|||||&#8221; header_4_letter_spacing=&#8221;3px&#8221; custom_margin=&#8221;|||-50px&#8221; custom_margin_tablet=&#8221;|||40px&#8221; custom_margin_phone=&#8221;|||40px&#8221; custom_margin_last_edited=&#8221;on|desktop&#8221; custom_padding=&#8221;|30px||&#8221; custom_padding_tablet=&#8221;20px||&#8221; custom_padding_phone=&#8221;20px||&#8221; custom_padding_last_edited=&#8221;on|desktop&#8221; global_colors_info=&#8221;{}&#8221;]<\/p>\n<h4 class=\"et_pb_module_header et-fb-editable-element et-fb-editable-element__editing\">6. <span>Elementos desafiadores da media\u00e7\u00e3o com a administra\u00e7\u00e3o p\u00fablica<\/span><\/h4>\n<div class=\"col-sm-8\">\n<article class=\"historico\">\n<section ng-repeat=\"historico in row.historicos | orderBy:'-unixtime'\" ng-class=\"{secaoatendente : historico.byAtendente, secaocomentario : historico.tipo === 'O', secaostatusaberto : historico.tipo === 'SA', secaostatusencerrado : historico.tipo === 'SE'}\" data-indice=\"0\" class=\"ng-scope\">\n<div ng-if=\"historico.tipo === 'H'\" class=\"ng-scope\">\n<div class=\"conteudo\">\n<div class=\"css-reset ng-scope\" ng-if=\"historico.mimetype === 'text\/html'\" compile=\"historico.mensagem\">\n<p>O sexto epis\u00f3dio da segunda temporada do Podcast Media\u00e7\u00e3o com a Administra\u00e7\u00e3o P\u00fablica tem como tema os elementos desafiadores presentes no uso da media\u00e7\u00e3o com a administra\u00e7\u00e3o p\u00fablica e tem a participa\u00e7\u00e3o do convidado, o Prof\u00ba Carlos Alberto Salles, Desembargador do Tribunal de Justi\u00e7a do Estado de S\u00e3o Paulo. A conversa \u00e9 conduzida por Flavia Freitas, membro da Task Force de Media\u00e7\u00e3o com a Administra\u00e7\u00e3o P\u00fablica.<\/p>\n<p>&nbsp;<\/p>\n<\/div>\n<\/div>\n<\/div>\n<\/section>\n<\/article>\n<\/div>\n<p>[\/et_pb_text][et_pb_button button_url=&#8221;https:\/\/ccbc.org.br\/cam-ccbc-centro-arbitragem-mediacao\/noticias-cam-ccbc\/novidades-cam-ccbc\/podcast\/6-elementos-desafiadores-da-mediacao-com-a-administracao-publica\/&#8221; url_new_window=&#8221;on&#8221; button_text=&#8221;OUVIR AGORA&#8221; button_alignment=&#8221;right&#8221; _builder_version=&#8221;4.17.4&#8243; custom_button=&#8221;on&#8221; button_text_size=&#8221;14px&#8221; button_border_width=&#8221;0px&#8221; button_letter_spacing=&#8221;2px&#8221; button_font=&#8221;Open Sans|700|||||||&#8221; button_icon=&#8221;&#x49;||divi||400&#8243; button_on_hover=&#8221;off&#8221; custom_margin=&#8221;|50px||&#8221; custom_padding=&#8221;|||&#8221; button_text_color_hover=&#8221;#c61b1b&#8221; button_bg_color_hover=&#8221;rgba(0,0,0,0)&#8221; locked=&#8221;off&#8221; global_colors_info=&#8221;{}&#8221; button_text_size__hover_enabled=&#8221;off&#8221; button_one_text_size__hover_enabled=&#8221;off&#8221; button_two_text_size__hover_enabled=&#8221;off&#8221; button_text_color__hover_enabled=&#8221;on&#8221; button_text_color__hover=&#8221;#c61b1b&#8221; button_one_text_color__hover_enabled=&#8221;off&#8221; button_two_text_color__hover_enabled=&#8221;off&#8221; button_border_width__hover_enabled=&#8221;off&#8221; button_one_border_width__hover_enabled=&#8221;off&#8221; button_two_border_width__hover_enabled=&#8221;off&#8221; button_border_color__hover_enabled=&#8221;off&#8221; button_one_border_color__hover_enabled=&#8221;off&#8221; button_two_border_color__hover_enabled=&#8221;off&#8221; button_border_radius__hover_enabled=&#8221;off&#8221; button_one_border_radius__hover_enabled=&#8221;off&#8221; button_two_border_radius__hover_enabled=&#8221;off&#8221; button_letter_spacing__hover_enabled=&#8221;off&#8221; button_one_letter_spacing__hover_enabled=&#8221;off&#8221; button_two_letter_spacing__hover_enabled=&#8221;off&#8221; button_bg_color__hover_enabled=&#8221;on&#8221; button_bg_color__hover=&#8221;rgba(0,0,0,0)&#8221; button_one_bg_color__hover_enabled=&#8221;off&#8221; button_two_bg_color__hover_enabled=&#8221;off&#8221;]<br \/>\n[\/et_pb_button][\/et_pb_column][\/et_pb_row][et_pb_row column_structure=&#8221;1_3,2_3&#8243; use_custom_gutter=&#8221;on&#8221; make_equal=&#8221;on&#8221; module_id=&#8221;pesquisa&#8221; _builder_version=&#8221;4.17.4&#8243; display_conditions=&#8221;W3siaWQiOiI0NTQ0NThhMi1iMTQ5LTRiZTctOTliMi05NzkwOGVmYWQwNGUiLCJjb25kaXRpb24iOiJkYXRlVGltZSIsImNvbmRpdGlvblNldHRpbmdzIjp7ImRpc3BsYXlSdWxlIjoiaXNBZnRlciIsImRhdGUiOiIyMDIzLTA3LTA3IiwidGltZSI6IjA4OjAwIiwid2Vla2RheXMiOiJ8IiwiYWxsRGF5Ijoib24iLCJmcm9tVGltZSI6IjAwOjAwIiwidW50aWxUaW1lIjoiMDA6MDAiLCJyZXBlYXQiOiJvZmYiLCJyZXBlYXRGcmVxdWVuY3kiOiJtb250aGx5IiwicmVwZWF0RnJlcXVlbmN5U3BlY2lmaWNEYXlzIjoid2Vla2x5IiwicmVwZWF0RW5kIjoibmV2ZXIiLCJyZXBlYXRVbnRpbERhdGUiOiIyMDIzLTctNiIsInJlcGVhdFRpbWVzIjoiMyIsImFkbWluTGFiZWwiOiJBZ2VuZGFtZW50byAwNy8wNy8yMyDDoHMgMDhocnMiLCJlbmFibGVDb25kaXRpb24iOiJvbiJ9LCJvcGVyYXRvciI6Ik9SIn1d&#8221; custom_margin=&#8221;||30px|&#8221; custom_padding=&#8221;30px|0px|29px|0px|false|false&#8221; animation_style=&#8221;fade&#8221; animation_duration=&#8221;1100ms&#8221; border_width_bottom=&#8221;1px&#8221; border_color_bottom=&#8221;#e02b20&#8243; box_shadow_style=&#8221;preset1&#8243; global_colors_info=&#8221;{}&#8221;][et_pb_column type=&#8221;1_3&#8243; _builder_version=&#8221;4.16&#8243; custom_padding=&#8221;|||&#8221; global_colors_info=&#8221;{}&#8221; custom_padding__hover=&#8221;|||&#8221;][et_pb_image src=&#8221;https:\/\/ccbc.org.br\/cam-ccbc-centro-arbitragem-mediacao\/wp-content\/uploads\/sites\/10\/2023\/07\/36651-sel-cam-ccbc-template-podcast-ep5-1080&#215;1080-1.png&#8221; title_text=&#8221;36651-sel-cam-ccbc-template-podcast-ep5-1080&#215;1080&#8243; align=&#8221;center&#8221; align_tablet=&#8221;center&#8221; align_phone=&#8221;center&#8221; align_last_edited=&#8221;on|desktop&#8221; _builder_version=&#8221;4.17.4&#8243; max_width=&#8221;40%&#8221; module_alignment=&#8221;center&#8221; locked=&#8221;off&#8221; global_colors_info=&#8221;{}&#8221;]<\/p>\n<p>&nbsp;<\/p>\n<p>[\/et_pb_image][\/et_pb_column][et_pb_column type=&#8221;2_3&#8243; _builder_version=&#8221;4.16&#8243; custom_padding=&#8221;|||&#8221; global_colors_info=&#8221;{}&#8221; custom_padding__hover=&#8221;|||&#8221;][et_pb_text _builder_version=&#8221;4.17.4&#8243; text_font=&#8221;||||||||&#8221; header_font=&#8221;||||||||&#8221; header_4_font=&#8221;|700||on|||||&#8221; header_4_letter_spacing=&#8221;3px&#8221; custom_margin=&#8221;|||-50px&#8221; custom_margin_tablet=&#8221;|||40px&#8221; custom_margin_phone=&#8221;|||40px&#8221; custom_margin_last_edited=&#8221;on|desktop&#8221; custom_padding=&#8221;|30px||&#8221; custom_padding_tablet=&#8221;20px||&#8221; custom_padding_phone=&#8221;20px||&#8221; custom_padding_last_edited=&#8221;on|desktop&#8221; global_colors_info=&#8221;{}&#8221;]<\/p>\n<h4 class=\"et_pb_module_header et-fb-editable-element et-fb-editable-element__editing\">5. \u00d3rg\u00e3os de controle respons\u00e1veis pela fiscaliza\u00e7\u00e3o da aplica\u00e7\u00e3o da lei<\/h4>\n<div class=\"col-sm-8\">\n<article class=\"historico\">\n<section ng-repeat=\"historico in row.historicos | orderBy:'-unixtime'\" ng-class=\"{secaoatendente : historico.byAtendente, secaocomentario : historico.tipo === 'O', secaostatusaberto : historico.tipo === 'SA', secaostatusencerrado : historico.tipo === 'SE'}\" data-indice=\"0\" class=\"ng-scope\">\n<div ng-if=\"historico.tipo === 'H'\" class=\"ng-scope\">\n<div class=\"conteudo\">\n<div class=\"css-reset ng-scope\" ng-if=\"historico.mimetype === 'text\/html'\" compile=\"historico.mensagem\">\n<p>No 5\u00ba epis\u00f3dio da segunda temporada do Podcast Media\u00e7\u00e3o com a Administra\u00e7\u00e3o P\u00fablica, o convidado \u00e9 Alexandre Sarquis, Conselheiro do Tribunal de Contas do Estado de S\u00e3o Paulo.<\/p>\n<p>Com a participa\u00e7\u00e3o de Alexandre Cordeiro como entrevistador, o epis\u00f3dio traz um importante debate sobre os \u00f3rg\u00e3os de controle respons\u00e1veis pela fiscaliza\u00e7\u00e3o.<\/p>\n<p>&nbsp;<\/p>\n<\/div>\n<\/div>\n<\/div>\n<\/section>\n<\/article>\n<\/div>\n<p>[\/et_pb_text][et_pb_button button_url=&#8221;https:\/\/ccbc.org.br\/cam-ccbc-centro-arbitragem-mediacao\/noticias-cam-ccbc\/novidades-cam-ccbc\/podcast\/5-orgaos-de-controle-responsaveis-pela-fiscalizacao-da-aplicacao-da-lei\/&#8221; url_new_window=&#8221;on&#8221; button_text=&#8221;OUVIR AGORA&#8221; button_alignment=&#8221;right&#8221; _builder_version=&#8221;4.17.4&#8243; custom_button=&#8221;on&#8221; button_text_size=&#8221;14px&#8221; button_border_width=&#8221;0px&#8221; button_letter_spacing=&#8221;2px&#8221; button_font=&#8221;Open Sans|700|||||||&#8221; button_icon=&#8221;&#x49;||divi||400&#8243; button_on_hover=&#8221;off&#8221; custom_margin=&#8221;|50px||&#8221; custom_padding=&#8221;|||&#8221; button_text_color_hover=&#8221;#c61b1b&#8221; button_bg_color_hover=&#8221;rgba(0,0,0,0)&#8221; locked=&#8221;off&#8221; global_colors_info=&#8221;{}&#8221; button_text_size__hover_enabled=&#8221;off&#8221; button_one_text_size__hover_enabled=&#8221;off&#8221; button_two_text_size__hover_enabled=&#8221;off&#8221; button_text_color__hover_enabled=&#8221;on&#8221; button_text_color__hover=&#8221;#c61b1b&#8221; button_one_text_color__hover_enabled=&#8221;off&#8221; button_two_text_color__hover_enabled=&#8221;off&#8221; button_border_width__hover_enabled=&#8221;off&#8221; button_one_border_width__hover_enabled=&#8221;off&#8221; button_two_border_width__hover_enabled=&#8221;off&#8221; button_border_color__hover_enabled=&#8221;off&#8221; button_one_border_color__hover_enabled=&#8221;off&#8221; button_two_border_color__hover_enabled=&#8221;off&#8221; button_border_radius__hover_enabled=&#8221;off&#8221; button_one_border_radius__hover_enabled=&#8221;off&#8221; button_two_border_radius__hover_enabled=&#8221;off&#8221; button_letter_spacing__hover_enabled=&#8221;off&#8221; button_one_letter_spacing__hover_enabled=&#8221;off&#8221; button_two_letter_spacing__hover_enabled=&#8221;off&#8221; button_bg_color__hover_enabled=&#8221;on&#8221; button_bg_color__hover=&#8221;rgba(0,0,0,0)&#8221; button_one_bg_color__hover_enabled=&#8221;off&#8221; button_two_bg_color__hover_enabled=&#8221;off&#8221;]<br \/>\n[\/et_pb_button][\/et_pb_column][\/et_pb_row][et_pb_row column_structure=&#8221;1_3,2_3&#8243; use_custom_gutter=&#8221;on&#8221; make_equal=&#8221;on&#8221; module_id=&#8221;pesquisa&#8221; _builder_version=&#8221;4.17.4&#8243; display_conditions=&#8221;W3siaWQiOiI0NTQ0NThhMi1iMTQ5LTRiZTctOTliMi05NzkwOGVmYWQwNGUiLCJjb25kaXRpb24iOiJkYXRlVGltZSIsImNvbmRpdGlvblNldHRpbmdzIjp7ImRpc3BsYXlSdWxlIjoiaXNBZnRlciIsImRhdGUiOiIyMDIzLTA3LTA3IiwidGltZSI6IjA4OjAwIiwid2Vla2RheXMiOiJ8IiwiYWxsRGF5Ijoib24iLCJmcm9tVGltZSI6IjAwOjAwIiwidW50aWxUaW1lIjoiMDA6MDAiLCJyZXBlYXQiOiJvZmYiLCJyZXBlYXRGcmVxdWVuY3kiOiJtb250aGx5IiwicmVwZWF0RnJlcXVlbmN5U3BlY2lmaWNEYXlzIjoid2Vla2x5IiwicmVwZWF0RW5kIjoibmV2ZXIiLCJyZXBlYXRVbnRpbERhdGUiOiIyMDIzLTctNiIsInJlcGVhdFRpbWVzIjoiMyIsImFkbWluTGFiZWwiOiJBZ2VuZGFtZW50byAwNy8wNy8yMyDDoHMgMDhocnMiLCJlbmFibGVDb25kaXRpb24iOiJvbiJ9LCJvcGVyYXRvciI6Ik9SIn1d&#8221; custom_margin=&#8221;||30px|&#8221; custom_padding=&#8221;30px|0px|29px|0px|false|false&#8221; animation_style=&#8221;fade&#8221; animation_duration=&#8221;1100ms&#8221; border_width_bottom=&#8221;1px&#8221; border_color_bottom=&#8221;#e02b20&#8243; box_shadow_style=&#8221;preset1&#8243; global_colors_info=&#8221;{}&#8221;][et_pb_column type=&#8221;1_3&#8243; _builder_version=&#8221;4.16&#8243; custom_padding=&#8221;|||&#8221; global_colors_info=&#8221;{}&#8221; custom_padding__hover=&#8221;|||&#8221;][et_pb_image src=&#8221;https:\/\/ccbc.org.br\/cam-ccbc-centro-arbitragem-mediacao\/wp-content\/uploads\/sites\/10\/2023\/07\/36583-sel-cam-ccbc-template-podcast-ep4-1080&#215;1080-1.png&#8221; title_text=&#8221;36583-sel-cam-ccbc-template-podcast-ep4-1080&#215;1080&#8243; align=&#8221;center&#8221; align_tablet=&#8221;center&#8221; align_phone=&#8221;center&#8221; align_last_edited=&#8221;on|desktop&#8221; _builder_version=&#8221;4.17.4&#8243; max_width=&#8221;40%&#8221; module_alignment=&#8221;center&#8221; locked=&#8221;off&#8221; global_colors_info=&#8221;{}&#8221;]<\/p>\n<p>&nbsp;<\/p>\n<p>[\/et_pb_image][\/et_pb_column][et_pb_column type=&#8221;2_3&#8243; _builder_version=&#8221;4.16&#8243; custom_padding=&#8221;|||&#8221; global_colors_info=&#8221;{}&#8221; custom_padding__hover=&#8221;|||&#8221;][et_pb_text _builder_version=&#8221;4.17.4&#8243; text_font=&#8221;||||||||&#8221; header_font=&#8221;||||||||&#8221; header_4_font=&#8221;|700||on|||||&#8221; header_4_letter_spacing=&#8221;3px&#8221; custom_margin=&#8221;|||-50px&#8221; custom_margin_tablet=&#8221;|||40px&#8221; custom_margin_phone=&#8221;|||40px&#8221; custom_margin_last_edited=&#8221;on|desktop&#8221; custom_padding=&#8221;|30px||&#8221; custom_padding_tablet=&#8221;20px||&#8221; custom_padding_phone=&#8221;20px||&#8221; custom_padding_last_edited=&#8221;on|desktop&#8221; global_colors_info=&#8221;{}&#8221;]<\/p>\n<h4 class=\"et_pb_module_header et-fb-editable-element et-fb-editable-element__editing\">4. An\u00e1lise Econ\u00f4mica da media\u00e7\u00e3o com a administra\u00e7\u00e3o p\u00fablica<\/h4>\n<div class=\"col-sm-8\">\n<article class=\"historico\">\n<section ng-repeat=\"historico in row.historicos | orderBy:'-unixtime'\" ng-class=\"{secaoatendente : historico.byAtendente, secaocomentario : historico.tipo === 'O', secaostatusaberto : historico.tipo === 'SA', secaostatusencerrado : historico.tipo === 'SE'}\" data-indice=\"0\" class=\"ng-scope\">\n<div ng-if=\"historico.tipo === 'H'\" class=\"ng-scope\">\n<div class=\"conteudo\">\n<div class=\"css-reset ng-scope\" ng-if=\"historico.mimetype === 'text\/html'\" compile=\"historico.mensagem\">\n<p>O quarto epis\u00f3dio traz como assunto a An\u00e1lise Econ\u00f4mica Da Media\u00e7\u00e3o Com A Administra\u00e7\u00e3o P\u00fablica. Confira a conversa com Fernando de Oliveira Marques, Ex-Conselheiro do Conselho Administrativo de Defesa Econ\u00f4mica \u2013 CADE, S\u00f3cio Fundador da Oliveira Marques Advogados Associados, conduzida por Renata Porto Adri, membro da Task Force de Media\u00e7\u00e3o com a Administra\u00e7\u00e3o P\u00fablica.<\/p>\n<p>&nbsp;<\/p>\n<\/div>\n<\/div>\n<\/div>\n<\/section>\n<\/article>\n<\/div>\n<p>[\/et_pb_text][et_pb_button button_url=&#8221;https:\/\/ccbc.org.br\/cam-ccbc-centro-arbitragem-mediacao\/noticias-cam-ccbc\/novidades-cam-ccbc\/podcast\/4-analise-economica-da-mediacao-com-a-administracao-publica\/&#8221; url_new_window=&#8221;on&#8221; button_text=&#8221;OUVIR AGORA&#8221; button_alignment=&#8221;right&#8221; _builder_version=&#8221;4.17.4&#8243; custom_button=&#8221;on&#8221; button_text_size=&#8221;14px&#8221; button_border_width=&#8221;0px&#8221; button_letter_spacing=&#8221;2px&#8221; button_font=&#8221;Open Sans|700|||||||&#8221; button_icon=&#8221;&#x49;||divi||400&#8243; button_on_hover=&#8221;off&#8221; custom_margin=&#8221;|50px||&#8221; custom_padding=&#8221;|||&#8221; button_text_color_hover=&#8221;#c61b1b&#8221; button_bg_color_hover=&#8221;rgba(0,0,0,0)&#8221; locked=&#8221;off&#8221; global_colors_info=&#8221;{}&#8221; button_text_size__hover_enabled=&#8221;off&#8221; button_one_text_size__hover_enabled=&#8221;off&#8221; button_two_text_size__hover_enabled=&#8221;off&#8221; button_text_color__hover_enabled=&#8221;on&#8221; button_text_color__hover=&#8221;#c61b1b&#8221; button_one_text_color__hover_enabled=&#8221;off&#8221; button_two_text_color__hover_enabled=&#8221;off&#8221; button_border_width__hover_enabled=&#8221;off&#8221; button_one_border_width__hover_enabled=&#8221;off&#8221; button_two_border_width__hover_enabled=&#8221;off&#8221; button_border_color__hover_enabled=&#8221;off&#8221; button_one_border_color__hover_enabled=&#8221;off&#8221; button_two_border_color__hover_enabled=&#8221;off&#8221; button_border_radius__hover_enabled=&#8221;off&#8221; button_one_border_radius__hover_enabled=&#8221;off&#8221; button_two_border_radius__hover_enabled=&#8221;off&#8221; button_letter_spacing__hover_enabled=&#8221;off&#8221; button_one_letter_spacing__hover_enabled=&#8221;off&#8221; button_two_letter_spacing__hover_enabled=&#8221;off&#8221; button_bg_color__hover_enabled=&#8221;on&#8221; button_bg_color__hover=&#8221;rgba(0,0,0,0)&#8221; button_one_bg_color__hover_enabled=&#8221;off&#8221; button_two_bg_color__hover_enabled=&#8221;off&#8221;]<br \/>\n[\/et_pb_button][\/et_pb_column][\/et_pb_row][et_pb_row column_structure=&#8221;1_3,2_3&#8243; use_custom_gutter=&#8221;on&#8221; make_equal=&#8221;on&#8221; module_id=&#8221;pesquisa&#8221; _builder_version=&#8221;4.17.4&#8243; display_conditions=&#8221;W3siaWQiOiI0NTQ0NThhMi1iMTQ5LTRiZTctOTliMi05NzkwOGVmYWQwNGUiLCJjb25kaXRpb24iOiJkYXRlVGltZSIsImNvbmRpdGlvblNldHRpbmdzIjp7ImRpc3BsYXlSdWxlIjoiaXNBZnRlciIsImRhdGUiOiIyMDIzLTA3LTA3IiwidGltZSI6IjA4OjAwIiwid2Vla2RheXMiOiJ8IiwiYWxsRGF5Ijoib24iLCJmcm9tVGltZSI6IjAwOjAwIiwidW50aWxUaW1lIjoiMDA6MDAiLCJyZXBlYXQiOiJvZmYiLCJyZXBlYXRGcmVxdWVuY3kiOiJtb250aGx5IiwicmVwZWF0RnJlcXVlbmN5U3BlY2lmaWNEYXlzIjoid2Vla2x5IiwicmVwZWF0RW5kIjoibmV2ZXIiLCJyZXBlYXRVbnRpbERhdGUiOiIyMDIzLTctNiIsInJlcGVhdFRpbWVzIjoiMyIsImFkbWluTGFiZWwiOiJBZ2VuZGFtZW50byAwNy8wNy8yMyDDoHMgMDhocnMiLCJlbmFibGVDb25kaXRpb24iOiJvbiJ9LCJvcGVyYXRvciI6Ik9SIn1d&#8221; custom_margin=&#8221;||30px|&#8221; custom_padding=&#8221;30px|0px|29px|0px|false|false&#8221; animation_style=&#8221;fade&#8221; animation_duration=&#8221;1100ms&#8221; border_width_bottom=&#8221;1px&#8221; border_color_bottom=&#8221;#e02b20&#8243; box_shadow_style=&#8221;preset1&#8243; global_colors_info=&#8221;{}&#8221;][et_pb_column type=&#8221;1_3&#8243; _builder_version=&#8221;4.16&#8243; custom_padding=&#8221;|||&#8221; global_colors_info=&#8221;{}&#8221; custom_padding__hover=&#8221;|||&#8221;][et_pb_image src=&#8221;https:\/\/ccbc.org.br\/cam-ccbc-centro-arbitragem-mediacao\/wp-content\/uploads\/sites\/10\/2023\/07\/clausula-de-mediacoes-e-seus-requisitos-minimos-o-que-deve-conter-um-acordo-com-a-administracao-publica-e-o-que-evitar.jpg&#8221; title_text=&#8221;clausula-de-mediacoes-e-seus-requisitos-minimos-o-que-deve-conter-um-acordo-com-a-administracao-publica-e-o-que-evitar&#8221; align=&#8221;center&#8221; align_tablet=&#8221;center&#8221; align_phone=&#8221;center&#8221; align_last_edited=&#8221;on|desktop&#8221; _builder_version=&#8221;4.17.4&#8243; max_width=&#8221;40%&#8221; module_alignment=&#8221;center&#8221; locked=&#8221;off&#8221; global_colors_info=&#8221;{}&#8221;]<\/p>\n<p>&nbsp;<\/p>\n<p>[\/et_pb_image][\/et_pb_column][et_pb_column type=&#8221;2_3&#8243; _builder_version=&#8221;4.16&#8243; custom_padding=&#8221;|||&#8221; global_colors_info=&#8221;{}&#8221; custom_padding__hover=&#8221;|||&#8221;][et_pb_text _builder_version=&#8221;4.17.4&#8243; text_font=&#8221;||||||||&#8221; header_font=&#8221;||||||||&#8221; header_4_font=&#8221;|700||on|||||&#8221; header_4_letter_spacing=&#8221;3px&#8221; custom_margin=&#8221;|||-50px&#8221; custom_margin_tablet=&#8221;|||40px&#8221; custom_margin_phone=&#8221;|||40px&#8221; custom_margin_last_edited=&#8221;on|desktop&#8221; custom_padding=&#8221;|30px||&#8221; custom_padding_tablet=&#8221;20px||&#8221; custom_padding_phone=&#8221;20px||&#8221; custom_padding_last_edited=&#8221;on|desktop&#8221; global_colors_info=&#8221;{}&#8221;]<\/p>\n<h4 class=\"et_pb_module_header et-fb-editable-element et-fb-editable-element__editing\">3. Cl\u00e1usula de Media\u00e7\u00f5es e seus requisitos m\u00ednimos: o que deve conter um acordo com a administra\u00e7\u00e3o p\u00fablica e o que evitar<\/h4>\n<div class=\"col-sm-8\">\n<article class=\"historico\">\n<section ng-repeat=\"historico in row.historicos | orderBy:'-unixtime'\" ng-class=\"{secaoatendente : historico.byAtendente, secaocomentario : historico.tipo === 'O', secaostatusaberto : historico.tipo === 'SA', secaostatusencerrado : historico.tipo === 'SE'}\" data-indice=\"0\" class=\"ng-scope\">\n<div ng-if=\"historico.tipo === 'H'\" class=\"ng-scope\">\n<div class=\"conteudo\">\n<div class=\"css-reset ng-scope\" ng-if=\"historico.mimetype === 'text\/html'\" compile=\"historico.mensagem\">\n<p>O terceiro epis\u00f3dio traz como assunto a Cl\u00e1usula de Media\u00e7\u00e3o e seus requisitos m\u00ednimos: o que deve conter um Acordo com a Administra\u00e7\u00e3o P\u00fablica e o que evitar. Confira a conversa com Maur\u00edcio Tonin, Procurador do Munic\u00edpio de S\u00e3o Paulo, conduzida por Silvia Brega, membro da Task Force de Media\u00e7\u00e3o com a Administra\u00e7\u00e3o P\u00fablica.<\/p>\n<\/div>\n<\/div>\n<\/div>\n<\/section>\n<\/article>\n<\/div>\n<p>[\/et_pb_text][et_pb_button button_url=&#8221;https:\/\/ccbc.org.br\/cam-ccbc-centro-arbitragem-mediacao\/noticias-cam-ccbc\/novidades-cam-ccbc\/podcast\/3-clausula-de-mediacoes-e-seus-requisitos-minimos-o-que-deve-conter-um-acordo-com-a-administracao-publica-e-o-que-evitar&#8221; url_new_window=&#8221;on&#8221; button_text=&#8221;OUVIR AGORA&#8221; button_alignment=&#8221;right&#8221; _builder_version=&#8221;4.17.4&#8243; custom_button=&#8221;on&#8221; button_text_size=&#8221;14px&#8221; button_border_width=&#8221;0px&#8221; button_letter_spacing=&#8221;2px&#8221; button_font=&#8221;Open Sans|700|||||||&#8221; button_icon=&#8221;&#x49;||divi||400&#8243; button_on_hover=&#8221;off&#8221; custom_margin=&#8221;|50px||&#8221; custom_padding=&#8221;|||&#8221; button_text_color_hover=&#8221;#c61b1b&#8221; button_bg_color_hover=&#8221;rgba(0,0,0,0)&#8221; locked=&#8221;off&#8221; global_colors_info=&#8221;{}&#8221; button_text_size__hover_enabled=&#8221;off&#8221; button_one_text_size__hover_enabled=&#8221;off&#8221; button_two_text_size__hover_enabled=&#8221;off&#8221; button_text_color__hover_enabled=&#8221;on&#8221; button_text_color__hover=&#8221;#c61b1b&#8221; button_one_text_color__hover_enabled=&#8221;off&#8221; button_two_text_color__hover_enabled=&#8221;off&#8221; button_border_width__hover_enabled=&#8221;off&#8221; button_one_border_width__hover_enabled=&#8221;off&#8221; button_two_border_width__hover_enabled=&#8221;off&#8221; button_border_color__hover_enabled=&#8221;off&#8221; button_one_border_color__hover_enabled=&#8221;off&#8221; button_two_border_color__hover_enabled=&#8221;off&#8221; button_border_radius__hover_enabled=&#8221;off&#8221; button_one_border_radius__hover_enabled=&#8221;off&#8221; button_two_border_radius__hover_enabled=&#8221;off&#8221; button_letter_spacing__hover_enabled=&#8221;off&#8221; button_one_letter_spacing__hover_enabled=&#8221;off&#8221; button_two_letter_spacing__hover_enabled=&#8221;off&#8221; button_bg_color__hover_enabled=&#8221;on&#8221; button_bg_color__hover=&#8221;rgba(0,0,0,0)&#8221; button_one_bg_color__hover_enabled=&#8221;off&#8221; button_two_bg_color__hover_enabled=&#8221;off&#8221;]<br \/>\n[\/et_pb_button][\/et_pb_column][\/et_pb_row][et_pb_row column_structure=&#8221;1_3,2_3&#8243; use_custom_gutter=&#8221;on&#8221; make_equal=&#8221;on&#8221; module_id=&#8221;pesquisa&#8221; _builder_version=&#8221;4.17.4&#8243; display_conditions=&#8221;W3siaWQiOiJlN2JiMzY5MC00ODJmLTRiYWMtOWYxNC03MGVmZWQwOGRhMTIiLCJjb25kaXRpb24iOiJkYXRlVGltZSIsImNvbmRpdGlvblNldHRpbmdzIjp7ImRpc3BsYXlSdWxlIjoiaXNBZnRlciIsImRhdGUiOiIyMDIzLTA2LTMwIiwidGltZSI6IjA4OjAwIiwid2Vla2RheXMiOiJ8IiwiYWxsRGF5Ijoib24iLCJmcm9tVGltZSI6IjAwOjAwIiwidW50aWxUaW1lIjoiMDA6MDAiLCJyZXBlYXQiOiJvZmYiLCJyZXBlYXRGcmVxdWVuY3kiOiJtb250aGx5IiwicmVwZWF0RnJlcXVlbmN5U3BlY2lmaWNEYXlzIjoid2Vla2x5IiwicmVwZWF0RW5kIjoibmV2ZXIiLCJyZXBlYXRVbnRpbERhdGUiOiIyMDIzLTYtMjkiLCJyZXBlYXRUaW1lcyI6IjMiLCJhZG1pbkxhYmVsIjoiRGF0ZSAmIFRpbWUiLCJlbmFibGVDb25kaXRpb24iOiJvbiJ9LCJvcGVyYXRvciI6Ik9SIn1d&#8221; custom_margin=&#8221;||30px|&#8221; custom_padding=&#8221;30px|0px|29px|0px|false|false&#8221; animation_style=&#8221;fade&#8221; animation_duration=&#8221;1100ms&#8221; border_width_bottom=&#8221;1px&#8221; border_color_bottom=&#8221;#e02b20&#8243; box_shadow_style=&#8221;preset1&#8243; global_colors_info=&#8221;{}&#8221;][et_pb_column type=&#8221;1_3&#8243; _builder_version=&#8221;4.16&#8243; custom_padding=&#8221;|||&#8221; global_colors_info=&#8221;{}&#8221; custom_padding__hover=&#8221;|||&#8221;][et_pb_image src=&#8221;https:\/\/ccbc.org.br\/cam-ccbc-centro-arbitragem-mediacao\/wp-content\/uploads\/sites\/10\/2023\/06\/podcast-2temporada-ep2.png&#8221; title_text=&#8221;podcast-2temporada-ep2&#8243; align=&#8221;center&#8221; align_tablet=&#8221;center&#8221; align_phone=&#8221;center&#8221; align_last_edited=&#8221;on|desktop&#8221; _builder_version=&#8221;4.17.4&#8243; max_width=&#8221;40%&#8221; module_alignment=&#8221;center&#8221; locked=&#8221;off&#8221; global_colors_info=&#8221;{}&#8221;]<\/p>\n<p>&nbsp;<\/p>\n<p>[\/et_pb_image][\/et_pb_column][et_pb_column type=&#8221;2_3&#8243; _builder_version=&#8221;4.16&#8243; custom_padding=&#8221;|||&#8221; global_colors_info=&#8221;{}&#8221; custom_padding__hover=&#8221;|||&#8221;][et_pb_text _builder_version=&#8221;4.17.4&#8243; text_font=&#8221;||||||||&#8221; header_font=&#8221;||||||||&#8221; header_4_font=&#8221;|700||on|||||&#8221; header_4_letter_spacing=&#8221;3px&#8221; custom_margin=&#8221;|||-50px&#8221; custom_margin_tablet=&#8221;|||40px&#8221; custom_margin_phone=&#8221;|||40px&#8221; custom_margin_last_edited=&#8221;on|desktop&#8221; custom_padding=&#8221;|30px||&#8221; custom_padding_tablet=&#8221;20px||&#8221; custom_padding_phone=&#8221;20px||&#8221; custom_padding_last_edited=&#8221;on|desktop&#8221; global_colors_info=&#8221;{}&#8221;]<\/p>\n<h4 class=\"et_pb_module_header et-fb-editable-element et-fb-editable-element__editing\">2. Quem pode participar de uma media\u00e7\u00e3o com administra\u00e7\u00e3o p\u00fablica &#8211; \u00f3rg\u00e3os do poder p\u00fablico (representantes, poderes para negociar) &#8211; particulares<\/h4>\n<p>O segundo epis\u00f3dio trata sobre quem pode participar de uma media\u00e7\u00e3o com Administra\u00e7\u00e3o P\u00fablica &#8211; \u00d3rg\u00e3os do Poder P\u00fablico (Representantes, Poderes para negociar) e Particulares em uma conversa com Bruno Lopes Megna, Subprocurador geral do Estado de S\u00e3o Paulo, conduzida por Vera Monteiro de Barros, membro da Task Force de Media\u00e7\u00e3o com a Administra\u00e7\u00e3o p\u00fablica.<\/p>\n<p>[\/et_pb_text][et_pb_button button_url=&#8221;https:\/\/ccbc.org.br\/cam-ccbc-centro-arbitragem-mediacao\/noticias-cam-ccbc\/novidades-cam-ccbc\/podcast\/2-quem-pode-participar-de-uma-mediacao-com-administracao-publica-orgaos-do-poder-publico-representantes-poderes-para-negociar-particulares\/&#8221; url_new_window=&#8221;on&#8221; button_text=&#8221;OUVIR AGORA&#8221; button_alignment=&#8221;right&#8221; _builder_version=&#8221;4.17.4&#8243; custom_button=&#8221;on&#8221; button_text_size=&#8221;14px&#8221; button_border_width=&#8221;0px&#8221; button_letter_spacing=&#8221;2px&#8221; button_font=&#8221;Open Sans|700|||||||&#8221; button_icon=&#8221;&#x49;||divi||400&#8243; button_on_hover=&#8221;off&#8221; custom_margin=&#8221;|50px||&#8221; custom_padding=&#8221;|||&#8221; button_text_color_hover=&#8221;#c61b1b&#8221; button_bg_color_hover=&#8221;rgba(0,0,0,0)&#8221; locked=&#8221;off&#8221; global_colors_info=&#8221;{}&#8221; button_text_size__hover_enabled=&#8221;off&#8221; button_one_text_size__hover_enabled=&#8221;off&#8221; button_two_text_size__hover_enabled=&#8221;off&#8221; button_text_color__hover_enabled=&#8221;on&#8221; button_text_color__hover=&#8221;#c61b1b&#8221; button_one_text_color__hover_enabled=&#8221;off&#8221; button_two_text_color__hover_enabled=&#8221;off&#8221; button_border_width__hover_enabled=&#8221;off&#8221; button_one_border_width__hover_enabled=&#8221;off&#8221; button_two_border_width__hover_enabled=&#8221;off&#8221; button_border_color__hover_enabled=&#8221;off&#8221; button_one_border_color__hover_enabled=&#8221;off&#8221; button_two_border_color__hover_enabled=&#8221;off&#8221; button_border_radius__hover_enabled=&#8221;off&#8221; button_one_border_radius__hover_enabled=&#8221;off&#8221; button_two_border_radius__hover_enabled=&#8221;off&#8221; button_letter_spacing__hover_enabled=&#8221;off&#8221; button_one_letter_spacing__hover_enabled=&#8221;off&#8221; button_two_letter_spacing__hover_enabled=&#8221;off&#8221; button_bg_color__hover_enabled=&#8221;on&#8221; button_bg_color__hover=&#8221;rgba(0,0,0,0)&#8221; button_one_bg_color__hover_enabled=&#8221;off&#8221; button_two_bg_color__hover_enabled=&#8221;off&#8221;]<br \/>\n[\/et_pb_button][\/et_pb_column][\/et_pb_row][et_pb_row column_structure=&#8221;1_3,2_3&#8243; use_custom_gutter=&#8221;on&#8221; make_equal=&#8221;on&#8221; module_id=&#8221;pesquisa&#8221; _builder_version=&#8221;4.16&#8243; custom_margin=&#8221;||30px|&#8221; custom_padding=&#8221;30px|0px|29px|0px|false|false&#8221; animation_style=&#8221;fade&#8221; animation_duration=&#8221;1100ms&#8221; border_width_bottom=&#8221;1px&#8221; border_color_bottom=&#8221;#e02b20&#8243; box_shadow_style=&#8221;preset1&#8243; global_colors_info=&#8221;{}&#8221;][et_pb_column type=&#8221;1_3&#8243; _builder_version=&#8221;4.16&#8243; custom_padding=&#8221;|||&#8221; global_colors_info=&#8221;{}&#8221; custom_padding__hover=&#8221;|||&#8221;][et_pb_image src=&#8221;https:\/\/ccbc.org.br\/cam-ccbc-centro-arbitragem-mediacao\/wp-content\/uploads\/sites\/10\/2023\/07\/01-mediacao-institucional-e-suas-vantagens-com-a-administracao-publica.jpg&#8221; title_text=&#8221;01-mediacao-institucional-e-suas-vantagens-com-a-administracao-publica&#8221; align=&#8221;center&#8221; align_tablet=&#8221;center&#8221; align_phone=&#8221;center&#8221; align_last_edited=&#8221;on|desktop&#8221; _builder_version=&#8221;4.17.4&#8243; max_width=&#8221;40%&#8221; module_alignment=&#8221;center&#8221; locked=&#8221;off&#8221; global_colors_info=&#8221;{}&#8221;]<\/p>\n<p>&nbsp;<\/p>\n<p>[\/et_pb_image][\/et_pb_column][et_pb_column type=&#8221;2_3&#8243; _builder_version=&#8221;4.16&#8243; custom_padding=&#8221;|||&#8221; global_colors_info=&#8221;{}&#8221; custom_padding__hover=&#8221;|||&#8221;][et_pb_text _builder_version=&#8221;4.17.4&#8243; text_font=&#8221;||||||||&#8221; header_font=&#8221;||||||||&#8221; header_4_font=&#8221;|700||on|||||&#8221; header_4_letter_spacing=&#8221;3px&#8221; custom_margin=&#8221;|||-50px&#8221; custom_margin_tablet=&#8221;|||40px&#8221; custom_margin_phone=&#8221;|||40px&#8221; custom_margin_last_edited=&#8221;on|desktop&#8221; custom_padding=&#8221;|30px||&#8221; custom_padding_tablet=&#8221;20px||&#8221; custom_padding_phone=&#8221;20px||&#8221; custom_padding_last_edited=&#8221;on|desktop&#8221; global_colors_info=&#8221;{}&#8221;]<\/p>\n<h4 class=\"et_pb_module_header et-fb-editable-element et-fb-editable-element__editing\">1. Media\u00e7\u00e3o Institucional e suas vantagens com a administra\u00e7\u00e3o p\u00fablica<\/h4>\n<div class=\"col-sm-8\">\n<article class=\"historico\">\n<section ng-repeat=\"historico in row.historicos | orderBy:'-unixtime'\" ng-class=\"{secaoatendente : historico.byAtendente, secaocomentario : historico.tipo === 'O', secaostatusaberto : historico.tipo === 'SA', secaostatusencerrado : historico.tipo === 'SE'}\" data-indice=\"0\" class=\"ng-scope\">\n<div ng-if=\"historico.tipo === 'H'\" class=\"ng-scope\">\n<div class=\"conteudo\">\n<div class=\"css-reset ng-scope\" ng-if=\"historico.mimetype === 'text\/html'\" compile=\"historico.mensagem\">\n<p>O primeiro epis\u00f3dio aborda a Media\u00e7\u00e3o Institucional e suas vantagens com a perspectiva da Administra\u00e7\u00e3o P\u00fablica face as atividades da iniciativa privada em uma conversa com Prof. Diego Faleck, S\u00f3cio de Faleck &amp; Associados, conduzida por Alexandre Sim\u00f5es, membro da Task Force de Media\u00e7\u00e3o com a Administra\u00e7\u00e3o P\u00fablica.<\/p>\n<\/div>\n<\/div>\n<\/div>\n<\/section>\n<\/article>\n<\/div>\n<p>[\/et_pb_text][et_pb_button button_url=&#8221;https:\/\/ccbc.org.br\/cam-ccbc-centro-arbitragem-mediacao\/noticias-cam-ccbc\/novidades-cam-ccbc\/podcast\/01-mediacao-institucional-e-suas-vantagens-com-a-administracao-publica\/&#8221; url_new_window=&#8221;on&#8221; button_text=&#8221;OUVIR AGORA&#8221; button_alignment=&#8221;right&#8221; _builder_version=&#8221;4.17.4&#8243; custom_button=&#8221;on&#8221; button_text_size=&#8221;14px&#8221; button_border_width=&#8221;0px&#8221; button_letter_spacing=&#8221;2px&#8221; button_font=&#8221;Open Sans|700|||||||&#8221; button_icon=&#8221;&#x49;||divi||400&#8243; button_on_hover=&#8221;off&#8221; custom_margin=&#8221;|50px||&#8221; custom_padding=&#8221;|||&#8221; button_text_color_hover=&#8221;#c61b1b&#8221; button_bg_color_hover=&#8221;rgba(0,0,0,0)&#8221; locked=&#8221;off&#8221; global_colors_info=&#8221;{}&#8221; button_text_size__hover_enabled=&#8221;off&#8221; button_one_text_size__hover_enabled=&#8221;off&#8221; button_two_text_size__hover_enabled=&#8221;off&#8221; button_text_color__hover_enabled=&#8221;on&#8221; button_text_color__hover=&#8221;#c61b1b&#8221; button_one_text_color__hover_enabled=&#8221;off&#8221; button_two_text_color__hover_enabled=&#8221;off&#8221; button_border_width__hover_enabled=&#8221;off&#8221; button_one_border_width__hover_enabled=&#8221;off&#8221; button_two_border_width__hover_enabled=&#8221;off&#8221; button_border_color__hover_enabled=&#8221;off&#8221; button_one_border_color__hover_enabled=&#8221;off&#8221; button_two_border_color__hover_enabled=&#8221;off&#8221; button_border_radius__hover_enabled=&#8221;off&#8221; button_one_border_radius__hover_enabled=&#8221;off&#8221; button_two_border_radius__hover_enabled=&#8221;off&#8221; button_letter_spacing__hover_enabled=&#8221;off&#8221; button_one_letter_spacing__hover_enabled=&#8221;off&#8221; button_two_letter_spacing__hover_enabled=&#8221;off&#8221; button_bg_color__hover_enabled=&#8221;on&#8221; button_bg_color__hover=&#8221;rgba(0,0,0,0)&#8221; button_one_bg_color__hover_enabled=&#8221;off&#8221; button_two_bg_color__hover_enabled=&#8221;off&#8221;]<br \/>\n[\/et_pb_button][\/et_pb_column][\/et_pb_row][et_pb_row module_id=&#8221;1-temporada&#8221; _builder_version=&#8221;4.17.4&#8243; global_colors_info=&#8221;{}&#8221;][et_pb_column type=&#8221;4_4&#8243; _builder_version=&#8221;4.16&#8243; custom_padding=&#8221;|||&#8221; global_colors_info=&#8221;{}&#8221; custom_padding__hover=&#8221;|||&#8221;][et_pb_text _builder_version=&#8221;4.17.4&#8243; header_font=&#8221;||||||||&#8221; header_text_align=&#8221;center&#8221; header_4_font=&#8221;|700||on|||||&#8221; header_4_font_size=&#8221;20px&#8221; header_4_letter_spacing=&#8221;3px&#8221; custom_margin=&#8221;|||&#8221; custom_padding=&#8221;|||&#8221; global_colors_info=&#8221;{}&#8221;]<\/p>\n<h4>1\u00aa Temporada<\/h4>\n<p>[\/et_pb_text][\/et_pb_column][\/et_pb_row][et_pb_row column_structure=&#8221;1_3,2_3&#8243; use_custom_gutter=&#8221;on&#8221; make_equal=&#8221;on&#8221; module_id=&#8221;pesquisa&#8221; _builder_version=&#8221;4.16&#8243; custom_margin=&#8221;||30px|&#8221; custom_padding=&#8221;30px|0px|29px|0px|false|false&#8221; animation_style=&#8221;fade&#8221; animation_duration=&#8221;1100ms&#8221; border_width_bottom=&#8221;1px&#8221; border_color_bottom=&#8221;#e02b20&#8243; box_shadow_style=&#8221;preset1&#8243; global_colors_info=&#8221;{}&#8221;][et_pb_column type=&#8221;1_3&#8243; _builder_version=&#8221;4.16&#8243; custom_padding=&#8221;|||&#8221; global_colors_info=&#8221;{}&#8221; custom_padding__hover=&#8221;|||&#8221;][et_pb_image src=&#8221;https:\/\/ccbc.org.br\/cam-ccbc-centro-arbitragem-mediacao\/wp-content\/uploads\/sites\/10\/2022\/07\/podcast-task-force-capa-ep7.jpg&#8221; title_text=&#8221;podcast-task-force-capa-ep7&#8243; align=&#8221;center&#8221; align_tablet=&#8221;center&#8221; align_phone=&#8221;center&#8221; align_last_edited=&#8221;on|desktop&#8221; _builder_version=&#8221;4.17.4&#8243; max_width=&#8221;40%&#8221; module_alignment=&#8221;center&#8221; locked=&#8221;off&#8221; global_colors_info=&#8221;{}&#8221;]<\/p>\n<p>&nbsp;<\/p>\n<p>[\/et_pb_image][\/et_pb_column][et_pb_column type=&#8221;2_3&#8243; _builder_version=&#8221;4.16&#8243; custom_padding=&#8221;|||&#8221; global_colors_info=&#8221;{}&#8221; custom_padding__hover=&#8221;|||&#8221;][et_pb_text _builder_version=&#8221;4.17.4&#8243; text_font=&#8221;||||||||&#8221; header_font=&#8221;||||||||&#8221; header_4_font=&#8221;|700||on|||||&#8221; header_4_letter_spacing=&#8221;3px&#8221; custom_margin=&#8221;|||-50px&#8221; custom_margin_tablet=&#8221;|||40px&#8221; custom_margin_phone=&#8221;|||40px&#8221; custom_margin_last_edited=&#8221;on|desktop&#8221; custom_padding=&#8221;|30px||&#8221; custom_padding_tablet=&#8221;20px||&#8221; custom_padding_phone=&#8221;20px||&#8221; custom_padding_last_edited=&#8221;on|desktop&#8221; global_colors_info=&#8221;{}&#8221;]<\/p>\n<h4 class=\"et_pb_module_header et-fb-editable-element et-fb-editable-element__editing\">07. Media\u00e7\u00e3o com a Administra\u00e7\u00e3o P\u00fablica na Pr\u00e1tica: An\u00e1lise de Casos<\/h4>\n<div class=\"col-sm-8\">\n<article class=\"historico\">\n<section ng-repeat=\"historico in row.historicos | orderBy:'-unixtime'\" ng-class=\"{secaoatendente : historico.byAtendente, secaocomentario : historico.tipo === 'O', secaostatusaberto : historico.tipo === 'SA', secaostatusencerrado : historico.tipo === 'SE'}\" data-indice=\"0\" class=\"ng-scope\">\n<div ng-if=\"historico.tipo === 'H'\" class=\"ng-scope\">\n<div class=\"conteudo\">\n<div class=\"css-reset ng-scope\" ng-if=\"historico.mimetype === 'text\/html'\" compile=\"historico.mensagem\">\n<p>Para fechar a primeira temporada com chave de ouro, ouvimos Maur\u00edcio Morais Tonin, Procurador do Munic\u00edpio de S\u00e3o Paulo, Cl\u00e1udio Henrique Dias, Procurador do Estado de S\u00e3o Paulo e Fl\u00e1via Corr\u00eaa Azeredo de Freitas, Procuradora Federal atuante no N\u00facleo de Gerenciamento da Atua\u00e7\u00e3o Priorit\u00e1ria da PRF 2\u00aa Regi\u00e3o, que contaram um pouco sobre as experi\u00eancias que tiveram no \u00e2mbito da media\u00e7\u00e3o com a administra\u00e7\u00e3o p\u00fablica. A discuss\u00e3o contou com a modera\u00e7\u00e3o de Adolfo Braga Neto, mediador e presidente do conselho de administra\u00e7\u00e3o do IMAB, al\u00e9m de um dos idealizadores do podcast.<\/p>\n<\/div>\n<\/div>\n<\/div>\n<\/section>\n<\/article>\n<\/div>\n<p>[\/et_pb_text][et_pb_button button_url=&#8221;https:\/\/ccbc.org.br\/cam-ccbc-centro-arbitragem-mediacao\/noticias-cam-ccbc\/novidades-cam-ccbc\/podcast\/07-mediacao-com-a-administracao-publica-na-pratica-analise-de-casos\/&#8221; url_new_window=&#8221;on&#8221; button_text=&#8221;OUVIR AGORA&#8221; button_alignment=&#8221;right&#8221; _builder_version=&#8221;4.17.4&#8243; custom_button=&#8221;on&#8221; button_text_size=&#8221;14px&#8221; button_border_width=&#8221;0px&#8221; button_letter_spacing=&#8221;2px&#8221; button_font=&#8221;Open Sans|700|||||||&#8221; button_icon=&#8221;&#x49;||divi||400&#8243; button_on_hover=&#8221;off&#8221; custom_margin=&#8221;|50px||&#8221; custom_padding=&#8221;|||&#8221; button_text_color_hover=&#8221;#c61b1b&#8221; button_bg_color_hover=&#8221;rgba(0,0,0,0)&#8221; locked=&#8221;off&#8221; global_colors_info=&#8221;{}&#8221; button_text_size__hover_enabled=&#8221;off&#8221; button_one_text_size__hover_enabled=&#8221;off&#8221; button_two_text_size__hover_enabled=&#8221;off&#8221; button_text_color__hover_enabled=&#8221;on&#8221; button_text_color__hover=&#8221;#c61b1b&#8221; button_one_text_color__hover_enabled=&#8221;off&#8221; button_two_text_color__hover_enabled=&#8221;off&#8221; button_border_width__hover_enabled=&#8221;off&#8221; button_one_border_width__hover_enabled=&#8221;off&#8221; button_two_border_width__hover_enabled=&#8221;off&#8221; button_border_color__hover_enabled=&#8221;off&#8221; button_one_border_color__hover_enabled=&#8221;off&#8221; button_two_border_color__hover_enabled=&#8221;off&#8221; button_border_radius__hover_enabled=&#8221;off&#8221; button_one_border_radius__hover_enabled=&#8221;off&#8221; button_two_border_radius__hover_enabled=&#8221;off&#8221; button_letter_spacing__hover_enabled=&#8221;off&#8221; button_one_letter_spacing__hover_enabled=&#8221;off&#8221; button_two_letter_spacing__hover_enabled=&#8221;off&#8221; button_bg_color__hover_enabled=&#8221;on&#8221; button_bg_color__hover=&#8221;rgba(0,0,0,0)&#8221; button_one_bg_color__hover_enabled=&#8221;off&#8221; button_two_bg_color__hover_enabled=&#8221;off&#8221;]<br \/>\n[\/et_pb_button][\/et_pb_column][\/et_pb_row][et_pb_row column_structure=&#8221;1_3,2_3&#8243; use_custom_gutter=&#8221;on&#8221; make_equal=&#8221;on&#8221; module_id=&#8221;pesquisa&#8221; _builder_version=&#8221;4.16&#8243; custom_margin=&#8221;||30px|&#8221; custom_padding=&#8221;30px|0px|29px|0px|false|false&#8221; animation_style=&#8221;fade&#8221; animation_duration=&#8221;1100ms&#8221; border_width_bottom=&#8221;1px&#8221; border_color_bottom=&#8221;#e02b20&#8243; box_shadow_style=&#8221;preset1&#8243; global_colors_info=&#8221;{}&#8221;][et_pb_column type=&#8221;1_3&#8243; _builder_version=&#8221;4.16&#8243; custom_padding=&#8221;|||&#8221; global_colors_info=&#8221;{}&#8221; custom_padding__hover=&#8221;|||&#8221;][et_pb_image src=&#8221;https:\/\/ccbc.org.br\/cam-ccbc-centro-arbitragem-mediacao\/wp-content\/uploads\/sites\/10\/2022\/07\/podcast-task-force-capa-ep6.jpg&#8221; title_text=&#8221;podcast-task-force-capa-ep6&#8243; align=&#8221;center&#8221; align_tablet=&#8221;center&#8221; align_phone=&#8221;center&#8221; align_last_edited=&#8221;on|desktop&#8221; _builder_version=&#8221;4.17.4&#8243; max_width=&#8221;40%&#8221; module_alignment=&#8221;center&#8221; locked=&#8221;off&#8221; global_colors_info=&#8221;{}&#8221;]<\/p>\n<p>&nbsp;<\/p>\n<p>[\/et_pb_image][\/et_pb_column][et_pb_column type=&#8221;2_3&#8243; _builder_version=&#8221;4.16&#8243; custom_padding=&#8221;|||&#8221; global_colors_info=&#8221;{}&#8221; custom_padding__hover=&#8221;|||&#8221;][et_pb_text _builder_version=&#8221;4.17.4&#8243; text_font=&#8221;||||||||&#8221; header_font=&#8221;||||||||&#8221; header_4_font=&#8221;|700||on|||||&#8221; header_4_letter_spacing=&#8221;3px&#8221; custom_margin=&#8221;|||-50px&#8221; custom_margin_tablet=&#8221;|||40px&#8221; custom_margin_phone=&#8221;|||40px&#8221; custom_margin_last_edited=&#8221;on|desktop&#8221; custom_padding=&#8221;|30px||&#8221; custom_padding_tablet=&#8221;20px||&#8221; custom_padding_phone=&#8221;20px||&#8221; custom_padding_last_edited=&#8221;on|desktop&#8221; global_colors_info=&#8221;{}&#8221;]<\/p>\n<h4 class=\"et_pb_module_header et-fb-editable-element et-fb-editable-element__editing\">06. Media\u00e7\u00e3o com a Administra\u00e7\u00e3o Publica e os \u00d3rg\u00e3os de Controle<\/h4>\n<div class=\"col-sm-8\">\n<article class=\"historico\">\n<section ng-repeat=\"historico in row.historicos | orderBy:'-unixtime'\" ng-class=\"{secaoatendente : historico.byAtendente, secaocomentario : historico.tipo === 'O', secaostatusaberto : historico.tipo === 'SA', secaostatusencerrado : historico.tipo === 'SE'}\" data-indice=\"0\" class=\"ng-scope\">\n<div ng-if=\"historico.tipo === 'H'\" class=\"ng-scope\">\n<div class=\"conteudo\">\n<div class=\"css-reset ng-scope\" ng-if=\"historico.mimetype === 'text\/html'\" compile=\"historico.mensagem\">\n<p>Para o pen\u00faltimo epis\u00f3dio desta primeira temporada convidamos Christianne Stroppa, Assessora Jur\u00eddica do Tribunal de Contas do Munic\u00edpio de S\u00e3o Paulo, para tratar de um tema central dos debates sobre a Media\u00e7\u00e3o com a Administra\u00e7\u00e3o P\u00fablica: A Atua\u00e7\u00e3o dos \u00d3rg\u00e3os de Controle. Neste epis\u00f3dio, contamos com condu\u00e7\u00e3o de Alexandre Cordeiro e Beatriz Rosa, membros da Task Force de Media\u00e7\u00e3o com a Administra\u00e7\u00e3o P\u00fablica do CAM-CCBC.<\/p>\n<\/div>\n<\/div>\n<\/div>\n<\/section>\n<\/article>\n<\/div>\n<p>[\/et_pb_text][et_pb_button button_url=&#8221;https:\/\/ccbc.org.br\/cam-ccbc-centro-arbitragem-mediacao\/noticias-cam-ccbc\/novidades-cam-ccbc\/podcast\/06-mediacao-com-a-administracao-publica-e-os-orgaos-de-controle\/&#8221; url_new_window=&#8221;on&#8221; button_text=&#8221;OUVIR AGORA&#8221; button_alignment=&#8221;right&#8221; _builder_version=&#8221;4.17.4&#8243; custom_button=&#8221;on&#8221; button_text_size=&#8221;14px&#8221; button_border_width=&#8221;0px&#8221; button_letter_spacing=&#8221;2px&#8221; button_font=&#8221;Open Sans|700|||||||&#8221; button_icon=&#8221;&#x49;||divi||400&#8243; button_on_hover=&#8221;off&#8221; custom_margin=&#8221;|50px||&#8221; custom_padding=&#8221;|||&#8221; button_text_color_hover=&#8221;#c61b1b&#8221; button_bg_color_hover=&#8221;rgba(0,0,0,0)&#8221; locked=&#8221;off&#8221; global_colors_info=&#8221;{}&#8221; button_text_size__hover_enabled=&#8221;off&#8221; button_one_text_size__hover_enabled=&#8221;off&#8221; button_two_text_size__hover_enabled=&#8221;off&#8221; button_text_color__hover_enabled=&#8221;on&#8221; button_text_color__hover=&#8221;#c61b1b&#8221; button_one_text_color__hover_enabled=&#8221;off&#8221; button_two_text_color__hover_enabled=&#8221;off&#8221; button_border_width__hover_enabled=&#8221;off&#8221; button_one_border_width__hover_enabled=&#8221;off&#8221; button_two_border_width__hover_enabled=&#8221;off&#8221; button_border_color__hover_enabled=&#8221;off&#8221; button_one_border_color__hover_enabled=&#8221;off&#8221; button_two_border_color__hover_enabled=&#8221;off&#8221; button_border_radius__hover_enabled=&#8221;off&#8221; button_one_border_radius__hover_enabled=&#8221;off&#8221; button_two_border_radius__hover_enabled=&#8221;off&#8221; button_letter_spacing__hover_enabled=&#8221;off&#8221; button_one_letter_spacing__hover_enabled=&#8221;off&#8221; button_two_letter_spacing__hover_enabled=&#8221;off&#8221; button_bg_color__hover_enabled=&#8221;on&#8221; button_bg_color__hover=&#8221;rgba(0,0,0,0)&#8221; button_one_bg_color__hover_enabled=&#8221;off&#8221; button_two_bg_color__hover_enabled=&#8221;off&#8221;]<br \/>\n[\/et_pb_button][\/et_pb_column][\/et_pb_row][et_pb_row column_structure=&#8221;1_3,2_3&#8243; use_custom_gutter=&#8221;on&#8221; make_equal=&#8221;on&#8221; module_id=&#8221;pesquisa&#8221; _builder_version=&#8221;4.16&#8243; custom_margin=&#8221;||30px|&#8221; custom_padding=&#8221;30px|0px|29px|0px|false|false&#8221; animation_style=&#8221;fade&#8221; animation_duration=&#8221;1100ms&#8221; border_width_bottom=&#8221;1px&#8221; border_color_bottom=&#8221;#e02b20&#8243; box_shadow_style=&#8221;preset1&#8243; global_colors_info=&#8221;{}&#8221;][et_pb_column type=&#8221;1_3&#8243; _builder_version=&#8221;4.16&#8243; custom_padding=&#8221;|||&#8221; global_colors_info=&#8221;{}&#8221; custom_padding__hover=&#8221;|||&#8221;][et_pb_image src=&#8221;https:\/\/ccbc.org.br\/cam-ccbc-centro-arbitragem-mediacao\/wp-content\/uploads\/sites\/10\/2022\/06\/podcast-task-force-capa-ep5.jpg&#8221; title_text=&#8221;podcast-task-force-capa-ep5&#8243; align=&#8221;center&#8221; align_tablet=&#8221;center&#8221; align_phone=&#8221;center&#8221; align_last_edited=&#8221;on|desktop&#8221; _builder_version=&#8221;4.17.4&#8243; max_width=&#8221;40%&#8221; module_alignment=&#8221;center&#8221; locked=&#8221;off&#8221; global_colors_info=&#8221;{}&#8221;]<\/p>\n<p>&nbsp;<\/p>\n<p>[\/et_pb_image][\/et_pb_column][et_pb_column type=&#8221;2_3&#8243; _builder_version=&#8221;4.16&#8243; custom_padding=&#8221;|||&#8221; global_colors_info=&#8221;{}&#8221; custom_padding__hover=&#8221;|||&#8221;][et_pb_text _builder_version=&#8221;4.17.4&#8243; text_font=&#8221;||||||||&#8221; header_font=&#8221;||||||||&#8221; header_4_font=&#8221;|700||on|||||&#8221; header_4_letter_spacing=&#8221;3px&#8221; custom_margin=&#8221;|||-50px&#8221; custom_margin_tablet=&#8221;|||40px&#8221; custom_margin_phone=&#8221;|||40px&#8221; custom_margin_last_edited=&#8221;on|desktop&#8221; custom_padding=&#8221;|30px||&#8221; custom_padding_tablet=&#8221;20px||&#8221; custom_padding_phone=&#8221;20px||&#8221; custom_padding_last_edited=&#8221;on|desktop&#8221; global_colors_info=&#8221;{}&#8221;]<\/p>\n<h4 class=\"et_pb_module_header et-fb-editable-element et-fb-editable-element__editing\">05. <span>Media\u00e7\u00e3o e Responsabilidade do Agente P\u00fablico<\/span><\/h4>\n<div class=\"col-sm-8\">\n<article class=\"historico\">\n<section ng-repeat=\"historico in row.historicos | orderBy:'-unixtime'\" ng-class=\"{secaoatendente : historico.byAtendente, secaocomentario : historico.tipo === 'O', secaostatusaberto : historico.tipo === 'SA', secaostatusencerrado : historico.tipo === 'SE'}\" data-indice=\"0\" class=\"ng-scope\">\n<div ng-if=\"historico.tipo === 'H'\" class=\"ng-scope\">\n<div class=\"conteudo\">\n<div class=\"css-reset ng-scope\" ng-if=\"historico.mimetype === 'text\/html'\" compile=\"historico.mensagem\">\n<p><span> Neste epis\u00f3dio iremos debater um tema que tem sido objeto de grande interesse para os profissionais da \u00e1rea: \u201cMedia\u00e7\u00e3o e Responsabilidade do Agente P\u00fablico\u201d. Para nos dar uma vis\u00e3o completa sobre o assunto, convidamos Eug\u00eania Marolla, Procuradora do Estado de S\u00e3o Paulo que possui vasta experi\u00eancia na \u00e1rea do Direito P\u00fablico Econ\u00f4mico. O bate papo foi conduzido por Alexandre Sim\u00f5es e Leila Cuellar, ambos membros da Task Force de Media\u00e7\u00e3o com a Administra\u00e7\u00e3o P\u00fablica do CAM-CCBC.<\/span><\/p>\n<\/div>\n<\/div>\n<\/div>\n<\/section>\n<\/article>\n<\/div>\n<p>[\/et_pb_text][et_pb_button button_url=&#8221;https:\/\/ccbc.org.br\/cam-ccbc-centro-arbitragem-mediacao\/noticias-cam-ccbc\/novidades-cam-ccbc\/podcast\/05-mediacao-e-responsabilidade-do-agente-publico\/&#8221; url_new_window=&#8221;on&#8221; button_text=&#8221;OUVIR AGORA&#8221; button_alignment=&#8221;right&#8221; _builder_version=&#8221;4.17.4&#8243; custom_button=&#8221;on&#8221; button_text_size=&#8221;14px&#8221; button_border_width=&#8221;0px&#8221; button_letter_spacing=&#8221;2px&#8221; button_font=&#8221;Open Sans|700|||||||&#8221; button_icon=&#8221;&#x49;||divi||400&#8243; button_on_hover=&#8221;off&#8221; custom_margin=&#8221;|50px||&#8221; custom_padding=&#8221;|||&#8221; button_text_color_hover=&#8221;#c61b1b&#8221; button_bg_color_hover=&#8221;rgba(0,0,0,0)&#8221; locked=&#8221;off&#8221; global_colors_info=&#8221;{}&#8221; button_text_size__hover_enabled=&#8221;off&#8221; button_one_text_size__hover_enabled=&#8221;off&#8221; button_two_text_size__hover_enabled=&#8221;off&#8221; button_text_color__hover_enabled=&#8221;on&#8221; button_text_color__hover=&#8221;#c61b1b&#8221; button_one_text_color__hover_enabled=&#8221;off&#8221; button_two_text_color__hover_enabled=&#8221;off&#8221; button_border_width__hover_enabled=&#8221;off&#8221; button_one_border_width__hover_enabled=&#8221;off&#8221; button_two_border_width__hover_enabled=&#8221;off&#8221; button_border_color__hover_enabled=&#8221;off&#8221; button_one_border_color__hover_enabled=&#8221;off&#8221; button_two_border_color__hover_enabled=&#8221;off&#8221; button_border_radius__hover_enabled=&#8221;off&#8221; button_one_border_radius__hover_enabled=&#8221;off&#8221; button_two_border_radius__hover_enabled=&#8221;off&#8221; button_letter_spacing__hover_enabled=&#8221;off&#8221; button_one_letter_spacing__hover_enabled=&#8221;off&#8221; button_two_letter_spacing__hover_enabled=&#8221;off&#8221; button_bg_color__hover_enabled=&#8221;on&#8221; button_bg_color__hover=&#8221;rgba(0,0,0,0)&#8221; button_one_bg_color__hover_enabled=&#8221;off&#8221; button_two_bg_color__hover_enabled=&#8221;off&#8221;]<br \/>\n[\/et_pb_button][\/et_pb_column][\/et_pb_row][et_pb_row column_structure=&#8221;1_3,2_3&#8243; use_custom_gutter=&#8221;on&#8221; make_equal=&#8221;on&#8221; module_id=&#8221;pesquisa&#8221; _builder_version=&#8221;4.16&#8243; custom_margin=&#8221;||30px|&#8221; custom_padding=&#8221;30px|0px|29px|0px|false|false&#8221; animation_style=&#8221;fade&#8221; animation_duration=&#8221;1100ms&#8221; border_width_bottom=&#8221;1px&#8221; border_color_bottom=&#8221;#e02b20&#8243; box_shadow_style=&#8221;preset1&#8243; global_colors_info=&#8221;{}&#8221;][et_pb_column type=&#8221;1_3&#8243; _builder_version=&#8221;4.16&#8243; custom_padding=&#8221;|||&#8221; global_colors_info=&#8221;{}&#8221; custom_padding__hover=&#8221;|||&#8221;][et_pb_image src=&#8221;https:\/\/ccbc.org.br\/cam-ccbc-centro-arbitragem-mediacao\/wp-content\/uploads\/sites\/10\/2022\/06\/04-por-que-utilizar-a-mediacao-com-a-administracao-publica.jpg&#8221; title_text=&#8221;04-por-que-utilizar-a-mediacao-com-a-administracao-publica&#8221; align=&#8221;center&#8221; align_tablet=&#8221;center&#8221; align_phone=&#8221;center&#8221; align_last_edited=&#8221;on|desktop&#8221; _builder_version=&#8221;4.17.4&#8243; max_width=&#8221;40%&#8221; module_alignment=&#8221;center&#8221; locked=&#8221;off&#8221; global_colors_info=&#8221;{}&#8221;]<\/p>\n<p>&nbsp;<\/p>\n<p>[\/et_pb_image][\/et_pb_column][et_pb_column type=&#8221;2_3&#8243; _builder_version=&#8221;4.16&#8243; custom_padding=&#8221;|||&#8221; global_colors_info=&#8221;{}&#8221; custom_padding__hover=&#8221;|||&#8221;][et_pb_text _builder_version=&#8221;4.17.4&#8243; text_font=&#8221;||||||||&#8221; header_font=&#8221;||||||||&#8221; header_4_font=&#8221;|700||on|||||&#8221; header_4_letter_spacing=&#8221;3px&#8221; custom_margin=&#8221;|||-50px&#8221; custom_margin_tablet=&#8221;|||40px&#8221; custom_margin_phone=&#8221;|||40px&#8221; custom_margin_last_edited=&#8221;on|desktop&#8221; custom_padding=&#8221;|30px||&#8221; custom_padding_tablet=&#8221;20px||&#8221; custom_padding_phone=&#8221;20px||&#8221; custom_padding_last_edited=&#8221;on|desktop&#8221; global_colors_info=&#8221;{}&#8221;]<\/p>\n<h4 class=\"et_pb_module_header et-fb-editable-element et-fb-editable-element__editing\">04. Por que utilizar a Media\u00e7\u00e3o com a Administra\u00e7\u00e3o P\u00fablica?<\/h4>\n<div class=\"col-sm-8\">\n<article class=\"historico\">\n<section ng-repeat=\"historico in row.historicos | orderBy:'-unixtime'\" ng-class=\"{secaoatendente : historico.byAtendente, secaocomentario : historico.tipo === 'O', secaostatusaberto : historico.tipo === 'SA', secaostatusencerrado : historico.tipo === 'SE'}\" data-indice=\"0\" class=\"ng-scope\">\n<div ng-if=\"historico.tipo === 'H'\" class=\"ng-scope\">\n<div class=\"conteudo\">\n<div class=\"css-reset ng-scope\" ng-if=\"historico.mimetype === 'text\/html'\" compile=\"historico.mensagem\">\n<p>Hoje estreia o 4\u00ba epis\u00f3dio do podcast \u201cMedia\u00e7\u00e3o com a Administra\u00e7\u00e3o P\u00fablica\u201d, organizado pela Task Force de Media\u00e7\u00e3o com a Administra\u00e7\u00e3o P\u00fablica do CAM-CCBC!<\/p>\n<p>Neste epis\u00f3dio convidamos Maur\u00edcio Morais Tonin, Procurador do Munic\u00edpio de S\u00e3o Paulo, para responder \u00e0 pergunta central de toda a s\u00e9rie de podcasts: \u201cPor que utilizar a media\u00e7\u00e3o com a administra\u00e7\u00e3o p\u00fablica?\u201d. O di\u00e1logo, conduzido por Vera Monteiro de Barros e S\u00edlvia Pachikoski, se mostrou muito interessante e apresentou alguns aspectos da perspectiva da Administra\u00e7\u00e3o P\u00fablica quanto ao uso da media\u00e7\u00e3o. Este \u00e9 o primeiro epis\u00f3dio composto inteiramente por membros da Task Force de Media\u00e7\u00e3o com a Administra\u00e7\u00e3o P\u00fablica.<\/p>\n<\/div>\n<\/div>\n<\/div>\n<\/section>\n<\/article>\n<\/div>\n<p>[\/et_pb_text][et_pb_button button_url=&#8221;https:\/\/ccbc.org.br\/cam-ccbc-centro-arbitragem-mediacao\/noticias-cam-ccbc\/novidades-cam-ccbc\/podcast\/04-por-que-utilizar-a-mediacao-com-a-administracao-publica\/&#8221; url_new_window=&#8221;on&#8221; button_text=&#8221;OUVIR AGORA&#8221; button_alignment=&#8221;right&#8221; _builder_version=&#8221;4.17.4&#8243; custom_button=&#8221;on&#8221; button_text_size=&#8221;14px&#8221; button_border_width=&#8221;0px&#8221; button_letter_spacing=&#8221;2px&#8221; button_font=&#8221;Open Sans|700|||||||&#8221; button_icon=&#8221;&#x49;||divi||400&#8243; button_on_hover=&#8221;off&#8221; custom_margin=&#8221;|50px||&#8221; custom_padding=&#8221;|||&#8221; button_text_color_hover=&#8221;#c61b1b&#8221; button_bg_color_hover=&#8221;rgba(0,0,0,0)&#8221; locked=&#8221;off&#8221; global_colors_info=&#8221;{}&#8221; button_text_size__hover_enabled=&#8221;off&#8221; button_one_text_size__hover_enabled=&#8221;off&#8221; button_two_text_size__hover_enabled=&#8221;off&#8221; button_text_color__hover_enabled=&#8221;on&#8221; button_text_color__hover=&#8221;#c61b1b&#8221; button_one_text_color__hover_enabled=&#8221;off&#8221; button_two_text_color__hover_enabled=&#8221;off&#8221; button_border_width__hover_enabled=&#8221;off&#8221; button_one_border_width__hover_enabled=&#8221;off&#8221; button_two_border_width__hover_enabled=&#8221;off&#8221; button_border_color__hover_enabled=&#8221;off&#8221; button_one_border_color__hover_enabled=&#8221;off&#8221; button_two_border_color__hover_enabled=&#8221;off&#8221; button_border_radius__hover_enabled=&#8221;off&#8221; button_one_border_radius__hover_enabled=&#8221;off&#8221; button_two_border_radius__hover_enabled=&#8221;off&#8221; button_letter_spacing__hover_enabled=&#8221;off&#8221; button_one_letter_spacing__hover_enabled=&#8221;off&#8221; button_two_letter_spacing__hover_enabled=&#8221;off&#8221; button_bg_color__hover_enabled=&#8221;on&#8221; button_bg_color__hover=&#8221;rgba(0,0,0,0)&#8221; button_one_bg_color__hover_enabled=&#8221;off&#8221; button_two_bg_color__hover_enabled=&#8221;off&#8221;]<br \/>\n[\/et_pb_button][\/et_pb_column][\/et_pb_row][et_pb_row column_structure=&#8221;1_3,2_3&#8243; use_custom_gutter=&#8221;on&#8221; make_equal=&#8221;on&#8221; module_id=&#8221;pesquisa&#8221; _builder_version=&#8221;4.16&#8243; custom_margin=&#8221;||30px|&#8221; custom_padding=&#8221;30px|0px|29px|0px|false|false&#8221; animation_style=&#8221;fade&#8221; animation_duration=&#8221;1100ms&#8221; border_width_bottom=&#8221;1px&#8221; border_color_bottom=&#8221;#e02b20&#8243; box_shadow_style=&#8221;preset1&#8243; global_colors_info=&#8221;{}&#8221;][et_pb_column type=&#8221;1_3&#8243; _builder_version=&#8221;4.16&#8243; custom_padding=&#8221;|||&#8221; global_colors_info=&#8221;{}&#8221; custom_padding__hover=&#8221;|||&#8221;][et_pb_image src=&#8221;https:\/\/ccbc.org.br\/cam-ccbc-centro-arbitragem-mediacao\/wp-content\/uploads\/sites\/10\/2022\/05\/Podcast-Task-Force-capa-ep3.jpg&#8221; title_text=&#8221;Podcast Task Force-capa ep3&#8243; align=&#8221;center&#8221; align_tablet=&#8221;center&#8221; align_phone=&#8221;center&#8221; align_last_edited=&#8221;on|desktop&#8221; _builder_version=&#8221;4.17.4&#8243; max_width=&#8221;40%&#8221; module_alignment=&#8221;center&#8221; locked=&#8221;off&#8221; global_colors_info=&#8221;{}&#8221;]<\/p>\n<p>&nbsp;<\/p>\n<p>[\/et_pb_image][\/et_pb_column][et_pb_column type=&#8221;2_3&#8243; _builder_version=&#8221;4.16&#8243; custom_padding=&#8221;|||&#8221; global_colors_info=&#8221;{}&#8221; custom_padding__hover=&#8221;|||&#8221;][et_pb_text _builder_version=&#8221;4.17.4&#8243; text_font=&#8221;||||||||&#8221; header_font=&#8221;||||||||&#8221; header_4_font=&#8221;|700||on|||||&#8221; header_4_letter_spacing=&#8221;3px&#8221; custom_margin=&#8221;|||-50px&#8221; custom_margin_tablet=&#8221;|||40px&#8221; custom_margin_phone=&#8221;|||40px&#8221; custom_margin_last_edited=&#8221;on|desktop&#8221; custom_padding=&#8221;|30px||&#8221; custom_padding_tablet=&#8221;20px||&#8221; custom_padding_phone=&#8221;20px||&#8221; custom_padding_last_edited=&#8221;on|desktop&#8221; global_colors_info=&#8221;{}&#8221;]<\/p>\n<h4 class=\"et_pb_module_header et-fb-editable-element et-fb-editable-element__editing\">03. Media\u00e7\u00e3o e Consensualidade na Administra\u00e7\u00e3o P\u00fablica<\/h4>\n<div class=\"col-sm-8\">\n<article class=\"historico\">\n<section ng-repeat=\"historico in row.historicos | orderBy:'-unixtime'\" ng-class=\"{secaoatendente : historico.byAtendente, secaocomentario : historico.tipo === 'O', secaostatusaberto : historico.tipo === 'SA', secaostatusencerrado : historico.tipo === 'SE'}\" data-indice=\"0\" class=\"ng-scope\">\n<div ng-if=\"historico.tipo === 'H'\" class=\"ng-scope\">\n<div class=\"conteudo\">\n<div class=\"css-reset ng-scope\" ng-if=\"historico.mimetype === 'text\/html'\" compile=\"historico.mensagem\">Neste epis\u00f3dio convidamos S\u00e9rgio Ferraz, Professor Titular de Direito Administrativo da PUC-RJ, para tratar do tema \u201cMedia\u00e7\u00e3o e Consensualidade na Administra\u00e7\u00e3o P\u00fablica\u201d. A conversa, conduzida por Renata Porto Adri e Egon Bockman, membros da Task Force de Media\u00e7\u00e3o com a Administra\u00e7\u00e3o P\u00fablica, se mostrou muito proveitosa!<\/div>\n<\/div>\n<\/div>\n<\/section>\n<\/article>\n<\/div>\n<p>[\/et_pb_text][et_pb_button button_url=&#8221;https:\/\/ccbc.org.br\/cam-ccbc-centro-arbitragem-mediacao\/noticias-cam-ccbc\/novidades-cam-ccbc\/podcast\/mediacao-e-consensualidade-na-administracao-publica\/&#8221; url_new_window=&#8221;on&#8221; button_text=&#8221;OUVIR AGORA&#8221; button_alignment=&#8221;right&#8221; _builder_version=&#8221;4.17.4&#8243; custom_button=&#8221;on&#8221; button_text_size=&#8221;14px&#8221; button_border_width=&#8221;0px&#8221; button_letter_spacing=&#8221;2px&#8221; button_font=&#8221;Open Sans|700|||||||&#8221; button_icon=&#8221;&#x49;||divi||400&#8243; button_on_hover=&#8221;off&#8221; custom_margin=&#8221;|50px||&#8221; custom_padding=&#8221;|||&#8221; button_text_color_hover=&#8221;#c61b1b&#8221; button_bg_color_hover=&#8221;rgba(0,0,0,0)&#8221; locked=&#8221;off&#8221; global_colors_info=&#8221;{}&#8221; button_text_size__hover_enabled=&#8221;off&#8221; button_one_text_size__hover_enabled=&#8221;off&#8221; button_two_text_size__hover_enabled=&#8221;off&#8221; button_text_color__hover_enabled=&#8221;on&#8221; button_text_color__hover=&#8221;#c61b1b&#8221; button_one_text_color__hover_enabled=&#8221;off&#8221; button_two_text_color__hover_enabled=&#8221;off&#8221; button_border_width__hover_enabled=&#8221;off&#8221; button_one_border_width__hover_enabled=&#8221;off&#8221; button_two_border_width__hover_enabled=&#8221;off&#8221; button_border_color__hover_enabled=&#8221;off&#8221; button_one_border_color__hover_enabled=&#8221;off&#8221; button_two_border_color__hover_enabled=&#8221;off&#8221; button_border_radius__hover_enabled=&#8221;off&#8221; button_one_border_radius__hover_enabled=&#8221;off&#8221; button_two_border_radius__hover_enabled=&#8221;off&#8221; button_letter_spacing__hover_enabled=&#8221;off&#8221; button_one_letter_spacing__hover_enabled=&#8221;off&#8221; button_two_letter_spacing__hover_enabled=&#8221;off&#8221; button_bg_color__hover_enabled=&#8221;on&#8221; button_bg_color__hover=&#8221;rgba(0,0,0,0)&#8221; button_one_bg_color__hover_enabled=&#8221;off&#8221; button_two_bg_color__hover_enabled=&#8221;off&#8221;]<br \/>\n[\/et_pb_button][\/et_pb_column][\/et_pb_row][et_pb_row column_structure=&#8221;1_3,2_3&#8243; use_custom_gutter=&#8221;on&#8221; make_equal=&#8221;on&#8221; module_id=&#8221;pesquisa&#8221; _builder_version=&#8221;4.16&#8243; custom_margin=&#8221;||30px|&#8221; custom_padding=&#8221;30px|0px|29px|0px|false|false&#8221; animation_style=&#8221;fade&#8221; animation_duration=&#8221;1100ms&#8221; border_width_bottom=&#8221;1px&#8221; border_color_bottom=&#8221;#e02b20&#8243; box_shadow_style=&#8221;preset1&#8243; global_colors_info=&#8221;{}&#8221;][et_pb_column type=&#8221;1_3&#8243; _builder_version=&#8221;4.16&#8243; custom_padding=&#8221;|||&#8221; global_colors_info=&#8221;{}&#8221; custom_padding__hover=&#8221;|||&#8221;][et_pb_image src=&#8221;https:\/\/ccbc.org.br\/cam-ccbc-centro-arbitragem-mediacao\/wp-content\/uploads\/sites\/10\/2022\/05\/podcast-task-force-capa-ep2.jpg&#8221; title_text=&#8221;podcast-task-force-capa-ep2&#8243; align=&#8221;center&#8221; align_tablet=&#8221;center&#8221; align_phone=&#8221;center&#8221; align_last_edited=&#8221;on|desktop&#8221; _builder_version=&#8221;4.16&#8243; max_width=&#8221;40%&#8221; module_alignment=&#8221;center&#8221; locked=&#8221;off&#8221; global_colors_info=&#8221;{}&#8221;]<\/p>\n<p>&nbsp;<\/p>\n<p>[\/et_pb_image][\/et_pb_column][et_pb_column type=&#8221;2_3&#8243; _builder_version=&#8221;4.16&#8243; custom_padding=&#8221;|||&#8221; global_colors_info=&#8221;{}&#8221; custom_padding__hover=&#8221;|||&#8221;][et_pb_text _builder_version=&#8221;4.16&#8243; text_font=&#8221;||||||||&#8221; header_font=&#8221;||||||||&#8221; header_4_font=&#8221;|700||on|||||&#8221; header_4_letter_spacing=&#8221;3px&#8221; custom_margin=&#8221;|||-50px&#8221; custom_margin_tablet=&#8221;|||40px&#8221; custom_margin_phone=&#8221;|||40px&#8221; custom_margin_last_edited=&#8221;on|desktop&#8221; custom_padding=&#8221;|30px||&#8221; custom_padding_tablet=&#8221;20px||&#8221; custom_padding_phone=&#8221;20px||&#8221; custom_padding_last_edited=&#8221;on|desktop&#8221; global_colors_info=&#8221;{}&#8221;]<\/p>\n<h4 class=\"et_pb_module_header et-fb-editable-element et-fb-editable-element__editing\">02. Media\u00e7\u00e3o e a Indisponibilidade do Interesse Publico<\/h4>\n<p>O epis\u00f3dio trata da media\u00e7\u00e3o e da indisponibilidade do interesse p\u00fablico, tema que gerou diversos debates ao longo dos anos, em uma conversa com Juliana de Palma, Professora da FGV Direito SP, conduzida por S\u00edlvia Maria Costa Brega e por Cl\u00e1udio Dias, membros da Task Force de Media\u00e7\u00e3o com a Administra\u00e7\u00e3o P\u00fablica.<\/p>\n<p>&nbsp;<\/p>\n<p>[\/et_pb_text][et_pb_button button_url=&#8221;https:\/\/ccbc.org.br\/cam-ccbc-centro-arbitragem-mediacao\/noticias-cam-ccbc\/novidades-cam-ccbc\/podcast\/mediacao-e-a-indisponibilidade-do-interesse-publico\/&#8221; url_new_window=&#8221;on&#8221; button_text=&#8221;OUVIR AGORA&#8221; button_alignment=&#8221;right&#8221; _builder_version=&#8221;4.16&#8243; custom_button=&#8221;on&#8221; button_text_size=&#8221;14px&#8221; button_border_width=&#8221;0px&#8221; button_letter_spacing=&#8221;2px&#8221; button_font=&#8221;Open Sans|700|||||||&#8221; button_icon=&#8221;&#x49;||divi||400&#8243; button_on_hover=&#8221;off&#8221; custom_margin=&#8221;|50px||&#8221; custom_padding=&#8221;|||&#8221; button_text_color_hover=&#8221;#c61b1b&#8221; button_bg_color_hover=&#8221;rgba(0,0,0,0)&#8221; locked=&#8221;off&#8221; global_colors_info=&#8221;{}&#8221; button_text_size__hover_enabled=&#8221;off&#8221; button_one_text_size__hover_enabled=&#8221;off&#8221; button_two_text_size__hover_enabled=&#8221;off&#8221; button_text_color__hover_enabled=&#8221;on&#8221; button_text_color__hover=&#8221;#c61b1b&#8221; button_one_text_color__hover_enabled=&#8221;off&#8221; button_two_text_color__hover_enabled=&#8221;off&#8221; button_border_width__hover_enabled=&#8221;off&#8221; button_one_border_width__hover_enabled=&#8221;off&#8221; button_two_border_width__hover_enabled=&#8221;off&#8221; button_border_color__hover_enabled=&#8221;off&#8221; button_one_border_color__hover_enabled=&#8221;off&#8221; button_two_border_color__hover_enabled=&#8221;off&#8221; button_border_radius__hover_enabled=&#8221;off&#8221; button_one_border_radius__hover_enabled=&#8221;off&#8221; button_two_border_radius__hover_enabled=&#8221;off&#8221; button_letter_spacing__hover_enabled=&#8221;off&#8221; button_one_letter_spacing__hover_enabled=&#8221;off&#8221; button_two_letter_spacing__hover_enabled=&#8221;off&#8221; button_bg_color__hover_enabled=&#8221;on&#8221; button_bg_color__hover=&#8221;rgba(0,0,0,0)&#8221; button_one_bg_color__hover_enabled=&#8221;off&#8221; button_two_bg_color__hover_enabled=&#8221;off&#8221;]<br \/>\n[\/et_pb_button][\/et_pb_column][\/et_pb_row][et_pb_row column_structure=&#8221;1_3,2_3&#8243; use_custom_gutter=&#8221;on&#8221; make_equal=&#8221;on&#8221; module_id=&#8221;pesquisa&#8221; _builder_version=&#8221;4.16&#8243; custom_margin=&#8221;||30px|&#8221; custom_padding=&#8221;30px|0px|29px|0px|false|false&#8221; animation_style=&#8221;fade&#8221; animation_duration=&#8221;1100ms&#8221; border_width_bottom=&#8221;1px&#8221; border_color_bottom=&#8221;#e02b20&#8243; box_shadow_style=&#8221;preset1&#8243; global_colors_info=&#8221;{}&#8221;][et_pb_column type=&#8221;1_3&#8243; _builder_version=&#8221;4.16&#8243; custom_padding=&#8221;|||&#8221; global_colors_info=&#8221;{}&#8221; custom_padding__hover=&#8221;|||&#8221;][et_pb_image src=&#8221;https:\/\/ccbc.org.br\/cam-ccbc-centro-arbitragem-mediacao\/wp-content\/uploads\/sites\/10\/2022\/04\/podcast-task-force-capa-ep1-1.jpg&#8221; title_text=&#8221;podcast-task-force-capa-ep1&#8243; align=&#8221;center&#8221; align_tablet=&#8221;center&#8221; align_phone=&#8221;center&#8221; align_last_edited=&#8221;on|desktop&#8221; _builder_version=&#8221;4.16&#8243; max_width=&#8221;40%&#8221; module_alignment=&#8221;center&#8221; locked=&#8221;off&#8221; global_colors_info=&#8221;{}&#8221;]<\/p>\n<p>&nbsp;<\/p>\n<p>[\/et_pb_image][\/et_pb_column][et_pb_column type=&#8221;2_3&#8243; _builder_version=&#8221;4.16&#8243; custom_padding=&#8221;|||&#8221; global_colors_info=&#8221;{}&#8221; custom_padding__hover=&#8221;|||&#8221;][et_pb_text _builder_version=&#8221;4.16&#8243; text_font=&#8221;||||||||&#8221; header_font=&#8221;||||||||&#8221; header_4_font=&#8221;|700||on|||||&#8221; header_4_letter_spacing=&#8221;3px&#8221; custom_margin=&#8221;|||-50px&#8221; custom_margin_tablet=&#8221;|||40px&#8221; custom_margin_phone=&#8221;|||40px&#8221; custom_margin_last_edited=&#8221;on|desktop&#8221; custom_padding=&#8221;|30px||&#8221; custom_padding_tablet=&#8221;20px||&#8221; custom_padding_phone=&#8221;20px||&#8221; custom_padding_last_edited=&#8221;on|desktop&#8221; global_colors_info=&#8221;{}&#8221;]<\/p>\n<h4 class=\"et_pb_module_header et-fb-editable-element et-fb-editable-element__editing\">01. Podcast Media\u00e7\u00e3o com a Administra\u00e7\u00e3o P\u00fablica<\/h4>\n<p>O primeiro epis\u00f3dio aborda a vis\u00e3o institucional sobre a media\u00e7\u00e3o com a administra\u00e7\u00e3o p\u00fablica em uma conversa com Eleonora Coelho, presidente do CAM-CCBC, conduzida por Adolfo Braga, membro da Task Force de Media\u00e7\u00e3o com a Administra\u00e7\u00e3o P\u00fablica.<\/p>\n<p>[\/et_pb_text][et_pb_button button_url=&#8221;https:\/\/ccbc.org.br\/cam-ccbc-centro-arbitragem-mediacao\/noticias-cam-ccbc\/novidades-cam-ccbc\/podcast\/podcast-mediacao-com-a-administracao-publica\/&#8221; url_new_window=&#8221;on&#8221; button_text=&#8221;OUVIR AGORA&#8221; button_alignment=&#8221;right&#8221; _builder_version=&#8221;4.16&#8243; custom_button=&#8221;on&#8221; button_text_size=&#8221;14px&#8221; button_border_width=&#8221;0px&#8221; button_letter_spacing=&#8221;2px&#8221; button_font=&#8221;Open Sans|700|||||||&#8221; button_icon=&#8221;&#x49;||divi||400&#8243; button_on_hover=&#8221;off&#8221; custom_margin=&#8221;|50px||&#8221; custom_padding=&#8221;|||&#8221; button_text_color_hover=&#8221;#c61b1b&#8221; button_bg_color_hover=&#8221;rgba(0,0,0,0)&#8221; locked=&#8221;off&#8221; global_colors_info=&#8221;{}&#8221; button_text_size__hover_enabled=&#8221;off&#8221; button_one_text_size__hover_enabled=&#8221;off&#8221; button_two_text_size__hover_enabled=&#8221;off&#8221; button_text_color__hover_enabled=&#8221;on&#8221; button_text_color__hover=&#8221;#c61b1b&#8221; button_one_text_color__hover_enabled=&#8221;off&#8221; button_two_text_color__hover_enabled=&#8221;off&#8221; button_border_width__hover_enabled=&#8221;off&#8221; button_one_border_width__hover_enabled=&#8221;off&#8221; button_two_border_width__hover_enabled=&#8221;off&#8221; button_border_color__hover_enabled=&#8221;off&#8221; button_one_border_color__hover_enabled=&#8221;off&#8221; button_two_border_color__hover_enabled=&#8221;off&#8221; button_border_radius__hover_enabled=&#8221;off&#8221; button_one_border_radius__hover_enabled=&#8221;off&#8221; button_two_border_radius__hover_enabled=&#8221;off&#8221; button_letter_spacing__hover_enabled=&#8221;off&#8221; button_one_letter_spacing__hover_enabled=&#8221;off&#8221; button_two_letter_spacing__hover_enabled=&#8221;off&#8221; button_bg_color__hover_enabled=&#8221;on&#8221; button_bg_color__hover=&#8221;rgba(0,0,0,0)&#8221; button_one_bg_color__hover_enabled=&#8221;off&#8221; button_two_bg_color__hover_enabled=&#8221;off&#8221;]<br \/>\n[\/et_pb_button][\/et_pb_column][\/et_pb_row][\/et_pb_section]<\/p>\n","protected":false},"excerpt":{"rendered":"<p>PODCASTS Ou\u00e7a dos Especialistas O Podcast \u201c Media\u00e7\u00e3o com Administra\u00e7\u00e3o P\u00fablica\u201d \u00e9 uma iniciativa do CAM-CCBC (Centro de Arbitragem e Media\u00e7\u00e3o da C\u00e2mara de Com\u00e9rcio Brasil-Canad\u00e1), idealizado pela Task Force de mesmo nome, formada pelo Conselho de Media\u00e7\u00e3o, com o objetivo de divulgar e expandir a pr\u00e1tica da media\u00e7\u00e3o com a administra\u00e7\u00e3o p\u00fablica, tanto para [&hellip;]<\/p>\n","protected":false},"author":25,"featured_media":0,"parent":0,"menu_order":0,"comment_status":"closed","ping_status":"closed","template":"","meta":{"_et_pb_use_builder":"on","_et_pb_old_content":"","_et_gb_content_width":"","footnotes":""},"class_list":["post-30039","page","type-page","status-publish","hentry"],"_links":{"self":[{"href":"https:\/\/www.ccbc.org.br\/cam-ccbc-centro-arbitragem-mediacao\/wp-json\/wp\/v2\/pages\/30039","targetHints":{"allow":["GET"]}}],"collection":[{"href":"https:\/\/www.ccbc.org.br\/cam-ccbc-centro-arbitragem-mediacao\/wp-json\/wp\/v2\/pages"}],"about":[{"href":"https:\/\/www.ccbc.org.br\/cam-ccbc-centro-arbitragem-mediacao\/wp-json\/wp\/v2\/types\/page"}],"author":[{"embeddable":true,"href":"https:\/\/www.ccbc.org.br\/cam-ccbc-centro-arbitragem-mediacao\/wp-json\/wp\/v2\/users\/25"}],"replies":[{"embeddable":true,"href":"https:\/\/www.ccbc.org.br\/cam-ccbc-centro-arbitragem-mediacao\/wp-json\/wp\/v2\/comments?post=30039"}],"version-history":[{"count":0,"href":"https:\/\/www.ccbc.org.br\/cam-ccbc-centro-arbitragem-mediacao\/wp-json\/wp\/v2\/pages\/30039\/revisions"}],"wp:attachment":[{"href":"https:\/\/www.ccbc.org.br\/cam-ccbc-centro-arbitragem-mediacao\/wp-json\/wp\/v2\/media?parent=30039"}],"curies":[{"name":"wp","href":"https:\/\/api.w.org\/{rel}","templated":true}]}}