{"id":27329,"date":"2021-01-05T12:44:26","date_gmt":"2021-01-05T15:44:26","guid":{"rendered":"https:\/\/www.ccbc.org.br\/cam-ccbc-centro-arbitragem-mediacao\/?page_id=27329"},"modified":"2021-01-08T12:40:08","modified_gmt":"2021-01-08T15:40:08","slug":"ra-45-2021-calendario-2021","status":"publish","type":"page","link":"https:\/\/www.ccbc.org.br\/cam-ccbc-centro-arbitragem-mediacao\/ra-45-2021-calendario-2021\/","title":{"rendered":"RA 45\/2021 &#8211; Calend\u00e1rio 2021"},"content":{"rendered":"<p>[et_pb_section bb_built=&#8221;1&#8243; module_class=&#8221;interior-header&#8221; _builder_version=&#8221;3.12.2&#8243; background_image=&#8221;https:\/\/ccbc.org.br\/cam-ccbc-centro-arbitragem-mediacao\/wp-content\/uploads\/sites\/10\/2018\/08\/Conj31-A1-SalaDeArbitragem.jpg&#8221; custom_padding=&#8221;200px|0px||0px|false|false&#8221; next_background_color=&#8221;#ffffff&#8221;][et_pb_row custom_margin=&#8221;50px|||&#8221; background_position_1=&#8221;top_left&#8221; background_repeat_1=&#8221;no-repeat&#8221; _builder_version=&#8221;3.11.1&#8243;][et_pb_column type=&#8221;4_4&#8243;][et_pb_text admin_label=&#8221;Header&#8221; _builder_version=&#8221;3.21.1&#8243; text_font=&#8221;||||||||&#8221; text_font_size=&#8221;22px&#8221; text_font_size_tablet=&#8221;14px&#8221; text_font_size_phone=&#8221;14px&#8221; text_font_size_last_edited=&#8221;on|phone&#8221; header_font=&#8221;||||||||&#8221; header_font_size=&#8221;60px&#8221; header_font_size_tablet=&#8221;30px&#8221; header_font_size_last_edited=&#8221;on|phone&#8221; header_line_height=&#8221;1.2em&#8221; background_layout=&#8221;dark&#8221;]<\/p>\n<h1>RA 45\/2021<\/h1>\n<p>Calend\u00e1rio 2021<\/p>\n<p>[\/et_pb_text][\/et_pb_column][\/et_pb_row][et_pb_row custom_padding=&#8221;0px||0px|&#8221; custom_margin=&#8221;0px||0px|&#8221; _builder_version=&#8221;3.12.2&#8243;][et_pb_column type=&#8221;4_4&#8243;][et_pb_code admin_label=&#8221;Breadcrumbs shortcode&#8221; module_class=&#8221;breadcrumbs&#8221; _builder_version=&#8221;3.21.1&#8243; custom_css_main_element=&#8221;margin-top: 103px;||font-size: 14px;&#8221;][\/et_pb_code][\/et_pb_column][\/et_pb_row][\/et_pb_section][et_pb_section bb_built=&#8221;1&#8243; _builder_version=&#8221;3.0.47&#8243; prev_background_color=&#8221;#000000&#8243; next_background_color=&#8221;#054c84&#8243;][et_pb_row _builder_version=&#8221;3.0.48&#8243; background_size=&#8221;initial&#8221; background_position=&#8221;top_left&#8221; background_repeat=&#8221;repeat&#8221;][et_pb_column type=&#8221;4_4&#8243;][et_pb_text _builder_version=&#8221;3.21.1&#8243; background_size=&#8221;initial&#8221; background_position=&#8221;top_left&#8221; background_repeat=&#8221;repeat&#8221; z_index_tablet=&#8221;500&#8243; text_font=&#8221;||||||||&#8221;]<\/p>\n<p><strong>Ref.: <\/strong><strong>Calend\u00e1rio 2021<\/strong><\/p>\n<p>A Presidente do CAM-CCBC, no uso das atribui\u00e7\u00f5es que lhe s\u00e3o conferidas pelo artigo 2.6, al\u00ednea \u2018c\u2019, do Regulamento do CAM-CCBC, aprovado em 01 de setembro de 2011, informa que n\u00e3o haver\u00e1 expediente no CAM-CCBC nas seguintes datas de 2021:<\/p>\n<table width=\"587\">\n<tbody>\n<tr>\n<td width=\"94\"><strong>Data<\/strong><\/td>\n<td width=\"132\"><strong>Dia da semana<\/strong><\/td>\n<td width=\"361\"><strong>Feriado<\/strong><\/td>\n<\/tr>\n<tr>\n<td width=\"94\">25\/01\/2021<\/td>\n<td width=\"132\">Segunda-feira<\/td>\n<td width=\"361\">Anivers\u00e1rio da Cidade de S\u00e3o Paulo<\/td>\n<\/tr>\n<tr>\n<td width=\"94\">15\/02\/2021<\/td>\n<td width=\"132\">Segunda-feira<\/td>\n<td width=\"361\">(Ponte) Carnaval<\/td>\n<\/tr>\n<tr>\n<td width=\"94\">16\/02\/2021<\/td>\n<td width=\"132\">Ter\u00e7a-feira<\/td>\n<td width=\"361\">Carnaval<\/td>\n<\/tr>\n<tr>\n<td width=\"94\">17\/02\/2021<\/td>\n<td width=\"132\">Quarta-feira<\/td>\n<td width=\"361\">Quarta-Feira de Cinzas<\/td>\n<\/tr>\n<tr>\n<td width=\"94\">02\/04\/2021<\/td>\n<td width=\"132\">Sexta-feira<\/td>\n<td width=\"361\">Sexta-feira Santa<\/td>\n<\/tr>\n<tr>\n<td width=\"94\">21\/04\/2021<\/td>\n<td width=\"132\">Quarta-feira<\/td>\n<td width=\"361\">Dia de Tiradentes<\/td>\n<\/tr>\n<tr>\n<td width=\"94\">03\/06\/2021<\/td>\n<td width=\"132\">Quinta-feira<\/td>\n<td width=\"361\">Corpus Christi<\/td>\n<\/tr>\n<tr>\n<td width=\"94\">04\/06\/2021<\/td>\n<td width=\"132\">Sexta-feira<\/td>\n<td width=\"361\">(Ponte) Corpus Christi<\/td>\n<\/tr>\n<tr>\n<td width=\"94\">09\/07\/2021<\/td>\n<td width=\"132\">Sexta-feira<\/td>\n<td width=\"361\">Dia da Revolu\u00e7\u00e3o Constitucionalista de 1932<\/td>\n<\/tr>\n<tr>\n<td width=\"94\">06\/09\/2021<\/td>\n<td width=\"132\">Segunda-feira<\/td>\n<td width=\"361\">(Ponte) Dia da Independ\u00eancia do Brasil<\/td>\n<\/tr>\n<tr>\n<td width=\"94\">07\/09\/2021<\/td>\n<td width=\"132\">Ter\u00e7a-feira<\/td>\n<td width=\"361\">Dia da Independ\u00eancia do Brasil<\/td>\n<\/tr>\n<tr>\n<td width=\"94\">11\/10\/2021<\/td>\n<td width=\"132\">Segunda-feira<\/td>\n<td width=\"361\">(Ponte) Dia de Nossa Senhora Aparecida<\/td>\n<\/tr>\n<tr>\n<td width=\"94\">12\/10\/2021<\/td>\n<td width=\"132\">Ter\u00e7a-Feira<\/td>\n<td width=\"361\">Dia de Nossa Senhora Aparecida<\/td>\n<\/tr>\n<tr>\n<td width=\"94\">01\/11\/2021<\/td>\n<td width=\"132\">Segunda-feira<\/td>\n<td width=\"361\">(Ponte) Dia de Finados<\/td>\n<\/tr>\n<tr>\n<td width=\"94\">02\/11\/2021<\/td>\n<td width=\"132\">Ter\u00e7a-Feira<\/td>\n<td width=\"361\">Dia de Finados<\/td>\n<\/tr>\n<tr>\n<td width=\"94\">15\/11\/2021<\/td>\n<td width=\"132\">Segunda-feira<\/td>\n<td width=\"361\">Proclama\u00e7\u00e3o da Rep\u00fablica<\/td>\n<\/tr>\n<\/tbody>\n<\/table>\n<p>Ser\u00e3o considerados dias \u00fateis aqueles em que houver expediente no CAM-CCBC. Em caso de notifica\u00e7\u00f5es, comunica\u00e7\u00f5es ou outros atos realizados em dia em que n\u00e3o houver expediente no CAM-CCBC, estes ser\u00e3o considerados como realizados no pr\u00f3ximo dia \u00fatil.<\/p>\n<p>Do mesmo modo, prazos com vencimento em dia em que n\u00e3o houver expediente no CAM-CCBC ser\u00e3o prorrogados para o primeiro dia \u00fatil seguinte<a href=\"#_ftn1\" name=\"_ftnref1\"><span>[1]<\/span><\/a>, conforme o artigo 6.6.2<a href=\"#_ftn2\" name=\"_ftnref2\"><span>[2]<\/span><\/a> do Regulamento.<\/p>\n<p>Ademais, para melhor organiza\u00e7\u00e3o dos trabalhos, informamos ainda que o CAM-CCBC estar\u00e1 em recesso de 18 de dezembro de 2021 at\u00e9 o dia 02 de janeiro de 2022. Todos os prazos ficar\u00e3o <u>suspensos<\/u> no per\u00edodo, voltando a correr no dia 03 de janeiro de 2022.<\/p>\n<table width=\"100%\">\n<tbody>\n<tr>\n<td width=\"31%\"><strong>Recesso<\/strong><\/td>\n<td width=\"39%\"><strong>Data<\/strong><\/td>\n<td width=\"28%\"><strong>Dia da semana<\/strong><\/td>\n<\/tr>\n<tr>\n<td width=\"31%\">In\u00edcio<\/td>\n<td width=\"39%\">18\/12\/2021<\/td>\n<td width=\"28%\">S\u00e1bado<\/td>\n<\/tr>\n<tr>\n<td width=\"31%\">Fim<\/td>\n<td width=\"39%\">02\/01\/2022<\/td>\n<td width=\"28%\">Domingo<\/td>\n<\/tr>\n<\/tbody>\n<\/table>\n<p>&nbsp;<\/p>\n<p style=\"text-align: center\">***<\/p>\n<p style=\"text-align: center\">S\u00e3o Paulo, 4 de janeiro de 2021<\/p>\n<p style=\"text-align: center\">Eleonora Coelho<br \/>Presidente do CAM-CCBC<\/p>\n<p>[\/et_pb_text][et_pb_text _builder_version=&#8221;3.21.1&#8243; text_font=&#8221;||||||||&#8221; text_font_size=&#8221;9px&#8221; header_font=&#8221;||||||||&#8221; background_size=&#8221;initial&#8221; background_position=&#8221;top_left&#8221; background_repeat=&#8221;repeat&#8221;]<\/p>\n<p><a href=\"#_ftnref1\" name=\"_ftn1\"><span>[1]<\/span><\/a> Assim, por exemplo, caso a notifica\u00e7\u00e3o seja recebida em dia n\u00e3o \u00fatil, como s\u00e1bado ou domingo, para fins de contagem de prazo, ser\u00e1 considerada como recebida no pr\u00f3ximo dia \u00fatil, usualmente segunda-feira.<\/p>\n<p><a href=\"#_ftnref2\" name=\"_ftn2\"><span>[2]<\/span><\/a> Artigo 6.6.2. Considera-se prorrogado o prazo at\u00e9 o primeiro dia \u00fatil se o vencimento cair em dia em que n\u00e3o houver expediente no CAM-CCBC.<\/p>\n<p>[\/et_pb_text][\/et_pb_column][\/et_pb_row][\/et_pb_section][et_pb_section bb_built=&#8221;1&#8243; _builder_version=&#8221;3.19.18&#8243; background_color=&#8221;#054c84&#8243; custom_padding=&#8221;20px|0px|20px|0px|false|false&#8221; disabled=&#8221;on&#8221; disabled_on=&#8221;on|on|on&#8221; prev_background_color=&#8221;#ffffff&#8221; global_module=&#8221;4117&#8243;][et_pb_row global_parent=&#8221;4117&#8243; use_custom_gutter=&#8221;on&#8221; make_equal=&#8221;on&#8221; _builder_version=&#8221;3.11.1&#8243; module_alignment=&#8221;center&#8221;][et_pb_column type=&#8221;1_4&#8243;][et_pb_image admin_label=&#8221;LOGO ES&#8221; global_parent=&#8221;4117&#8243; src=&#8221;https:\/\/ccbc.org.br\/cam-ccbc-centro-arbitragem-mediacao\/wp-content\/uploads\/sites\/10\/2018\/09\/843c1858-logo_camccbc_white_shadow_es.png&#8221; _builder_version=&#8221;3.19.10&#8243; border_color_right=&#8221;#ffffff&#8221; max_width=&#8221;70%&#8221; module_alignment=&#8221;left&#8221; custom_margin=&#8221;|||&#8221; custom_padding=&#8221;|||&#8221; \/][\/et_pb_column][et_pb_column type=&#8221;1_4&#8243;][et_pb_text admin_label=&#8221;ENTRE EN CONTACTO&#8221; global_parent=&#8221;4117&#8243; _builder_version=&#8221;3.19.10&#8243; text_text_color=&#8221;#ffffff&#8221; text_font_size=&#8221;10px&#8221; text_line_height=&#8221;1em&#8221; text_text_shadow_style=&#8221;preset2&#8243; header_3_text_color=&#8221;#ffffff&#8221; header_3_font_size=&#8221;13px&#8221; header_3_letter_spacing=&#8221;2px&#8221; border_width_left=&#8221;1px&#8221; border_color_left=&#8221;#ffffff&#8221; custom_margin=&#8221;13px|||-35px&#8221; custom_margin_tablet=&#8221;13px|||&#8221; custom_margin_phone=&#8221;|||-60px&#8221; custom_margin_last_edited=&#8221;on|phone&#8221; custom_padding=&#8221;|||60px&#8221; custom_padding_last_edited=&#8221;on|phone&#8221;]<\/p>\n<h3><strong>ENTRE EN CONTACTO<\/strong><\/h3>\n<p><img loading=\"lazy\" decoding=\"async\" class=\"wp-image-5103 alignnone size-full\" src=\"https:\/\/ccbc.org.br\/cam-ccbc-centro-arbitragem-mediacao\/wp-content\/uploads\/sites\/10\/2018\/08\/tel.png\" alt=\"\" width=\"8\" height=\"8\"> +55 11 4058-0400<\/p>\n<p><img loading=\"lazy\" decoding=\"async\" class=\"wp-image-5113 alignnone size-full\" src=\"https:\/\/ccbc.org.br\/cam-ccbc-centro-arbitragem-mediacao\/wp-content\/uploads\/sites\/10\/2018\/08\/mail_2.png\" alt=\"\" width=\"13\" height=\"8\">&nbsp; cam@ccbc.org.br<\/p>\n<p>[\/et_pb_text][\/et_pb_column][et_pb_column type=&#8221;1_4&#8243;][et_pb_text admin_label=&#8221;UBICACI\u00d3N&#8221; global_parent=&#8221;4117&#8243; _builder_version=&#8221;3.19.10&#8243; text_text_color=&#8221;#ffffff&#8221; text_font_size=&#8221;10px&#8221; text_line_height=&#8221;1em&#8221; text_text_shadow_style=&#8221;preset2&#8243; header_3_text_color=&#8221;#ffffff&#8221; header_3_font_size=&#8221;13px&#8221; header_3_letter_spacing=&#8221;2px&#8221; border_color_left=&#8221;#ffffff&#8221; custom_margin=&#8221;13px|||&#8221; custom_margin_last_edited=&#8221;on|phone&#8221; custom_padding=&#8221;|||0px&#8221; locked=&#8221;off&#8221; disabled=&#8221;off&#8221; disabled_on=&#8221;off|off|off&#8221;]<\/p>\n<h3><strong>UBICACI\u00d3N<\/strong><\/h3>\n<p>Rua do Rocio, 220 &#8211; 12 andar &#8211; cj. 121<\/p>\n<p>Vila Ol\u00edmpia, S\u00e3o Paulo -SP &#8211; Brasil &#8211; 04552-000<\/p>\n<p>[\/et_pb_text][\/et_pb_column][et_pb_column type=&#8221;1_4&#8243;][et_pb_code global_parent=&#8221;4117&#8243; _builder_version=&#8221;3.14&#8243;][et_social_follow icon_style=&#8221;slide&#8221; icon_shape=&#8221;circle&#8221; icons_location=&#8221;top&#8221; col_number=&#8221;auto&#8221; custom_colors=&#8221;true&#8221; bg_color=&#8221;#ffffff&#8221; bg_color_hover=&#8221;#ffffff&#8221; icon_color=&#8221;#054c84&#8243; icon_color_hover=&#8221;#054c84&#8243; outer_color=&#8221;dark&#8221;][\/et_pb_code][\/et_pb_column][\/et_pb_row][\/et_pb_section]<\/p>\n","protected":false},"excerpt":{"rendered":"<p>RA 45\/2021 Calend\u00e1rio 2021  Ref.: Calend\u00e1rio 2021 A Presidente do CAM-CCBC, no uso das atribui\u00e7\u00f5es que lhe s\u00e3o conferidas pelo artigo 2.6, al\u00ednea \u2018c\u2019, do Regulamento do CAM-CCBC, aprovado em 01 de setembro de 2011, informa que n\u00e3o haver\u00e1 expediente no CAM-CCBC nas seguintes datas de 2021: Data Dia da semana Feriado 25\/01\/2021 Segunda-feira [&hellip;]<\/p>\n","protected":false},"author":25,"featured_media":0,"parent":0,"menu_order":0,"comment_status":"closed","ping_status":"closed","template":"","meta":{"_et_pb_use_builder":"on","_et_pb_old_content":"","_et_gb_content_width":"","footnotes":""},"class_list":["post-27329","page","type-page","status-publish","hentry"],"_links":{"self":[{"href":"https:\/\/www.ccbc.org.br\/cam-ccbc-centro-arbitragem-mediacao\/wp-json\/wp\/v2\/pages\/27329","targetHints":{"allow":["GET"]}}],"collection":[{"href":"https:\/\/www.ccbc.org.br\/cam-ccbc-centro-arbitragem-mediacao\/wp-json\/wp\/v2\/pages"}],"about":[{"href":"https:\/\/www.ccbc.org.br\/cam-ccbc-centro-arbitragem-mediacao\/wp-json\/wp\/v2\/types\/page"}],"author":[{"embeddable":true,"href":"https:\/\/www.ccbc.org.br\/cam-ccbc-centro-arbitragem-mediacao\/wp-json\/wp\/v2\/users\/25"}],"replies":[{"embeddable":true,"href":"https:\/\/www.ccbc.org.br\/cam-ccbc-centro-arbitragem-mediacao\/wp-json\/wp\/v2\/comments?post=27329"}],"version-history":[{"count":0,"href":"https:\/\/www.ccbc.org.br\/cam-ccbc-centro-arbitragem-mediacao\/wp-json\/wp\/v2\/pages\/27329\/revisions"}],"wp:attachment":[{"href":"https:\/\/www.ccbc.org.br\/cam-ccbc-centro-arbitragem-mediacao\/wp-json\/wp\/v2\/media?parent=27329"}],"curies":[{"name":"wp","href":"https:\/\/api.w.org\/{rel}","templated":true}]}}