{"id":45171,"date":"2023-04-26T17:31:43","date_gmt":"2023-04-26T20:31:43","guid":{"rendered":"https:\/\/www.ccbc.org.br\/cam-ccbc-centro-arbitragem-mediacao\/norma-complementar-02-2023\/"},"modified":"2024-05-07T21:32:59","modified_gmt":"2024-05-08T00:32:59","slug":"norma-complementaria-02-2023","status":"publish","type":"page","link":"https:\/\/www.ccbc.org.br\/cam-ccbc-centro-arbitragem-mediacao\/es\/norma-complementaria-02-2023\/","title":{"rendered":"Norma Complementaria 02\/2023"},"content":{"rendered":"<p>[et_pb_section fb_built=&#8221;1&#8243; module_class=&#8221;interior-header&#8221; _builder_version=&#8221;4.16&#8243; background_image=&#8221;https:\/\/ccbc.org.br\/cam-ccbc-centro-arbitragem-mediacao\/wp-content\/uploads\/sites\/10\/2018\/08\/Conj31-A1-SalaDeArbitragem.jpg&#8221; custom_padding=&#8221;200px|0px||0px|false|false&#8221; locked=&#8221;off&#8221; global_colors_info=&#8221;{}&#8221;][et_pb_row _builder_version=&#8221;4.16&#8243; custom_margin=&#8221;50px|||&#8221; global_colors_info=&#8221;{}&#8221;][et_pb_column type=&#8221;4_4&#8243; _builder_version=&#8221;4.16&#8243; background_position=&#8221;top_left&#8221; custom_padding=&#8221;|||&#8221; global_colors_info=&#8221;{}&#8221; custom_padding__hover=&#8221;|||&#8221;][et_pb_text admin_label=&#8221;Header&#8221; _builder_version=&#8221;4.17.4&#8243; text_font=&#8221;||||||||&#8221; text_font_size=&#8221;22px&#8221; header_font=&#8221;||||||||&#8221; header_font_size=&#8221;60px&#8221; header_line_height=&#8221;1.2em&#8221; background_layout=&#8221;dark&#8221; hover_enabled=&#8221;0&#8243; text_font_size_tablet=&#8221;14px&#8221; text_font_size_phone=&#8221;14px&#8221; text_font_size_last_edited=&#8221;on|phone&#8221; header_font_size_tablet=&#8221;30px&#8221; header_font_size_phone=&#8221;&#8221; header_font_size_last_edited=&#8221;on|phone&#8221; global_colors_info=&#8221;{}&#8221; sticky_enabled=&#8221;0&#8243;]<\/p>\n<h1>Reglamento de Arbitraje Corporativo<\/h1>\n<p>Norma Complementaria 02\/2023<\/p>\n<p>[\/et_pb_text][\/et_pb_column][\/et_pb_row][et_pb_row _builder_version=&#8221;4.16&#8243; custom_margin=&#8221;0px||0px|&#8221; custom_padding=&#8221;0px||0px|&#8221; global_colors_info=&#8221;{}&#8221;][et_pb_column type=&#8221;4_4&#8243; _builder_version=&#8221;4.16&#8243; custom_padding=&#8221;|||&#8221; global_colors_info=&#8221;{}&#8221; custom_padding__hover=&#8221;|||&#8221;][et_pb_code admin_label=&#8221;Breadcrumbs shortcode&#8221; module_class=&#8221;breadcrumbs&#8221; _builder_version=&#8221;4.16&#8243; custom_css_main_element=&#8221;margin-top: 103px;||font-size: 14px;&#8221; global_colors_info=&#8221;{}&#8221;][\/et_pb_code][\/et_pb_column][\/et_pb_row][\/et_pb_section][et_pb_section fb_built=&#8221;1&#8243; _builder_version=&#8221;4.16&#8243; locked=&#8221;off&#8221; global_colors_info=&#8221;{}&#8221;][et_pb_row _builder_version=&#8221;4.16&#8243; background_size=&#8221;initial&#8221; background_position=&#8221;top_left&#8221; background_repeat=&#8221;repeat&#8221; global_colors_info=&#8221;{}&#8221;][et_pb_column type=&#8221;4_4&#8243; _builder_version=&#8221;4.16&#8243; custom_padding=&#8221;|||&#8221; global_colors_info=&#8221;{}&#8221; custom_padding__hover=&#8221;|||&#8221;][et_pb_text ol_type=&#8221;lower-alpha&#8221; ol_item_indent=&#8221;30px&#8221; admin_label=&#8221;Text&#8221; _builder_version=&#8221;4.17.4&#8243; background_size=&#8221;initial&#8221; background_position=&#8221;top_left&#8221; background_repeat=&#8221;repeat&#8221; global_colors_info=&#8221;{}&#8221;]<\/p>\n<p>CONSIDERANDO el compromiso de CAM-CCBC con las mejores pr\u00e1cticas y el desarrollo continuo de los m\u00e9todos apropiados de resoluci\u00f3n de conflictos,<\/p>\n<p>La Presidenta del Centro de Arbitraje y Mediaci\u00f3n de la C\u00e1mara de Comercio Brasil-Canad\u00e1 (\u00ab<strong>CAM-CCBC<\/strong>\u00bb), en ejercicio de las atribuciones que le confiere la Reglamentaci\u00f3n Interna de CAM-CCBC, con la aprobaci\u00f3n del Consejo Consultivo, resuelve editar la siguiente Norma Complementaria, que dispone sobre los arbitrajes relacionados con intereses pluri individuales uniformes en el arbitraje societario (\u00ab<strong>Reglamento de Arbitraje Societario<\/strong>\u00bb) administrados por CAM-CCBC.<\/p>\n<p><strong>Art. 1\u00ba.<\/strong> Se aplicar\u00e1 lo dispuesto en el presente Reglamento de Arbitraje Societario cuando, acumulativamente:<\/p>\n<ol>\n<li>el laudo arbitral pueda afectar no solo a quienes forman parte de la parte demandante del arbitraje o que se hayan incluido en la parte demandada en la Solicitud de Arbitraje, sino tambi\u00e9n al \u00e1mbito jur\u00eddico de una sociedad an\u00f3nima, sociedad de responsabilidad limitada o asociaci\u00f3n (\u00ab<strong>Persona Jur\u00eddica<\/strong>\u00bb) y, simult\u00e1neamente, de los socios, asociados o accionistas titulares de valores mobiliarios de la clase o especie directamente sujetos a los efectos del laudo arbitral, y\/o los administradores tambi\u00e9n sujetos a \u00e9l (\u00ab<strong>Terceros Afectados<\/strong>\u00bb);<\/li>\n<li>la naturaleza de la relaci\u00f3n jur\u00eddica en disputa sujeta al arbitraje requiera una decisi\u00f3n uniforme para todos los Terceros Afectados; y<\/li>\n<li>los estatutos o el contrato social de la Persona Jur\u00eddica incluyan una cl\u00e1usula seg\u00fan la cual las partes acuerdan que CAM-CCBC administrar\u00e1 el arbitraje y que este se regir\u00e1 por el Reglamento de CAM-CCBC, de conformidad con el art\u00edculo 1\u00ba del Reglamento de Arbitraje de CAM-CCBC.<\/li>\n<\/ol>\n<p><strong>Art. 2\u00ba. <\/strong>Adem\u00e1s de otras, en la medida en que configuren la hip\u00f3tesis prevista en el art.\u00a01\u00ba y sus incisos, se regir\u00e1n por este Reglamento de Arbitraje Societario los arbitrajes que traten de las siguientes materias:<\/p>\n<ol>\n<li>la nulidad de las asambleas o reuniones de socios, accionistas, asociados o de sus respectivos \u00f3rganos de administraci\u00f3n, as\u00ed como la nulidad de cualesquiera resoluciones tomadas en dichas asambleas o reuniones; o<\/li>\n<li>la disoluci\u00f3n total o parcial, retiro o exclusi\u00f3n de socios, accionistas o asociados, c\u00e1lculo de haberes; o<\/li>\n<li>la responsabilidad del controlador, administradores o miembros del consejo fiscal ante la Persona Jur\u00eddica, sus accionistas, socios o asociados; o<\/li>\n<li>la responsabilidad de los accionistas, socios o asociados, por el ejercicio abusivo del derecho de voto.<\/li>\n<\/ol>\n<p><strong>Art. 3\u00ba. <\/strong>De oficio o por solicitud de cualquiera de las partes, y siempre observando la debida contradicci\u00f3n, la Presidencia de CAM-CCBC resolver\u00e1 sobre la incidencia del art. 1\u00ba, determinando, en su caso, la regulaci\u00f3n del arbitraje por el presente Reglamento de Arbitraje Societario.<\/p>\n<p><strong>Art. 4\u00ba. <\/strong>En el mismo acto o tras la solicitud de informaci\u00f3n sobre los Terceros Afectados a las partes, la Presidencia de CAM-CCBC determinar\u00e1 la notificaci\u00f3n de todos los Terceros Afectados (\u00ab<strong>Notificaci\u00f3n de los Terceros Afectados<\/strong>\u00bb) para que participen en el arbitraje, si as\u00ed lo desean, siendo todos notificados con sujeci\u00f3n a los efectos de las decisiones arbitrales, independientemente de su participaci\u00f3n efectiva.<\/p>\n<p><strong>P\u00e1rrafo Primero. <\/strong>El borrador de la Notificaci\u00f3n de los Terceros Afectados lo elaborar\u00e1 e instruir\u00e1 la Secretar\u00eda de CAM-CCBC con la solicitud de arbitraje y deber\u00e1 contener informaci\u00f3n sobre:<\/p>\n<ol>\n<li>las partes del arbitraje;<\/li>\n<li>los valores, bienes o derechos involucrados, seg\u00fan se indica en la solicitud de arbitraje; y<\/li>\n<li>el pedido o provisi\u00f3n reclamada en la solicitud de arbitraje.<\/li>\n<\/ol>\n<p><strong>P\u00e1rrafo Segundo. <\/strong>Corresponder\u00e1 a la parte que haya presentado la solicitud de arbitraje notificar a los Terceros Afectados, de conformidad con el art\u00edculo 5\u00ba de este Reglamento, debiendo acompa\u00f1ar la comprobaci\u00f3n de la realizaci\u00f3n de todas las notificaciones a los autos.<\/p>\n<p><strong>Art. 5\u00ba. <\/strong>En el caso de las empresas abiertas obligadas a publicar el aviso de demandas societarias, las Notificaciones de los Terceros Afectados deber\u00e1n divulgarse en la forma prevista para dicha publicaci\u00f3n, en los t\u00e9rminos del reglamento de la Comisi\u00f3n de Valores Mobiliarios. En el caso de otras Personas Jur\u00eddicas, las Notificaciones de los Terceros Afectados deber\u00e1n divulgarse de conformidad con el procedimiento para la convocatoria de los socios o asociados a sus asambleas o reuniones, de conformidad con los estatutos sociales o, en su defecto, con la ley aplicable a la Persona Jur\u00eddica.<\/p>\n<p><strong>Art. 6\u00ba. <\/strong>Corresponder\u00e1 a la Presidencia de CAM-CCBC analizar y proceder a la consolidaci\u00f3n del arbitraje con otro eventualmente preexistente, previa audiencia de las partes en ambos procesos.<\/p>\n<p><strong>P\u00e1rrafo \u00fanico. <\/strong>Se aplica a los arbitrajes regidos por este Reglamento de Arbitraje Societario lo dispuesto en el art.\u00a019<a href=\"#_ftn1\" name=\"_ftnref1\">[1]<\/a> del Reglamento de Arbitraje de CAM-CCBC en caso de nuevo arbitraje promovido por cualquier Tercero Afectado o Persona Jur\u00eddica para tratar pedidos sometidos al primer arbitraje, prevaleciendo la jurisdicci\u00f3n del Tribunal Arbitral establecido.<\/p>\n<p><strong>Art. 7\u00ba. <\/strong>La Notificaci\u00f3n de los Terceros Afectados establecer\u00e1 un plazo de 30 (treinta) d\u00edas calendario para la manifestaci\u00f3n de los Terceros Afectados y, en su caso, de la Persona Jur\u00eddica, los cuales podr\u00e1n solicitar su inclusi\u00f3n en el arbitraje (i) sustentando la pretensi\u00f3n del Demandante o Demandantes, (ii) indicando que tienen la intenci\u00f3n de unirse a la parte del Demandado o Demandados originales, o (iii) simplemente acompa\u00f1ando el arbitraje.<\/p>\n<p><strong>P\u00e1rrafo \u00fanico<\/strong>. Transcurrido el plazo previsto en el <em>caput<\/em> de este art\u00edculo, la Secretar\u00eda de CAM-CCBC certificar\u00e1 las partes de la parte demandada, brindando la oportunidad de que presenten una respuesta a la Solicitud de Arbitraje.<\/p>\n<p><strong>Art. 8\u00ba. <\/strong>Los Terceros Afectados que formen parte del arbitraje en los casos del art\u00edculo 7\u00ba, (i) y (ii) de este Reglamento ser\u00e1n considerados Partes en el arbitraje a todos los efectos, incluido el pago de las costas.<\/p>\n<p><strong>Art. 9\u00ba. <\/strong>La falta de presentaci\u00f3n de respuesta de los Terceros Afectados notificados o de la Persona Jur\u00eddica no afectar\u00e1 la aplicaci\u00f3n de lo dispuesto en la parte final del art.\u00a04\u00ba en cuanto a los efectos del laudo arbitral de m\u00e9rito.<\/p>\n<p><strong>Art. 10\u00ba. <\/strong>Los Terceros Afectados podr\u00e1n ingresar al arbitraje en cualquier momento, en el estado en que se encuentren cuando se haga la solicitud de ingreso, sujet\u00e1ndose a la elecci\u00f3n de los \u00e1rbitros, si ya se hubiera hecho, as\u00ed como a los actos ya practicados en el procedimiento.<\/p>\n<p><strong>Art. 11. <\/strong>En cualquier momento, los Terceros Afectados que no formen parte del arbitraje conforme al art.\u00a08\u00ba anterior, podr\u00e1n solicitar a la Secretar\u00eda de CAM-CCBC que se les proporcione un enlace personal e intransferible para acceder a la totalidad de todos los actos hasta la finalizaci\u00f3n del arbitraje, oblig\u00e1ndose a la confidencialidad, en los casos en que ello resulte aplicable conforme a los t\u00e9rminos acordados por las partes.<\/p>\n<p><strong>Art. 12. <\/strong>Si se presenta una nueva solicitud que est\u00e9 sujeta a la hip\u00f3tesis de aplicaci\u00f3n de este Reglamento de Arbitraje Societario previsto en el art\u00edculo 1\u00ba, corresponder\u00e1 a la Presidencia del CAM-CCBC suspender el arbitraje y determinar la realizaci\u00f3n de la Notificaci\u00f3n de los Terceros Afectados, espec\u00edficamente en relaci\u00f3n con este nuevo pedido.<\/p>\n<p><strong>P\u00e1rrafo Primero. <\/strong>Corresponder\u00e1 a la parte que haya presentado el nuevo pedido realizar la nueva Notificaci\u00f3n de los Terceros Afectados, debiendo incorporar a los autos la comprobaci\u00f3n de todas las nuevas notificaciones a los autos.<\/p>\n<p><strong>P\u00e1rrafo Segundo. <\/strong>Si el nuevo pedido se presentare con posterioridad a la designaci\u00f3n de los \u00e1rbitros y antes de la celebraci\u00f3n del t\u00e9rmino de arbitraje, o incluso en el momento de su celebraci\u00f3n, el Tribunal Arbitral remitir\u00e1 el asunto a la Presidencia de CAM-CCBC, quien ser\u00e1 responsable del an\u00e1lisis y las medidas previstas en el art\u00edculo 12 de este Reglamento.<\/p>\n<p><strong>P\u00e1rrafo Tercero. <\/strong>La Presidencia de CAM-CCBC, en su caso, podr\u00e1 designar un nuevo Tribunal Arbitral, incluso aplicando el art\u00edculo 12 del Reglamento de Arbitraje.<\/p>\n<p><strong>Art. 13. <\/strong>El Reglamento de Arbitraje de CAM-CCBC se aplica a los arbitrajes sometidos a este Reglamento de Arbitraje Societario, en cuanto no contradiga las disposiciones espec\u00edficas aqu\u00ed contenidas. Los casos omisos de este Reglamento de Arbitraje Societario los decidir\u00e1 la Presidencia de CAM-CCBC.<\/p>\n<p><strong>Art. 14. <\/strong>El presente Reglamento se aplica a los arbitrajes iniciados desde el inicio de su vigencia.<\/p>\n<p>&nbsp;<\/p>\n<p style=\"text-align: center;\">***<\/p>\n<p style=\"text-align: center;\">S\u00e3o Paulo, 26 de abril de 2023<\/p>\n<p style=\"text-align: center;\">\u00a0Eleonora Coelho<\/p>\n<p style=\"text-align: center;\">Presidente<\/p>\n<p><!-- \/divi:paragraph --><\/p>\n<p>[\/et_pb_text][et_pb_text ol_type=&#8221;lower-alpha&#8221; admin_label=&#8221;Text&#8221; _builder_version=&#8221;4.17.4&#8243; text_font_size=&#8221;10px&#8221; background_size=&#8221;initial&#8221; background_position=&#8221;top_left&#8221; background_repeat=&#8221;repeat&#8221; global_colors_info=&#8221;{}&#8221;]<\/p>\n<p><a href=\"#_ftnref1\" name=\"_ftn1\"><span>[1]<\/span><\/a> Art\u00edculo\u00a019 \u2013 Consolidaci\u00f3n de Arbitrajes<\/p>\n<p>19.1 La Presidencia de CAM-CCBC podr\u00e1, a solicitud de una parte presentada antes de la constituci\u00f3n del tribunal arbitral del segundo proceso, considerada la fase del primero, consolidar, en un solo arbitraje, dos o m\u00e1s arbitrajes pendientes, sometidos al Reglamento, cuando:<\/p>\n<p>(a) las partes hayan acordado la consolidaci\u00f3n; o<\/p>\n<p>(b) todas las demandas en los arbitrajes se formulen con base en el mismo acuerdo de arbitraje; o<\/p>\n<p>(c) las demandas en los arbitrajes no se formulen con base en el mismo acuerdo de arbitraje, pero (i) los arbitrajes involucren a las mismas partes, (ii) las controversias en los arbitrajes est\u00e9n relacionadas con la misma relaci\u00f3n jur\u00eddica, y (iii) la Presidencia de CAM-CCBC entienda que los acuerdos arbitrales son compatibles.<\/p>\n<p>19.2 Al decidir sobre la consolidaci\u00f3n, la Presidencia de CAM-CCBC podr\u00e1 consultar a los \u00e1rbitros ya designados.<\/p>\n<p>19.3 El procedimiento arbitral se consolidar\u00e1 en el arbitraje iniciado en primer lugar, salvo pacto en contrario de las partes.<\/p>\n<p>[\/et_pb_text][\/et_pb_column][\/et_pb_row][\/et_pb_section]<\/p>\n","protected":false},"excerpt":{"rendered":"<p>Reglamento de Arbitraje Corporativo Norma Complementaria 02\/2023CONSIDERANDO el compromiso de CAM-CCBC con las mejores pr\u00e1cticas y el desarrollo continuo de los m\u00e9todos apropiados de resoluci\u00f3n de conflictos, La Presidenta del Centro de Arbitraje y Mediaci\u00f3n de la C\u00e1mara de Comercio Brasil-Canad\u00e1 (\u00abCAM-CCBC\u00bb), en ejercicio de las atribuciones que le confiere la Reglamentaci\u00f3n Interna de CAM-CCBC, [&hellip;]<\/p>\n","protected":false},"author":25,"featured_media":0,"parent":0,"menu_order":0,"comment_status":"closed","ping_status":"closed","template":"","meta":{"_et_pb_use_builder":"on","_et_pb_old_content":"<!-- wp:paragraph -->\n<p><strong>Ref.: <\/strong><strong>Calend\u00e1rio 2022<\/strong><\/p>\n<!-- \/wp:paragraph -->\n\n<!-- wp:paragraph -->\n<p>A Presidente do CAM-CCBC, no uso das atribui\u00e7\u00f5es que lhe s\u00e3o conferidas pelo artigo 2.6, al\u00ednea \u2018c\u2019, do Regulamento do CAM-CCBC, aprovado em 01 de setembro de 2011, informa que n\u00e3o haver\u00e1 expediente no CAM-CCBC<a href=\"#_ftn1\">[1]<\/a> aos finais de semana e nas seguintes datas de 2022<a href=\"#_ftn2\">[2]<\/a>: <em><\/em><\/p>\n<!-- \/wp:paragraph -->\n\n<!-- wp:table -->\n<figure class=\"wp-block-table\"><table><tbody><tr><td><strong>Data<\/strong><\/td><td><strong>Dia da semana<\/strong><\/td><td><strong>Data comemorativa<\/strong><\/td><\/tr><tr><td>24\/01\/2022<\/td><td>Segunda-feira<\/td><td>(Ponte) Anivers\u00e1rio de S\u00e3o Paulo<\/td><\/tr><tr><td>25\/01\/2022<\/td><td>Ter\u00e7a-feira<\/td><td>Anivers\u00e1rio de S\u00e3o Paulo<a href=\"#_ftn3\">[3]<\/a> <em>- mantida<\/em><\/td><\/tr><tr><td>28\/02\/2022<\/td><td>Segunda-feira<\/td><td>(Ponte) Carnaval<\/td><\/tr><tr><td>01\/03\/2022<\/td><td>Ter\u00e7a-feira<\/td><td>Carnaval<\/td><\/tr><tr><td>02\/03\/2022<\/td><td>Quarta-feira<\/td><td>Quarta-Feira de Cinzas<\/td><\/tr><tr><td>15\/04\/2022<\/td><td>Sexta-feira<\/td><td>Sexta-feira Santa<\/td><\/tr><tr><td>21\/04\/2022<\/td><td>Quinta-feira<\/td><td>Dia de Tiradentes<\/td><\/tr><tr><td>22\/04\/2022<\/td><td>Sexta-feira<\/td><td>(Ponte) Dia de Tiradentes<\/td><\/tr><tr><td>16\/06\/2022<\/td><td>Quinta-feira<\/td><td>Corpus Christi<a href=\"#_ftn4\">[4]<\/a> <em>- mantida<\/em><\/td><\/tr><tr><td>17\/06\/2022<\/td><td>Sexta-feira<\/td><td>(Ponte) Corpus Christi<\/td><\/tr><tr><td>07\/09\/2022<\/td><td>Quarta-feira<\/td><td>Dia da Independ\u00eancia do Brasil<\/td><\/tr><tr><td>12\/10\/2022<\/td><td>Quarta-Feira<\/td><td>Dia de Nossa Senhora Aparecida<\/td><\/tr><tr><td>02\/11\/2022<\/td><td>Quarta-Feira<\/td><td>Dia de Finados<\/td><\/tr><tr><td>14\/11\/2022<\/td><td>Segunda-feira<\/td><td>(Ponte) Proclama\u00e7\u00e3o da Rep\u00fablica<\/td><\/tr><tr><td>15\/11\/2022<\/td><td>Ter\u00e7a-feira<\/td><td>Proclama\u00e7\u00e3o da Rep\u00fablica<\/td><\/tr><\/tbody><\/table><\/figure>\n<!-- \/wp:table -->\n\n<!-- wp:paragraph -->\n<p>Ser\u00e3o considerados dias \u00fateis aqueles em que houver expediente no CAM-CCBC. Em caso de notifica\u00e7\u00f5es, comunica\u00e7\u00f5es ou outros atos realizados em dia em que n\u00e3o houver expediente no CAM-CCBC, estes ser\u00e3o considerados como realizados no pr\u00f3ximo dia \u00fatil.<\/p>\n<!-- \/wp:paragraph -->\n\n<!-- wp:paragraph -->\n<p>Do mesmo modo, prazos com vencimento em dia em que n\u00e3o houver expediente no CAM-CCBC ser\u00e3o prorrogados para o primeiro dia \u00fatil seguinte<a href=\"#_ftn5\">[5]<\/a>, conforme o artigo 6.6.2<a href=\"#_ftn6\">[6]<\/a> do Regulamento. <em><\/em><\/p>\n<!-- \/wp:paragraph -->\n\n<!-- wp:paragraph -->\n<p>Em car\u00e1ter excepcional, os procedimentos de \u00e1rbitro de emerg\u00eancia, regidos pelas Resolu\u00e7\u00f5es Administrativas n\u00b0 32\/2018<a href=\"#_ftn7\">[7]<\/a> e 44\/2020<a href=\"#_ftn8\">[8]<\/a>, podem ter andamento e vencimento de prazo em dia n\u00e3o \u00fatil (ou seja, em dia em que n\u00e3o h\u00e1 expediente no CAM-CCBC). <em><\/em><\/p>\n<!-- \/wp:paragraph -->\n\n<!-- wp:paragraph -->\n<p>Ademais, para melhor organiza\u00e7\u00e3o dos trabalhos, informamos, ainda, que o CAM-CCBC estar\u00e1 em recesso de 21 de dezembro de 2022 at\u00e9 o dia 04 de janeiro de 2023. Todos os prazos ficar\u00e3o suspensos no per\u00edodo, voltando a correr no dia 05 de janeiro de 2023.<\/p>\n<!-- \/wp:paragraph -->\n\n<!-- wp:table -->\n<figure class=\"wp-block-table\"><table><tbody><tr><td><strong>Recesso<\/strong><\/td><td><strong>Data<\/strong><strong><\/strong><\/td><td><strong>Dia da semana<\/strong><strong><\/strong><\/td><\/tr><tr><td>In\u00edcio<\/td><td>21\/12\/2022<\/td><td>Quarta-feira<\/td><\/tr><tr><td>Fim<\/td><td>04\/01\/2023<\/td><td>Quarta-feira<\/td><\/tr><\/tbody><\/table><\/figure>\n<!-- \/wp:table -->\n\n<!-- wp:paragraph {\"align\":\"center\"} -->\n<p class=\"has-text-align-center\">***<\/p>\n<!-- \/wp:paragraph -->\n\n<!-- wp:paragraph {\"align\":\"center\"} -->\n<p class=\"has-text-align-center\">S\u00e3o Paulo, 16 de dezembro de 2021<\/p>\n<!-- \/wp:paragraph -->\n\n<!-- wp:paragraph {\"align\":\"center\"} -->\n<p class=\"has-text-align-center\">Eleonora Coelho<\/p>\n<!-- \/wp:paragraph -->\n\n<!-- wp:paragraph {\"align\":\"center\"} -->\n<p class=\"has-text-align-center\">Presidente do CAM-CCBC<\/p>\n<!-- \/wp:paragraph -->\n\n<!-- wp:paragraph -->\n<p><sub><a href=\"#_ftnref1\">[1]<\/a> A sede de S\u00e3o Paulo \u00e9 utilizada como refer\u00eancia para defini\u00e7\u00e3o dos dias de expediente do CAM-CCBC, n\u00e3o obstante ter tamb\u00e9m unidade localizada no Rio de Janeiro.<\/sub><\/p>\n<!-- \/wp:paragraph -->\n\n<!-- wp:paragraph -->\n<p><sub><a href=\"#_ftnref2\">[2]<\/a> Apesar de a Prefeitura de S\u00e3o Paulo ter adiantado os feriados de Anivers\u00e1rio de S\u00e3o Paulo (janeiro) e Corpus Christi (junho), conforme o Comunicado da Presid\u00eancia de 22 de mar\u00e7o de 2021 o funcionamento foi mantido no CAM-CCBC nas datas correspondentes e, portanto, n\u00e3o haver\u00e1 expediente nessas datas em 2022.<\/sub><\/p>\n<!-- \/wp:paragraph -->\n\n<!-- wp:paragraph -->\n<p><sub>Comunicado da Presid\u00eancia de 22 de mar\u00e7o de 2021: \u201c<em>Em decreto publicado na quinta-feira dia 18.03.2021, a Prefeitura de S\u00e3o Paulo informou a antecipa\u00e7\u00e3o de feriados de 2021 (Corpus Christi, em junho, e Dia da Consci\u00eancia Negra, em novembro) e dos seguintes feriados de 2022: Anivers\u00e1rio de S\u00e3o Paulo (janeiro), Corpus Christi (junho) e Dia da Consci\u00eancia Negra (novembro). A medida tem como foco principal os setores que ainda mant\u00eam funcionamento presencial, pretende reduzir a circula\u00e7\u00e3o e evitar aglomera\u00e7\u00f5es. Como o CAM-CCBC est\u00e1 conduzindo suas atividades de forma 100% remota e, portanto, j\u00e1 contribui para o isolamento social mesmo em dias \u00fateis, decidimos manter nosso funcionamento com efetivo reduzido nos dias 26, 29, 30, 31 de mar\u00e7o e 1\u00ba de abril de 2021, observado estrito cumprimento das regras trabalhistas para tal hip\u00f3tese. Nossa decis\u00e3o considerou tamb\u00e9m a import\u00e2ncia da n\u00e3o interrup\u00e7\u00e3o do andamento dos procedimentos sob nossa gest\u00e3o neste momento t\u00e3o delicado para o mundo e especialmente para nosso pa\u00eds.\u201d<\/em><\/sub><\/p>\n<!-- \/wp:paragraph -->\n\n<!-- wp:paragraph -->\n<p><sub><a href=\"#_ftnref3\">[3]<\/a> Vide nota de rodap\u00e9 2.<\/sub><\/p>\n<!-- \/wp:paragraph -->\n\n<!-- wp:paragraph -->\n<p><sub><a href=\"#_ftnref4\">[4]<\/a> Vide nota de rodap\u00e9 2.<\/sub><\/p>\n<!-- \/wp:paragraph -->\n\n<!-- wp:paragraph -->\n<p><sub><a href=\"#_ftnref5\">[5]<\/a> Assim, por exemplo, caso a notifica\u00e7\u00e3o seja recebida em dia n\u00e3o \u00fatil, como s\u00e1bado ou domingo, para fins de contagem de prazo, ser\u00e1 considerada como recebida no pr\u00f3ximo dia \u00fatil, usualmente segunda-feira.<\/sub><\/p>\n<!-- \/wp:paragraph -->\n\n<!-- wp:paragraph -->\n<p><sub><a href=\"#_ftnref6\">[6]<\/a> Artigo 6.6.2. Considera-se prorrogado o prazo at\u00e9 o primeiro dia \u00fatil se o vencimento cair em dia em que n\u00e3o houver expediente no CAM-CCBC.<\/sub><\/p>\n<!-- \/wp:paragraph -->\n\n<!-- wp:paragraph -->\n<p><sub><a href=\"#_ftnref7\">[7]<\/a> Dispon\u00edvel em: https:\/\/www.ccbc.org.br\/cam-ccbc-centro-arbitragem-mediacao\/resolucao-de-disputas\/resolucoes-administrativas\/ra-32-2018-ref-procedimento-do-arbitro-de-emergencia\/<\/sub><\/p>\n<!-- \/wp:paragraph -->\n\n<!-- wp:paragraph -->\n<p><sub><a href=\"#_ftnref8\">[8]<\/a> Dispon\u00edvel em: https:\/\/www.ccbc.org.br\/cam-ccbc-centro-arbitragem-mediacao\/ra-44-2020\/<\/sub><\/p>\n<!-- \/wp:paragraph -->","_et_gb_content_width":"1200","footnotes":""},"class_list":["post-45171","page","type-page","status-publish","hentry"],"_links":{"self":[{"href":"https:\/\/www.ccbc.org.br\/cam-ccbc-centro-arbitragem-mediacao\/es\/wp-json\/wp\/v2\/pages\/45171","targetHints":{"allow":["GET"]}}],"collection":[{"href":"https:\/\/www.ccbc.org.br\/cam-ccbc-centro-arbitragem-mediacao\/es\/wp-json\/wp\/v2\/pages"}],"about":[{"href":"https:\/\/www.ccbc.org.br\/cam-ccbc-centro-arbitragem-mediacao\/es\/wp-json\/wp\/v2\/types\/page"}],"author":[{"embeddable":true,"href":"https:\/\/www.ccbc.org.br\/cam-ccbc-centro-arbitragem-mediacao\/es\/wp-json\/wp\/v2\/users\/25"}],"replies":[{"embeddable":true,"href":"https:\/\/www.ccbc.org.br\/cam-ccbc-centro-arbitragem-mediacao\/es\/wp-json\/wp\/v2\/comments?post=45171"}],"version-history":[{"count":0,"href":"https:\/\/www.ccbc.org.br\/cam-ccbc-centro-arbitragem-mediacao\/es\/wp-json\/wp\/v2\/pages\/45171\/revisions"}],"wp:attachment":[{"href":"https:\/\/www.ccbc.org.br\/cam-ccbc-centro-arbitragem-mediacao\/es\/wp-json\/wp\/v2\/media?parent=45171"}],"curies":[{"name":"wp","href":"https:\/\/api.w.org\/{rel}","templated":true}]}}