{"id":27373,"date":"2021-01-05T12:44:26","date_gmt":"2021-01-05T15:44:26","guid":{"rendered":"https:\/\/www.ccbc.org.br\/cam-ccbc-centro-arbitragem-mediacao\/ra-45-2021-calendario-2021\/"},"modified":"2021-01-08T14:00:34","modified_gmt":"2021-01-08T17:00:34","slug":"ra-45-2021-calendario-2021","status":"publish","type":"page","link":"https:\/\/www.ccbc.org.br\/cam-ccbc-centro-arbitragem-mediacao\/es\/ra-45-2021-calendario-2021\/","title":{"rendered":"RA 45\/2021 &#8211; Calendario 2021"},"content":{"rendered":"<p>[et_pb_section fb_built=&#8221;1&#8243; module_class=&#8221;interior-header&#8221; _builder_version=&#8221;3.12.2&#8243; background_image=&#8221;https:\/\/ccbc.org.br\/cam-ccbc-centro-arbitragem-mediacao\/wp-content\/uploads\/sites\/10\/2018\/08\/Conj31-A1-SalaDeArbitragem.jpg&#8221; custom_padding=&#8221;200px|0px||0px|false|false&#8221;][et_pb_row custom_margin=&#8221;50px|||&#8221; background_position_1=&#8221;top_left&#8221; background_repeat_1=&#8221;no-repeat&#8221; _builder_version=&#8221;3.11.1&#8243;][et_pb_column type=&#8221;4_4&#8243; _builder_version=&#8221;3.0.47&#8243;][et_pb_text admin_label=&#8221;Header&#8221; _builder_version=&#8221;3.21.1&#8243; text_font=&#8221;||||||||&#8221; text_font_size=&#8221;22px&#8221; text_font_size_tablet=&#8221;14px&#8221; text_font_size_phone=&#8221;14px&#8221; text_font_size_last_edited=&#8221;on|phone&#8221; header_font=&#8221;||||||||&#8221; header_font_size=&#8221;60px&#8221; header_font_size_tablet=&#8221;30px&#8221; header_font_size_last_edited=&#8221;on|phone&#8221; header_line_height=&#8221;1.2em&#8221; background_layout=&#8221;dark&#8221;]<\/p>\n<h1>RA 45\/2021<\/h1>\n<p>Calendario 2021<\/p>\n<p>[\/et_pb_text][\/et_pb_column][\/et_pb_row][et_pb_row custom_padding=&#8221;0px||0px|&#8221; custom_margin=&#8221;0px||0px|&#8221; _builder_version=&#8221;3.12.2&#8243;][et_pb_column type=&#8221;4_4&#8243; _builder_version=&#8221;3.0.47&#8243;][et_pb_code admin_label=&#8221;Breadcrumbs shortcode&#8221; module_class=&#8221;breadcrumbs&#8221; _builder_version=&#8221;3.21.1&#8243; custom_css_main_element=&#8221;margin-top: 103px;||font-size: 14px;&#8221;][\/et_pb_code][\/et_pb_column][\/et_pb_row][\/et_pb_section][et_pb_section fb_built=&#8221;1&#8243; _builder_version=&#8221;3.0.47&#8243;][et_pb_row _builder_version=&#8221;3.0.48&#8243; background_size=&#8221;initial&#8221; background_position=&#8221;top_left&#8221; background_repeat=&#8221;repeat&#8221;][et_pb_column type=&#8221;4_4&#8243; _builder_version=&#8221;3.0.47&#8243;][et_pb_text _builder_version=&#8221;3.21.1&#8243; text_font=&#8221;||||||||&#8221; background_size=&#8221;initial&#8221; background_position=&#8221;top_left&#8221; background_repeat=&#8221;repeat&#8221; z_index_tablet=&#8221;500&#8243;]&nbsp;<\/p>\n<p><strong>Ref.: Calendario 2021<\/strong><\/p>\n<p>La Presidente del CAM-CCBC (Centro de Arbitraje y Mediaci\u00f3n de la C\u00e1mara de Comercio Brasil-Canad\u00e1), en uso de las facultades asignadas por el art. 2.6, alinea (c), del Reglamento del CAM-CCBC, aprobado el 01 de septiembre de 2011, informa que no habr\u00e1 expediente en el CAM-CCBC en las siguientes fechas de 2021:<\/p>\n<table>\n<tbody>\n<tr>\n<td width=\"95\"><strong>Fecha <\/strong><\/td>\n<td width=\"132\"><strong>D\u00eda de la semana <\/strong><\/td>\n<td colspan=\"2\" width=\"360\"><strong>Fiesta <\/strong><\/td>\n<\/tr>\n<tr>\n<td width=\"95\">25\/01\/2021<\/td>\n<td width=\"132\">Lunes<\/td>\n<td colspan=\"2\" width=\"360\">Aniversario de la ciudad de S\u00e3o Paulo<\/td>\n<\/tr>\n<tr>\n<td width=\"95\">15\/02\/2021<\/td>\n<td width=\"132\">Lunes<\/td>\n<td colspan=\"2\" width=\"360\">(Extensi\u00f3n del feriado) Carnaval<\/td>\n<\/tr>\n<tr>\n<td width=\"95\">16\/02\/2021<\/td>\n<td width=\"132\">Martes<\/td>\n<td colspan=\"2\" width=\"360\">Carnaval<\/td>\n<\/tr>\n<tr>\n<td width=\"95\">17\/02\/2021<\/td>\n<td width=\"132\">Mi\u00e9rcoles<\/td>\n<td colspan=\"2\" width=\"360\">Mi\u00e9rcoles de Cinzas<\/td>\n<\/tr>\n<tr>\n<td width=\"95\">02\/04\/2021<\/td>\n<td width=\"132\">Viernes<\/td>\n<td colspan=\"2\" width=\"360\">Viernes Santo<\/td>\n<\/tr>\n<tr>\n<td width=\"95\">21\/04\/2021<\/td>\n<td width=\"132\">Mi\u00e9rcoles<\/td>\n<td colspan=\"2\" width=\"360\">D\u00eda de Tiradentes<\/td>\n<\/tr>\n<tr>\n<td width=\"95\">03\/06\/2021<\/td>\n<td width=\"132\">Jueves<\/td>\n<td colspan=\"2\" width=\"360\">Corpus Christi<\/td>\n<\/tr>\n<tr>\n<td width=\"95\">04\/06\/2021<\/td>\n<td width=\"132\">Viernes<\/td>\n<td colspan=\"2\" width=\"360\">(Extensi\u00f3n del feriado) Corpus Christi<\/td>\n<\/tr>\n<tr>\n<td width=\"95\">09\/07\/2021<\/td>\n<td width=\"132\">Viernes<\/td>\n<td colspan=\"2\" width=\"360\">D\u00eda de la Revoluci\u00f3n Constitucionalista de 1932<\/td>\n<\/tr>\n<tr>\n<td width=\"95\">06\/09\/2021<\/td>\n<td width=\"132\">Lunes<\/td>\n<td colspan=\"2\" width=\"360\">(Extensi\u00f3n del feriado) D\u00eda de la Independencia de Brasil<\/td>\n<\/tr>\n<tr>\n<td width=\"95\">07\/09\/2021<\/td>\n<td width=\"132\">Martes<\/td>\n<td colspan=\"2\" width=\"360\">D\u00eda de la Independencia de Brasil<\/td>\n<\/tr>\n<tr>\n<td width=\"95\">11\/10\/2021<\/td>\n<td width=\"132\">Lunes<\/td>\n<td colspan=\"2\" width=\"360\">(Extensi\u00f3n del feriado) D\u00eda de Nuestra Se\u00f1ora<\/p>\n<p>Aparecida<\/td>\n<\/tr>\n<tr>\n<td width=\"95\">12\/10\/2021<\/td>\n<td width=\"132\">Martes<\/td>\n<td colspan=\"2\" width=\"360\">D\u00eda de Nuestra Se\u00f1ora Aparecida<\/td>\n<\/tr>\n<tr>\n<td width=\"95\">01\/11\/2021<\/td>\n<td width=\"132\">Lunes<\/td>\n<td colspan=\"2\" width=\"360\">(Extensi\u00f3n del feriado) D\u00eda de los muertos<\/td>\n<\/tr>\n<tr>\n<td width=\"95\">02\/11\/2021<\/td>\n<td width=\"132\">Martes<\/td>\n<td colspan=\"2\" width=\"360\">D\u00eda de los muertos<\/td>\n<\/tr>\n<tr>\n<td width=\"95\">15\/11\/2021<\/td>\n<td width=\"132\">Lunes<\/td>\n<td colspan=\"2\" width=\"360\">Proclamaci\u00f3n de la Rep\u00fablica<\/td>\n<\/tr>\n<\/tbody>\n<\/table>\n<p>Se considerar\u00e1n d\u00edas laborables aquellos en los que haya expediente en el CAM-CCBC. En el caso de las notificaciones, comunicaciones u otros actos realizados en d\u00eda que no hay expediente en el CAM-CCBC, \u00e9stos se considerar\u00e1n realizados en el d\u00eda laborable siguiente.<\/p>\n<p>Asimismo, los plazos con vencimiento en d\u00eda que no hay expediente en el CAM-CCBC se extender\u00e1n al primer d\u00eda laborable siguiente<a href=\"#_ftn1\" name=\"_ftnref1\">[1]<\/a>, seg\u00fan el art\u00edculo 6.6.2<a href=\"#_ftn2\" name=\"_ftnref2\">[2]<\/a> del Reglamento.<\/p>\n<p>Adem\u00e1s, para mejor organizaci\u00f3n de los trabajos, tengan en cuenta que el<\/p>\n<p>CAM-CCBC estar\u00e1 en receso del 18 de diciembre de 2021 hasta el 02 de enero de 2022. Todos los plazos se suspender\u00e1n durante este per\u00edodo, volviendo a correr el 03 de enero de 2022 (lunes).<\/p>\n<table width=\"568\">\n<tbody>\n<tr>\n<td width=\"182\"><strong>Receso <\/strong><\/td>\n<td width=\"224\"><strong>Fecha <\/strong><\/td>\n<td width=\"162\"><strong>D\u00eda de la semana <\/strong><\/td>\n<\/tr>\n<tr>\n<td width=\"182\">Inicio<\/td>\n<td width=\"224\">18\/12\/2021<\/td>\n<td width=\"162\">S\u00e1bado<\/td>\n<\/tr>\n<tr>\n<td width=\"182\">Fin<\/td>\n<td width=\"224\">02\/01\/2022<\/td>\n<td width=\"162\">Domingo<\/td>\n<\/tr>\n<\/tbody>\n<\/table>\n<p>&nbsp;<\/p>\n<p style=\"text-align: center;\">***<\/p>\n<p style=\"text-align: center;\">S\u00e3o Paulo, 4 de enero de 2021.<\/p>\n<p style=\"text-align: center;\">Eleonora Coelho<br \/>\nPresidente del CAM-CCBC<\/p>\n<p>[\/et_pb_text][et_pb_text _builder_version=&#8221;3.21.1&#8243; text_font=&#8221;||||||||&#8221; text_font_size=&#8221;9px&#8221; header_font=&#8221;||||||||&#8221; background_size=&#8221;initial&#8221; background_position=&#8221;top_left&#8221; background_repeat=&#8221;repeat&#8221;]<\/p>\n<p><a href=\"#_ftnref1\" name=\"_ftn1\"><span>[1]<\/span><\/a> As\u00ed, por ejemplo, si la notificaci\u00f3n es recibida en d\u00eda no laborable, tales como s\u00e1bado o domingo, a efectos de c\u00f3mputo de plazo, se considerar\u00e1 como recibida el d\u00eda h\u00e1bil siguiente, generalmente lunes.<\/p>\n<p><a href=\"#_ftnref2\" name=\"_ftn2\"><span>[2]<\/span><\/a> 6.6.2. Se considera ampliado el plazo hasta el primer d\u00eda h\u00e1bil si la fecha de vencimiento recae en d\u00eda cuando no hay trabajo en el CAM-CCBC.<\/p>\n<p>[\/et_pb_text][\/et_pb_column][\/et_pb_row][\/et_pb_section][et_pb_section fb_built=&#8221;1&#8243; disabled_on=&#8221;on|on|on&#8221; _builder_version=&#8221;3.19.18&#8243; background_color=&#8221;#054c84&#8243; custom_padding=&#8221;20px|0px|20px|0px|false|false&#8221; disabled=&#8221;on&#8221; global_module=&#8221;4117&#8243;][et_pb_row use_custom_gutter=&#8221;on&#8221; make_equal=&#8221;on&#8221; _builder_version=&#8221;3.11.1&#8243; module_alignment=&#8221;center&#8221;][et_pb_column type=&#8221;1_4&#8243; _builder_version=&#8221;3.0.47&#8243;][et_pb_image src=&#8221;https:\/\/ccbc.org.br\/cam-ccbc-centro-arbitragem-mediacao\/wp-content\/uploads\/sites\/10\/2018\/09\/843c1858-logo_camccbc_white_shadow_es.png&#8221; admin_label=&#8221;LOGO ES&#8221; _builder_version=&#8221;3.19.10&#8243; border_color_right=&#8221;#ffffff&#8221; max_width=&#8221;70%&#8221; module_alignment=&#8221;left&#8221; custom_margin=&#8221;|||&#8221; custom_padding=&#8221;|||&#8221;][\/et_pb_image][\/et_pb_column][et_pb_column type=&#8221;1_4&#8243; _builder_version=&#8221;3.0.47&#8243;][et_pb_text admin_label=&#8221;ENTRE EN CONTACTO&#8221; _builder_version=&#8221;3.19.10&#8243; text_text_color=&#8221;#ffffff&#8221; text_font_size=&#8221;10px&#8221; text_line_height=&#8221;1em&#8221; text_text_shadow_style=&#8221;preset2&#8243; header_3_text_color=&#8221;#ffffff&#8221; header_3_font_size=&#8221;13px&#8221; header_3_letter_spacing=&#8221;2px&#8221; border_width_left=&#8221;1px&#8221; border_color_left=&#8221;#ffffff&#8221; custom_margin=&#8221;13px|||-35px&#8221; custom_margin_tablet=&#8221;13px|||&#8221; custom_margin_phone=&#8221;|||-60px&#8221; custom_margin_last_edited=&#8221;on|phone&#8221; custom_padding=&#8221;|||60px&#8221; custom_padding_last_edited=&#8221;on|phone&#8221;]<\/p>\n<h3><strong>ENTRE EN CONTACTO<\/strong><\/h3>\n<p><img loading=\"lazy\" decoding=\"async\" class=\"wp-image-5103 alignnone size-full\" src=\"https:\/\/ccbc.org.br\/cam-ccbc-centro-arbitragem-mediacao\/wp-content\/uploads\/sites\/10\/2018\/08\/tel.png\" alt=\"\" width=\"8\" height=\"8\"> +55 11 4058-0400<\/p>\n<p><img loading=\"lazy\" decoding=\"async\" class=\"wp-image-5113 alignnone size-full\" src=\"https:\/\/ccbc.org.br\/cam-ccbc-centro-arbitragem-mediacao\/wp-content\/uploads\/sites\/10\/2018\/08\/mail_2.png\" alt=\"\" width=\"13\" height=\"8\">&nbsp; cam@ccbc.org.br<\/p>\n<p>[\/et_pb_text][\/et_pb_column][et_pb_column type=&#8221;1_4&#8243; _builder_version=&#8221;3.0.47&#8243;][et_pb_text disabled_on=&#8221;off|off|off&#8221; admin_label=&#8221;UBICACI\u00d3N&#8221; _builder_version=&#8221;3.19.10&#8243; text_text_color=&#8221;#ffffff&#8221; text_font_size=&#8221;10px&#8221; text_line_height=&#8221;1em&#8221; text_text_shadow_style=&#8221;preset2&#8243; header_3_text_color=&#8221;#ffffff&#8221; header_3_font_size=&#8221;13px&#8221; header_3_letter_spacing=&#8221;2px&#8221; border_color_left=&#8221;#ffffff&#8221; custom_margin=&#8221;13px|||&#8221; custom_margin_last_edited=&#8221;on|phone&#8221; custom_padding=&#8221;|||0px&#8221; locked=&#8221;off&#8221;]<\/p>\n<h3><strong>UBICACI\u00d3N<\/strong><\/h3>\n<p>Rua do Rocio, 220 &#8211; 12 andar &#8211; cj. 121<\/p>\n<p>Vila Ol\u00edmpia, S\u00e3o Paulo -SP &#8211; Brasil &#8211; 04552-000<\/p>\n<p>[\/et_pb_text][\/et_pb_column][et_pb_column type=&#8221;1_4&#8243; _builder_version=&#8221;3.0.47&#8243;][et_pb_code][et_social_follow icon_style=&#8221;slide&#8221; icon_shape=&#8221;circle&#8221; icons_location=&#8221;top&#8221; col_number=&#8221;auto&#8221; custom_colors=&#8221;true&#8221; bg_color=&#8221;#ffffff&#8221; bg_color_hover=&#8221;#ffffff&#8221; icon_color=&#8221;#054c84&#8243; icon_color_hover=&#8221;#054c84&#8243; outer_color=&#8221;dark&#8221;][\/et_pb_code][\/et_pb_column][\/et_pb_row][\/et_pb_section]<\/p>\n","protected":false},"excerpt":{"rendered":"<p>RA 45\/2021 Calendario 2021&nbsp; Ref.: Calendario 2021 La Presidente del CAM-CCBC (Centro de Arbitraje y Mediaci\u00f3n de la C\u00e1mara de Comercio Brasil-Canad\u00e1), en uso de las facultades asignadas por el art. 2.6, alinea (c), del Reglamento del CAM-CCBC, aprobado el 01 de septiembre de 2011, informa que no habr\u00e1 expediente en el CAM-CCBC en las [&hellip;]<\/p>\n","protected":false},"author":25,"featured_media":0,"parent":0,"menu_order":0,"comment_status":"closed","ping_status":"closed","template":"","meta":{"_et_pb_use_builder":"on","_et_pb_old_content":"","_et_gb_content_width":"","footnotes":""},"class_list":["post-27373","page","type-page","status-publish","hentry"],"_links":{"self":[{"href":"https:\/\/www.ccbc.org.br\/cam-ccbc-centro-arbitragem-mediacao\/es\/wp-json\/wp\/v2\/pages\/27373","targetHints":{"allow":["GET"]}}],"collection":[{"href":"https:\/\/www.ccbc.org.br\/cam-ccbc-centro-arbitragem-mediacao\/es\/wp-json\/wp\/v2\/pages"}],"about":[{"href":"https:\/\/www.ccbc.org.br\/cam-ccbc-centro-arbitragem-mediacao\/es\/wp-json\/wp\/v2\/types\/page"}],"author":[{"embeddable":true,"href":"https:\/\/www.ccbc.org.br\/cam-ccbc-centro-arbitragem-mediacao\/es\/wp-json\/wp\/v2\/users\/25"}],"replies":[{"embeddable":true,"href":"https:\/\/www.ccbc.org.br\/cam-ccbc-centro-arbitragem-mediacao\/es\/wp-json\/wp\/v2\/comments?post=27373"}],"version-history":[{"count":0,"href":"https:\/\/www.ccbc.org.br\/cam-ccbc-centro-arbitragem-mediacao\/es\/wp-json\/wp\/v2\/pages\/27373\/revisions"}],"wp:attachment":[{"href":"https:\/\/www.ccbc.org.br\/cam-ccbc-centro-arbitragem-mediacao\/es\/wp-json\/wp\/v2\/media?parent=27373"}],"curies":[{"name":"wp","href":"https:\/\/api.w.org\/{rel}","templated":true}]}}