{"id":8444,"date":"2018-09-14T20:32:36","date_gmt":"2018-09-14T23:32:36","guid":{"rendered":"https:\/\/www.ccbc.org.br\/cam-ccbc-centro-arbitragem-mediacao\/administrative-resolutions\/ra-04-2013-comissao-de-pi-contratos-de-tecnologia-e-inovacao\/"},"modified":"2020-03-09T15:32:25","modified_gmt":"2020-03-09T18:32:25","slug":"ra-04-2013-comissao-de-pi-contratos-de-tecnologia-e-inovacao","status":"publish","type":"page","link":"https:\/\/www.ccbc.org.br\/cam-ccbc-centro-arbitragem-mediacao\/en\/administrative-resolutions\/ra-04-2013-comissao-de-pi-contratos-de-tecnologia-e-inovacao\/","title":{"rendered":"RA 04\/2013 &#8211; Comiss\u00e3o de PI, Contratos de Tecnologia e Inova\u00e7\u00e3o"},"content":{"rendered":"<p>[et_pb_section fb_built=&#8221;1&#8243; module_class=&#8221;interior-header&#8221; _builder_version=&#8221;3.12.2&#8243; background_image=&#8221;https:\/\/ccbc.org.br\/cam-ccbc-centro-arbitragem-mediacao\/wp-content\/uploads\/sites\/10\/2018\/08\/Conj31-A1-SalaDeArbitragem.jpg&#8221; custom_padding=&#8221;200px|0px||0px|false|false&#8221;][et_pb_row custom_margin=&#8221;50px|||&#8221; background_position_1=&#8221;top_left&#8221; background_repeat_1=&#8221;no-repeat&#8221; _builder_version=&#8221;3.11.1&#8243;][et_pb_column type=&#8221;4_4&#8243; _builder_version=&#8221;3.0.47&#8243;][et_pb_text admin_label=&#8221;Header&#8221; _builder_version=&#8221;3.21.1&#8243; text_font=&#8221;||||||||&#8221; text_font_size=&#8221;22px&#8221; text_font_size_tablet=&#8221;14px&#8221; text_font_size_last_edited=&#8221;on|tablet&#8221; header_font=&#8221;||||||||&#8221; header_font_size=&#8221;60px&#8221; header_font_size_tablet=&#8221;30px&#8221; header_font_size_last_edited=&#8221;on|phone&#8221; header_line_height=&#8221;1.2em&#8221; background_layout=&#8221;dark&#8221;]<\/p>\n<h1>RA 04\/2013<\/h1>\n<p>Comiss\u00e3o de PI, Contratos de Tecnologia e Inova\u00e7\u00e3o<\/p>\n<p>[\/et_pb_text][\/et_pb_column][\/et_pb_row][et_pb_row custom_padding=&#8221;0px||0px|&#8221; custom_margin=&#8221;0px||0px|&#8221; _builder_version=&#8221;3.12.2&#8243;][et_pb_column type=&#8221;4_4&#8243; _builder_version=&#8221;3.0.47&#8243;][et_pb_code admin_label=&#8221;Breadcrumbs shortcode&#8221; module_class=&#8221;breadcrumbs&#8221; custom_css_main_element=&#8221;margin-top: 103px;||font-size: 14px;&#8221;][\/et_pb_code][\/et_pb_column][\/et_pb_row][\/et_pb_section][et_pb_section fb_built=&#8221;1&#8243; _builder_version=&#8221;3.0.47&#8243;][et_pb_row _builder_version=&#8221;3.0.48&#8243; background_size=&#8221;initial&#8221; background_position=&#8221;top_left&#8221; background_repeat=&#8221;repeat&#8221;][et_pb_column type=&#8221;4_4&#8243; _builder_version=&#8221;3.0.47&#8243;][et_pb_text _builder_version=&#8221;3.14&#8243; background_size=&#8221;initial&#8221; background_position=&#8221;top_left&#8221; background_repeat=&#8221;repeat&#8221;]<\/p>\n<p align=\"center\"><strong>Resolu\u00e7\u00e3o Administrativa CAM-CCBC n\u00ba 4, de 21 de maio de 2013.<\/strong><\/p>\n<p><strong>N\u00ba antigo: 01\/2013<a href=\"#1\">[1]<\/a><a title=\"\" href=\"https:\/\/ccbc.org.br\/Materia\/1482\/resolucao-administrativa-n-042013#_ftn1\" name=\"_ftnref1\"><\/a><\/strong><\/p>\n<div>\n<hr align=\"left\" size=\"1\" width=\"33%\" \/>\n<div id=\"ftn1\">\n<p><a title=\"\" href=\"https:\/\/ccbc.org.br\/Materia\/1482\/resolucao-administrativa-n-042013#_ftnref1\" name=\"_ftn1\"><\/a><a href=\"#1\">[1]<\/a> Conforme Resolu\u00e7\u00e3o Administrativa CAM-CCBC n\u00ba 17, de 19 de julho de 2016, as resolu\u00e7\u00f5es administrativas foram renumeradas.<\/p>\n<\/div>\n<\/div>\n<p><strong>Ref.: \u00a0\u00a0 Cria\u00e7\u00e3o de Comiss\u00e3o de Propriedade Intelectual, Contratos de Tecnologia e Inova\u00e7\u00e3o<\/strong><\/p>\n<p>&nbsp;<\/p>\n<p>O Presidente do Centro de Arbitragem e Media\u00e7\u00e3o da C\u00e2mara de Com\u00e9rcio Brasil-Canad\u00e1 (\u201c<em>CAM-CCBC<\/em>\u201d), no uso das atribui\u00e7\u00f5es conferidas pelo artigo 2.7 do Regulamento do CAM-CCBC, aprovado em 1 de setembro de 2011, resolve constituir a\u00a0 Comiss\u00e3o de Propriedade Intelectual, Contratos de Tecnologia e Inova\u00e7\u00e3o, que obedecer\u00e1 as seguintes normas:<\/p>\n<ol>\n<li>A Comiss\u00e3o ter\u00e1 seus trabalhos orientados por uma junta de coordena\u00e7\u00e3o nomeada pelo presidente do CAM-CCBC e ser\u00e1 integrada por profissionais que se dediquem ou se interessem pela mat\u00e9ria e assuntos que ser\u00e3o por ela estudados e desenvolvidos;<\/li>\n<li>Os membros da comiss\u00e3o ser\u00e3o convidados a dela participar pela Dire\u00e7\u00e3o do CAM-CCBC que\u00a0 tamb\u00e9m atender\u00e1 as sugest\u00f5es dos coordenadores da comiss\u00e3o;<\/li>\n<li>A Dire\u00e7\u00e3o do CAM-CCBC participar\u00e1 da Comiss\u00e3o<\/li>\n<li>A Comiss\u00e3o ter\u00e1 a liberdade de condu\u00e7\u00e3o e organiza\u00e7\u00e3o dos pr\u00f3prios trabalhos;<\/li>\n<li>A Comiss\u00e3o reunir-se-\u00e1 ordinariamente 1 (uma) vez a cada bimestre e, extraordinariamente, sempre que convocado pelo Coordenador ou pelo Presidente do CAM-CCBC;<\/li>\n<li>O prazo de dura\u00e7\u00e3o dos trabalhos ser\u00e1 estabelecido de comum acordo entre o Presidente do CAM-CCBC e o Coordenador da Comiss\u00e3o;<\/li>\n<li>O desempenho das atividades dos membros ser\u00e1 <em>pro bono<\/em>;<\/li>\n<li>Os mandatos dos membros da Comiss\u00e3o t\u00eam vig\u00eancia a partir da data de assinatura do termo de posse, at\u00e9 a extin\u00e7\u00e3o da Comiss\u00e3o. O Presidente poder\u00e1 incluir e excluir membros da Comiss\u00e3o;<\/li>\n<li>A Comiss\u00e3o\u00a0 ter\u00e1 sua vig\u00eancia por prazo indeterminado;<\/li>\n<li>A tem\u00e1tica b\u00e1sica de trabalho da Comiss\u00e3o ser\u00e1 apresentada pela \u00a0coordena\u00e7\u00e3o da comiss\u00e3o e aprovada pela Dire\u00e7\u00e3o do CAM-CCBC, podendo, por\u00e9m, a Comiss\u00e3o acrescentar novos itens \u00e0 discuss\u00e3o e desenvolv\u00ea-los com total liberdade;<\/li>\n<li>A Comiss\u00e3o \u00e9 formada com os seguintes objetivos :<\/li>\n<\/ol>\n<p>a)Aproximar Propriedade Intelectual (PI)\u00a0 e ADRs (media\u00e7\u00e3o e arbitragem), conscientizando operadores da \u00e1rea sobre a melhor forma de resolu\u00e7\u00e3o de conflitos vis-\u00e0-vis, tamb\u00e9m, o judici\u00e1rio.<\/p>\n<p>b)\u00a0 discutir conflitos em PI, formas tradicionais de solu\u00e7\u00e3o e ADRs;<\/p>\n<p>c)\u00a0\u00a0 sugerir de reda\u00e7\u00e3o de cl\u00e1usula de resolu\u00e7\u00e3o de conflitos em contratos envolvendo PI;<\/p>\n<p>d)\u00a0 discutir poss\u00edveis problemas com a interfer\u00eancia de terceiros (ex.: INPI, ANVISA, CADE); etc.<\/p>\n<p>e) Organizar de eventos com a tem\u00e1tica de interesse da comiss\u00e3o;<\/p>\n<p>f) Desenvolver\u00a0 material sobre o tema\u00a0 \u2013 publica\u00e7\u00f5es, a come\u00e7ar pela divulga\u00e7\u00e3o na revista da CCBC \u2013 CAM; uma cartilha ; etc;<\/p>\n<p>12. Os resultados dos trabalhos da Comiss\u00e3o, ser\u00e3o submetidos \u00e0 Dire\u00e7\u00e3o do CAM-CCBC;<\/p>\n<p>13.Os membros e \u00a0coordenadores da Comiss\u00e3o tomar\u00e3o posse atrav\u00e9s de Termo de Nomea\u00e7\u00e3o e Posse (conforme modelo abaixo):<\/p>\n<p>&nbsp;<\/p>\n<p>Termo de Nomea\u00e7\u00e3o e Posse de Membro (Coordenador) da Comiss\u00e3o de Propriedade Intelectual, Contratos de Tecnologia e Inova\u00e7\u00e3o do CAM-CCBC<\/p>\n<p>O Presidente do CAM-CCBC, no uso de suas atribui\u00e7\u00f5es, constantes do disposto no artigo 2.7 do Regulamento do CAM-CCBC, com o objetivo de desenvolver e aperfei\u00e7oar os servi\u00e7os oferecidos pela Institui\u00e7\u00e3o, resolve designar o (a) (Dr.) (Dra.) &#8230;&#8230;&#8230;&#8230; , com endere\u00e7o profissional&#8230;&#8230;&#8230;&#8230;&#8230;&#8230;&#8230;&#8230;&#8230;.., membro (coordenador) da Comiss\u00e3o de Propriedade Intelectual, Contratos de Tecnologia e Inova\u00e7\u00e3o\u00a0 e, havendo aceitado a fun\u00e7\u00e3o, por este termo toma posse no referido cargo. Eu, Patr\u00edcia Shiguemi Kobayashi, Secret\u00e1ria Geral Adjunta do CAM-CCBC, lavrei o presente termo.<\/p>\n<p>&nbsp;<\/p>\n<p style=\"text-align: center;\">S\u00e3o Paulo, &#8230;&#8230;de &#8230;&#8230;&#8230;&#8230;&#8230;&#8230;.. de 2013.<\/p>\n<p style=\"text-align: center;\">\u00a0<span style=\"font-size: 14px;\">\u00a0<\/span><\/p>\n<p style=\"text-align: center;\">_________________________<\/p>\n<p style=\"text-align: center;\">Frederico Jos\u00e9 Straube<\/p>\n<p style=\"text-align: center;\">Presidente do CAM-CCBC<\/p>\n<p>&nbsp;<\/p>\n<p style=\"text-align: center;\">_________________________<\/p>\n<p style=\"text-align: center;\">(nome)<\/p>\n<p style=\"text-align: center;\">Membro (Coordenador) da\u00a0 Comiss\u00e3o de Propriedade Intelectual, Contratos de Tecnologia e Inova\u00e7\u00e3o<\/p>\n<p style=\"text-align: center;\">_________________________<\/p>\n<p style=\"text-align: center;\">Patr\u00edcia Shiguemi Kobayashi<\/p>\n<p style=\"text-align: center;\">Secret\u00e1ria Geral Adjunta do CAM-CCBC<\/p>\n<p>&nbsp;<\/p>\n<p>&nbsp;<\/p>\n<p>14. Ficam designados como\u00a0 membros e coordenadores neste momento :<\/p>\n<p>Coordenadores: Karina Haidar M\u00fcller<\/p>\n<p>Nathalia Mazzonetto<\/p>\n<p>Rodrigo Azevedo<\/p>\n<p><span style=\"font-size: 14px;\">Secret\u00e1rio da Comiss\u00e3o : Guilherme Takeishi<\/span><\/p>\n<p>&nbsp;<\/p>\n<p>&nbsp;<\/p>\n<p style=\"text-align: center;\">S\u00e3o Paulo, 21 de maio de 2013.<\/p>\n<p style=\"text-align: center;\">\u00a0<span style=\"font-size: 14px;\">\u00a0<\/span><\/p>\n<p style=\"text-align: center;\">Frederico Jos\u00e9 Straube<\/p>\n<p style=\"text-align: center;\">Presidente do CAM-CCBC<\/p>\n<p>[\/et_pb_text][\/et_pb_column][\/et_pb_row][\/et_pb_section][et_pb_section fb_built=&#8221;1&#8243; _builder_version=&#8221;3.19.18&#8243; background_color=&#8221;#054c84&#8243; custom_padding=&#8221;20px|0px|20px|0px|false|false&#8221; disabled=&#8221;on&#8221; global_module=&#8221;4117&#8243;][et_pb_row use_custom_gutter=&#8221;on&#8221; make_equal=&#8221;on&#8221; _builder_version=&#8221;3.11.1&#8243; module_alignment=&#8221;center&#8221;][et_pb_column type=&#8221;1_4&#8243; _builder_version=&#8221;3.0.47&#8243;][et_pb_image src=&#8221;https:\/\/ccbc.org.br\/cam-ccbc-centro-arbitragem-mediacao\/wp-content\/uploads\/sites\/10\/2018\/08\/9f420009-logo_camccbc_white_shadow_en.png&#8221; admin_label=&#8221;LOGO EN&#8221; _builder_version=&#8221;3.19.10&#8243; border_color_right=&#8221;#ffffff&#8221; max_width=&#8221;70%&#8221; module_alignment=&#8221;left&#8221; custom_margin=&#8221;|||&#8221; custom_padding=&#8221;|||&#8221;][\/et_pb_image][\/et_pb_column][et_pb_column type=&#8221;1_4&#8243; _builder_version=&#8221;3.0.47&#8243;][et_pb_text admin_label=&#8221;CONTACT US&#8221; _builder_version=&#8221;3.19.10&#8243; text_text_color=&#8221;#ffffff&#8221; text_font_size=&#8221;10px&#8221; text_line_height=&#8221;1em&#8221; text_text_shadow_style=&#8221;preset2&#8243; header_3_text_color=&#8221;#ffffff&#8221; header_3_font_size=&#8221;13px&#8221; header_3_letter_spacing=&#8221;2px&#8221; border_width_left=&#8221;1px&#8221; border_color_left=&#8221;#ffffff&#8221; custom_margin=&#8221;13px|||-35px&#8221; custom_margin_tablet=&#8221;13px|||&#8221; custom_margin_phone=&#8221;|||-60px&#8221; custom_margin_last_edited=&#8221;on|phone&#8221; custom_padding=&#8221;|||60px&#8221; custom_padding_last_edited=&#8221;on|phone&#8221;]<\/p>\n<h3><strong>CONTACT US<\/strong><\/h3>\n<p><img loading=\"lazy\" decoding=\"async\" class=\"wp-image-5103 alignnone size-full\" src=\"https:\/\/ccbc.org.br\/cam-ccbc-centro-arbitragem-mediacao\/wp-content\/uploads\/sites\/10\/2018\/08\/tel.png\" alt=\"\" width=\"8\" height=\"8\"> +55 11 4058-0400<\/p>\n<p><img loading=\"lazy\" decoding=\"async\" class=\"wp-image-5113 alignnone size-full\" src=\"https:\/\/ccbc.org.br\/cam-ccbc-centro-arbitragem-mediacao\/wp-content\/uploads\/sites\/10\/2018\/08\/mail_2.png\" alt=\"\" width=\"13\" height=\"8\">&nbsp;ccbc@ccbc.org.br<\/p>\n<p>[\/et_pb_text][\/et_pb_column][et_pb_column type=&#8221;1_4&#8243; _builder_version=&#8221;3.0.47&#8243;][et_pb_text disabled_on=&#8221;off|off|off&#8221; admin_label=&#8221;LOCATION&#8221; _builder_version=&#8221;3.19.10&#8243; text_text_color=&#8221;#ffffff&#8221; text_font_size=&#8221;10px&#8221; text_line_height=&#8221;1em&#8221; text_text_shadow_style=&#8221;preset2&#8243; header_3_text_color=&#8221;#ffffff&#8221; header_3_font_size=&#8221;13px&#8221; header_3_letter_spacing=&#8221;2px&#8221; border_color_left=&#8221;#ffffff&#8221; custom_margin=&#8221;13px|||&#8221; custom_margin_last_edited=&#8221;on|phone&#8221; custom_padding=&#8221;|||0px&#8221; locked=&#8221;off&#8221;]<\/p>\n<h3><strong>LOCATION<\/strong><\/h3>\n<p>Rua do Rocio, 220 &#8211; 12 andar &#8211; cj. 121<\/p>\n<p>Vila Ol\u00edmpia, S\u00e3o Paulo -SP &#8211; Brasil &#8211; 04552-000<\/p>\n<p>[\/et_pb_text][\/et_pb_column][et_pb_column type=&#8221;1_4&#8243; _builder_version=&#8221;3.0.47&#8243;][et_pb_code admin_label=&#8221;CODE&#8221; _builder_version=&#8221;3.19.10&#8243;][et_social_follow icon_style=&#8221;slide&#8221; icon_shape=&#8221;circle&#8221; icons_location=&#8221;top&#8221; col_number=&#8221;auto&#8221; custom_colors=&#8221;true&#8221; bg_color=&#8221;#ffffff&#8221; bg_color_hover=&#8221;#ffffff&#8221; icon_color=&#8221;#054c84&#8243; icon_color_hover=&#8221;#054c84&#8243; outer_color=&#8221;dark&#8221;][\/et_pb_code][\/et_pb_column][\/et_pb_row][\/et_pb_section]<\/p>\n","protected":false},"excerpt":{"rendered":"<p>RA 04\/2013 Comiss\u00e3o de PI, Contratos de Tecnologia e Inova\u00e7\u00e3oResolu\u00e7\u00e3o Administrativa CAM-CCBC n\u00ba 4, de 21 de maio de 2013. N\u00ba antigo: 01\/2013[1] [1] Conforme Resolu\u00e7\u00e3o Administrativa CAM-CCBC n\u00ba 17, de 19 de julho de 2016, as resolu\u00e7\u00f5es administrativas foram renumeradas. Ref.: \u00a0\u00a0 Cria\u00e7\u00e3o de Comiss\u00e3o de Propriedade Intelectual, Contratos de Tecnologia e Inova\u00e7\u00e3o &nbsp; [&hellip;]<\/p>\n","protected":false},"author":8,"featured_media":0,"parent":7583,"menu_order":0,"comment_status":"closed","ping_status":"closed","template":"","meta":{"_et_pb_use_builder":"on","_et_pb_old_content":"<p align=\"center\"><strong>Resolu\u00e7\u00e3o Administrativa CAM-CCBC n\u00ba 2, de 10 de outubro de 2012.<\/strong><\/p><p><strong>N\u00ba antigo: 023\/2012<a title=\"\" href=\"https:\/\/www.ccbc.org.br\/Materia\/1480\/resolucao-administrativa-n-022012#_ftn1\" name=\"_ftnref1\">[1]<\/a><\/strong><\/p><div><hr align=\"left\" size=\"1\" width=\"33%\" \/><div id=\"ftn1\"><p><a title=\"\" href=\"https:\/\/www.ccbc.org.br\/Materia\/1480\/resolucao-administrativa-n-022012#_ftnref1\" name=\"_ftn1\">[1]<\/a> Conforme Resolu\u00e7\u00e3o Administrativa CAM-CCBC n\u00ba 17, de 19 de julho de 2016, as resolu\u00e7\u00f5es administrativas foram renumeradas.<\/p><\/div><\/div><p><strong>Ref.: \u00a0 Tabela de Despesas 2012<\/strong><\/p><p><strong>Pagamento dos honor\u00e1rios dos \u00e1rbitros<\/strong><\/p><p>O Presidente do CAM-CCBC (\u201c<em>Centro de Arbitragem e Media\u00e7\u00e3o da C\u00e2mara de Com\u00e9rcio Brasil-Canad\u00e1<\/em>\u201d), no uso das atribui\u00e7\u00f5es que lhe s\u00e3o conferidas pelo artigo 2.6., al\u00ednea \u2018c\u2019, do Regulamento do CAM-CCBC, aprovado em 1 de setembro de 2011, resolve que o pagamento dos honor\u00e1rios aos \u00e1rbitros ser\u00e1 realizado conforme descrito abaixo.<\/p><p>\u00a0<\/p><p><strong>1. Valor da causa at\u00e9 R$7.500.000,00<\/strong><\/p><p>O pagamento dos honor\u00e1rios aos \u00e1rbitros que atuam em procedimentos nos quais a remunera\u00e7\u00e3o \u00e9 realizada com base nas horas trabalhadas n\u00e3o sofrer\u00e1 altera\u00e7\u00e3o, ou seja, os \u00e1rbitros poder\u00e3o, ao final do procedimento, solicitar o pagamento das 100 (cem) horas m\u00ednimas, independente de comprova\u00e7\u00e3o de horas trabalhadas ou, alternativamente, no curso do procedimento mediante apresenta\u00e7\u00e3o de relat\u00f3rio de horas.<\/p><p>Os honor\u00e1rios excedentes somente poder\u00e3o ser solicitados ap\u00f3s apresenta\u00e7\u00e3o de relat\u00f3rio comprovando o uso integral das 100 (cem) horas m\u00ednimas. Al\u00e9m disso, a solicita\u00e7\u00e3o dos referidos honor\u00e1rios adicionais dever\u00e1 ser precedida de pedido de provisionamento de horas, direcionada ao setor financeiro e \u00e0 Secretaria.<\/p><p>Para viabilizar a obten\u00e7\u00e3o dos fundos necess\u00e1rios, solicitamos aos senhores \u00e1rbitros que encaminhem a referida estimativa de horas adicionais at\u00e9 30 (trinta) dias antes da apresenta\u00e7\u00e3o da senten\u00e7a arbitral.<\/p><p>Os pagamentos das horas excedentes ser\u00e3o realizados ap\u00f3s o dep\u00f3sito dos valores correspondentes pelas Partes, mediante a apresenta\u00e7\u00e3o de relat\u00f3rio de horas excedentes e nota de honor\u00e1rios.<\/p><p>\u00a0<\/p><p><strong>2. Valor da causa acima de R$7.500.000,00<\/strong><\/p><p>Os honor\u00e1rios dos \u00e1rbitros fixados em parcela \u00fanica proporcional ao valor da causa ser\u00e3o pagos integralmente ap\u00f3s a apresenta\u00e7\u00e3o da senten\u00e7a arbitral.<\/p><p>Os \u00e1rbitros poder\u00e3o retirar antecipadamente at\u00e9 50% do montante, conforme descrito abaixo:<\/p><div>\u00a0<\/div><div><table border=\"1\" cellspacing=\"0\" cellpadding=\"5\" align=\"center\"><thead><tr><th>n\u00ba<\/th><th><strong>Descri\u00e7\u00e3o<\/strong><\/th><th>%<\/th><\/tr><\/thead><tbody><tr><td>1<\/td><td>\u00a0Ap\u00f3s a assinatura do Termo de Arbitragem<\/td><td>\u00a0 \u00a0 \u00a0 \u00a020%<\/td><\/tr><tr><td>2<\/td><td>\u00a0Ap\u00f3s o encerramento da instru\u00e7\u00e3o<a title=\"\" href=\"https:\/\/www.ccbc.org.br\/Materia\/1725\/resolucao-administrativa-n-032016#_ftn1\" name=\"_ftnref1\">[1]<\/a><\/td><td>\u00a0 \u00a0 \u00a0 \u00a030%<\/td><\/tr><tr><td colspan=\"2\">\u00a0Total<\/td><td><p>\u00a0 \u00a0 \u00a0 \u00a050%<\/p><div>\u00a0<\/div><\/td><\/tr><\/tbody><\/table><p>\u00a0<\/p><\/div><p style=\"text-align: center;\">S\u00e3o Paulo, 10 de outubro de 2012.<\/p><p style=\"text-align: center;\">Frederico Jos\u00e9 Straube<\/p><p style=\"text-align: center;\">Presidente do CAM-CCBC<\/p><div><hr \/><div id=\"ftn1\"><p><a title=\"\" href=\"https:\/\/www.ccbc.org.br\/Materia\/1480\/resolucao-administrativa-n-022012#_ftnref1\" name=\"_ftn1\">[1]<\/a> Entende-se encerrada a instru\u00e7\u00e3o pela determina\u00e7\u00e3o que abre prazo para apresenta\u00e7\u00e3o de alega\u00e7\u00f5es finais.<\/p><\/div><\/div>","_et_gb_content_width":"","footnotes":""},"class_list":["post-8444","page","type-page","status-publish","hentry"],"_links":{"self":[{"href":"https:\/\/www.ccbc.org.br\/cam-ccbc-centro-arbitragem-mediacao\/en\/wp-json\/wp\/v2\/pages\/8444","targetHints":{"allow":["GET"]}}],"collection":[{"href":"https:\/\/www.ccbc.org.br\/cam-ccbc-centro-arbitragem-mediacao\/en\/wp-json\/wp\/v2\/pages"}],"about":[{"href":"https:\/\/www.ccbc.org.br\/cam-ccbc-centro-arbitragem-mediacao\/en\/wp-json\/wp\/v2\/types\/page"}],"author":[{"embeddable":true,"href":"https:\/\/www.ccbc.org.br\/cam-ccbc-centro-arbitragem-mediacao\/en\/wp-json\/wp\/v2\/users\/8"}],"replies":[{"embeddable":true,"href":"https:\/\/www.ccbc.org.br\/cam-ccbc-centro-arbitragem-mediacao\/en\/wp-json\/wp\/v2\/comments?post=8444"}],"version-history":[{"count":0,"href":"https:\/\/www.ccbc.org.br\/cam-ccbc-centro-arbitragem-mediacao\/en\/wp-json\/wp\/v2\/pages\/8444\/revisions"}],"up":[{"embeddable":true,"href":"https:\/\/www.ccbc.org.br\/cam-ccbc-centro-arbitragem-mediacao\/en\/wp-json\/wp\/v2\/pages\/7583"}],"wp:attachment":[{"href":"https:\/\/www.ccbc.org.br\/cam-ccbc-centro-arbitragem-mediacao\/en\/wp-json\/wp\/v2\/media?parent=8444"}],"curies":[{"name":"wp","href":"https:\/\/api.w.org\/{rel}","templated":true}]}}