{"id":63927,"date":"2025-07-18T11:22:19","date_gmt":"2025-07-18T14:22:19","guid":{"rendered":"https:\/\/www.ccbc.org.br\/cam-ccbc-centro-arbitragem-mediacao\/?page_id=63927"},"modified":"2025-07-22T18:45:52","modified_gmt":"2025-07-22T21:45:52","slug":"administrative-guidance-no-07-2025","status":"publish","type":"page","link":"https:\/\/www.ccbc.org.br\/cam-ccbc-centro-arbitragem-mediacao\/en\/administrative-guidance-no-07-2025\/","title":{"rendered":"Administrative Guidance No. 07\/2025"},"content":{"rendered":"<p>[et_pb_section fb_built=&#8221;1&#8243; module_class=&#8221;interior-header&#8221; _builder_version=&#8221;4.16&#8243; background_image=&#8221;https:\/\/ccbc.org.br\/cam-ccbc-centro-arbitragem-mediacao\/wp-content\/uploads\/sites\/10\/2018\/08\/Conj31-A1-SalaDeArbitragem.jpg&#8221; custom_padding=&#8221;200px|0px||0px|false|false&#8221; locked=&#8221;off&#8221; global_colors_info=&#8221;{}&#8221;][et_pb_row _builder_version=&#8221;4.16&#8243; custom_margin=&#8221;50px|||&#8221; global_colors_info=&#8221;{}&#8221;][et_pb_column type=&#8221;4_4&#8243; _builder_version=&#8221;4.16&#8243; background_position=&#8221;top_left&#8221; custom_padding=&#8221;|||&#8221; global_colors_info=&#8221;{}&#8221; custom_padding__hover=&#8221;|||&#8221;][et_pb_text admin_label=&#8221;Header&#8221; _builder_version=&#8221;4.27.0&#8243; text_font=&#8221;|700|||||||&#8221; text_font_size=&#8221;22px&#8221; header_font=&#8221;||||||||&#8221; header_font_size=&#8221;60px&#8221; header_line_height=&#8221;1.2em&#8221; background_layout=&#8221;dark&#8221; hover_enabled=&#8221;0&#8243; text_font_size_tablet=&#8221;14px&#8221; text_font_size_phone=&#8221;14px&#8221; text_font_size_last_edited=&#8221;on|phone&#8221; header_font_size_tablet=&#8221;30px&#8221; header_font_size_phone=&#8221;&#8221; header_font_size_last_edited=&#8221;on|phone&#8221; global_colors_info=&#8221;{}&#8221; sticky_enabled=&#8221;0&#8243;]<\/p>\n<h1>Administrative Guidance No. 07\/2025<\/h1>\n<p class=\"p1\" style=\"text-align: justify\">Provides for the use of artificial intelligence tools in proceedings administered by the Center for Arbitration and Mediation of the Brazil Canada Chamber of Commerce &#8211; CAM-CCBC &#8211; and adopts other measures.<\/p>\n<p>[\/et_pb_text][\/et_pb_column][\/et_pb_row][et_pb_row _builder_version=&#8221;4.16&#8243; custom_margin=&#8221;0px||0px|&#8221; custom_padding=&#8221;0px||0px|&#8221; global_colors_info=&#8221;{}&#8221;][et_pb_column type=&#8221;4_4&#8243; _builder_version=&#8221;4.16&#8243; custom_padding=&#8221;|||&#8221; global_colors_info=&#8221;{}&#8221; custom_padding__hover=&#8221;|||&#8221;][et_pb_code admin_label=&#8221;Breadcrumbs shortcode&#8221; module_class=&#8221;breadcrumbs&#8221; _builder_version=&#8221;4.16&#8243; custom_css_main_element=&#8221;margin-top: 103px;||font-size: 14px;&#8221; global_colors_info=&#8221;{}&#8221;][\/et_pb_code][\/et_pb_column][\/et_pb_row][\/et_pb_section][et_pb_section fb_built=&#8221;1&#8243; _builder_version=&#8221;4.16&#8243; locked=&#8221;off&#8221; global_colors_info=&#8221;{}&#8221;][et_pb_row _builder_version=&#8221;4.16&#8243; background_size=&#8221;initial&#8221; background_position=&#8221;top_left&#8221; background_repeat=&#8221;repeat&#8221; global_colors_info=&#8221;{}&#8221;][et_pb_column type=&#8221;4_4&#8243; _builder_version=&#8221;4.16&#8243; custom_padding=&#8221;|||&#8221; global_colors_info=&#8221;{}&#8221; custom_padding__hover=&#8221;|||&#8221;][et_pb_text admin_label=&#8221;Text&#8221; _builder_version=&#8221;4.27.0&#8243; header_6_font_size=&#8221;10px&#8221; background_size=&#8221;initial&#8221; background_position=&#8221;top_left&#8221; background_repeat=&#8221;repeat&#8221; global_colors_info=&#8221;{}&#8221;]<\/p>\n<p class=\"p1\" style=\"text-align: justify\"><strong>CONSIDERING<\/strong> the Center for Arbitration and Mediation of the Brazil-Canada Chamber of Commerce (&#8220;CAM-CCBC&#8221;) is responsible for administering alternative dispute resolution methods (\u201cADRs\u201d) and is committed to the continuous improvement of its administered proceedings and internal procedures;<\/p>\n<p class=\"p1\" style=\"text-align: justify\"><strong> CONSIDERING<\/strong> the growing use of artificial intelligence (&#8220;AI&#8221;) tools in dispute resolution;<\/p>\n<p class=\"p1\" style=\"text-align: justify\"><strong>CONSIDERING<\/strong> the responsible use of AI tools can contribute to increasing the efficiency of proceedings;<\/p>\n<p class=\"p1\" style=\"text-align: justify\"><strong>CONSIDERING<\/strong> the risks associated with the use of AI tools, including the possibility of generating inaccurate or false information, the existence of algorithmic biases, weaknesses in the protection of confidential data, and potential negative impacts on the impartiality, integrity and validity of proceedings;<\/p>\n<p class=\"p1\" style=\"text-align: justify\"><strong> CONSIDERING<\/strong> decision-making functions, at all stages of the procedures, are personal, non-transferable and require independent human judgment;<\/p>\n<p class=\"p1\" style=\"text-align: justify\"><strong> CONSIDERING<\/strong> the use of AI tools by the parties&#8217; lawyers must comply with ethical duties and the exclusive attributions of the legal profession;<\/p>\n<p class=\"p1\" style=\"text-align: justify\"><strong>CONSIDERING<\/strong> the impartiality and transparency that guide the work of CAM-CCBC; and<\/p>\n<p class=\"p1\" style=\"text-align: justify\"><strong>CONSIDERING<\/strong> the confidentiality and due process of law that guide the proceedings administered by CAM-CCBC, The Executive Director, in the use of the powers conferred upon it by article 11, item VI, of the CAM-CCBC Internal Rules, in consultation with the Presidency of CAM-CCBC, issues this Administrative Guidance on the use of AI within the scope of proceedings administered by CAM-CCBC.<\/p>\n<p class=\"p1\" style=\"text-align: justify\"><strong>Article 1.<\/strong> For the purposes of this Administrative Guidance, artificial intelligence (\u201cAI\u201d) is a machine-based system that, for explicit or implicit objectives, infers, from the input it receives, how to generate outputs such as predictions, content, recommendations, or decisions that can influence physical or virtual environments. Different AI systems vary in their levels of autonomy and adaptiveness after deployment.<\/p>\n<p class=\"p1\" style=\"text-align: justify\"><strong>Article 2.<\/strong> CAM-CCBC clarifies that it does not currently use artificial intelligence tools in the administration of arbitrations, mediations, dispute boards, or other alternative dispute resolution methods.<\/p>\n<p class=\"p1\" style=\"text-align: justify;padding-left: 40px\"><strong>Sole Paragraph.<\/strong> Should CAM-CCBC adopt artificial intelligence tools to manage its processes, a new Administrative Guidance will be issued regulating their use.<\/p>\n<p class=\"p1\" style=\"text-align: justify\"><strong>Article 3.<\/strong> It is the responsibility of the participants in the proceedings administered by the CAM-CCBC, including arbitrators, mediators, experts, secretaries of the Arbitral Tribunal, parties and their representatives, to ensure that the use of AI tools complies with the duties of discretion and confidentiality applicable to the proceedings, especially with regard to the transfer of confidential, privileged, personal data or data protected by any legal obligations.<\/p>\n<p class=\"p1\" style=\"text-align: justify\"><strong>Article 4.<\/strong> CAM-CCBC encourages participants in proceedings to discuss the use of possible AI tools, including the need to disclose such use, as well as the potential procedural and financial impacts arising from it.<\/p>\n<p class=\"p1\" style=\"text-align: justify;padding-left: 40px\"><strong>Sole paragraph.<\/strong> If deemed appropriate, the participants may include specific clauses in the Terms of Reference regarding the use of AI tools and the conditions for their use in the proceedings.<\/p>\n<p class=\"p1\" style=\"text-align: justify\"><strong>Article 5.<\/strong> Pursuant to the provisions and within the limits of Rules for Arbitration, Mediation and the Committee of Prevention and Solution of Disputes Rules, it is incumbent upon:<\/p>\n<p class=\"p1\" style=\"text-align: justify;padding-left: 40px\">a) the arbitrators, observing the principles of broad defense, adversarial process, and equal treatment of the parties in the conduct of the proceedings, shall adopt the necessary and appropriate measures for the proper development of the proceedings, deciding on issues relating to the use of AI;<\/p>\n<p class=\"p1\" style=\"text-align: justify;padding-left: 40px\">b) the mediators to conduct the mediation in the manner they deem most appropriate, including matters relating to the use of AI, and to provide information to the participants regarding the manner of conduct at the first mediation session;<\/p>\n<p class=\"p1\" style=\"text-align: justify;padding-left: 40px\">c) the members of the Committee on Prevention and Resolution of Disputes, unless otherwise agreed by the parties, shall deliberate on all matters relating to the applicable procedure, taking the necessary measures to fulfill their duties, including matters relating to the use of AI.<\/p>\n<p class=\"p1\" style=\"text-align: justify\"><strong>Article 6.<\/strong> This Administrative Guidance does not derogate from any legal obligations, ethical duties or rules of professional conduct applicable to the proceedings administered by CAM-CCBC, nor does it set aside mandatory rules provided for in Brazilian or foreign legislation governing arbitration and the participants in the proceedings.<\/p>\n<p class=\"p1\" style=\"text-align: justify\"><strong>Article 7.<\/strong> CAM-CCBC may periodically update this Administrative Guidance to reflect technological advances, as well as any changes in the legal rules applicable.<\/p>\n<p class=\"p1\" style=\"text-align: justify\">\n<p class=\"p1\" style=\"text-align: center\">***<\/p>\n<p class=\"p1\" style=\"text-align: center\">Sao Paulo, July 17, 2025.<\/p>\n<p class=\"p1\" style=\"text-align: center\">Patr\u00edcia Kobayashi<\/p>\n<p class=\"p1\" style=\"text-align: center\">Executive Director<\/p>\n<p>&nbsp;<\/p>\n<p>&nbsp;<\/p>\n<p><!-- \/divi:paragraph -->[\/et_pb_text][\/et_pb_column][\/et_pb_row][\/et_pb_section]<\/p>\n","protected":false},"excerpt":{"rendered":"<p>Administrative Guidance No. 07\/2025 Provides for the use of artificial intelligence tools in proceedings administered by the Center for Arbitration and Mediation of the Brazil Canada Chamber of Commerce &#8211; CAM-CCBC &#8211; and adopts other measures.CONSIDERING the Center for Arbitration and Mediation of the Brazil-Canada Chamber of Commerce (&#8220;CAM-CCBC&#8221;) is responsible for administering alternative dispute [&hellip;]<\/p>\n","protected":false},"author":56,"featured_media":0,"parent":0,"menu_order":0,"comment_status":"closed","ping_status":"closed","template":"","meta":{"_et_pb_use_builder":"on","_et_pb_old_content":"<!-- wp:paragraph -->\n<p><strong>Ref.: <\/strong><strong>Calend\u00e1rio 2022<\/strong><\/p>\n<!-- \/wp:paragraph -->\n\n<!-- wp:paragraph -->\n<p>A Presidente do CAM-CCBC, no uso das atribui\u00e7\u00f5es que lhe s\u00e3o conferidas pelo artigo 2.6, al\u00ednea \u2018c\u2019, do Regulamento do CAM-CCBC, aprovado em 01 de setembro de 2011, informa que n\u00e3o haver\u00e1 expediente no CAM-CCBC<a href=\"#_ftn1\">[1]<\/a> aos finais de semana e nas seguintes datas de 2022<a href=\"#_ftn2\">[2]<\/a>: <em><\/em><\/p>\n<!-- \/wp:paragraph -->\n\n<!-- wp:table -->\n<figure class=\"wp-block-table\"><table><tbody><tr><td><strong>Data<\/strong><\/td><td><strong>Dia da semana<\/strong><\/td><td><strong>Data comemorativa<\/strong><\/td><\/tr><tr><td>24\/01\/2022<\/td><td>Segunda-feira<\/td><td>(Ponte) Anivers\u00e1rio de S\u00e3o Paulo<\/td><\/tr><tr><td>25\/01\/2022<\/td><td>Ter\u00e7a-feira<\/td><td>Anivers\u00e1rio de S\u00e3o Paulo<a href=\"#_ftn3\">[3]<\/a> <em>- mantida<\/em><\/td><\/tr><tr><td>28\/02\/2022<\/td><td>Segunda-feira<\/td><td>(Ponte) Carnaval<\/td><\/tr><tr><td>01\/03\/2022<\/td><td>Ter\u00e7a-feira<\/td><td>Carnaval<\/td><\/tr><tr><td>02\/03\/2022<\/td><td>Quarta-feira<\/td><td>Quarta-Feira de Cinzas<\/td><\/tr><tr><td>15\/04\/2022<\/td><td>Sexta-feira<\/td><td>Sexta-feira Santa<\/td><\/tr><tr><td>21\/04\/2022<\/td><td>Quinta-feira<\/td><td>Dia de Tiradentes<\/td><\/tr><tr><td>22\/04\/2022<\/td><td>Sexta-feira<\/td><td>(Ponte) Dia de Tiradentes<\/td><\/tr><tr><td>16\/06\/2022<\/td><td>Quinta-feira<\/td><td>Corpus Christi<a href=\"#_ftn4\">[4]<\/a> <em>- mantida<\/em><\/td><\/tr><tr><td>17\/06\/2022<\/td><td>Sexta-feira<\/td><td>(Ponte) Corpus Christi<\/td><\/tr><tr><td>07\/09\/2022<\/td><td>Quarta-feira<\/td><td>Dia da Independ\u00eancia do Brasil<\/td><\/tr><tr><td>12\/10\/2022<\/td><td>Quarta-Feira<\/td><td>Dia de Nossa Senhora Aparecida<\/td><\/tr><tr><td>02\/11\/2022<\/td><td>Quarta-Feira<\/td><td>Dia de Finados<\/td><\/tr><tr><td>14\/11\/2022<\/td><td>Segunda-feira<\/td><td>(Ponte) Proclama\u00e7\u00e3o da Rep\u00fablica<\/td><\/tr><tr><td>15\/11\/2022<\/td><td>Ter\u00e7a-feira<\/td><td>Proclama\u00e7\u00e3o da Rep\u00fablica<\/td><\/tr><\/tbody><\/table><\/figure>\n<!-- \/wp:table -->\n\n<!-- wp:paragraph -->\n<p>Ser\u00e3o considerados dias \u00fateis aqueles em que houver expediente no CAM-CCBC. Em caso de notifica\u00e7\u00f5es, comunica\u00e7\u00f5es ou outros atos realizados em dia em que n\u00e3o houver expediente no CAM-CCBC, estes ser\u00e3o considerados como realizados no pr\u00f3ximo dia \u00fatil.<\/p>\n<!-- \/wp:paragraph -->\n\n<!-- wp:paragraph -->\n<p>Do mesmo modo, prazos com vencimento em dia em que n\u00e3o houver expediente no CAM-CCBC ser\u00e3o prorrogados para o primeiro dia \u00fatil seguinte<a href=\"#_ftn5\">[5]<\/a>, conforme o artigo 6.6.2<a href=\"#_ftn6\">[6]<\/a> do Regulamento. <em><\/em><\/p>\n<!-- \/wp:paragraph -->\n\n<!-- wp:paragraph -->\n<p>Em car\u00e1ter excepcional, os procedimentos de \u00e1rbitro de emerg\u00eancia, regidos pelas Resolu\u00e7\u00f5es Administrativas n\u00b0 32\/2018<a href=\"#_ftn7\">[7]<\/a> e 44\/2020<a href=\"#_ftn8\">[8]<\/a>, podem ter andamento e vencimento de prazo em dia n\u00e3o \u00fatil (ou seja, em dia em que n\u00e3o h\u00e1 expediente no CAM-CCBC). <em><\/em><\/p>\n<!-- \/wp:paragraph -->\n\n<!-- wp:paragraph -->\n<p>Ademais, para melhor organiza\u00e7\u00e3o dos trabalhos, informamos, ainda, que o CAM-CCBC estar\u00e1 em recesso de 21 de dezembro de 2022 at\u00e9 o dia 04 de janeiro de 2023. Todos os prazos ficar\u00e3o suspensos no per\u00edodo, voltando a correr no dia 05 de janeiro de 2023.<\/p>\n<!-- \/wp:paragraph -->\n\n<!-- wp:table -->\n<figure class=\"wp-block-table\"><table><tbody><tr><td><strong>Recesso<\/strong><\/td><td><strong>Data<\/strong><strong><\/strong><\/td><td><strong>Dia da semana<\/strong><strong><\/strong><\/td><\/tr><tr><td>In\u00edcio<\/td><td>21\/12\/2022<\/td><td>Quarta-feira<\/td><\/tr><tr><td>Fim<\/td><td>04\/01\/2023<\/td><td>Quarta-feira<\/td><\/tr><\/tbody><\/table><\/figure>\n<!-- \/wp:table -->\n\n<!-- wp:paragraph {\"align\":\"center\"} -->\n<p class=\"has-text-align-center\">***<\/p>\n<!-- \/wp:paragraph -->\n\n<!-- wp:paragraph {\"align\":\"center\"} -->\n<p class=\"has-text-align-center\">S\u00e3o Paulo, 16 de dezembro de 2021<\/p>\n<!-- \/wp:paragraph -->\n\n<!-- wp:paragraph {\"align\":\"center\"} -->\n<p class=\"has-text-align-center\">Eleonora Coelho<\/p>\n<!-- \/wp:paragraph -->\n\n<!-- wp:paragraph {\"align\":\"center\"} -->\n<p class=\"has-text-align-center\">Presidente do CAM-CCBC<\/p>\n<!-- \/wp:paragraph -->\n\n<!-- wp:paragraph -->\n<p><sub><a href=\"#_ftnref1\">[1]<\/a> A sede de S\u00e3o Paulo \u00e9 utilizada como refer\u00eancia para defini\u00e7\u00e3o dos dias de expediente do CAM-CCBC, n\u00e3o obstante ter tamb\u00e9m unidade localizada no Rio de Janeiro.<\/sub><\/p>\n<!-- \/wp:paragraph -->\n\n<!-- wp:paragraph -->\n<p><sub><a href=\"#_ftnref2\">[2]<\/a> Apesar de a Prefeitura de S\u00e3o Paulo ter adiantado os feriados de Anivers\u00e1rio de S\u00e3o Paulo (janeiro) e Corpus Christi (junho), conforme o Comunicado da Presid\u00eancia de 22 de mar\u00e7o de 2021 o funcionamento foi mantido no CAM-CCBC nas datas correspondentes e, portanto, n\u00e3o haver\u00e1 expediente nessas datas em 2022.<\/sub><\/p>\n<!-- \/wp:paragraph -->\n\n<!-- wp:paragraph -->\n<p><sub>Comunicado da Presid\u00eancia de 22 de mar\u00e7o de 2021: \u201c<em>Em decreto publicado na quinta-feira dia 18.03.2021, a Prefeitura de S\u00e3o Paulo informou a antecipa\u00e7\u00e3o de feriados de 2021 (Corpus Christi, em junho, e Dia da Consci\u00eancia Negra, em novembro) e dos seguintes feriados de 2022: Anivers\u00e1rio de S\u00e3o Paulo (janeiro), Corpus Christi (junho) e Dia da Consci\u00eancia Negra (novembro). A medida tem como foco principal os setores que ainda mant\u00eam funcionamento presencial, pretende reduzir a circula\u00e7\u00e3o e evitar aglomera\u00e7\u00f5es. Como o CAM-CCBC est\u00e1 conduzindo suas atividades de forma 100% remota e, portanto, j\u00e1 contribui para o isolamento social mesmo em dias \u00fateis, decidimos manter nosso funcionamento com efetivo reduzido nos dias 26, 29, 30, 31 de mar\u00e7o e 1\u00ba de abril de 2021, observado estrito cumprimento das regras trabalhistas para tal hip\u00f3tese. Nossa decis\u00e3o considerou tamb\u00e9m a import\u00e2ncia da n\u00e3o interrup\u00e7\u00e3o do andamento dos procedimentos sob nossa gest\u00e3o neste momento t\u00e3o delicado para o mundo e especialmente para nosso pa\u00eds.\u201d<\/em><\/sub><\/p>\n<!-- \/wp:paragraph -->\n\n<!-- wp:paragraph -->\n<p><sub><a href=\"#_ftnref3\">[3]<\/a> Vide nota de rodap\u00e9 2.<\/sub><\/p>\n<!-- \/wp:paragraph -->\n\n<!-- wp:paragraph -->\n<p><sub><a href=\"#_ftnref4\">[4]<\/a> Vide nota de rodap\u00e9 2.<\/sub><\/p>\n<!-- \/wp:paragraph -->\n\n<!-- wp:paragraph -->\n<p><sub><a href=\"#_ftnref5\">[5]<\/a> Assim, por exemplo, caso a notifica\u00e7\u00e3o seja recebida em dia n\u00e3o \u00fatil, como s\u00e1bado ou domingo, para fins de contagem de prazo, ser\u00e1 considerada como recebida no pr\u00f3ximo dia \u00fatil, usualmente segunda-feira.<\/sub><\/p>\n<!-- \/wp:paragraph -->\n\n<!-- wp:paragraph -->\n<p><sub><a href=\"#_ftnref6\">[6]<\/a> Artigo 6.6.2. Considera-se prorrogado o prazo at\u00e9 o primeiro dia \u00fatil se o vencimento cair em dia em que n\u00e3o houver expediente no CAM-CCBC.<\/sub><\/p>\n<!-- \/wp:paragraph -->\n\n<!-- wp:paragraph -->\n<p><sub><a href=\"#_ftnref7\">[7]<\/a> Dispon\u00edvel em: https:\/\/www.ccbc.org.br\/cam-ccbc-centro-arbitragem-mediacao\/resolucao-de-disputas\/resolucoes-administrativas\/ra-32-2018-ref-procedimento-do-arbitro-de-emergencia\/<\/sub><\/p>\n<!-- \/wp:paragraph -->\n\n<!-- wp:paragraph -->\n<p><sub><a href=\"#_ftnref8\">[8]<\/a> Dispon\u00edvel em: https:\/\/www.ccbc.org.br\/cam-ccbc-centro-arbitragem-mediacao\/ra-44-2020\/<\/sub><\/p>\n<!-- \/wp:paragraph -->","_et_gb_content_width":"1200","footnotes":""},"class_list":["post-63927","page","type-page","status-publish","hentry"],"_links":{"self":[{"href":"https:\/\/www.ccbc.org.br\/cam-ccbc-centro-arbitragem-mediacao\/en\/wp-json\/wp\/v2\/pages\/63927","targetHints":{"allow":["GET"]}}],"collection":[{"href":"https:\/\/www.ccbc.org.br\/cam-ccbc-centro-arbitragem-mediacao\/en\/wp-json\/wp\/v2\/pages"}],"about":[{"href":"https:\/\/www.ccbc.org.br\/cam-ccbc-centro-arbitragem-mediacao\/en\/wp-json\/wp\/v2\/types\/page"}],"author":[{"embeddable":true,"href":"https:\/\/www.ccbc.org.br\/cam-ccbc-centro-arbitragem-mediacao\/en\/wp-json\/wp\/v2\/users\/56"}],"replies":[{"embeddable":true,"href":"https:\/\/www.ccbc.org.br\/cam-ccbc-centro-arbitragem-mediacao\/en\/wp-json\/wp\/v2\/comments?post=63927"}],"version-history":[{"count":4,"href":"https:\/\/www.ccbc.org.br\/cam-ccbc-centro-arbitragem-mediacao\/en\/wp-json\/wp\/v2\/pages\/63927\/revisions"}],"predecessor-version":[{"id":63946,"href":"https:\/\/www.ccbc.org.br\/cam-ccbc-centro-arbitragem-mediacao\/en\/wp-json\/wp\/v2\/pages\/63927\/revisions\/63946"}],"wp:attachment":[{"href":"https:\/\/www.ccbc.org.br\/cam-ccbc-centro-arbitragem-mediacao\/en\/wp-json\/wp\/v2\/media?parent=63927"}],"curies":[{"name":"wp","href":"https:\/\/api.w.org\/{rel}","templated":true}]}}