{"id":63808,"date":"2025-06-11T16:09:29","date_gmt":"2025-06-11T19:09:29","guid":{"rendered":"https:\/\/www.ccbc.org.br\/cam-ccbc-centro-arbitragem-mediacao\/?page_id=63808"},"modified":"2025-06-11T16:09:31","modified_gmt":"2025-06-11T19:09:31","slug":"administrative-guidance-no-06-2025","status":"publish","type":"page","link":"https:\/\/www.ccbc.org.br\/cam-ccbc-centro-arbitragem-mediacao\/en\/administrative-guidance-no-06-2025\/","title":{"rendered":"Administrative Guidance No. 06\/2025"},"content":{"rendered":"<p>[et_pb_section fb_built=&#8221;1&#8243; module_class=&#8221;interior-header&#8221; _builder_version=&#8221;4.16&#8243; background_image=&#8221;https:\/\/ccbc.org.br\/cam-ccbc-centro-arbitragem-mediacao\/wp-content\/uploads\/sites\/10\/2018\/08\/Conj31-A1-SalaDeArbitragem.jpg&#8221; custom_padding=&#8221;200px|0px||0px|false|false&#8221; locked=&#8221;off&#8221; global_colors_info=&#8221;{}&#8221;][et_pb_row _builder_version=&#8221;4.16&#8243; custom_margin=&#8221;50px|||&#8221; global_colors_info=&#8221;{}&#8221;][et_pb_column type=&#8221;4_4&#8243; _builder_version=&#8221;4.16&#8243; background_position=&#8221;top_left&#8221; custom_padding=&#8221;|||&#8221; global_colors_info=&#8221;{}&#8221; custom_padding__hover=&#8221;|||&#8221;][et_pb_text admin_label=&#8221;Header&#8221; _builder_version=&#8221;4.17.4&#8243; text_font=&#8221;|700|||||||&#8221; text_font_size=&#8221;22px&#8221; header_font=&#8221;||||||||&#8221; header_font_size=&#8221;60px&#8221; header_line_height=&#8221;1.2em&#8221; background_layout=&#8221;dark&#8221; text_font_size_tablet=&#8221;14px&#8221; text_font_size_phone=&#8221;14px&#8221; text_font_size_last_edited=&#8221;on|phone&#8221; header_font_size_tablet=&#8221;30px&#8221; header_font_size_phone=&#8221;&#8221; header_font_size_last_edited=&#8221;on|phone&#8221; global_colors_info=&#8221;{}&#8221;]<\/p>\n<h1>Administrative Guidance No. 06\/2025<\/h1>\n<p class=\"p1\" style=\"text-align: justify;\"><span style=\"font-family: inherit;\">Provides for the use of the electronic case management system of ADR proceedings administered by the Center for Arbitration and Mediation of the Chamber of Commerce Brazil-Canada &#8211; eCAM-CCBC &#8211; and adopts other measures.<\/span><\/p>\n<p>[\/et_pb_text][\/et_pb_column][\/et_pb_row][et_pb_row _builder_version=&#8221;4.16&#8243; custom_margin=&#8221;0px||0px|&#8221; custom_padding=&#8221;0px||0px|&#8221; global_colors_info=&#8221;{}&#8221;][et_pb_column type=&#8221;4_4&#8243; _builder_version=&#8221;4.16&#8243; custom_padding=&#8221;|||&#8221; global_colors_info=&#8221;{}&#8221; custom_padding__hover=&#8221;|||&#8221;][et_pb_code admin_label=&#8221;Breadcrumbs shortcode&#8221; module_class=&#8221;breadcrumbs&#8221; _builder_version=&#8221;4.16&#8243; custom_css_main_element=&#8221;margin-top: 103px;||font-size: 14px;&#8221; global_colors_info=&#8221;{}&#8221;][\/et_pb_code][\/et_pb_column][\/et_pb_row][\/et_pb_section][et_pb_section fb_built=&#8221;1&#8243; _builder_version=&#8221;4.16&#8243; locked=&#8221;off&#8221; global_colors_info=&#8221;{}&#8221;][et_pb_row _builder_version=&#8221;4.16&#8243; background_size=&#8221;initial&#8221; background_position=&#8221;top_left&#8221; background_repeat=&#8221;repeat&#8221; global_colors_info=&#8221;{}&#8221;][et_pb_column type=&#8221;4_4&#8243; _builder_version=&#8221;4.16&#8243; custom_padding=&#8221;|||&#8221; global_colors_info=&#8221;{}&#8221; custom_padding__hover=&#8221;|||&#8221;][et_pb_text admin_label=&#8221;Text&#8221; _builder_version=&#8221;4.17.4&#8243; header_6_font_size=&#8221;10px&#8221; background_size=&#8221;initial&#8221; background_position=&#8221;top_left&#8221; background_repeat=&#8221;repeat&#8221; global_colors_info=&#8221;{}&#8221;]<\/p>\n<p class=\"p1\" style=\"text-align: justify;\">Considering that the Center for Arbitration and Mediation of the Chamber of Commerce Brazil-Canada (&#8220;CAM-CCBC&#8221;) acts in the administration of alternative dispute resolution methods (ADR) and is committed to the continuous improvement of the processes administered and its internal procedures;<\/p>\n<p class=\"p2\" style=\"text-align: justify;\">\n<p class=\"p1\" style=\"text-align: justify;\">Considering that the electronic case management system (&#8220;<i>eCAM-CCBC<\/i>&#8220;) has been developed to ensure greater security and efficiency in accessing and managing cases, which will replace the current electronic model for accessing case files and filing protests;<span class=\"Apple-converted-space\">\u00a0<\/span><\/p>\n<p class=\"p2\" style=\"text-align: justify;\">\n<p class=\"p1\" style=\"text-align: justify;\">Considering the Administrative Resolution No. 40\/2020, approved on April 2, 2020, that provides for the administrative organization of CAM-CCBC and rules for the electronic processing of cases;<\/p>\n<p class=\"p2\" style=\"text-align: justify;\">\n<p class=\"p1\" style=\"text-align: justify;\">The Executive Board of CAM-CCBC, in the use of the powers conferred upon it by Article 11(VI) of the CAM-CCBC Internal Rules, having conferred with the CAM-CCBC Presidency, issues this Administrative Guideline on the use of <i>eCAM-CCBC<\/i>.<\/p>\n<p class=\"p2\" style=\"text-align: justify;\">\n<ul class=\"ul1\" style=\"text-align: justify;\">\n<li class=\"li1\"><b>eCAM-CCBC and the new system for filling submissions, notifications and meeting deadlines<\/b><\/li>\n<\/ul>\n<p class=\"p2\" style=\"text-align: justify;\"><b><\/b><\/p>\n<p class=\"p1\" style=\"text-align: justify;\"><b>Article 1. <\/b>eCAM-CCBC is the online system developed for the management and electronic processing of ADR proceedings administered by CAM-CCBC.<\/p>\n<p class=\"p2\" style=\"text-align: justify;\">\n<p class=\"p1\" style=\"text-align: justify;\"><b>Article 2. <\/b>eCAM-CCBC shall be compulsory for cases filed on or after <b>June 2, 2025<\/b>.<\/p>\n<p class=\"p2\" style=\"text-align: justify;\">\n<p class=\"p1\" style=\"text-align: justify;\"><b>Article 3. <\/b><i>eCAM-CCBC <\/i>shall enable process participants to:<span class=\"Apple-converted-space\">\u00a0<\/span><\/p>\n<p class=\"p2\" style=\"text-align: justify;\">\n<ul class=\"ul1\" style=\"text-align: justify;\">\n<li class=\"li1\">access all your active proceedings with a single <i>login <\/i>and password;<span class=\"Apple-converted-space\">\u00a0<\/span><\/li>\n<li class=\"li1\">consult the main data of proceedings;<span class=\"Apple-converted-space\">\u00a0<\/span><\/li>\n<li class=\"li1\"><i>upload files <\/i>and monitor progress in real time;<\/li>\n<li class=\"li1\"><i>download <\/i>the documents, including a full copy of the case file in searchable <i>pdf format<\/i>; and<span class=\"Apple-converted-space\">\u00a0<\/span><\/li>\n<li class=\"li1\">receive electronic communications about new developments published in case files.<\/li>\n<\/ul>\n<p class=\"p2\" style=\"text-align: justify;\">\n<p class=\"p1\" style=\"text-align: justify;\"><b>Article 4. <\/b>eCAM-CCBC is for the exclusive use of participants in proceedings, such as: parties, duly constituted lawyers, the Arbitral Tribunal, Arbitral Tribunal Secretaries, Mediators, Members of Dispute Boards and duly authorized third parties (&#8220;Participants&#8221;). Access(es) are granted only to the proceedings(s) in which the user acts.<\/p>\n<p class=\"p3\" style=\"text-align: justify;\"><b>Sole Paragraph. <\/b>Public information on the proceedings, where applicable, shall be made available on the CAM-CCBC website.<span class=\"Apple-converted-space\">\u00a0<\/span><\/p>\n<p class=\"p1\" style=\"text-align: justify;\"><b>Article 5. <\/b>The instructions and rules for using eCAM-CCBC<i> <\/i>are available on the eCAM-CCBC homepage and can be accessed in the tutorial.<\/p>\n<p class=\"p2\" style=\"text-align: justify;\">\n<p class=\"p1\" style=\"text-align: justify;\"><b>Article 6. <\/b>Written communications (submissions, notifications, subpoenas) relating to proceedings must be made through eCAM-CCBC.<\/p>\n<p class=\"p2\" style=\"text-align: justify;\">\n<p class=\"p1\" style=\"text-align: justify;\"><b>Article 7. <\/b>Requests to initiate new proceedings (&#8220;Requests&#8221;), together with the attached documents, must be submitted by e-mail to secgeral@ccbc.org.br . If necessary, the Secretariat will provide a <i>link <\/i>for <i>uploading <\/i>documents.<\/p>\n<p class=\"p2\" style=\"text-align: justify;\">\n<p class=\"p3\" style=\"text-align: justify;\"><b>Paragraph 1. <\/b>Upon receipt, the Secretariat shall forward, to all participants indicated in the Request, the eCAM-CCBC access information.<span class=\"Apple-converted-space\">\u00a0<\/span><\/p>\n<p class=\"p4\" style=\"text-align: justify;\">\n<p class=\"p3\" style=\"text-align: justify;\"><b>Paragraph 2. <\/b>The procedure set out in the first paragraph shall apply to new Participants after the submission of the response to the request or their first filling in the process.<\/p>\n<p class=\"p4\" style=\"text-align: justify;\">\n<p class=\"p3\" style=\"text-align: justify;\"><b>Paragraph 3. <\/b>All other communications from the Secretariat, as well as statements and documents submitted by Participants, must be made available directly on eCAM-CCBC, unless it is determined that notifications should be made by other means.<\/p>\n<p class=\"p4\" style=\"text-align: justify;\">\n<p class=\"p3\" style=\"text-align: justify;\"><b>Paragraph 4. <\/b>Proceedings initiated prior to the entry into force of this Administrative Guidance and which do not take place exclusively within the scope of eCAM-CCBC, will continue to be administered via <i>Sharepoint<\/i>, until the Secretariat notifies the participants of their migration to eCAM-CCBC.<\/p>\n<p class=\"p2\" style=\"text-align: justify;\">\n<p class=\"p1\" style=\"text-align: justify;\"><b>Article 8. <\/b>In proceedings conducted through eCAM-CCBC, all submissions and their respective annexes must be filed on <i>Exam-CCBC<\/i>. Other forms of filling shall not be considered, such as <i>e-mails<\/i>, physical protocols at CAM-CCBC headquarters, via registered letter and\/or bearer, except for the exceptions provided for in the final part of \u00a73 of Article 7.<\/p>\n<p class=\"p2\" style=\"text-align: justify;\">\n<p class=\"p1\" style=\"text-align: justify;\"><b>Article 9. <\/b><i>eCAM-CCBC <\/i>will send automatic <i>e-mails <\/i>to registered users when submissions, decisions or notices of the Arbitral Tribunal are published, as well as notices from the Secretariat in the case file. There will be no other form of communication from the Secretariat regarding such publications. Participants must take the necessary steps to join, enable, and access eCAM-CCBC.<\/p>\n<p class=\"p2\" style=\"text-align: justify;\">\n<p class=\"p3\" style=\"text-align: justify;\"><b>Sole Paragraph. <\/b>The time limit for Participants to respond to communications from CAM-CCBC or to any kind of decision-making acts shall begin on the first business day following the date of receipt of the automatic e-mail from eCAM-CCBC regarding the publication of the document in the case file.<\/p>\n<p class=\"p2\" style=\"text-align: justify;\">\n<p class=\"p1\" style=\"text-align: justify;\"><b>Article 10. <\/b>In the event of unavailability of the eCAM-CCBC, the Participant shall notify the Secretariat of such occurrence, copying to the other Participants. In this case, compliance with the applicable deadline may be fulfilled via e-mail sent to the Secretariat, containing the submission and any attachments.<\/p>\n<p class=\"p2\" style=\"text-align: justify;\">\n<p class=\"p3\" style=\"text-align: justify;\"><b>Sole Paragraph. <\/b>As soon as this unavailability is corrected, the Secretariat will ask the Participant to <i>upload <\/i>the documents to <i>eCAM-CCBC<\/i>.<\/p>\n<p class=\"p2\" style=\"text-align: justify;\">\n<ul class=\"ul1\" style=\"text-align: justify;\">\n<li class=\"li1\"><b>Processing of personal data<\/b><\/li>\n<\/ul>\n<p class=\"p2\" style=\"text-align: justify;\"><b><\/b><\/p>\n<p class=\"p1\" style=\"text-align: justify;\"><b>Article 11. <\/b>The personal data processed within the scope of the processes is necessary for the regular exercise of rights and the fulfillment of a legal or regulatory obligation, in accordance with the provisions set forth in Law No. 13,709\/2018 (General Data Protection Law).<\/p>\n<p class=\"p2\" style=\"text-align: justify;\">\n<ul class=\"ul1\" style=\"text-align: justify;\">\n<li class=\"li1\"><b>Duration and final provisions<\/b><\/li>\n<\/ul>\n<p class=\"p2\" style=\"text-align: justify;\"><b><\/b><\/p>\n<p class=\"p1\" style=\"text-align: justify;\"><b>Article 12. <\/b>This Administrative Guideline shall enter into force on June 2, 2025, succeeding Administrative Resolution 40\/2020 for processes being processed electronically on <i>eCAM-CCBC<\/i>.<\/p>\n<p class=\"p2\" style=\"text-align: justify;\">\n<p class=\"p1\" style=\"text-align: justify;\"><b>Article 13. <\/b>Items 4 and 5 of Administrative Resolution 40\/2020 are hereby revoked.<\/p>\n<p style=\"text-align: center;\">\u00a0***<\/p>\n<p class=\"p1\" style=\"text-align: center;\">S\u00e3o Paulo, May 19, 2025.<\/p>\n<p style=\"text-align: center;\">Patr\u00edcia Kobayashi<br \/>Executive Director<\/p>\n<p>&nbsp;<\/p>\n<p>&nbsp;<\/p>\n<p><!-- \/divi:paragraph -->[\/et_pb_text][\/et_pb_column][\/et_pb_row][\/et_pb_section]<\/p>\n","protected":false},"excerpt":{"rendered":"<p>Administrative Guidance No. 06\/2025 Provides for the use of the electronic case management system of ADR proceedings administered by the Center for Arbitration and Mediation of the Chamber of Commerce Brazil-Canada &#8211; eCAM-CCBC &#8211; and adopts other measures.Considering that the Center for Arbitration and Mediation of the Chamber of Commerce Brazil-Canada (&#8220;CAM-CCBC&#8221;) acts in the [&hellip;]<\/p>\n","protected":false},"author":56,"featured_media":0,"parent":0,"menu_order":0,"comment_status":"closed","ping_status":"closed","template":"","meta":{"_et_pb_use_builder":"on","_et_pb_old_content":"<!-- wp:paragraph -->\n<p><strong>Ref.: <\/strong><strong>Calend\u00e1rio 2022<\/strong><\/p>\n<!-- \/wp:paragraph -->\n\n<!-- wp:paragraph -->\n<p>A Presidente do CAM-CCBC, no uso das atribui\u00e7\u00f5es que lhe s\u00e3o conferidas pelo artigo 2.6, al\u00ednea \u2018c\u2019, do Regulamento do CAM-CCBC, aprovado em 01 de setembro de 2011, informa que n\u00e3o haver\u00e1 expediente no CAM-CCBC<a href=\"#_ftn1\">[1]<\/a> aos finais de semana e nas seguintes datas de 2022<a href=\"#_ftn2\">[2]<\/a>: <em><\/em><\/p>\n<!-- \/wp:paragraph -->\n\n<!-- wp:table -->\n<figure class=\"wp-block-table\"><table><tbody><tr><td><strong>Data<\/strong><\/td><td><strong>Dia da semana<\/strong><\/td><td><strong>Data comemorativa<\/strong><\/td><\/tr><tr><td>24\/01\/2022<\/td><td>Segunda-feira<\/td><td>(Ponte) Anivers\u00e1rio de S\u00e3o Paulo<\/td><\/tr><tr><td>25\/01\/2022<\/td><td>Ter\u00e7a-feira<\/td><td>Anivers\u00e1rio de S\u00e3o Paulo<a href=\"#_ftn3\">[3]<\/a> <em>- mantida<\/em><\/td><\/tr><tr><td>28\/02\/2022<\/td><td>Segunda-feira<\/td><td>(Ponte) Carnaval<\/td><\/tr><tr><td>01\/03\/2022<\/td><td>Ter\u00e7a-feira<\/td><td>Carnaval<\/td><\/tr><tr><td>02\/03\/2022<\/td><td>Quarta-feira<\/td><td>Quarta-Feira de Cinzas<\/td><\/tr><tr><td>15\/04\/2022<\/td><td>Sexta-feira<\/td><td>Sexta-feira Santa<\/td><\/tr><tr><td>21\/04\/2022<\/td><td>Quinta-feira<\/td><td>Dia de Tiradentes<\/td><\/tr><tr><td>22\/04\/2022<\/td><td>Sexta-feira<\/td><td>(Ponte) Dia de Tiradentes<\/td><\/tr><tr><td>16\/06\/2022<\/td><td>Quinta-feira<\/td><td>Corpus Christi<a href=\"#_ftn4\">[4]<\/a> <em>- mantida<\/em><\/td><\/tr><tr><td>17\/06\/2022<\/td><td>Sexta-feira<\/td><td>(Ponte) Corpus Christi<\/td><\/tr><tr><td>07\/09\/2022<\/td><td>Quarta-feira<\/td><td>Dia da Independ\u00eancia do Brasil<\/td><\/tr><tr><td>12\/10\/2022<\/td><td>Quarta-Feira<\/td><td>Dia de Nossa Senhora Aparecida<\/td><\/tr><tr><td>02\/11\/2022<\/td><td>Quarta-Feira<\/td><td>Dia de Finados<\/td><\/tr><tr><td>14\/11\/2022<\/td><td>Segunda-feira<\/td><td>(Ponte) Proclama\u00e7\u00e3o da Rep\u00fablica<\/td><\/tr><tr><td>15\/11\/2022<\/td><td>Ter\u00e7a-feira<\/td><td>Proclama\u00e7\u00e3o da Rep\u00fablica<\/td><\/tr><\/tbody><\/table><\/figure>\n<!-- \/wp:table -->\n\n<!-- wp:paragraph -->\n<p>Ser\u00e3o considerados dias \u00fateis aqueles em que houver expediente no CAM-CCBC. Em caso de notifica\u00e7\u00f5es, comunica\u00e7\u00f5es ou outros atos realizados em dia em que n\u00e3o houver expediente no CAM-CCBC, estes ser\u00e3o considerados como realizados no pr\u00f3ximo dia \u00fatil.<\/p>\n<!-- \/wp:paragraph -->\n\n<!-- wp:paragraph -->\n<p>Do mesmo modo, prazos com vencimento em dia em que n\u00e3o houver expediente no CAM-CCBC ser\u00e3o prorrogados para o primeiro dia \u00fatil seguinte<a href=\"#_ftn5\">[5]<\/a>, conforme o artigo 6.6.2<a href=\"#_ftn6\">[6]<\/a> do Regulamento. <em><\/em><\/p>\n<!-- \/wp:paragraph -->\n\n<!-- wp:paragraph -->\n<p>Em car\u00e1ter excepcional, os procedimentos de \u00e1rbitro de emerg\u00eancia, regidos pelas Resolu\u00e7\u00f5es Administrativas n\u00b0 32\/2018<a href=\"#_ftn7\">[7]<\/a> e 44\/2020<a href=\"#_ftn8\">[8]<\/a>, podem ter andamento e vencimento de prazo em dia n\u00e3o \u00fatil (ou seja, em dia em que n\u00e3o h\u00e1 expediente no CAM-CCBC). <em><\/em><\/p>\n<!-- \/wp:paragraph -->\n\n<!-- wp:paragraph -->\n<p>Ademais, para melhor organiza\u00e7\u00e3o dos trabalhos, informamos, ainda, que o CAM-CCBC estar\u00e1 em recesso de 21 de dezembro de 2022 at\u00e9 o dia 04 de janeiro de 2023. Todos os prazos ficar\u00e3o suspensos no per\u00edodo, voltando a correr no dia 05 de janeiro de 2023.<\/p>\n<!-- \/wp:paragraph -->\n\n<!-- wp:table -->\n<figure class=\"wp-block-table\"><table><tbody><tr><td><strong>Recesso<\/strong><\/td><td><strong>Data<\/strong><strong><\/strong><\/td><td><strong>Dia da semana<\/strong><strong><\/strong><\/td><\/tr><tr><td>In\u00edcio<\/td><td>21\/12\/2022<\/td><td>Quarta-feira<\/td><\/tr><tr><td>Fim<\/td><td>04\/01\/2023<\/td><td>Quarta-feira<\/td><\/tr><\/tbody><\/table><\/figure>\n<!-- \/wp:table -->\n\n<!-- wp:paragraph {\"align\":\"center\"} -->\n<p class=\"has-text-align-center\">***<\/p>\n<!-- \/wp:paragraph -->\n\n<!-- wp:paragraph {\"align\":\"center\"} -->\n<p class=\"has-text-align-center\">S\u00e3o Paulo, 16 de dezembro de 2021<\/p>\n<!-- \/wp:paragraph -->\n\n<!-- wp:paragraph {\"align\":\"center\"} -->\n<p class=\"has-text-align-center\">Eleonora Coelho<\/p>\n<!-- \/wp:paragraph -->\n\n<!-- wp:paragraph {\"align\":\"center\"} -->\n<p class=\"has-text-align-center\">Presidente do CAM-CCBC<\/p>\n<!-- \/wp:paragraph -->\n\n<!-- wp:paragraph -->\n<p><sub><a href=\"#_ftnref1\">[1]<\/a> A sede de S\u00e3o Paulo \u00e9 utilizada como refer\u00eancia para defini\u00e7\u00e3o dos dias de expediente do CAM-CCBC, n\u00e3o obstante ter tamb\u00e9m unidade localizada no Rio de Janeiro.<\/sub><\/p>\n<!-- \/wp:paragraph -->\n\n<!-- wp:paragraph -->\n<p><sub><a href=\"#_ftnref2\">[2]<\/a> Apesar de a Prefeitura de S\u00e3o Paulo ter adiantado os feriados de Anivers\u00e1rio de S\u00e3o Paulo (janeiro) e Corpus Christi (junho), conforme o Comunicado da Presid\u00eancia de 22 de mar\u00e7o de 2021 o funcionamento foi mantido no CAM-CCBC nas datas correspondentes e, portanto, n\u00e3o haver\u00e1 expediente nessas datas em 2022.<\/sub><\/p>\n<!-- \/wp:paragraph -->\n\n<!-- wp:paragraph -->\n<p><sub>Comunicado da Presid\u00eancia de 22 de mar\u00e7o de 2021: \u201c<em>Em decreto publicado na quinta-feira dia 18.03.2021, a Prefeitura de S\u00e3o Paulo informou a antecipa\u00e7\u00e3o de feriados de 2021 (Corpus Christi, em junho, e Dia da Consci\u00eancia Negra, em novembro) e dos seguintes feriados de 2022: Anivers\u00e1rio de S\u00e3o Paulo (janeiro), Corpus Christi (junho) e Dia da Consci\u00eancia Negra (novembro). A medida tem como foco principal os setores que ainda mant\u00eam funcionamento presencial, pretende reduzir a circula\u00e7\u00e3o e evitar aglomera\u00e7\u00f5es. Como o CAM-CCBC est\u00e1 conduzindo suas atividades de forma 100% remota e, portanto, j\u00e1 contribui para o isolamento social mesmo em dias \u00fateis, decidimos manter nosso funcionamento com efetivo reduzido nos dias 26, 29, 30, 31 de mar\u00e7o e 1\u00ba de abril de 2021, observado estrito cumprimento das regras trabalhistas para tal hip\u00f3tese. Nossa decis\u00e3o considerou tamb\u00e9m a import\u00e2ncia da n\u00e3o interrup\u00e7\u00e3o do andamento dos procedimentos sob nossa gest\u00e3o neste momento t\u00e3o delicado para o mundo e especialmente para nosso pa\u00eds.\u201d<\/em><\/sub><\/p>\n<!-- \/wp:paragraph -->\n\n<!-- wp:paragraph -->\n<p><sub><a href=\"#_ftnref3\">[3]<\/a> Vide nota de rodap\u00e9 2.<\/sub><\/p>\n<!-- \/wp:paragraph -->\n\n<!-- wp:paragraph -->\n<p><sub><a href=\"#_ftnref4\">[4]<\/a> Vide nota de rodap\u00e9 2.<\/sub><\/p>\n<!-- \/wp:paragraph -->\n\n<!-- wp:paragraph -->\n<p><sub><a href=\"#_ftnref5\">[5]<\/a> Assim, por exemplo, caso a notifica\u00e7\u00e3o seja recebida em dia n\u00e3o \u00fatil, como s\u00e1bado ou domingo, para fins de contagem de prazo, ser\u00e1 considerada como recebida no pr\u00f3ximo dia \u00fatil, usualmente segunda-feira.<\/sub><\/p>\n<!-- \/wp:paragraph -->\n\n<!-- wp:paragraph -->\n<p><sub><a href=\"#_ftnref6\">[6]<\/a> Artigo 6.6.2. Considera-se prorrogado o prazo at\u00e9 o primeiro dia \u00fatil se o vencimento cair em dia em que n\u00e3o houver expediente no CAM-CCBC.<\/sub><\/p>\n<!-- \/wp:paragraph -->\n\n<!-- wp:paragraph -->\n<p><sub><a href=\"#_ftnref7\">[7]<\/a> Dispon\u00edvel em: https:\/\/www.ccbc.org.br\/cam-ccbc-centro-arbitragem-mediacao\/resolucao-de-disputas\/resolucoes-administrativas\/ra-32-2018-ref-procedimento-do-arbitro-de-emergencia\/<\/sub><\/p>\n<!-- \/wp:paragraph -->\n\n<!-- wp:paragraph -->\n<p><sub><a href=\"#_ftnref8\">[8]<\/a> Dispon\u00edvel em: https:\/\/www.ccbc.org.br\/cam-ccbc-centro-arbitragem-mediacao\/ra-44-2020\/<\/sub><\/p>\n<!-- \/wp:paragraph -->","_et_gb_content_width":"1200","footnotes":""},"class_list":["post-63808","page","type-page","status-publish","hentry"],"_links":{"self":[{"href":"https:\/\/www.ccbc.org.br\/cam-ccbc-centro-arbitragem-mediacao\/en\/wp-json\/wp\/v2\/pages\/63808","targetHints":{"allow":["GET"]}}],"collection":[{"href":"https:\/\/www.ccbc.org.br\/cam-ccbc-centro-arbitragem-mediacao\/en\/wp-json\/wp\/v2\/pages"}],"about":[{"href":"https:\/\/www.ccbc.org.br\/cam-ccbc-centro-arbitragem-mediacao\/en\/wp-json\/wp\/v2\/types\/page"}],"author":[{"embeddable":true,"href":"https:\/\/www.ccbc.org.br\/cam-ccbc-centro-arbitragem-mediacao\/en\/wp-json\/wp\/v2\/users\/56"}],"replies":[{"embeddable":true,"href":"https:\/\/www.ccbc.org.br\/cam-ccbc-centro-arbitragem-mediacao\/en\/wp-json\/wp\/v2\/comments?post=63808"}],"version-history":[{"count":3,"href":"https:\/\/www.ccbc.org.br\/cam-ccbc-centro-arbitragem-mediacao\/en\/wp-json\/wp\/v2\/pages\/63808\/revisions"}],"predecessor-version":[{"id":63812,"href":"https:\/\/www.ccbc.org.br\/cam-ccbc-centro-arbitragem-mediacao\/en\/wp-json\/wp\/v2\/pages\/63808\/revisions\/63812"}],"wp:attachment":[{"href":"https:\/\/www.ccbc.org.br\/cam-ccbc-centro-arbitragem-mediacao\/en\/wp-json\/wp\/v2\/media?parent=63808"}],"curies":[{"name":"wp","href":"https:\/\/api.w.org\/{rel}","templated":true}]}}