{"id":36871,"date":"2023-04-18T11:08:51","date_gmt":"2023-04-18T14:08:51","guid":{"rendered":"https:\/\/www.ccbc.org.br\/cam-ccbc-centro-arbitragem-mediacao\/about-the-cam\/estrutura-organizacional-2\/"},"modified":"2026-06-08T09:57:18","modified_gmt":"2026-06-08T12:57:18","slug":"organizational-structure","status":"publish","type":"page","link":"https:\/\/www.ccbc.org.br\/cam-ccbc-centro-arbitragem-mediacao\/en\/about-the-cam\/organizational-structure\/","title":{"rendered":"Organizational Structure"},"content":{"rendered":"<p>[et_pb_section fb_built=&#8221;1&#8243; module_class=&#8221;interior-header&#8221; _builder_version=&#8221;4.16&#8243; background_image=&#8221;https:\/\/storage.googleapis.com\/stateless-ccbc-org-br\/2018\/09\/CAM_INFRA_1.jpg&#8221; global_colors_info=&#8221;{}&#8221;][et_pb_row _builder_version=&#8221;4.16&#8243; custom_margin=&#8221;50px|||&#8221; global_colors_info=&#8221;{}&#8221;][et_pb_column type=&#8221;4_4&#8243; _builder_version=&#8221;4.16&#8243; background_position=&#8221;top_left&#8221; custom_padding=&#8221;|||&#8221; global_colors_info=&#8221;{}&#8221; custom_padding__hover=&#8221;|||&#8221;][et_pb_text admin_label=&#8221;Header&#8221; _builder_version=&#8221;4.17.4&#8243; text_font=&#8221;||||||||&#8221; text_font_size=&#8221;22px&#8221; header_font=&#8221;|||on|||||&#8221; header_font_size=&#8221;60px&#8221; header_line_height=&#8221;1.2em&#8221; background_layout=&#8221;dark&#8221; text_font_size_tablet=&#8221;14px&#8221; text_font_size_phone=&#8221;&#8221; text_font_size_last_edited=&#8221;on|phone&#8221; header_font_size_tablet=&#8221;30px&#8221; header_font_size_phone=&#8221;&#8221; header_font_size_last_edited=&#8221;on|phone&#8221; global_colors_info=&#8221;{}&#8221;]<\/p>\n<h1>Organizational Structure<\/h1>\n<p>&nbsp;<\/p>\n<p>[\/et_pb_text][\/et_pb_column][\/et_pb_row][et_pb_row _builder_version=&#8221;4.16&#8243; custom_margin=&#8221;0px||0px|&#8221; global_colors_info=&#8221;{}&#8221;][et_pb_column type=&#8221;4_4&#8243; _builder_version=&#8221;4.16&#8243; custom_padding=&#8221;|||&#8221; global_colors_info=&#8221;{}&#8221; custom_padding__hover=&#8221;|||&#8221;][et_pb_code admin_label=&#8221;Breadcrumbs shortcode&#8221; module_class=&#8221;breadcrumbs&#8221; _builder_version=&#8221;4.16&#8243; custom_css_main_element=&#8221;margin-top: 103px;||font-size: 14px;&#8221; global_colors_info=&#8221;{}&#8221;][\/et_pb_code][\/et_pb_column][\/et_pb_row][\/et_pb_section][et_pb_section fb_built=&#8221;1&#8243; _builder_version=&#8221;4.16&#8243; global_colors_info=&#8221;{}&#8221;][et_pb_row _builder_version=&#8221;4.16&#8243; global_colors_info=&#8221;{}&#8221;][et_pb_column type=&#8221;4_4&#8243; _builder_version=&#8221;4.16&#8243; custom_padding=&#8221;|||&#8221; global_colors_info=&#8221;{}&#8221; custom_padding__hover=&#8221;|||&#8221;][et_pb_text module_class=&#8221;header-with-button&#8221; _builder_version=&#8221;4.17.4&#8243; header_font=&#8221;Open Sans||||||||&#8221; header_font_size=&#8221;29px&#8221; global_colors_info=&#8221;{}&#8221;]<\/p>\n<h1>Organizational Structure<\/h1>\n<p>[\/et_pb_text][et_pb_divider divider_position=&#8221;center&#8221; _builder_version=&#8221;4.16&#8243; global_colors_info=&#8221;{}&#8221;]<\/p>\n<p>\n&nbsp;<\/p>\n<p>[\/et_pb_divider][\/et_pb_column][\/et_pb_row][et_pb_row column_structure=&#8221;1_3,2_3&#8243; use_custom_gutter=&#8221;on&#8221; gutter_width=&#8221;1&#8243; _builder_version=&#8221;4.16&#8243; custom_padding=&#8221;||34px|||&#8221; custom_width_px=&#8221;1195px&#8221; global_colors_info=&#8221;{}&#8221;][et_pb_column type=&#8221;1_3&#8243; _builder_version=&#8221;4.16&#8243; custom_padding=&#8221;|||&#8221; global_colors_info=&#8221;{}&#8221; custom_padding__hover=&#8221;|||&#8221;][et_pb_image src=&#8221;https:\/\/ccbc.org.br\/cam-ccbc-centro-arbitragem-mediacao\/wp-content\/uploads\/sites\/10\/2023\/04\/Rodrigo-Presidente-CAM-CCBC.jpg&#8221; title_text=&#8221;Rodrigo-Presidente-CAM-CCBC&#8221; show_bottom_space=&#8221;off&#8221; align_tablet=&#8221;center&#8221; align_phone=&#8221;center&#8221; align_last_edited=&#8221;on|desktop&#8221; _builder_version=&#8221;4.17.4&#8243; max_width=&#8221;80%&#8221; animation_style=&#8221;fade&#8221; global_colors_info=&#8221;{}&#8221;]<\/p>\n<p>\n&nbsp;<\/p>\n<p>[\/et_pb_image][\/et_pb_column][et_pb_column type=&#8221;2_3&#8243; _builder_version=&#8221;4.16&#8243; custom_padding=&#8221;|||&#8221; global_colors_info=&#8221;{}&#8221; custom_padding__hover=&#8221;|||&#8221;][et_pb_text _builder_version=&#8221;4.17.4&#8243; text_font=&#8221;Open Sans||||||||&#8221; header_font=&#8221;Open Sans||||||||&#8221; header_font_size=&#8221;29px&#8221; header_2_font=&#8221;Open Sans||||||||&#8221; header_2_font_size=&#8221;18px&#8221; custom_margin=&#8221;80px||||false|false&#8221; custom_margin_tablet=&#8221;20px|||&#8221; custom_margin_phone=&#8221;&#8221; custom_margin_last_edited=&#8221;on|phone&#8221; global_colors_info=&#8221;{}&#8221;]<\/p>\n<h1><strong>Rodrigo Garcia da Fonseca<\/strong><\/h1>\n<h2>President<\/h2>\n<p>[\/et_pb_text][et_pb_text disabled_on=&#8221;off|off|off&#8221; _builder_version=&#8221;4.17.4&#8243; width=&#8221;90%&#8221; locked=&#8221;off&#8221; global_colors_info=&#8221;{}&#8221;]<\/p>\n<p style=\"text-align: justify\">Lawyer with more than 30 years of experience in the resolution of business disputes, acting in domestic and international arbitrations as well as in judicial and administrative litigation. Frequently appointed as arbitrator, he is a member of the lists of arbitrators of several Brazilian institutions. Recognized in Brazil and abroad for his professional abilities, he is always up to date with the law, and is deeply involved in institutional activities. Fluent in Portuguese, English, French and Spanish.<\/p>\n<p>[\/et_pb_text][\/et_pb_column][\/et_pb_row][et_pb_row column_structure=&#8221;1_2,1_2&#8243; use_custom_gutter=&#8221;on&#8221; gutter_width=&#8221;1&#8243; _builder_version=&#8221;4.16&#8243; custom_padding=&#8221;||34px|||&#8221; custom_width_px=&#8221;1195px&#8221; global_colors_info=&#8221;{}&#8221;][et_pb_column type=&#8221;1_2&#8243; _builder_version=&#8221;4.16&#8243; custom_padding=&#8221;|||&#8221; global_colors_info=&#8221;{}&#8221; custom_padding__hover=&#8221;|||&#8221;][et_pb_image src=&#8221;https:\/\/ccbc.org.br\/cam-ccbc-centro-arbitragem-mediacao\/wp-content\/uploads\/sites\/10\/2023\/04\/Silvia-VicePresidente-CAM-CCBC-2.jpg&#8221; title_text=&#8221;Silvia-VicePresidente-CAM-CCBC&#8221; show_bottom_space=&#8221;off&#8221; align_tablet=&#8221;center&#8221; align_phone=&#8221;center&#8221; align_last_edited=&#8221;on|desktop&#8221; _builder_version=&#8221;4.17.4&#8243; max_width=&#8221;80%&#8221; animation_style=&#8221;fade&#8221; global_colors_info=&#8221;{}&#8221;]<\/p>\n<p>\n&nbsp;<\/p>\n<p>[\/et_pb_image][et_pb_text _builder_version=&#8221;4.17.4&#8243; text_font=&#8221;Open Sans||||||||&#8221; header_font=&#8221;Open Sans||||||||&#8221; header_font_size=&#8221;29px&#8221; header_2_font=&#8221;Open Sans||||||||&#8221; header_2_font_size=&#8221;20px&#8221; custom_margin=&#8221;30px||||false|false&#8221; custom_margin_tablet=&#8221;20px|||&#8221; custom_margin_phone=&#8221;&#8221; custom_margin_last_edited=&#8221;on|phone&#8221; global_colors_info=&#8221;{}&#8221;]<\/p>\n<h1><strong>Silvia Rodrigues Pachikoski<\/strong><\/h1>\n<h2>Vice-President<\/h2>\n<p>[\/et_pb_text][et_pb_text disabled_on=&#8221;off|off|off&#8221; _builder_version=&#8221;4.17.4&#8243; width=&#8221;90%&#8221; locked=&#8221;off&#8221; global_colors_info=&#8221;{}&#8221;]<\/p>\n<p style=\"text-align: justify\">Lawyer and arbitrator in the corporate area, mergers and acquisitions, construction, business contracts, real estate, franchising, among others, in national and foreign Chambers. Experienced in arbitration, judicial and administrative litigation, involving civil, commercial and consumer areas, and with the definition of procedural strategies in ongoing proceedings at all instances of the Judiciary and solid experience in hearings and meetings before the Public Administration bodies, State and Federal Public Ministry.<\/p>\n<p>[\/et_pb_text][\/et_pb_column][et_pb_column type=&#8221;1_2&#8243; _builder_version=&#8221;4.16&#8243; custom_padding=&#8221;|||&#8221; global_colors_info=&#8221;{}&#8221; custom_padding__hover=&#8221;|||&#8221;][et_pb_image src=&#8221;https:\/\/ccbc.org.br\/cam-ccbc-centro-arbitragem-mediacao\/wp-content\/uploads\/sites\/10\/2023\/04\/Ricardo-VicePresidente-CAM-CCBC.jpg&#8221; title_text=&#8221;Ricardo-VicePresidente-CAM-CCBC&#8221; show_bottom_space=&#8221;off&#8221; align_tablet=&#8221;center&#8221; align_phone=&#8221;center&#8221; align_last_edited=&#8221;on|desktop&#8221; _builder_version=&#8221;4.17.4&#8243; max_width=&#8221;80%&#8221; animation_style=&#8221;fade&#8221; global_colors_info=&#8221;{}&#8221;]<\/p>\n<p>\n&nbsp;<\/p>\n<p>[\/et_pb_image][et_pb_text _builder_version=&#8221;4.17.4&#8243; text_font=&#8221;Open Sans||||||||&#8221; header_font=&#8221;Open Sans||||||||&#8221; header_font_size=&#8221;29px&#8221; header_2_font=&#8221;Open Sans||||||||&#8221; header_2_font_size=&#8221;20px&#8221; custom_margin=&#8221;30px||||false|false&#8221; custom_margin_tablet=&#8221;20px|||&#8221; custom_margin_phone=&#8221;&#8221; custom_margin_last_edited=&#8221;on|phone&#8221; global_colors_info=&#8221;{}&#8221;]<\/p>\n<h1><strong>Ricardo de Carvalho Aprigliano<\/strong><\/h1>\n<h2>Vice-President<\/h2>\n<p>[\/et_pb_text][et_pb_text disabled_on=&#8221;off|off|off&#8221; _builder_version=&#8221;4.17.4&#8243; width=&#8221;90%&#8221; locked=&#8221;off&#8221; global_colors_info=&#8221;{}&#8221;]<\/p>\n<div class=\"col-sm-8\">\n<article class=\"historico\">\n<section data-indice=\"0\" class=\"ng-scope\">\n<div class=\"ng-scope\">\n<div class=\"conteudo\">\n<div class=\"css-reset ng-scope\">Partner in Demarest\u2019s Dispute Resolution practice area, Ricardo de Carvalho Aprigliano is an associate professor (Habilitation in Law), who holds a doctorate and a master\u2019s degree in Procedural Law from USP. He is a coordinator and professor at USP\u2019s postgraduate course in Procedural Law, in collaboration with the AASP, and serves as Vice-President of the Center for Arbitration and Mediation of the Chamber of Commerce Brazil-Canada (CAM-CCBC). Ricardo is a Fellow at the Chartered Institute of Arbitrators (CIARB), and has been recognized by international publications such as Who\u2019s Who Legal, Chambers &amp; Partners, and Leaders League.<\/div>\n<\/div>\n<\/div>\n<\/section>\n<\/article>\n<\/div>\n<p>[\/et_pb_text][\/et_pb_column][\/et_pb_row][et_pb_row disabled_on=&#8221;off|off|off&#8221; _builder_version=&#8221;4.16&#8243; global_colors_info=&#8221;{}&#8221;][et_pb_column type=&#8221;4_4&#8243; _builder_version=&#8221;4.16&#8243; custom_padding=&#8221;|||&#8221; global_colors_info=&#8221;{}&#8221; custom_padding__hover=&#8221;|||&#8221;][et_pb_divider divider_position=&#8221;center&#8221; _builder_version=&#8221;4.16&#8243; global_colors_info=&#8221;{}&#8221;]<\/p>\n<p>\n&nbsp;<\/p>\n<p>[\/et_pb_divider][\/et_pb_column][\/et_pb_row][et_pb_row column_structure=&#8221;1_3,2_3&#8243; use_custom_gutter=&#8221;on&#8221; gutter_width=&#8221;1&#8243; disabled_on=&#8221;off|off|off&#8221; _builder_version=&#8221;4.16&#8243; custom_padding=&#8221;||34px|||&#8221; custom_width_px=&#8221;1195px&#8221; global_colors_info=&#8221;{}&#8221;][et_pb_column type=&#8221;1_3&#8243; _builder_version=&#8221;4.16&#8243; custom_padding=&#8221;|||&#8221; global_colors_info=&#8221;{}&#8221; custom_padding__hover=&#8221;|||&#8221;][et_pb_image src=&#8221;https:\/\/ccbc.org.br\/cam-ccbc-centro-arbitragem-mediacao\/wp-content\/uploads\/sites\/10\/2023\/04\/Patricia-Diretora-executiva.jpg&#8221; title_text=&#8221;Patricia-Diretora-executiva&#8221; show_bottom_space=&#8221;off&#8221; align_tablet=&#8221;center&#8221; align_phone=&#8221;center&#8221; align_last_edited=&#8221;on|desktop&#8221; _builder_version=&#8221;4.17.4&#8243; max_width=&#8221;80%&#8221; animation_style=&#8221;fade&#8221; global_colors_info=&#8221;{}&#8221;]<\/p>\n<p>\n&nbsp;<\/p>\n<p>[\/et_pb_image][\/et_pb_column][et_pb_column type=&#8221;2_3&#8243; _builder_version=&#8221;4.16&#8243; custom_padding=&#8221;|||&#8221; global_colors_info=&#8221;{}&#8221; custom_padding__hover=&#8221;|||&#8221;][et_pb_text _builder_version=&#8221;4.17.4&#8243; text_font=&#8221;Open Sans||||||||&#8221; header_font=&#8221;Open Sans||||||||&#8221; header_font_size=&#8221;29px&#8221; header_2_font=&#8221;Open Sans||||||||&#8221; header_2_font_size=&#8221;20px&#8221; custom_margin=&#8221;69px||||false|false&#8221; custom_margin_tablet=&#8221;20px|||&#8221; custom_margin_phone=&#8221;&#8221; custom_margin_last_edited=&#8221;on|phone&#8221; global_colors_info=&#8221;{}&#8221;]<\/p>\n<h1><span style=\"font-weight: 400\"><b>Patr\u00edcia\u00a0S. Kobayashi<\/b><\/span><\/h1>\n<h2>Executive director<\/h2>\n<p>[\/et_pb_text][et_pb_text _builder_version=&#8221;4.17.4&#8243; width=&#8221;90%&#8221; locked=&#8221;off&#8221; global_colors_info=&#8221;{}&#8221;]<\/p>\n<p style=\"text-align: justify\">Patr\u00edcia Kobayashi was Secretary General of the CAM-CCBC from 2019 to 2023 and has been coordinating the CAM-CCBC Secretariat since 2011. She is a Fellow of the Chartered Institute of Arbitrators (FCIArb), Vice President of IFCAI (The International Federation of Commercial Arbitration Institutions) and a member of the Advisory Board of ITA (Institute for Transnational Arbitration). She is a lawyer in S\u00e3o Paulo and holds an LLB degree from the University of S\u00e3o Paulo (USP). She acted as a researcher in the first institutional survey on arbitration court decisions conducted by the Brazilian Arbitration Committee (CBAr) and Funda\u00e7\u00e3o Get\u00falio Vargas (FGV). Patricia is also a member of ICCA, IBA and other institutions.<\/p>\n<p><strong>Contact: <\/strong>+55 11 4058-0404<br \/><strong>Email:<\/strong> <a href=\"mailto:patricia.kobayashi@ccbc.org.br\">patricia.kobayashi@ccbc.org.br<\/a><\/p>\n<p>[\/et_pb_text][\/et_pb_column][\/et_pb_row][et_pb_row disabled_on=&#8221;off|off|off&#8221; _builder_version=&#8221;4.16&#8243; global_colors_info=&#8221;{}&#8221;][et_pb_column type=&#8221;4_4&#8243; _builder_version=&#8221;4.16&#8243; custom_padding=&#8221;|||&#8221; global_colors_info=&#8221;{}&#8221; custom_padding__hover=&#8221;|||&#8221;][et_pb_divider divider_position=&#8221;center&#8221; _builder_version=&#8221;4.16&#8243; global_colors_info=&#8221;{}&#8221;]<\/p>\n<p>\n&nbsp;<\/p>\n<p>[\/et_pb_divider][\/et_pb_column][\/et_pb_row][et_pb_row column_structure=&#8221;1_3,2_3&#8243; use_custom_gutter=&#8221;on&#8221; gutter_width=&#8221;1&#8243; disabled_on=&#8221;off|off|off&#8221; _builder_version=&#8221;4.16&#8243; custom_padding=&#8221;||34px|||&#8221; custom_width_px=&#8221;1195px&#8221; global_colors_info=&#8221;{}&#8221;][et_pb_column type=&#8221;1_3&#8243; _builder_version=&#8221;4.16&#8243; custom_padding=&#8221;|||&#8221; global_colors_info=&#8221;{}&#8221; custom_padding__hover=&#8221;|||&#8221;][et_pb_image src=&#8221;https:\/\/ccbc.org.br\/cam-ccbc-centro-arbitragem-mediacao\/wp-content\/uploads\/sites\/10\/2018\/09\/4e027ceb-luiza100.png&#8221; align_tablet=&#8221;center&#8221; align_phone=&#8221;center&#8221; align_last_edited=&#8221;on|desktop&#8221; _builder_version=&#8221;4.16&#8243; max_width=&#8221;80%&#8221; animation_style=&#8221;fade&#8221; global_colors_info=&#8221;{}&#8221;]<\/p>\n<p>\n&nbsp;<\/p>\n<p>[\/et_pb_image][\/et_pb_column][et_pb_column type=&#8221;2_3&#8243; _builder_version=&#8221;4.16&#8243; custom_padding=&#8221;|||&#8221; global_colors_info=&#8221;{}&#8221; custom_padding__hover=&#8221;|||&#8221;][et_pb_text _builder_version=&#8221;4.17.4&#8243; text_font=&#8221;Open Sans||||||||&#8221; header_font=&#8221;Open Sans||||||||&#8221; header_font_size=&#8221;29px&#8221; header_2_font=&#8221;Open Sans||||||||&#8221; header_2_font_size=&#8221;20px&#8221; custom_margin=&#8221;48px||||false|false&#8221; custom_margin_tablet=&#8221;20px|||&#8221; custom_margin_phone=&#8221;&#8221; custom_margin_last_edited=&#8221;on|phone&#8221; global_colors_info=&#8221;{}&#8221;]<\/p>\n<h1><span style=\"font-weight: 400\"><b>Lu\u00edza H. C. K\u00f6mel<\/b><\/span><\/h1>\n<h2>General Secretary<\/h2>\n<p>[\/et_pb_text][et_pb_text _builder_version=&#8221;4.17.4&#8243; width=&#8221;90%&#8221; locked=&#8221;off&#8221; global_colors_info=&#8221;{}&#8221;]<\/p>\n<p style=\"text-align: justify\">Lu\u00edza K\u00f6mel served as Deputy Secretary General of the CAM-CCBC from 2019 to 2023 and gathers more than 10 years of practice at the institution. She is a Fellow of the Chartered Institute of Arbitrators (FCIArb), a lawyer in S\u00e3o Paulo and holds an LLB degree from the University of S\u00e3o Paulo (USP). She has experience as a lawyer and case manager in national and international arbitrations. She has written several publications and frequently participates in lectures on arbitration and alternative dispute resolution methods. She also organizes the Pre-Moot of the CAM-CCBC in S\u00e3o Paulo and Hamburg.<\/p>\n<p><strong>Contact: <\/strong>+55 11 4058-0406<br \/><strong>Email:<\/strong> <a href=\"mailto:luiza.komel@ccbc.org.br\">luiza.komel@ccbc.org.br<\/a><\/p>\n<p>[\/et_pb_text][\/et_pb_column][\/et_pb_row][et_pb_row column_structure=&#8221;1_3,2_3&#8243; use_custom_gutter=&#8221;on&#8221; gutter_width=&#8221;1&#8243; disabled_on=&#8221;off|off|off&#8221; _builder_version=&#8221;4.16&#8243; custom_width_px=&#8221;1195px&#8221; global_colors_info=&#8221;{}&#8221;][et_pb_column type=&#8221;1_3&#8243; _builder_version=&#8221;4.16&#8243; custom_padding=&#8221;|||&#8221; global_colors_info=&#8221;{}&#8221; custom_padding__hover=&#8221;|||&#8221;][et_pb_image src=&#8221;https:\/\/www.ccbc.org.br\/cam-ccbc-centro-arbitragem-mediacao\/wp-content\/uploads\/sites\/10\/2025\/01\/ana-flavia-furtado.jpg&#8221; title_text=&#8221;ana-flavia-furtado&#8221; align_tablet=&#8221;center&#8221; align_phone=&#8221;center&#8221; align_last_edited=&#8221;on|desktop&#8221; _builder_version=&#8221;4.27.0&#8243; max_width=&#8221;80%&#8221; animation_style=&#8221;fade&#8221; global_colors_info=&#8221;{}&#8221;]<\/p>\n<p>\n&nbsp;<\/p>\n<p>[\/et_pb_image][\/et_pb_column][et_pb_column type=&#8221;2_3&#8243; _builder_version=&#8221;4.17.4&#8243; _module_preset=&#8221;default&#8221; global_colors_info=&#8221;{}&#8221;][et_pb_text _builder_version=&#8221;4.17.4&#8243; text_font=&#8221;Open Sans||||||||&#8221; header_font=&#8221;Open Sans||||||||&#8221; header_font_size=&#8221;29px&#8221; header_2_font=&#8221;Open Sans||||||||&#8221; header_2_font_size=&#8221;20px&#8221; custom_margin=&#8221;60px||||false|false&#8221; custom_margin_tablet=&#8221;20px|||&#8221; custom_margin_phone=&#8221;&#8221; custom_margin_last_edited=&#8221;on|phone&#8221; global_colors_info=&#8221;{}&#8221;]<\/p>\n<h1><strong>Ana Fl\u00e1via Furtado<\/strong><\/h1>\n<h2>Deputy Secretary General<\/h2>\n<p>[\/et_pb_text][et_pb_text _builder_version=&#8221;4.17.4&#8243; locked=&#8221;off&#8221; global_colors_info=&#8221;{}&#8221;]<\/p>\n<p>Ana Fl\u00e1via Furtado holds an LLB degree from the Pontifical Catholic University of Minas Gerais (PUC-MG) and obtained her MBA with a focus on International Relations from Funda\u00e7\u00e3o Get\u00falio Vargas (FGV). She has extensive experience in dispute resolution, acting as Case Manager at CAM-CCBC (2017-2020), before becoming the head of the Institutional Development department. Ana Fl\u00e1via is also responsible for several of the institution&#8217;s academic publications, quantitative and qualitative data research. She also organizes the CAM-CCBC Arbitration Congress.<\/p>\n<p><strong>Contact: <\/strong>+55 11 4058-0409<br \/><strong>Email:<\/strong> <a href=\"mailto:anaflavia.furtado@ccbc.org.br\">anaflavia.furtado@ccbc.org.br<\/a><\/p>\n<p>[\/et_pb_text][\/et_pb_column][\/et_pb_row][et_pb_row disabled_on=&#8221;off|off|off&#8221; _builder_version=&#8221;4.16&#8243; global_colors_info=&#8221;{}&#8221;][et_pb_column type=&#8221;4_4&#8243; _builder_version=&#8221;4.16&#8243; custom_padding=&#8221;|||&#8221; global_colors_info=&#8221;{}&#8221; custom_padding__hover=&#8221;|||&#8221;][et_pb_divider divider_position=&#8221;center&#8221; _builder_version=&#8221;4.16&#8243; global_colors_info=&#8221;{}&#8221;]<\/p>\n<p>\n&nbsp;<\/p>\n<p>[\/et_pb_divider][\/et_pb_column][\/et_pb_row][\/et_pb_section][et_pb_section fb_built=&#8221;1&#8243; _builder_version=&#8221;4.16&#8243; _module_preset=&#8221;default&#8221; background_color=&#8221;#e5e5e5&#8243; locked=&#8221;off&#8221; global_colors_info=&#8221;{}&#8221;][et_pb_row column_structure=&#8221;1_3,1_3,1_3&#8243; _builder_version=&#8221;4.16&#8243; _module_preset=&#8221;default&#8221; global_colors_info=&#8221;{}&#8221;][et_pb_column type=&#8221;1_3&#8243; _builder_version=&#8221;4.16&#8243; _module_preset=&#8221;default&#8221; custom_padding=&#8221;|||&#8221; global_colors_info=&#8221;{}&#8221; custom_padding__hover=&#8221;|||&#8221;][et_pb_text module_class=&#8221;header-with-button&#8221; _builder_version=&#8221;4.27.0&#8243; _module_preset=&#8221;default&#8221; header_font=&#8221;Open Sans|700|||||||&#8221; header_font_size=&#8221;29px&#8221; global_colors_info=&#8221;{}&#8221;]<\/p>\n<h1>Presidency<\/h1>\n<p>[\/et_pb_text][et_pb_text _builder_version=&#8221;4.27.0&#8243; _module_preset=&#8221;default&#8221; text_line_height=&#8221;1.2em&#8221; global_colors_info=&#8221;{}&#8221;]<\/p>\n<p>Rodrigo Garcia da Fonseca<br \/><em>President<\/em><\/p>\n<p>Ricardo de Carvalho Aprigliano<br \/><em>Vice-President<\/em><\/p>\n<p>Silvia Rodrigues Pachikoski<br \/><em>Vice-President<\/em><\/p>\n<p>&nbsp;<\/p>\n<h4>Past Presidents<\/h4>\n<p>Eleonora M. B. L. Coelho (2019-2023)<\/p>\n<p>Carlos Suplicy de Figueiredo Forbes (2015-2019)<\/p>\n<p>Frederico Jos\u00e9 Straube (2007-2015)<\/p>\n<p>Marcos Paulo de Almeida Salles (1999-2007)<\/p>\n<p>F\u00e1bio Nusdeo (1995-1999)<\/p>\n<p>Frederico Jos\u00e9 Straube (1993-1995)<\/p>\n<p>Guido Fernando Silva Soares (1992-1993)<\/p>\n<p>Jo\u00e3o Caio Goulart Penteado (1984-1992)<\/p>\n<p>Jos\u00e9 Carlos de Magalh\u00e3es (1979-1984)<\/p>\n<p>[\/et_pb_text][\/et_pb_column][et_pb_column type=&#8221;1_3&#8243; _builder_version=&#8221;4.16&#8243; _module_preset=&#8221;default&#8221; custom_padding=&#8221;|||&#8221; global_colors_info=&#8221;{}&#8221; custom_padding__hover=&#8221;|||&#8221;][et_pb_text _builder_version=&#8221;4.27.0&#8243; _module_preset=&#8221;default&#8221; text_font=&#8221;||||||||&#8221; text_line_height=&#8221;1em&#8221; header_font=&#8221;|700|||||||&#8221; global_colors_info=&#8221;{}&#8221;]<\/p>\n<h1>Deliberative Board<\/h1>\n<p>&nbsp;<\/p>\n<h4>President<\/h4>\n<p>Prof\u00aa. Dra. Nadia de Araujo<\/p>\n<p>&nbsp;<\/p>\n<h4>Vice-President<\/h4>\n<p>Dr. Carlos Suplicy de Figueiredo Forbes<\/p>\n<p>&nbsp;<\/p>\n<h4>Permanent Members<\/h4>\n<p>Dr. Carlos Suplicy de Figueiredo Forbes<\/p>\n<p>Dra. Eleonora M. B. L. Coelho<\/p>\n<p>Prof. Dr. F\u00e1bio Nusdeo<\/p>\n<p>Prof. Dr. Jos\u00e9 Carlos de Magalh\u00e3es<\/p>\n<p>Prof. Dr. Marcos Paulo de Almeida Salles<\/p>\n<p>&nbsp;<\/p>\n<h4>Elected Members<\/h4>\n<p>Dra. Ana Fraz\u00e3o<\/p>\n<p>Prof. Dr. Carlos Alberto Carmona<\/p>\n<p>Dr. Gilberto Giusti<\/p>\n<p>Prof. Dr. Giovanni Ettore Nanni<\/p>\n<p>Prof. Dr. Hermes Marcelo Huck<\/p>\n<p>Dr. Jo\u00e3o Bosco Lee<\/p>\n<p>Dr. Mauricio Almeida Prado<\/p>\n<p>Prof\u00aa. Dra. Nadia de Araujo<\/p>\n<p>Prof\u00aa. Dra. Paula Forgioni<\/p>\n<p>Dr. Pedro Ant\u00f4nio Batista Martins<\/p>\n<p>Prof\u00aa. Dra. Selma Maria Ferreira Lemes<\/p>\n<p>[\/et_pb_text][\/et_pb_column][et_pb_column type=&#8221;1_3&#8243; _builder_version=&#8221;4.16&#8243; _module_preset=&#8221;default&#8221; custom_padding=&#8221;|||&#8221; global_colors_info=&#8221;{}&#8221; custom_padding__hover=&#8221;|||&#8221;][et_pb_text _builder_version=&#8221;4.27.0&#8243; _module_preset=&#8221;default&#8221; text_font=&#8221;||||||||&#8221; text_line_height=&#8221;1em&#8221; header_font=&#8221;||||||||&#8221; global_colors_info=&#8221;{}&#8221;]<\/p>\n<h1><strong>Mediation Advisory Board<\/strong><\/h1>\n<p>&nbsp;<\/p>\n<h4>Presidente<\/h4>\n<p>Dra. Vera Cec\u00edlia Monteiro de Barros<\/p>\n<h4><\/h4>\n<h4>Membros<\/h4>\n<p>Dr. Adolfo Braga Neto<\/p>\n<p>Dr. Alexandre Palermo Sim\u00f5es<\/p>\n<p><span>Dra. Daniela Gabbay<\/span><\/p>\n<p><span>Dr. Diego Faleck<\/span><\/p>\n<p><span>Dr. Jo\u00e3o Afonso de Assis<br \/><\/span><\/p>\n<p><span>Dra. Luisa Bottrel<br \/><\/span><\/p>\n<p><span>Dr. Marcelo Perlman<br \/><\/span><\/p>\n<p><span>Dra. Nathalia Mazzonetto<br \/><\/span><\/p>\n<p><span>Dra. Silvia Maria Costa Brega<\/span><span><\/span><\/p>\n<p>Dra. Silvia Rodrigues Pachikoski<\/p>\n<p>[\/et_pb_text][\/et_pb_column][\/et_pb_row][\/et_pb_section][et_pb_section fb_built=&#8221;1&#8243; _builder_version=&#8221;4.16&#8243; _module_preset=&#8221;default&#8221; locked=&#8221;off&#8221; global_colors_info=&#8221;{}&#8221;][et_pb_row _builder_version=&#8221;4.16&#8243; _module_preset=&#8221;default&#8221; global_colors_info=&#8221;{}&#8221;][et_pb_column type=&#8221;4_4&#8243; _builder_version=&#8221;4.16&#8243; _module_preset=&#8221;default&#8221; custom_padding=&#8221;|||&#8221; global_colors_info=&#8221;{}&#8221; custom_padding__hover=&#8221;|||&#8221;][et_pb_text module_class=&#8221;header-with-button&#8221; _builder_version=&#8221;4.27.0&#8243; _module_preset=&#8221;default&#8221; header_font=&#8221;Open Sans||||||||&#8221; header_font_size=&#8221;29px&#8221; global_colors_info=&#8221;{}&#8221;]<\/p>\n<h1>Executive Advisor to the Presidency<\/h1>\n<p>[\/et_pb_text][\/et_pb_column][\/et_pb_row][et_pb_row column_structure=&#8221;1_4,1_4,1_4,1_4&#8243; _builder_version=&#8221;4.17.4&#8243; _module_preset=&#8221;default&#8221; global_colors_info=&#8221;{}&#8221;][et_pb_column type=&#8221;1_4&#8243; _builder_version=&#8221;4.16&#8243; _module_preset=&#8221;default&#8221; custom_padding=&#8221;|||&#8221; global_colors_info=&#8221;{}&#8221; custom_padding__hover=&#8221;|||&#8221;][et_pb_image src=&#8221;https:\/\/www.ccbc.org.br\/cam-ccbc-centro-arbitragem-mediacao\/wp-content\/uploads\/sites\/10\/2025\/05\/anna-gil.jpg&#8221; title_text=&#8221;anna-gil&#8221; align=&#8221;center&#8221; force_fullwidth=&#8221;on&#8221; disabled_on=&#8221;off|off|off&#8221; _builder_version=&#8221;4.27.0&#8243; _module_preset=&#8221;default&#8221; always_center_on_mobile=&#8221;off&#8221; locked=&#8221;off&#8221; global_colors_info=&#8221;{}&#8221;]<\/p>\n<p>\n&nbsp;<\/p>\n<p>[\/et_pb_image][et_pb_text _builder_version=&#8221;4.27.0&#8243; _module_preset=&#8221;default&#8221; text_font=&#8221;||||||||&#8221; text_line_height=&#8221;1em&#8221; text_orientation=&#8221;center&#8221; locked=&#8221;off&#8221; global_colors_info=&#8221;{}&#8221;]<\/p>\n<p><strong>Anna Gil<\/strong><\/p>\n<p><strong>Contact:<\/strong> +55 11 4058-0411<\/p>\n<p><a href=\"mailto:anna.gil@ccb.org.br\" target=\"_blank\" rel=\"noopener\">anna.gil@ccb.org.br<\/a><\/p>\n<p>[\/et_pb_text][\/et_pb_column][et_pb_column type=&#8221;1_4&#8243; _builder_version=&#8221;4.16&#8243; _module_preset=&#8221;default&#8221; custom_padding=&#8221;|||&#8221; global_colors_info=&#8221;{}&#8221; custom_padding__hover=&#8221;|||&#8221;][\/et_pb_column][et_pb_column type=&#8221;1_4&#8243; _builder_version=&#8221;4.17.4&#8243; _module_preset=&#8221;default&#8221; global_colors_info=&#8221;{}&#8221;][\/et_pb_column][et_pb_column type=&#8221;1_4&#8243; _builder_version=&#8221;4.16&#8243; _module_preset=&#8221;default&#8221; custom_padding=&#8221;|||&#8221; global_colors_info=&#8221;{}&#8221; custom_padding__hover=&#8221;|||&#8221;][\/et_pb_column][\/et_pb_row][\/et_pb_section][et_pb_section fb_built=&#8221;1&#8243; _builder_version=&#8221;4.16&#8243; global_colors_info=&#8221;{}&#8221;][et_pb_row _builder_version=&#8221;4.16&#8243; global_colors_info=&#8221;{}&#8221;][et_pb_column type=&#8221;4_4&#8243; _builder_version=&#8221;4.16&#8243; custom_padding=&#8221;|||&#8221; global_colors_info=&#8221;{}&#8221; custom_padding__hover=&#8221;|||&#8221;][et_pb_text module_class=&#8221;header-with-button&#8221; _builder_version=&#8221;4.17.4&#8243; header_font=&#8221;Open Sans||||||||&#8221; header_font_size=&#8221;29px&#8221; global_colors_info=&#8221;{}&#8221;]<\/p>\n<h1>Institutional Development<\/h1>\n<p>[\/et_pb_text][et_pb_text _builder_version=&#8221;4.17.4&#8243; global_colors_info=&#8221;{}&#8221;]<\/p>\n<p>CAM-CCBC\u2019s Institutional Development team is responsible for the strategic relations and the achievement of the institution\u2019s business goals.<\/p>\n<p>[\/et_pb_text][\/et_pb_column][\/et_pb_row][et_pb_row column_structure=&#8221;1_4,1_4,1_4,1_4&#8243; _builder_version=&#8221;4.27.0&#8243; _module_preset=&#8221;default&#8221; locked=&#8221;off&#8221; global_colors_info=&#8221;{}&#8221;][et_pb_column type=&#8221;1_4&#8243; _builder_version=&#8221;4.16&#8243; _module_preset=&#8221;default&#8221; custom_padding=&#8221;|||&#8221; global_colors_info=&#8221;{}&#8221; custom_padding__hover=&#8221;|||&#8221;][et_pb_text _builder_version=&#8221;4.17.4&#8243; header_3_font=&#8221;|700|||||||&#8221; locked=&#8221;off&#8221; global_colors_info=&#8221;{}&#8221;]<\/p>\n<h3>Institutional Development Advisor<\/h3>\n<p>[\/et_pb_text][et_pb_image src=&#8221;https:\/\/www.ccbc.org.br\/cam-ccbc-centro-arbitragem-mediacao\/wp-content\/uploads\/sites\/10\/2018\/10\/e8511e93-imagem_perfilsemfoto.jpg&#8221; title_text=&#8221;Imagem_PerfilSemFoto &#8211; avatar&#8221; align=&#8221;center&#8221; force_fullwidth=&#8221;on&#8221; disabled_on=&#8221;off|off|off&#8221; _builder_version=&#8221;4.27.0&#8243; _module_preset=&#8221;default&#8221; hover_enabled=&#8221;0&#8243; always_center_on_mobile=&#8221;off&#8221; locked=&#8221;off&#8221; global_colors_info=&#8221;{}&#8221; sticky_enabled=&#8221;0&#8243;]<\/p>\n<p>\n&nbsp;<\/p>\n<p>[\/et_pb_image][et_pb_text _builder_version=&#8221;4.27.0&#8243; _module_preset=&#8221;default&#8221; text_font=&#8221;||||||||&#8221; text_line_height=&#8221;1em&#8221; text_orientation=&#8221;center&#8221; hover_enabled=&#8221;0&#8243; locked=&#8221;off&#8221; global_colors_info=&#8221;{}&#8221; sticky_enabled=&#8221;0&#8243;]<\/p>\n<p>&nbsp;<\/p>\n<p><strong>Contact:<\/strong> <a href=\"mailto:agata.takiya@ccbc.org.br\" target=\"_blank\" rel=\"noopener\"><\/a><\/p>\n<p>[\/et_pb_text][\/et_pb_column][et_pb_column type=&#8221;1_4&#8243; _builder_version=&#8221;4.16&#8243; _module_preset=&#8221;default&#8221; custom_padding=&#8221;|||&#8221; global_colors_info=&#8221;{}&#8221; custom_padding__hover=&#8221;|||&#8221;][et_pb_text _builder_version=&#8221;4.17.4&#8243; header_3_font=&#8221;|700|||||||&#8221; locked=&#8221;off&#8221; global_colors_info=&#8221;{}&#8221;]<\/p>\n<h3>Institutional Development Analyst<\/h3>\n<p>[\/et_pb_text][et_pb_image src=&#8221;https:\/\/www.ccbc.org.br\/cam-ccbc-centro-arbitragem-mediacao\/wp-content\/uploads\/sites\/10\/2025\/06\/carolina-rodrigues.jpg&#8221; title_text=&#8221;carolina-rodrigues&#8221; align=&#8221;center&#8221; force_fullwidth=&#8221;on&#8221; disabled_on=&#8221;off|off|off&#8221; _builder_version=&#8221;4.27.0&#8243; _module_preset=&#8221;default&#8221; always_center_on_mobile=&#8221;off&#8221; locked=&#8221;off&#8221; global_colors_info=&#8221;{}&#8221;]<\/p>\n<p>\n&nbsp;<\/p>\n<p>[\/et_pb_image][et_pb_text _builder_version=&#8221;4.27.0&#8243; _module_preset=&#8221;default&#8221; text_font=&#8221;||||||||&#8221; text_line_height=&#8221;1em&#8221; text_orientation=&#8221;center&#8221; locked=&#8221;off&#8221; global_colors_info=&#8221;{}&#8221;]<\/p>\n<p><strong>Carolina Rodrigues<\/strong><\/p>\n<p><a href=\"mailto:carolina.rodrigues@ccbc.org.br\" target=\"_blank\" rel=\"noopener\">carolina.rodrigues@ccbc.org.br<\/a><\/p>\n<p>[\/et_pb_text][\/et_pb_column][et_pb_column type=&#8221;1_4&#8243; _builder_version=&#8221;4.17.4&#8243; _module_preset=&#8221;default&#8221; global_colors_info=&#8221;{}&#8221;][et_pb_text _builder_version=&#8221;4.27.0&#8243; _module_preset=&#8221;default&#8221; header_3_font=&#8221;|700|||||||&#8221; locked=&#8221;off&#8221; global_colors_info=&#8221;{}&#8221;]<\/p>\n<h3>Institutional Development Analyst<\/h3>\n<p>[\/et_pb_text][et_pb_image src=&#8221;https:\/\/www.ccbc.org.br\/cam-ccbc-centro-arbitragem-mediacao\/wp-content\/uploads\/sites\/10\/2024\/10\/lucas-gritti-fogolin.jpg&#8221; title_text=&#8221;lucas-gritti-fogolin&#8221; align_tablet=&#8221;center&#8221; align_phone=&#8221;center&#8221; align_last_edited=&#8221;on|desktop&#8221; disabled_on=&#8221;off|off|off&#8221; _builder_version=&#8221;4.17.4&#8243; _module_preset=&#8221;default&#8221; custom_margin=&#8221;||20px||false|false&#8221; locked=&#8221;off&#8221; global_colors_info=&#8221;{}&#8221;]<\/p>\n<p style=\"text-align: center\">\n[\/et_pb_image][et_pb_text _builder_version=&#8221;4.17.4&#8243; _module_preset=&#8221;default&#8221; text_font=&#8221;||||||||&#8221; text_line_height=&#8221;1em&#8221; text_orientation=&#8221;center&#8221; locked=&#8221;off&#8221; global_colors_info=&#8221;{}&#8221;]<\/p>\n<p><strong>Lucas Gritti Fogolin<\/strong><\/p>\n<p><a href=\"mailto:lucas.fogolin@ccbc.org.br\">lucas.fogolin@ccbc.org.br<\/a><\/p>\n<p>[\/et_pb_text][\/et_pb_column][et_pb_column type=&#8221;1_4&#8243; _builder_version=&#8221;4.16&#8243; _module_preset=&#8221;default&#8221; custom_padding=&#8221;|||&#8221; global_colors_info=&#8221;{}&#8221; custom_padding__hover=&#8221;|||&#8221;][et_pb_text _builder_version=&#8221;4.27.0&#8243; _module_preset=&#8221;default&#8221; header_3_font=&#8221;|700|||||||&#8221; locked=&#8221;off&#8221; global_colors_info=&#8221;{}&#8221;]<\/p>\n<h3>Institutional Development Analyst<\/h3>\n<p>[\/et_pb_text][et_pb_image src=&#8221;https:\/\/www.ccbc.org.br\/cam-ccbc-centro-arbitragem-mediacao\/wp-content\/uploads\/sites\/10\/2026\/05\/IMG_4827-2-scaled.jpg&#8221; title_text=&#8221;IMG_4827&#8243; align_tablet=&#8221;center&#8221; align_phone=&#8221;center&#8221; align_last_edited=&#8221;on|desktop&#8221; disabled_on=&#8221;off|off|off&#8221; _builder_version=&#8221;4.27.0&#8243; _module_preset=&#8221;default&#8221; min_height=&#8221;80.6px&#8221; custom_margin=&#8221;||20px||false|false&#8221; custom_padding=&#8221;||0px|||&#8221; locked=&#8221;off&#8221; global_colors_info=&#8221;{}&#8221;]<\/p>\n<p style=\"text-align: center\">\n[\/et_pb_image][et_pb_text _builder_version=&#8221;4.27.0&#8243; _module_preset=&#8221;default&#8221; text_font=&#8221;||||||||&#8221; text_line_height=&#8221;1em&#8221; text_orientation=&#8221;center&#8221; locked=&#8221;off&#8221; global_colors_info=&#8221;{}&#8221;]<\/p>\n<p><strong>Paula Barros<\/strong><\/p>\n<p><a href=\"mailto:paula.barros@ccbc.org.br\">paula.barros@ccbc.org.br<\/a>\u00a0<\/p>\n<p>[\/et_pb_text][\/et_pb_column][\/et_pb_row][\/et_pb_section][et_pb_section fb_built=&#8221;1&#8243; _builder_version=&#8221;4.16&#8243; global_colors_info=&#8221;{}&#8221;][et_pb_row _builder_version=&#8221;4.16&#8243; global_colors_info=&#8221;{}&#8221;][et_pb_column type=&#8221;4_4&#8243; _builder_version=&#8221;4.16&#8243; custom_padding=&#8221;|||&#8221; global_colors_info=&#8221;{}&#8221; custom_padding__hover=&#8221;|||&#8221;][et_pb_text module_class=&#8221;header-with-button&#8221; _builder_version=&#8221;4.27.0&#8243; header_font=&#8221;Open Sans||||||||&#8221; header_font_size=&#8221;29px&#8221; global_colors_info=&#8221;{}&#8221;]<\/p>\n<h1>Advisors to the General Secretariat<\/h1>\n<p>[\/et_pb_text][et_pb_text _builder_version=&#8221;4.27.0&#8243; locked=&#8221;off&#8221; global_colors_info=&#8221;{}&#8221;]<\/p>\n<p>The assistants perform the judicial and administrative activities related to the decisions rendered by CAM-CCBC\u2019s President and to the judicial demands presented to CAM-CCBC or Arbitral Tribunals. They assist the General Secretariat in academic and case law researches, as well as with the development and maintenance of the Quality System.<\/p>\n<p>[\/et_pb_text][\/et_pb_column][\/et_pb_row][et_pb_row column_structure=&#8221;1_4,1_4,1_4,1_4&#8243; _builder_version=&#8221;4.17.4&#8243; global_colors_info=&#8221;{}&#8221;][et_pb_column type=&#8221;1_4&#8243; _builder_version=&#8221;4.16&#8243; custom_padding=&#8221;|||&#8221; global_colors_info=&#8221;{}&#8221; custom_padding__hover=&#8221;|||&#8221;][et_pb_image src=&#8221;https:\/\/www.ccbc.org.br\/cam-ccbc-centro-arbitragem-mediacao\/wp-content\/uploads\/sites\/10\/2025\/01\/andreas-maximilian-paschoal.jpg&#8221; title_text=&#8221;andreas-maximilian-paschoal&#8221; align=&#8221;center&#8221; force_fullwidth=&#8221;on&#8221; disabled_on=&#8221;off|off|off&#8221; _builder_version=&#8221;4.27.0&#8243; always_center_on_mobile=&#8221;off&#8221; locked=&#8221;off&#8221; global_colors_info=&#8221;{}&#8221;]<\/p>\n<p>\n&nbsp;<\/p>\n<p>[\/et_pb_image][et_pb_text _builder_version=&#8221;4.17.4&#8243; text_font=&#8221;||||||||&#8221; text_line_height=&#8221;1em&#8221; locked=&#8221;off&#8221; global_colors_info=&#8221;{}&#8221;]<\/p>\n<p style=\"text-align: center\"><strong><span>Andreas Maximilian Paschoal<\/span><\/strong><\/p>\n<p style=\"text-align: center\"><span><strong>Contact:<\/strong> +55 11 4058-0405<\/span><\/p>\n<p style=\"text-align: center\"><span>OAB\/SP 381.465<\/span><\/p>\n<p style=\"text-align: center\"><a href=\"mailto:andreas.maximilian@ccbc.org.br\"><span>andreas.maximilian@ccbc.org.br<\/span><\/a><\/p>\n<p>[\/et_pb_text][\/et_pb_column][et_pb_column type=&#8221;1_4&#8243; disabled_on=&#8221;off|off|off&#8221; _builder_version=&#8221;4.17.4&#8243; custom_padding=&#8221;|||&#8221; global_colors_info=&#8221;{}&#8221; custom_padding__hover=&#8221;|||&#8221;][et_pb_image src=&#8221;https:\/\/www.ccbc.org.br\/cam-ccbc-centro-arbitragem-mediacao\/wp-content\/uploads\/sites\/10\/2024\/12\/nicolle-assayag-do-lago.jpg&#8221; title_text=&#8221;nicolle-assayag-do-lago&#8221; align_tablet=&#8221;center&#8221; align_phone=&#8221;center&#8221; align_last_edited=&#8221;on|desktop&#8221; _builder_version=&#8221;4.27.0&#8243; locked=&#8221;off&#8221; global_colors_info=&#8221;{}&#8221;]<\/p>\n<p style=\"text-align: center\">\n[\/et_pb_image][et_pb_text _builder_version=&#8221;4.27.0&#8243; text_font=&#8221;||||||||&#8221; text_line_height=&#8221;1em&#8221; text_orientation=&#8221;center&#8221; locked=&#8221;off&#8221; global_colors_info=&#8221;{}&#8221;]<\/p>\n<p><strong>Nicolle Assayag do Lago<\/strong><span><\/span><\/p>\n<p><span><strong>Contact:<\/strong> +55 11 4058-0420<\/span><br \/><span><\/span><\/p>\n<p><span>OAB\/SP 411.821<\/span><br \/><span><\/span><\/p>\n<p><a href=\"mailto:nicolle.assayag@ccbc.org.br\"><span>nicolle.assayag@ccbc.org.br<\/span><\/a><\/p>\n<p>[\/et_pb_text][\/et_pb_column][et_pb_column type=&#8221;1_4&#8243; _builder_version=&#8221;4.16&#8243; custom_padding=&#8221;|||&#8221; global_colors_info=&#8221;{}&#8221; custom_padding__hover=&#8221;|||&#8221;][et_pb_image src=&#8221;https:\/\/www.ccbc.org.br\/cam-ccbc-centro-arbitragem-mediacao\/wp-content\/uploads\/sites\/10\/2025\/05\/jamyle-jardim.jpg&#8221; title_text=&#8221;jamyle-jardim&#8221; align=&#8221;center&#8221; force_fullwidth=&#8221;on&#8221; disabled_on=&#8221;off|off|off&#8221; _builder_version=&#8221;4.27.0&#8243; always_center_on_mobile=&#8221;off&#8221; locked=&#8221;off&#8221; global_colors_info=&#8221;{}&#8221;]<\/p>\n<p>\n&nbsp;<\/p>\n<p>[\/et_pb_image][et_pb_text _builder_version=&#8221;4.27.0&#8243; text_font=&#8221;||||||||&#8221; text_line_height=&#8221;1em&#8221; text_orientation=&#8221;center&#8221; locked=&#8221;off&#8221; global_colors_info=&#8221;{}&#8221;]<\/p>\n<p><strong>Jamyle Jardim<\/strong><\/p>\n<p><strong>Contact: <\/strong>+55 <span>11 4058-0434<\/span><\/p>\n<p>OAB\/SC 61.003<\/p>\n<p><a href=\"mailto:jamyle.jardim@ccbc.org.br\">jamyle.jardim@ccbc.org.br<\/a><\/p>\n<p>[\/et_pb_text][\/et_pb_column][et_pb_column type=&#8221;1_4&#8243; _builder_version=&#8221;4.16&#8243; custom_padding=&#8221;|||&#8221; global_colors_info=&#8221;{}&#8221; custom_padding__hover=&#8221;|||&#8221;][et_pb_image src=&#8221;https:\/\/www.ccbc.org.br\/cam-ccbc-centro-arbitragem-mediacao\/wp-content\/uploads\/sites\/10\/2026\/03\/Emanueli-Araujo-1.jpg&#8221; title_text=&#8221;Emanueli Araujo&#8221; align=&#8221;center&#8221; force_fullwidth=&#8221;on&#8221; disabled_on=&#8221;off|off|off&#8221; _builder_version=&#8221;4.27.0&#8243; always_center_on_mobile=&#8221;off&#8221; locked=&#8221;off&#8221; global_colors_info=&#8221;{}&#8221;]<\/p>\n<p>\n&nbsp;<\/p>\n<p>[\/et_pb_image][et_pb_text _builder_version=&#8221;4.27.0&#8243; text_font=&#8221;||||||||&#8221; text_line_height=&#8221;1em&#8221; text_orientation=&#8221;center&#8221; locked=&#8221;off&#8221; global_colors_info=&#8221;{}&#8221;]<\/p>\n<p><strong>Emanueli Ara\u00fajo<\/strong><\/p>\n<p><strong>Contato:\u00a0<\/strong><span>(11) 4058-0407<\/span><\/p>\n<p>OAB\/SP \u2013 457.994<\/p>\n<p><a href=\"mailto:jamyle.jardim@ccbc.org.br\">emanueli.araujo@ccbc.org.br<\/a><\/p>\n<p>[\/et_pb_text][\/et_pb_column][\/et_pb_row][\/et_pb_section][et_pb_section fb_built=&#8221;1&#8243; _builder_version=&#8221;4.16&#8243; global_colors_info=&#8221;{}&#8221;][et_pb_row _builder_version=&#8221;4.16&#8243; global_colors_info=&#8221;{}&#8221;][et_pb_column type=&#8221;4_4&#8243; _builder_version=&#8221;4.16&#8243; custom_padding=&#8221;|||&#8221; global_colors_info=&#8221;{}&#8221; custom_padding__hover=&#8221;|||&#8221;][et_pb_text module_class=&#8221;header-with-button&#8221; _builder_version=&#8221;4.17.4&#8243; header_font=&#8221;Open Sans||||||||&#8221; header_font_size=&#8221;29px&#8221; global_colors_info=&#8221;{}&#8221;]<\/p>\n<h1>Secretariat Coordination<\/h1>\n<p>[\/et_pb_text][et_pb_text _builder_version=&#8221;4.17.4&#8243; global_colors_info=&#8221;{}&#8221;]<\/p>\n<p>The Secretariat Coordinators oversee the proceedings administration and the Secretariat\u2019s work, incluindo academic initiatives, technical development and people management.<\/p>\n<p>[\/et_pb_text][\/et_pb_column][\/et_pb_row][et_pb_row column_structure=&#8221;1_4,1_4,1_4,1_4&#8243; _builder_version=&#8221;4.17.4&#8243; global_colors_info=&#8221;{}&#8221;][et_pb_column type=&#8221;1_4&#8243; _builder_version=&#8221;4.16&#8243; custom_padding=&#8221;|||&#8221; global_colors_info=&#8221;{}&#8221; custom_padding__hover=&#8221;|||&#8221;][et_pb_image src=&#8221;https:\/\/www.ccbc.org.br\/cam-ccbc-centro-arbitragem-mediacao\/wp-content\/uploads\/sites\/10\/2025\/01\/cristiane-gertel-1.jpg&#8221; title_text=&#8221;cristiane-gertel&#8221; align=&#8221;center&#8221; force_fullwidth=&#8221;on&#8221; _builder_version=&#8221;4.27.0&#8243; always_center_on_mobile=&#8221;off&#8221; locked=&#8221;off&#8221; global_colors_info=&#8221;{}&#8221;]<\/p>\n<p style=\"text-align: center\">\n[\/et_pb_image][et_pb_text _builder_version=&#8221;4.17.4&#8243; text_font=&#8221;||||||||&#8221; text_line_height=&#8221;1em&#8221; locked=&#8221;off&#8221; global_colors_info=&#8221;{}&#8221;]<\/p>\n<p style=\"text-align: center\"><strong>Cristiane Gertel<\/strong><\/p>\n<p style=\"text-align: center\"><strong>Contact: <\/strong>+55 11 4058-0410<\/p>\n<p style=\"text-align: center\">OAB\/SP 231.888<\/p>\n<p style=\"text-align: center\"><a href=\"mailto:cristiane.gertel@ccbc.org.br\">cristiane.gertel@ccbc.org.br<\/a><\/p>\n<p>[\/et_pb_text][\/et_pb_column][et_pb_column type=&#8221;1_4&#8243; _builder_version=&#8221;4.16&#8243; custom_padding=&#8221;|||&#8221; global_colors_info=&#8221;{}&#8221; custom_padding__hover=&#8221;|||&#8221;][et_pb_image src=&#8221;https:\/\/www.ccbc.org.br\/cam-ccbc-centro-arbitragem-mediacao\/wp-content\/uploads\/sites\/10\/2026\/05\/IMG_4906c-1.png&#8221; title_text=&#8221;IMG_4906c&#8221; align=&#8221;center&#8221; force_fullwidth=&#8221;on&#8221; _builder_version=&#8221;4.27.0&#8243; min_height=&#8221;331.6px&#8221; custom_padding=&#8221;||0px|||&#8221; always_center_on_mobile=&#8221;off&#8221; global_colors_info=&#8221;{}&#8221;]<\/p>\n<p style=\"text-align: center\">\n[\/et_pb_image][et_pb_text _builder_version=&#8221;4.17.4&#8243; text_font=&#8221;||||||||&#8221; text_line_height=&#8221;1em&#8221; locked=&#8221;off&#8221; global_colors_info=&#8221;{}&#8221;]<\/p>\n<p style=\"text-align: center\"><strong>S\u00edlvia Salatino<\/strong><\/p>\n<p style=\"text-align: center\"><strong>Contact: <\/strong>+55 11 4058-0454<\/p>\n<p style=\"text-align: center\">OAB\/SP 278.414<\/p>\n<p style=\"text-align: center\"><a href=\"mailto:silvia.salatino@ccbc.org.br\">silvia.salatino@ccbc.org.br<\/a><\/p>\n<p>[\/et_pb_text][\/et_pb_column][et_pb_column type=&#8221;1_4&#8243; _builder_version=&#8221;4.16&#8243; custom_padding=&#8221;|||&#8221; global_colors_info=&#8221;{}&#8221; custom_padding__hover=&#8221;|||&#8221;][\/et_pb_column][et_pb_column type=&#8221;1_4&#8243; _builder_version=&#8221;4.16&#8243; custom_padding=&#8221;|||&#8221; global_colors_info=&#8221;{}&#8221; custom_padding__hover=&#8221;|||&#8221;][\/et_pb_column][\/et_pb_row][\/et_pb_section][et_pb_section fb_built=&#8221;1&#8243; disabled_on=&#8221;off|off|off&#8221; _builder_version=&#8221;4.16&#8243; _module_preset=&#8221;default&#8221; locked=&#8221;off&#8221; global_colors_info=&#8221;{}&#8221;][et_pb_row _builder_version=&#8221;4.16&#8243; global_colors_info=&#8221;{}&#8221;][et_pb_column type=&#8221;4_4&#8243; _builder_version=&#8221;4.16&#8243; custom_padding=&#8221;|||&#8221; global_colors_info=&#8221;{}&#8221; custom_padding__hover=&#8221;|||&#8221;][et_pb_text module_class=&#8221;header-with-button&#8221; _builder_version=&#8221;4.17.4&#8243; header_font=&#8221;Open Sans||||||||&#8221; header_font_size=&#8221;29px&#8221; locked=&#8221;off&#8221; global_colors_info=&#8221;{}&#8221;]<\/p>\n<h1>Executive Secretary<\/h1>\n<p>[\/et_pb_text][et_pb_text _builder_version=&#8221;4.17.4&#8243; locked=&#8221;off&#8221; global_colors_info=&#8221;{}&#8221;]<\/p>\n<p>The CAM-CCBC Secretariat is composed of eight executive secretaries. The secretaries are lawyers, have experience in alternative dispute resolution methods, are specialized and able to attend also in languages such as English, Spanish, French and German.<\/p>\n<p>The Assistant Case Managers are law professionals, experienced in Alternative Dispute Resolution that assist the case managers with the administration of proceedings.<\/p>\n<p>[\/et_pb_text][\/et_pb_column][\/et_pb_row][et_pb_row column_structure=&#8221;1_4,1_4,1_4,1_4&#8243; _builder_version=&#8221;4.17.4&#8243; _module_preset=&#8221;default&#8221; global_colors_info=&#8221;{}&#8221;][et_pb_column type=&#8221;1_4&#8243; _builder_version=&#8221;4.16&#8243; _module_preset=&#8221;default&#8221; custom_padding=&#8221;|||&#8221; global_colors_info=&#8221;{}&#8221; custom_padding__hover=&#8221;|||&#8221;][et_pb_image src=&#8221;https:\/\/www.ccbc.org.br\/cam-ccbc-centro-arbitragem-mediacao\/wp-content\/uploads\/sites\/10\/2022\/06\/Gilberto-Paglia-Junior.jpg&#8221; title_text=&#8221;Gilberto Paglia Junior&#8221; align_tablet=&#8221;center&#8221; align_phone=&#8221;center&#8221; align_last_edited=&#8221;on|desktop&#8221; _builder_version=&#8221;4.17.4&#8243; _module_preset=&#8221;default&#8221; locked=&#8221;off&#8221; global_colors_info=&#8221;{}&#8221;]<\/p>\n<p style=\"text-align: center\">\n[\/et_pb_image][et_pb_text _builder_version=&#8221;4.27.0&#8243; _module_preset=&#8221;default&#8221; text_font=&#8221;||||||||&#8221; text_line_height=&#8221;1em&#8221; text_orientation=&#8221;center&#8221; locked=&#8221;off&#8221; global_colors_info=&#8221;{}&#8221;]<\/p>\n<h4>SEC1<\/h4>\n<p><strong>Gilberto Paglia J\u00fanior<\/strong><\/p>\n<p>Case Manager<\/p>\n<p><strong>Contact:<\/strong> +55 11 4058-0418<\/p>\n<p>OAB\/SC 52.008<\/p>\n<p><a href=\"mailto:sec1cam@ccbc.org.br\">sec1cam@ccbc.org.br<\/a><\/p>\n<p>[\/et_pb_text][\/et_pb_column][et_pb_column type=&#8221;1_4&#8243; _builder_version=&#8221;4.16&#8243; _module_preset=&#8221;default&#8221; custom_padding=&#8221;|||&#8221; global_colors_info=&#8221;{}&#8221; custom_padding__hover=&#8221;|||&#8221;][et_pb_image src=&#8221;https:\/\/www.ccbc.org.br\/cam-ccbc-centro-arbitragem-mediacao\/wp-content\/uploads\/sites\/10\/2025\/01\/guilherme-bertuluce.webp&#8221; title_text=&#8221;guilherme-bertuluce&#8221; align_tablet=&#8221;center&#8221; align_phone=&#8221;center&#8221; align_last_edited=&#8221;on|desktop&#8221; _builder_version=&#8221;4.27.0&#8243; _module_preset=&#8221;default&#8221; locked=&#8221;off&#8221; global_colors_info=&#8221;{}&#8221;]<\/p>\n<p style=\"text-align: center\">\n[\/et_pb_image][et_pb_text _builder_version=&#8221;4.17.4&#8243; _module_preset=&#8221;default&#8221; text_font=&#8221;||||||||&#8221; text_line_height=&#8221;1em&#8221; text_orientation=&#8221;center&#8221; locked=&#8221;off&#8221; global_colors_info=&#8221;{}&#8221;]<\/p>\n<h4>SEC2<\/h4>\n<p><strong>Guilherme Bertuluce<\/strong><\/p>\n<p>Case Manager<\/p>\n<p><span><strong>Contact:<\/strong> +55 11 4058-0428<\/span><a href=\"mailto:murilo.matos@ccbc.org.br\"><\/a><\/p>\n<p><span>OAB\/SP 386.303<br \/><\/span><\/p>\n<p><a href=\"mailto:guilherme.bertuluce@ccbc.org.br\" target=\"_blank\" rel=\"noopener\"><span><a href=\"mailto:sec2cam@ccbc.org,br\">sec2cam@ccbc.org,br<\/a><\/span><\/a><\/p>\n<p><span><\/span><\/p>\n<p>[\/et_pb_text][\/et_pb_column][et_pb_column type=&#8221;1_4&#8243; _builder_version=&#8221;4.16&#8243; _module_preset=&#8221;default&#8221; custom_padding=&#8221;|||&#8221; global_colors_info=&#8221;{}&#8221; custom_padding__hover=&#8221;|||&#8221;][et_pb_image src=&#8221;https:\/\/www.ccbc.org.br\/cam-ccbc-centro-arbitragem-mediacao\/wp-content\/uploads\/sites\/10\/2024\/08\/laura-elisa-xavier.jpg&#8221; title_text=&#8221;laura-elisa-xavier&#8221; align_tablet=&#8221;center&#8221; align_phone=&#8221;center&#8221; align_last_edited=&#8221;on|desktop&#8221; _builder_version=&#8221;4.17.4&#8243; _module_preset=&#8221;default&#8221; custom_margin=&#8221;||20px||false|false&#8221; locked=&#8221;off&#8221; global_colors_info=&#8221;{}&#8221;]<\/p>\n<p style=\"text-align: center\">\n[\/et_pb_image][et_pb_text disabled_on=&#8221;off|off|off&#8221; _builder_version=&#8221;4.17.4&#8243; _module_preset=&#8221;default&#8221; text_font=&#8221;||||||||&#8221; text_line_height=&#8221;1em&#8221; text_orientation=&#8221;center&#8221; locked=&#8221;off&#8221; global_colors_info=&#8221;{}&#8221;]<\/p>\n<h4 style=\"text-align: center\">SEC3<\/h4>\n<p><strong>Laura Elisa Xavier<\/strong><\/p>\n<p>Case Manager<a href=\"mailto:victoria.romero@ccbc.com.br\"><br \/><\/a><\/p>\n<p><strong>Contato:<\/strong><span>\u00a0<\/span>(11) 4058-0446<\/p>\n<p><span>OAB\/SC 71.156<\/span><\/p>\n<p><a href=\"mailto:sec3cam@ccbc.org.br\">sec3cam@ccbc.org.br<\/a><\/p>\n<p>[\/et_pb_text][\/et_pb_column][et_pb_column type=&#8221;1_4&#8243; _builder_version=&#8221;4.16&#8243; _module_preset=&#8221;default&#8221; custom_padding=&#8221;|||&#8221; global_colors_info=&#8221;{}&#8221; custom_padding__hover=&#8221;|||&#8221;][et_pb_image src=&#8221;https:\/\/www.ccbc.org.br\/cam-ccbc-centro-arbitragem-mediacao\/wp-content\/uploads\/sites\/10\/2024\/12\/mayara-lima-ribeiro-de-souza.jpg&#8221; title_text=&#8221;mayara-lima-ribeiro-de-souza&#8221; align_tablet=&#8221;center&#8221; align_phone=&#8221;center&#8221; align_last_edited=&#8221;on|desktop&#8221; _builder_version=&#8221;4.27.0&#8243; _module_preset=&#8221;default&#8221; custom_margin=&#8221;||20px||false|false&#8221; locked=&#8221;off&#8221; global_colors_info=&#8221;{}&#8221;]<\/p>\n<p style=\"text-align: center\">\n[\/et_pb_image][et_pb_text _builder_version=&#8221;4.27.0&#8243; _module_preset=&#8221;default&#8221; text_font=&#8221;||||||||&#8221; text_line_height=&#8221;1em&#8221; text_orientation=&#8221;center&#8221; locked=&#8221;off&#8221; global_colors_info=&#8221;{}&#8221;]<\/p>\n<h4>SEC4<\/h4>\n<p><strong>Mayara Lima Ribeiro de Souza<\/strong><\/p>\n<p><span>Case Manager<\/span><\/p>\n<p><span><strong>Contact:<\/strong> +55 11 4058-0447<\/span><\/p>\n<p><span>OAB\/SP 481.905<\/span><\/p>\n<p><span><a href=\"mailto:sec4cam@ccbc.org.br\">sec4cam@ccbc.org.br<\/a><\/span><\/p>\n<p>[\/et_pb_text][\/et_pb_column][\/et_pb_row][et_pb_row column_structure=&#8221;1_4,1_4,1_4,1_4&#8243; _builder_version=&#8221;4.17.4&#8243; _module_preset=&#8221;default&#8221; locked=&#8221;off&#8221; global_colors_info=&#8221;{}&#8221;][et_pb_column type=&#8221;1_4&#8243; _builder_version=&#8221;4.17.4&#8243; _module_preset=&#8221;default&#8221; global_colors_info=&#8221;{}&#8221;][et_pb_image src=&#8221;https:\/\/www.ccbc.org.br\/cam-ccbc-centro-arbitragem-mediacao\/wp-content\/uploads\/sites\/10\/2025\/05\/maria-luiza-neves-arantes.jpg&#8221; title_text=&#8221;maria-luiza-neves-arantes&#8221; align_tablet=&#8221;center&#8221; align_phone=&#8221;center&#8221; align_last_edited=&#8221;on|desktop&#8221; _builder_version=&#8221;4.27.0&#8243; _module_preset=&#8221;default&#8221; custom_margin=&#8221;||20px||false|false&#8221; locked=&#8221;off&#8221; global_colors_info=&#8221;{}&#8221;]<\/p>\n<p style=\"text-align: center\">\n[\/et_pb_image][et_pb_text _builder_version=&#8221;4.27.0&#8243; _module_preset=&#8221;default&#8221; text_font=&#8221;||||||||&#8221; text_line_height=&#8221;1em&#8221; text_orientation=&#8221;center&#8221; locked=&#8221;off&#8221; global_colors_info=&#8221;{}&#8221;]<\/p>\n<h4>SEC5<\/h4>\n<p><strong>Maria Luiza Neves Arantes<\/strong><\/p>\n<p><span>Assistant Case Manager<\/span><\/p>\n<p><span><strong>Contact:<\/strong> +55 11 4058-0455<\/span><\/p>\n<p><span>OAB\/SP 492.646<\/span><\/p>\n<p><span><a href=\"mailto:sec5cam@ccbc.org.br\">sec5cam@ccbc.org.br<\/a><\/span><\/p>\n<p>[\/et_pb_text][\/et_pb_column][et_pb_column type=&#8221;1_4&#8243; _builder_version=&#8221;4.16&#8243; _module_preset=&#8221;default&#8221; custom_padding=&#8221;|||&#8221; global_colors_info=&#8221;{}&#8221; custom_padding__hover=&#8221;|||&#8221;][et_pb_image src=&#8221;https:\/\/www.ccbc.org.br\/cam-ccbc-centro-arbitragem-mediacao\/wp-content\/uploads\/sites\/10\/2024\/10\/camila-david.jpg&#8221; title_text=&#8221;camila-david&#8221; align_tablet=&#8221;center&#8221; align_phone=&#8221;center&#8221; align_last_edited=&#8221;on|desktop&#8221; _builder_version=&#8221;4.17.4&#8243; _module_preset=&#8221;default&#8221; locked=&#8221;off&#8221; global_colors_info=&#8221;{}&#8221;]<\/p>\n<p style=\"text-align: center\">\n[\/et_pb_image][et_pb_text disabled_on=&#8221;off|off|off&#8221; _builder_version=&#8221;4.27.0&#8243; _module_preset=&#8221;default&#8221; text_font=&#8221;||||||||&#8221; text_line_height=&#8221;1em&#8221; text_orientation=&#8221;center&#8221; locked=&#8221;off&#8221; global_colors_info=&#8221;{}&#8221;]<\/p>\n<h4 style=\"text-align: center\">SEC 6<\/h4>\n<p style=\"text-align: center\"><strong>Camila David<\/strong><\/p>\n<p style=\"text-align: center\">Case Manager<a href=\"mailto:victoria.romero@ccbc.com.br\"><br \/><\/a><\/p>\n<p style=\"text-align: center\"><strong>Contact:<\/strong> +55 11 4058-0411<\/p>\n<p style=\"text-align: center\"><span>OAB\/RJ 202.629<\/span><\/p>\n<p style=\"text-align: center\"><span><a href=\"mailto:sec6cam@ccbc.org.br\">sec6cam@ccbc.org.br<\/a><\/span><\/p>\n<p>[\/et_pb_text][\/et_pb_column][et_pb_column type=&#8221;1_4&#8243; _builder_version=&#8221;4.16&#8243; _module_preset=&#8221;default&#8221; custom_padding=&#8221;|||&#8221; global_colors_info=&#8221;{}&#8221; custom_padding__hover=&#8221;|||&#8221;][et_pb_image src=&#8221;https:\/\/www.ccbc.org.br\/cam-ccbc-centro-arbitragem-mediacao\/wp-content\/uploads\/sites\/10\/2025\/01\/ana-carolina-de-souza-aranha.jpg&#8221; title_text=&#8221;ana-carolina-de-souza-aranha&#8221; align=&#8221;center&#8221; force_fullwidth=&#8221;on&#8221; _builder_version=&#8221;4.27.0&#8243; _module_preset=&#8221;default&#8221; always_center_on_mobile=&#8221;off&#8221; global_colors_info=&#8221;{}&#8221;]<\/p>\n<p style=\"text-align: center\">\n[\/et_pb_image][et_pb_text _builder_version=&#8221;4.17.4&#8243; _module_preset=&#8221;default&#8221; text_font=&#8221;||||||||&#8221; text_line_height=&#8221;1em&#8221; text_orientation=&#8221;center&#8221; locked=&#8221;off&#8221; global_colors_info=&#8221;{}&#8221;]<\/p>\n<h4>SEC7<\/h4>\n<p><strong>Ana Carolina de Souza Aranha<br \/><\/strong><\/p>\n<p><span>Case Manager<\/span><\/p>\n<p><strong>Contact:<\/strong> +55 11 4058-0461<\/p>\n<p><a href=\"mailto:sec7cam@ccbc.org.br\">sec7cam@ccbc.org.br<\/a><\/p>\n<p>[\/et_pb_text][\/et_pb_column][et_pb_column type=&#8221;1_4&#8243; _builder_version=&#8221;4.16&#8243; _module_preset=&#8221;default&#8221; custom_padding=&#8221;|||&#8221; global_colors_info=&#8221;{}&#8221; custom_padding__hover=&#8221;|||&#8221;][et_pb_image src=&#8221;https:\/\/www.ccbc.org.br\/cam-ccbc-centro-arbitragem-mediacao\/wp-content\/uploads\/sites\/10\/2024\/02\/Paola.jpg&#8221; title_text=&#8221;Paola&#8221; align_tablet=&#8221;center&#8221; align_phone=&#8221;center&#8221; align_last_edited=&#8221;on|desktop&#8221; _builder_version=&#8221;4.17.4&#8243; _module_preset=&#8221;default&#8221; locked=&#8221;off&#8221; global_colors_info=&#8221;{}&#8221;]<\/p>\n<p style=\"text-align: center\">\n[\/et_pb_image][et_pb_text _builder_version=&#8221;4.17.4&#8243; _module_preset=&#8221;default&#8221; text_font=&#8221;||||||||&#8221; text_line_height=&#8221;1em&#8221; text_orientation=&#8221;center&#8221; locked=&#8221;off&#8221; global_colors_info=&#8221;{}&#8221;]<\/p>\n<h4>SEC8<\/h4>\n<p><strong>Paola Pinkowski<\/strong><\/p>\n<p>Case Manager<\/p>\n<p><strong>Contact:<\/strong> +55 11 4058-0426<\/p>\n<p>OAB\/PR 109.388<\/p>\n<p><a href=\"mailto:sec8cam@ccbc.org.br\">sec8cam@ccbc.org.br<\/a><\/p>\n<p>[\/et_pb_text][\/et_pb_column][\/et_pb_row][et_pb_row _builder_version=&#8221;4.27.0&#8243; _module_preset=&#8221;default&#8221; max_width=&#8221;240px&#8221; global_colors_info=&#8221;{}&#8221;][et_pb_column type=&#8221;4_4&#8243; _builder_version=&#8221;4.16&#8243; _module_preset=&#8221;default&#8221; custom_padding=&#8221;|||&#8221; global_colors_info=&#8221;{}&#8221; custom_padding__hover=&#8221;|||&#8221;][et_pb_image src=&#8221;https:\/\/www.ccbc.org.br\/cam-ccbc-centro-arbitragem-mediacao\/wp-content\/uploads\/sites\/10\/2025\/05\/giovanna-de-araujo-belchior.jpg&#8221; title_text=&#8221;giovanna-de-araujo-belchior&#8221; align_tablet=&#8221;center&#8221; align_phone=&#8221;center&#8221; align_last_edited=&#8221;on|desktop&#8221; _builder_version=&#8221;4.27.0&#8243; _module_preset=&#8221;default&#8221; locked=&#8221;off&#8221; global_colors_info=&#8221;{}&#8221;]<\/p>\n<p style=\"text-align: center\">\n[\/et_pb_image][et_pb_text _builder_version=&#8221;4.27.0&#8243; _module_preset=&#8221;default&#8221; text_font=&#8221;||||||||&#8221; text_line_height=&#8221;1em&#8221; text_orientation=&#8221;center&#8221; custom_margin=&#8221;20px||||false|false&#8221; locked=&#8221;off&#8221; global_colors_info=&#8221;{}&#8221;]<\/p>\n<h4>SEC9<\/h4>\n<p><strong>Giovanna de Ara\u00fajo Belchior<\/strong><br \/><span><\/span><\/p>\n<p><span>Case Manager<\/span><br \/><span><\/span><\/p>\n<p><span><strong>Contact:<\/strong> +55 11 4058-0423<\/span><br \/><span><\/span><\/p>\n<p><span>OAB\/SP 473.455<\/span><span><\/span><\/p>\n<p><span><a href=\"mailto:sec9cam@ccbc.org.br\">sec9cam@ccbc.org.br<\/a><\/span><\/p>\n<p>[\/et_pb_text][\/et_pb_column][\/et_pb_row][et_pb_row column_structure=&#8221;1_4,1_4,1_4,1_4&#8243; _builder_version=&#8221;4.17.4&#8243; _module_preset=&#8221;default&#8221; locked=&#8221;off&#8221; global_colors_info=&#8221;{}&#8221;][et_pb_column type=&#8221;1_4&#8243; _builder_version=&#8221;4.16&#8243; _module_preset=&#8221;default&#8221; custom_padding=&#8221;|||&#8221; global_colors_info=&#8221;{}&#8221; custom_padding__hover=&#8221;|||&#8221;][et_pb_image src=&#8221;https:\/\/www.ccbc.org.br\/cam-ccbc-centro-arbitragem-mediacao\/wp-content\/uploads\/sites\/10\/2018\/10\/e8511e93-imagem_perfilsemfoto.jpg&#8221; title_text=&#8221;Imagem_PerfilSemFoto &#8211; avatar&#8221; align_tablet=&#8221;center&#8221; align_phone=&#8221;center&#8221; align_last_edited=&#8221;on|desktop&#8221; disabled_on=&#8221;off|off|off&#8221; _builder_version=&#8221;4.27.0&#8243; _module_preset=&#8221;default&#8221; custom_margin=&#8221;||20px||false|false&#8221; locked=&#8221;off&#8221; global_colors_info=&#8221;{}&#8221;]<\/p>\n<p style=\"text-align: center\">\n[\/et_pb_image][et_pb_text _builder_version=&#8221;4.17.4&#8243; _module_preset=&#8221;default&#8221; text_font=&#8221;||||||||&#8221; text_line_height=&#8221;1em&#8221; text_orientation=&#8221;center&#8221; locked=&#8221;off&#8221; global_colors_info=&#8221;{}&#8221;]<\/p>\n<h4>SEC1 SEC8 e SEC9<\/h4>\n<p>&nbsp;<\/p>\n<p>[\/et_pb_text][\/et_pb_column][et_pb_column type=&#8221;1_4&#8243; _builder_version=&#8221;4.16&#8243; _module_preset=&#8221;default&#8221; custom_padding=&#8221;|||&#8221; global_colors_info=&#8221;{}&#8221; custom_padding__hover=&#8221;|||&#8221;][et_pb_image src=&#8221;https:\/\/www.ccbc.org.br\/cam-ccbc-centro-arbitragem-mediacao\/wp-content\/uploads\/sites\/10\/2025\/05\/thais-belintani.jpg&#8221; title_text=&#8221;thais-belintani&#8221; align_tablet=&#8221;center&#8221; align_phone=&#8221;center&#8221; align_last_edited=&#8221;on|desktop&#8221; disabled_on=&#8221;off|off|off&#8221; _builder_version=&#8221;4.27.0&#8243; _module_preset=&#8221;default&#8221; custom_margin=&#8221;||20px||false|false&#8221; locked=&#8221;off&#8221; global_colors_info=&#8221;{}&#8221;]<\/p>\n<p style=\"text-align: center\">\n[\/et_pb_image][et_pb_text _builder_version=&#8221;4.27.0&#8243; _module_preset=&#8221;default&#8221; text_font=&#8221;||||||||&#8221; text_line_height=&#8221;1em&#8221; text_orientation=&#8221;center&#8221; locked=&#8221;off&#8221; global_colors_info=&#8221;{}&#8221;]<\/p>\n<h4>SEC1 SEC8 e SEC9<\/h4>\n<p><strong>Thais Belintani<\/strong><\/p>\n<p>Assistant Case Manager<\/p>\n<p><strong>Contact:<\/strong> +55 11 4058-0419<\/p>\n<p>OAB\/SP 479.977<a href=\"mailto:thais.belintani@ccbc.org.br\"><\/a><\/p>\n<p>[\/et_pb_text][\/et_pb_column][et_pb_column type=&#8221;1_4&#8243; _builder_version=&#8221;4.16&#8243; _module_preset=&#8221;default&#8221; custom_padding=&#8221;|||&#8221; global_colors_info=&#8221;{}&#8221; custom_padding__hover=&#8221;|||&#8221;][et_pb_image src=&#8221;https:\/\/www.ccbc.org.br\/cam-ccbc-centro-arbitragem-mediacao\/wp-content\/uploads\/sites\/10\/2024\/08\/ester-luiza-capistrano-de-oliveira.jpg&#8221; title_text=&#8221;ester-luiza-capistrano-de-oliveira&#8221; _builder_version=&#8221;4.17.4&#8243; _module_preset=&#8221;default&#8221; locked=&#8221;off&#8221; global_colors_info=&#8221;{}&#8221;]<\/p>\n<p style=\"text-align: center\">\n[\/et_pb_image][et_pb_text _builder_version=&#8221;4.17.4&#8243; _module_preset=&#8221;default&#8221; text_font=&#8221;||||||||&#8221; text_line_height=&#8221;1em&#8221; text_orientation=&#8221;center&#8221; locked=&#8221;off&#8221; global_colors_info=&#8221;{}&#8221;]<\/p>\n<h4>SEC2 SEC4 e SEC7<\/h4>\n<p><strong>Ester Luiza Capistrano de Oliveira<\/strong><\/p>\n<p>Assistant Case Manager<\/p>\n<p><strong>Contact:<\/strong> +55 11 <span>4058-0448<\/span><\/p>\n<p><span>OAB\/PB 32.886<\/span><span><br \/><\/span><\/p>\n<p>[\/et_pb_text][\/et_pb_column][et_pb_column type=&#8221;1_4&#8243; _builder_version=&#8221;4.16&#8243; _module_preset=&#8221;default&#8221; custom_padding=&#8221;|||&#8221; global_colors_info=&#8221;{}&#8221; custom_padding__hover=&#8221;|||&#8221;][et_pb_image src=&#8221;https:\/\/www.ccbc.org.br\/cam-ccbc-centro-arbitragem-mediacao\/wp-content\/uploads\/sites\/10\/2025\/05\/eduardo-padilha-inacio.jpg&#8221; title_text=&#8221;eduardo-padilha-inacio&#8221; align_tablet=&#8221;center&#8221; align_phone=&#8221;center&#8221; align_last_edited=&#8221;on|desktop&#8221; _builder_version=&#8221;4.27.0&#8243; _module_preset=&#8221;default&#8221; custom_margin=&#8221;||20px||false|false&#8221; locked=&#8221;off&#8221; global_colors_info=&#8221;{}&#8221;]<\/p>\n<p style=\"text-align: center\">\n[\/et_pb_image][et_pb_text _builder_version=&#8221;4.27.0&#8243; _module_preset=&#8221;default&#8221; text_font=&#8221;||||||||&#8221; text_line_height=&#8221;1em&#8221; text_orientation=&#8221;center&#8221; locked=&#8221;off&#8221; global_colors_info=&#8221;{}&#8221;]<\/p>\n<h4>SEC2 SEC4 e SEC7<\/h4>\n<p><strong>Eduardo Padilha Inacio<\/strong><\/p>\n<p>Assistant Case Manager<\/p>\n<p><strong>Contact: <\/strong>+55 11 4053-0403<\/p>\n<p>OAB\/SP 476.439<a href=\"mailto:eduardo.inacio@ccbc.org.br\"><\/a><\/p>\n<p>[\/et_pb_text][\/et_pb_column][\/et_pb_row][et_pb_row column_structure=&#8221;1_2,1_2&#8243; _builder_version=&#8221;4.27.0&#8243; _module_preset=&#8221;default&#8221; width=&#8221;521px&#8221; locked=&#8221;off&#8221; global_colors_info=&#8221;{}&#8221;][et_pb_column type=&#8221;1_2&#8243; _builder_version=&#8221;4.16&#8243; _module_preset=&#8221;default&#8221; custom_padding=&#8221;|||&#8221; global_colors_info=&#8221;{}&#8221; custom_padding__hover=&#8221;|||&#8221;][et_pb_image src=&#8221;https:\/\/www.ccbc.org.br\/cam-ccbc-centro-arbitragem-mediacao\/wp-content\/uploads\/sites\/10\/2025\/12\/Edicoes-1-1.png&#8221; title_text=&#8221;Edi\u00e7\u00f5es 1,&#8221; align_tablet=&#8221;center&#8221; align_phone=&#8221;center&#8221; align_last_edited=&#8221;on|desktop&#8221; _builder_version=&#8221;4.27.0&#8243; _module_preset=&#8221;default&#8221; custom_margin=&#8221;||20px||false|false&#8221; locked=&#8221;off&#8221; global_colors_info=&#8221;{}&#8221;]<\/p>\n<p style=\"text-align: center\">\n[\/et_pb_image][et_pb_text _builder_version=&#8221;4.27.0&#8243; _module_preset=&#8221;default&#8221; text_font=&#8221;||||||||&#8221; text_line_height=&#8221;1em&#8221; text_orientation=&#8221;center&#8221; custom_padding=&#8221;13px|||||&#8221; locked=&#8221;off&#8221; global_colors_info=&#8221;{}&#8221;]<\/p>\n<h4><span>SEC3, SEC5 e SEC6<\/span><\/h4>\n<p><strong>Giovanna Enes<\/strong><\/p>\n<p>Assistant Case Manager<\/p>\n<p><strong>Contato:<\/strong><span>\u00a0<\/span>(11) 4058-0456<\/p>\n<p>[\/et_pb_text][\/et_pb_column][et_pb_column type=&#8221;1_2&#8243; _builder_version=&#8221;4.16&#8243; _module_preset=&#8221;default&#8221; custom_padding=&#8221;|||&#8221; global_colors_info=&#8221;{}&#8221; custom_padding__hover=&#8221;|||&#8221;][et_pb_image src=&#8221;https:\/\/www.ccbc.org.br\/cam-ccbc-centro-arbitragem-mediacao\/wp-content\/uploads\/sites\/10\/2018\/10\/e8511e93-imagem_perfilsemfoto.jpg&#8221; title_text=&#8221;Imagem_PerfilSemFoto &#8211; avatar&#8221; align_tablet=&#8221;center&#8221; align_phone=&#8221;center&#8221; align_last_edited=&#8221;on|desktop&#8221; disabled_on=&#8221;off|off|off&#8221; _builder_version=&#8221;4.27.0&#8243; _module_preset=&#8221;default&#8221; custom_margin=&#8221;||20px||false|false&#8221; locked=&#8221;off&#8221; global_colors_info=&#8221;{}&#8221;]<\/p>\n<p style=\"text-align: center\">\n[\/et_pb_image][et_pb_text _builder_version=&#8221;4.27.0&#8243; _module_preset=&#8221;default&#8221; text_font=&#8221;||||||||&#8221; text_line_height=&#8221;1em&#8221; text_orientation=&#8221;center&#8221; locked=&#8221;off&#8221; global_colors_info=&#8221;{}&#8221;]<\/p>\n<h4><span>SEC3, SEC5 e SEC6<\/span><\/h4>\n<p>&nbsp;<\/p>\n<p>[\/et_pb_text][\/et_pb_column][\/et_pb_row][\/et_pb_section][et_pb_section fb_built=&#8221;1&#8243; _builder_version=&#8221;4.16&#8243; _module_preset=&#8221;default&#8221; locked=&#8221;off&#8221; global_colors_info=&#8221;{}&#8221;][et_pb_row _builder_version=&#8221;4.16&#8243; _module_preset=&#8221;default&#8221; global_colors_info=&#8221;{}&#8221;][et_pb_column type=&#8221;4_4&#8243; _builder_version=&#8221;4.16&#8243; _module_preset=&#8221;default&#8221; custom_padding=&#8221;|||&#8221; global_colors_info=&#8221;{}&#8221; custom_padding__hover=&#8221;|||&#8221;][et_pb_text module_class=&#8221;header-with-button&#8221; _builder_version=&#8221;4.17.4&#8243; _module_preset=&#8221;default&#8221; header_font=&#8221;Open Sans||||||||&#8221; header_font_size=&#8221;29px&#8221; global_colors_info=&#8221;{}&#8221;]<\/p>\n<h1><strong>Eventos<\/strong><\/h1>\n<p>[\/et_pb_text][\/et_pb_column][\/et_pb_row][et_pb_row column_structure=&#8221;1_4,1_4,1_4,1_4&#8243; _builder_version=&#8221;4.17.4&#8243; _module_preset=&#8221;default&#8221; locked=&#8221;off&#8221; global_colors_info=&#8221;{}&#8221;][et_pb_column type=&#8221;1_4&#8243; _builder_version=&#8221;4.16&#8243; _module_preset=&#8221;default&#8221; custom_padding=&#8221;|||&#8221; global_colors_info=&#8221;{}&#8221; custom_padding__hover=&#8221;|||&#8221;][et_pb_text _builder_version=&#8221;4.17.4&#8243; _module_preset=&#8221;default&#8221; header_3_font=&#8221;|700|||||||&#8221; locked=&#8221;off&#8221; global_colors_info=&#8221;{}&#8221;]<\/p>\n<h3>Coordenador de Eventos<\/h3>\n<p>[\/et_pb_text][et_pb_image src=&#8221;https:\/\/www.ccbc.org.br\/cam-ccbc-centro-arbitragem-mediacao\/wp-content\/uploads\/sites\/10\/2024\/10\/rhuan-dotta.jpg&#8221; title_text=&#8221;rhuan-dotta&#8221; align=&#8221;center&#8221; force_fullwidth=&#8221;on&#8221; disabled_on=&#8221;off|off|off&#8221; _builder_version=&#8221;4.17.4&#8243; _module_preset=&#8221;default&#8221; always_center_on_mobile=&#8221;off&#8221; locked=&#8221;off&#8221; global_colors_info=&#8221;{}&#8221;]<\/p>\n<p>\n&nbsp;<\/p>\n<p>[\/et_pb_image][et_pb_text _builder_version=&#8221;4.27.0&#8243; _module_preset=&#8221;default&#8221; text_font=&#8221;||||||||&#8221; text_line_height=&#8221;1em&#8221; text_orientation=&#8221;center&#8221; locked=&#8221;off&#8221; global_colors_info=&#8221;{}&#8221;]<\/p>\n<p><strong>Rhuan Dotta<\/strong><\/p>\n<p><strong>Contact: <\/strong>+55 11 4058-0435<\/p>\n<p><a href=\"mailto:rhuan.dotta@ccbc.org.br\" target=\"_blank\" rel=\"noopener\">rhuan.dotta@ccbc.org.br<\/a><\/p>\n<p>[\/et_pb_text][\/et_pb_column][et_pb_column type=&#8221;1_4&#8243; _builder_version=&#8221;4.16&#8243; _module_preset=&#8221;default&#8221; custom_padding=&#8221;|||&#8221; global_colors_info=&#8221;{}&#8221; custom_padding__hover=&#8221;|||&#8221;][et_pb_text _builder_version=&#8221;4.17.4&#8243; _module_preset=&#8221;default&#8221; header_3_font=&#8221;|700|||||||&#8221; locked=&#8221;off&#8221; global_colors_info=&#8221;{}&#8221;]<\/p>\n<h3>Analista de Eventos<\/h3>\n<p>[\/et_pb_text][et_pb_image src=&#8221;https:\/\/www.ccbc.org.br\/cam-ccbc-centro-arbitragem-mediacao\/wp-content\/uploads\/sites\/10\/2025\/05\/dayana-santana.jpg&#8221; title_text=&#8221;dayana-santana&#8221; align=&#8221;center&#8221; force_fullwidth=&#8221;on&#8221; disabled_on=&#8221;off|off|off&#8221; _builder_version=&#8221;4.27.0&#8243; _module_preset=&#8221;default&#8221; always_center_on_mobile=&#8221;off&#8221; locked=&#8221;off&#8221; global_colors_info=&#8221;{}&#8221;]<\/p>\n<p>\n&nbsp;<\/p>\n<p>[\/et_pb_image][et_pb_text _builder_version=&#8221;4.27.0&#8243; _module_preset=&#8221;default&#8221; text_font=&#8221;||||||||&#8221; text_line_height=&#8221;1em&#8221; text_orientation=&#8221;center&#8221; locked=&#8221;off&#8221; global_colors_info=&#8221;{}&#8221;]<\/p>\n<p><strong>Dayana Santana<\/strong><\/p>\n<p><strong>Contact: <\/strong>+55 11 4058-0465<\/p>\n<p><a href=\"mailto:dayana.santana@ccbc.org.br\">dayana.santana@ccbc.org.br<\/a><\/p>\n<p>[\/et_pb_text][\/et_pb_column][et_pb_column type=&#8221;1_4&#8243; _builder_version=&#8221;4.17.4&#8243; _module_preset=&#8221;default&#8221; global_colors_info=&#8221;{}&#8221;][et_pb_text _builder_version=&#8221;4.17.4&#8243; _module_preset=&#8221;default&#8221; header_3_font=&#8221;|700|||||||&#8221; locked=&#8221;off&#8221; global_colors_info=&#8221;{}&#8221;]<\/p>\n<h3>Analista de Eventos<\/h3>\n<p>[\/et_pb_text][et_pb_image src=&#8221;https:\/\/www.ccbc.org.br\/cam-ccbc-centro-arbitragem-mediacao\/wp-content\/uploads\/sites\/10\/2025\/01\/vitoria-cardoso.jpg&#8221; title_text=&#8221;vitoria-cardoso&#8221; align_tablet=&#8221;center&#8221; align_phone=&#8221;center&#8221; align_last_edited=&#8221;on|desktop&#8221; disabled_on=&#8221;off|off|off&#8221; _builder_version=&#8221;4.27.0&#8243; _module_preset=&#8221;default&#8221; custom_margin=&#8221;||20px||false|false&#8221; locked=&#8221;off&#8221; global_colors_info=&#8221;{}&#8221;]<\/p>\n<p style=\"text-align: center\">\n[\/et_pb_image][et_pb_text _builder_version=&#8221;4.27.0&#8243; _module_preset=&#8221;default&#8221; text_font=&#8221;||||||||&#8221; text_line_height=&#8221;1em&#8221; text_orientation=&#8221;center&#8221; locked=&#8221;off&#8221; global_colors_info=&#8221;{}&#8221;]<\/p>\n<p><strong>Vitoria Cardoso<\/strong><\/p>\n<p><strong>Contact: <\/strong>+55 11 4058-0466<\/p>\n<p><a href=\"mailto:vit\u00f3ria.cardoso@ccbc.org.br\">vit\u00f3ria.cardoso@ccbc.org.br<\/a><\/p>\n<p>[\/et_pb_text][\/et_pb_column][et_pb_column type=&#8221;1_4&#8243; _builder_version=&#8221;4.16&#8243; _module_preset=&#8221;default&#8221; custom_padding=&#8221;|||&#8221; global_colors_info=&#8221;{}&#8221; custom_padding__hover=&#8221;|||&#8221;][\/et_pb_column][\/et_pb_row][\/et_pb_section][et_pb_section fb_built=&#8221;1&#8243; _builder_version=&#8221;4.16&#8243; _module_preset=&#8221;default&#8221; locked=&#8221;off&#8221; global_colors_info=&#8221;{}&#8221;][et_pb_row _builder_version=&#8221;4.16&#8243; _module_preset=&#8221;default&#8221; global_colors_info=&#8221;{}&#8221;][et_pb_column type=&#8221;4_4&#8243; _builder_version=&#8221;4.16&#8243; _module_preset=&#8221;default&#8221; custom_padding=&#8221;|||&#8221; global_colors_info=&#8221;{}&#8221; custom_padding__hover=&#8221;|||&#8221;][et_pb_text module_class=&#8221;header-with-button&#8221; _builder_version=&#8221;4.27.0&#8243; _module_preset=&#8221;default&#8221; header_font=&#8221;Open Sans||||||||&#8221; header_font_size=&#8221;29px&#8221; global_colors_info=&#8221;{}&#8221;]<\/p>\n<h1><strong>Financeiro<\/strong><\/h1>\n<p>[\/et_pb_text][\/et_pb_column][\/et_pb_row][et_pb_row column_structure=&#8221;1_4,1_4,1_4,1_4&#8243; _builder_version=&#8221;4.17.4&#8243; _module_preset=&#8221;default&#8221; locked=&#8221;off&#8221; global_colors_info=&#8221;{}&#8221;][et_pb_column type=&#8221;1_4&#8243; _builder_version=&#8221;4.16&#8243; _module_preset=&#8221;default&#8221; custom_padding=&#8221;|||&#8221; global_colors_info=&#8221;{}&#8221; custom_padding__hover=&#8221;|||&#8221;][et_pb_text _builder_version=&#8221;4.27.0&#8243; _module_preset=&#8221;default&#8221; header_3_font=&#8221;|700|||||||&#8221; locked=&#8221;off&#8221; global_colors_info=&#8221;{}&#8221;]<\/p>\n<h3>Coordenador Financeiro ADRs<\/h3>\n<p>[\/et_pb_text][et_pb_image src=&#8221;https:\/\/www.ccbc.org.br\/cam-ccbc-centro-arbitragem-mediacao\/wp-content\/uploads\/sites\/10\/2025\/01\/mauricio-freitas.jpg&#8221; title_text=&#8221;mauricio-freitas&#8221; align=&#8221;center&#8221; force_fullwidth=&#8221;on&#8221; disabled_on=&#8221;off|off|off&#8221; _builder_version=&#8221;4.27.0&#8243; _module_preset=&#8221;default&#8221; always_center_on_mobile=&#8221;off&#8221; locked=&#8221;off&#8221; global_colors_info=&#8221;{}&#8221;]<\/p>\n<p>\n&nbsp;<\/p>\n<p>[\/et_pb_image][et_pb_text _builder_version=&#8221;4.27.0&#8243; _module_preset=&#8221;default&#8221; text_font=&#8221;||||||||&#8221; text_line_height=&#8221;1em&#8221; text_orientation=&#8221;center&#8221; locked=&#8221;off&#8221; global_colors_info=&#8221;{}&#8221;]<\/p>\n<p><strong>Maur\u00edcio Freitas<\/strong><\/p>\n<p><strong>Contact: <\/strong>+55 11 4058-0414<\/p>\n<p><a href=\"mailto:mauricio.freitas@ccbc.org.br\" target=\"_blank\" rel=\"noopener\">mauricio.freitas@ccbc.org.br<\/a><\/p>\n<p>[\/et_pb_text][\/et_pb_column][et_pb_column type=&#8221;1_4&#8243; _builder_version=&#8221;4.16&#8243; _module_preset=&#8221;default&#8221; custom_padding=&#8221;|||&#8221; global_colors_info=&#8221;{}&#8221; custom_padding__hover=&#8221;|||&#8221;][\/et_pb_column][et_pb_column type=&#8221;1_4&#8243; _builder_version=&#8221;4.17.4&#8243; _module_preset=&#8221;default&#8221; global_colors_info=&#8221;{}&#8221;][\/et_pb_column][et_pb_column type=&#8221;1_4&#8243; _builder_version=&#8221;4.16&#8243; _module_preset=&#8221;default&#8221; custom_padding=&#8221;|||&#8221; global_colors_info=&#8221;{}&#8221; custom_padding__hover=&#8221;|||&#8221;][\/et_pb_column][\/et_pb_row][et_pb_row column_structure=&#8221;1_4,1_4,1_4,1_4&#8243; _builder_version=&#8221;4.27.0&#8243; _module_preset=&#8221;default&#8221; locked=&#8221;off&#8221; global_colors_info=&#8221;{}&#8221;][et_pb_column type=&#8221;1_4&#8243; _builder_version=&#8221;4.16&#8243; _module_preset=&#8221;default&#8221; custom_padding=&#8221;|||&#8221; global_colors_info=&#8221;{}&#8221; custom_padding__hover=&#8221;|||&#8221;][et_pb_text _builder_version=&#8221;4.27.0&#8243; _module_preset=&#8221;default&#8221; header_3_font=&#8221;|700|||||||&#8221; locked=&#8221;off&#8221; global_colors_info=&#8221;{}&#8221;]<\/p>\n<h3>Analista de Controle Financeiro<\/h3>\n<p>[\/et_pb_text][et_pb_image src=&#8221;https:\/\/www.ccbc.org.br\/cam-ccbc-centro-arbitragem-mediacao\/wp-content\/uploads\/sites\/10\/2025\/01\/renata-culbert.jpg&#8221; title_text=&#8221;renata-culbert&#8221; align=&#8221;center&#8221; force_fullwidth=&#8221;on&#8221; disabled_on=&#8221;off|off|off&#8221; _builder_version=&#8221;4.27.0&#8243; _module_preset=&#8221;default&#8221; always_center_on_mobile=&#8221;off&#8221; locked=&#8221;off&#8221; global_colors_info=&#8221;{}&#8221;]<\/p>\n<p>\n&nbsp;<\/p>\n<p>[\/et_pb_image][et_pb_text _builder_version=&#8221;4.27.0&#8243; _module_preset=&#8221;default&#8221; text_font=&#8221;||||||||&#8221; text_line_height=&#8221;1em&#8221; text_orientation=&#8221;center&#8221; locked=&#8221;off&#8221; global_colors_info=&#8221;{}&#8221;]<\/p>\n<p><strong>Renata Culbert<\/strong><\/p>\n<p><strong>Contact: <\/strong>+55 11 4058-0382<\/p>\n<p><a href=\"mailto:renata.culbert@ccbc.org.br\" target=\"_blank\" rel=\"noopener\">renata.culbert@ccbc.org.br<\/a><\/p>\n<p>[\/et_pb_text][\/et_pb_column][et_pb_column type=&#8221;1_4&#8243; _builder_version=&#8221;4.16&#8243; _module_preset=&#8221;default&#8221; custom_padding=&#8221;|||&#8221; global_colors_info=&#8221;{}&#8221; custom_padding__hover=&#8221;|||&#8221;][et_pb_text _builder_version=&#8221;4.27.0&#8243; _module_preset=&#8221;default&#8221; header_3_font=&#8221;|700|||||||&#8221; locked=&#8221;off&#8221; global_colors_info=&#8221;{}&#8221;]<\/p>\n<h3>Analista Financeiro da SEC1 e SEC2<\/h3>\n<p>[\/et_pb_text][et_pb_image src=&#8221;https:\/\/www.ccbc.org.br\/cam-ccbc-centro-arbitragem-mediacao\/wp-content\/uploads\/sites\/10\/2025\/05\/karina-sulidade.jpg&#8221; title_text=&#8221;karina-sulidade&#8221; align=&#8221;center&#8221; force_fullwidth=&#8221;on&#8221; disabled_on=&#8221;off|off|off&#8221; _builder_version=&#8221;4.27.0&#8243; _module_preset=&#8221;default&#8221; always_center_on_mobile=&#8221;off&#8221; locked=&#8221;off&#8221; global_colors_info=&#8221;{}&#8221;]<\/p>\n<p>\n&nbsp;<\/p>\n<p>[\/et_pb_image][et_pb_text _builder_version=&#8221;4.27.0&#8243; _module_preset=&#8221;default&#8221; text_font=&#8221;||||||||&#8221; text_line_height=&#8221;1em&#8221; text_orientation=&#8221;center&#8221; locked=&#8221;off&#8221; global_colors_info=&#8221;{}&#8221;]<\/p>\n<p><strong>Karina Sulidade<\/strong><\/p>\n<p><strong>Contact: <\/strong>+55 11 4058-0416<\/p>\n<p><a href=\"mailto:karina.sulidade@ccbc.org.br\" target=\"_blank\" rel=\"noopener\"><span>karina.sulidade@ccbc.org.br<\/span><\/a><\/p>\n<p>[\/et_pb_text][\/et_pb_column][et_pb_column type=&#8221;1_4&#8243; _builder_version=&#8221;4.16&#8243; _module_preset=&#8221;default&#8221; custom_padding=&#8221;|||&#8221; global_colors_info=&#8221;{}&#8221; custom_padding__hover=&#8221;|||&#8221;][et_pb_text _builder_version=&#8221;4.27.0&#8243; _module_preset=&#8221;default&#8221; header_3_font=&#8221;|700|||||||&#8221; locked=&#8221;off&#8221; global_colors_info=&#8221;{}&#8221;]<\/p>\n<h3>Analista Financeiro da SEC3 e SEC9<\/h3>\n<p>[\/et_pb_text][et_pb_image src=&#8221;https:\/\/www.ccbc.org.br\/cam-ccbc-centro-arbitragem-mediacao\/wp-content\/uploads\/sites\/10\/2025\/01\/rafael-ruel.jpg&#8221; title_text=&#8221;rafael-ruel&#8221; align=&#8221;center&#8221; force_fullwidth=&#8221;on&#8221; disabled_on=&#8221;off|off|off&#8221; _builder_version=&#8221;4.27.0&#8243; _module_preset=&#8221;default&#8221; always_center_on_mobile=&#8221;off&#8221; locked=&#8221;off&#8221; global_colors_info=&#8221;{}&#8221;]<\/p>\n<p>\n&nbsp;<\/p>\n<p>[\/et_pb_image][et_pb_text _builder_version=&#8221;4.27.0&#8243; _module_preset=&#8221;default&#8221; text_font=&#8221;||||||||&#8221; text_line_height=&#8221;1em&#8221; text_orientation=&#8221;center&#8221; locked=&#8221;off&#8221; global_colors_info=&#8221;{}&#8221;]<\/p>\n<p><strong>Rafael Ruel<\/strong><\/p>\n<p><strong>Contact: <\/strong>+55 11 4058-0462<\/p>\n<p><a href=\"mailto:rafael.ruel@ccbc.org.br\" target=\"_blank\" rel=\"noopener\">rafael.ruel@ccbc.org.br<\/a><strong><br \/><\/strong><\/p>\n<p>[\/et_pb_text][\/et_pb_column][et_pb_column type=&#8221;1_4&#8243; _builder_version=&#8221;4.17.4&#8243; _module_preset=&#8221;default&#8221; global_colors_info=&#8221;{}&#8221;][et_pb_text _builder_version=&#8221;4.27.0&#8243; _module_preset=&#8221;default&#8221; header_3_font=&#8221;|700|||||||&#8221; locked=&#8221;off&#8221; global_colors_info=&#8221;{}&#8221;]<\/p>\n<h3>Analista Financeiro da SEC4 e SEC5<\/h3>\n<p>[\/et_pb_text][et_pb_image src=&#8221;https:\/\/www.ccbc.org.br\/cam-ccbc-centro-arbitragem-mediacao\/wp-content\/uploads\/sites\/10\/2025\/05\/caline-pinheiro.jpg&#8221; title_text=&#8221;caline-pinheiro&#8221; align=&#8221;center&#8221; force_fullwidth=&#8221;on&#8221; disabled_on=&#8221;off|off|off&#8221; _builder_version=&#8221;4.27.0&#8243; _module_preset=&#8221;default&#8221; always_center_on_mobile=&#8221;off&#8221; locked=&#8221;off&#8221; global_colors_info=&#8221;{}&#8221;]<\/p>\n<p>\n&nbsp;<\/p>\n<p>[\/et_pb_image][et_pb_text _builder_version=&#8221;4.27.0&#8243; _module_preset=&#8221;default&#8221; text_font=&#8221;||||||||&#8221; text_line_height=&#8221;1em&#8221; text_orientation=&#8221;center&#8221; locked=&#8221;off&#8221; global_colors_info=&#8221;{}&#8221;]<\/p>\n<p><strong>Caline Pinheiro<\/strong><strong><\/strong><\/p>\n<p><strong>Contact: <\/strong>+55 11 4058-0422<\/p>\n<p><a href=\"mailto:caline.pinheiro@ccbc.org.br\" target=\"_blank\" rel=\"noopener\">caline.pinheiro@ccbc.org.br<\/a><strong><br \/><\/strong><\/p>\n<p>[\/et_pb_text][\/et_pb_column][\/et_pb_row][et_pb_row column_structure=&#8221;1_4,1_4,1_4,1_4&#8243; _builder_version=&#8221;4.27.0&#8243; _module_preset=&#8221;default&#8221; locked=&#8221;off&#8221; global_colors_info=&#8221;{}&#8221;][et_pb_column type=&#8221;1_4&#8243; _builder_version=&#8221;4.16&#8243; _module_preset=&#8221;default&#8221; custom_padding=&#8221;|||&#8221; global_colors_info=&#8221;{}&#8221; custom_padding__hover=&#8221;|||&#8221;][et_pb_text _builder_version=&#8221;4.27.0&#8243; _module_preset=&#8221;default&#8221; header_3_font=&#8221;|700|||||||&#8221; locked=&#8221;off&#8221; global_colors_info=&#8221;{}&#8221;]<\/p>\n<h3>Analista Financeiro da SEC6 e SEC7<\/h3>\n<p>[\/et_pb_text][et_pb_image src=&#8221;https:\/\/www.ccbc.org.br\/cam-ccbc-centro-arbitragem-mediacao\/wp-content\/uploads\/sites\/10\/2025\/01\/joseneide-arruda.jpg&#8221; title_text=&#8221;joseneide-arruda&#8221; align=&#8221;center&#8221; force_fullwidth=&#8221;on&#8221; disabled_on=&#8221;off|off|off&#8221; _builder_version=&#8221;4.27.0&#8243; _module_preset=&#8221;default&#8221; always_center_on_mobile=&#8221;off&#8221; locked=&#8221;off&#8221; global_colors_info=&#8221;{}&#8221;]<\/p>\n<p>\n&nbsp;<\/p>\n<p>[\/et_pb_image][et_pb_text _builder_version=&#8221;4.27.0&#8243; _module_preset=&#8221;default&#8221; text_font=&#8221;||||||||&#8221; text_line_height=&#8221;1em&#8221; text_orientation=&#8221;center&#8221; locked=&#8221;off&#8221; global_colors_info=&#8221;{}&#8221;]<\/p>\n<p><strong>Joseneide Arruda<\/strong><strong><\/strong><\/p>\n<p><strong>Contact: <\/strong>+55 11 4058-0452<\/p>\n<p><a href=\"mailto:joseneide.arruda@ccbc.org.br\" target=\"_blank\" rel=\"noopener\">joseneide.arruda@ccbc.org.br<\/a><strong><br \/><\/strong><\/p>\n<p>[\/et_pb_text][\/et_pb_column][et_pb_column type=&#8221;1_4&#8243; _builder_version=&#8221;4.17.4&#8243; _module_preset=&#8221;default&#8221; global_colors_info=&#8221;{}&#8221;][et_pb_text _builder_version=&#8221;4.27.0&#8243; _module_preset=&#8221;default&#8221; header_3_font=&#8221;|700|||||||&#8221; locked=&#8221;off&#8221; global_colors_info=&#8221;{}&#8221;]<\/p>\n<h3>Analista Financeiro da SEC8<\/h3>\n<p>[\/et_pb_text][et_pb_image src=&#8221;https:\/\/www.ccbc.org.br\/cam-ccbc-centro-arbitragem-mediacao\/wp-content\/uploads\/sites\/10\/2025\/05\/jhonas-rodrigues.jpg&#8221; title_text=&#8221;jhonas-rodrigues&#8221; align=&#8221;center&#8221; force_fullwidth=&#8221;on&#8221; disabled_on=&#8221;off|off|off&#8221; _builder_version=&#8221;4.27.0&#8243; _module_preset=&#8221;default&#8221; always_center_on_mobile=&#8221;off&#8221; locked=&#8221;off&#8221; global_colors_info=&#8221;{}&#8221;]<\/p>\n<p>\n&nbsp;<\/p>\n<p>[\/et_pb_image][et_pb_text _builder_version=&#8221;4.27.0&#8243; _module_preset=&#8221;default&#8221; text_font=&#8221;||||||||&#8221; text_line_height=&#8221;1em&#8221; text_orientation=&#8221;center&#8221; locked=&#8221;off&#8221; global_colors_info=&#8221;{}&#8221;]<\/p>\n<p><strong>Jhonas Rodrigues<\/strong><\/p>\n<p><strong>Contact:<\/strong><span>\u00a0<\/span>(11) 4058-0415<\/p>\n<p><a href=\"mailto:jhonas.rodrigues@ccbc.org.br\">jhonas.rodrigues@ccbc.org.br<\/a><\/p>\n<p>[\/et_pb_text][\/et_pb_column][et_pb_column type=&#8221;1_4&#8243; _builder_version=&#8221;4.16&#8243; _module_preset=&#8221;default&#8221; custom_padding=&#8221;|||&#8221; global_colors_info=&#8221;{}&#8221; custom_padding__hover=&#8221;|||&#8221;][et_pb_text _builder_version=&#8221;4.27.0&#8243; _module_preset=&#8221;default&#8221; header_3_font=&#8221;|700|||||||&#8221; locked=&#8221;off&#8221; global_colors_info=&#8221;{}&#8221;]<\/p>\n<h3>Assistente<br \/>Financeiro<\/h3>\n<p>[\/et_pb_text][et_pb_image src=&#8221;https:\/\/www.ccbc.org.br\/cam-ccbc-centro-arbitragem-mediacao\/wp-content\/uploads\/sites\/10\/2025\/01\/gabriella-assis.jpg&#8221; title_text=&#8221;gabriella-assis&#8221; align=&#8221;center&#8221; force_fullwidth=&#8221;on&#8221; disabled_on=&#8221;off|off|off&#8221; _builder_version=&#8221;4.27.0&#8243; _module_preset=&#8221;default&#8221; always_center_on_mobile=&#8221;off&#8221; locked=&#8221;off&#8221; global_colors_info=&#8221;{}&#8221;]<\/p>\n<p>\n&nbsp;<\/p>\n<p>[\/et_pb_image][et_pb_text _builder_version=&#8221;4.27.0&#8243; _module_preset=&#8221;default&#8221; text_font=&#8221;||||||||&#8221; text_line_height=&#8221;1em&#8221; text_orientation=&#8221;center&#8221; locked=&#8221;off&#8221; global_colors_info=&#8221;{}&#8221;]<\/p>\n<p><strong>Gabriella Assis<\/strong><\/p>\n<p><strong>Contact: <\/strong>+55 11 4058-0381<\/p>\n<p><a href=\"mailto:gabriella.assis@ccbc.org.br\" target=\"_blank\" rel=\"noopener\">gabriella.assis@ccbc.org.br<\/a><strong><br \/><\/strong><\/p>\n<p>[\/et_pb_text][\/et_pb_column][et_pb_column type=&#8221;1_4&#8243; _builder_version=&#8221;4.16&#8243; _module_preset=&#8221;default&#8221; custom_padding=&#8221;|||&#8221; global_colors_info=&#8221;{}&#8221; custom_padding__hover=&#8221;|||&#8221;][et_pb_text _builder_version=&#8221;4.27.0&#8243; _module_preset=&#8221;default&#8221; header_3_font=&#8221;|700|||||||&#8221; locked=&#8221;off&#8221; global_colors_info=&#8221;{}&#8221;]<\/p>\n<h3>Assistente<br \/>Financeiro<\/h3>\n<p>[\/et_pb_text][et_pb_image src=&#8221;https:\/\/www.ccbc.org.br\/cam-ccbc-centro-arbitragem-mediacao\/wp-content\/uploads\/sites\/10\/2025\/05\/savyo-alves.jpg&#8221; title_text=&#8221;savyo-alves&#8221; align=&#8221;center&#8221; force_fullwidth=&#8221;on&#8221; disabled_on=&#8221;off|off|off&#8221; _builder_version=&#8221;4.27.0&#8243; _module_preset=&#8221;default&#8221; always_center_on_mobile=&#8221;off&#8221; locked=&#8221;off&#8221; global_colors_info=&#8221;{}&#8221;]<\/p>\n<p>\n&nbsp;<\/p>\n<p>[\/et_pb_image][et_pb_text _builder_version=&#8221;4.27.0&#8243; _module_preset=&#8221;default&#8221; text_font=&#8221;||||||||&#8221; text_line_height=&#8221;1em&#8221; text_orientation=&#8221;center&#8221; min_height=&#8221;155px&#8221; locked=&#8221;off&#8221; global_colors_info=&#8221;{}&#8221;]<\/p>\n<p><strong>Savyo Alves<\/strong><\/p>\n<p><strong>Contact: <\/strong>+55 11 4058-0383<\/p>\n<p><a href=\"mailto:savyo.alves@ccbc.org.br\">savyo.alves@ccbc.org.br<\/a><\/p>\n<p>[\/et_pb_text][\/et_pb_column][\/et_pb_row][\/et_pb_section]<\/p>\n","protected":false},"excerpt":{"rendered":"<p>Organizational Structure &nbsp;Organizational Structure &nbsp; &nbsp; Rodrigo Garcia da Fonseca PresidentLawyer with more than 30 years of experience in the resolution of business disputes, acting in domestic and international arbitrations as well as in judicial and administrative litigation. Frequently appointed as arbitrator, he is a member of the lists of arbitrators of several Brazilian institutions. [&hellip;]<\/p>\n","protected":false},"author":25,"featured_media":0,"parent":7545,"menu_order":0,"comment_status":"closed","ping_status":"closed","template":"","meta":{"_et_pb_use_builder":"on","_et_pb_old_content":"","_et_gb_content_width":"","footnotes":""},"class_list":["post-36871","page","type-page","status-publish","hentry"],"_links":{"self":[{"href":"https:\/\/www.ccbc.org.br\/cam-ccbc-centro-arbitragem-mediacao\/en\/wp-json\/wp\/v2\/pages\/36871","targetHints":{"allow":["GET"]}}],"collection":[{"href":"https:\/\/www.ccbc.org.br\/cam-ccbc-centro-arbitragem-mediacao\/en\/wp-json\/wp\/v2\/pages"}],"about":[{"href":"https:\/\/www.ccbc.org.br\/cam-ccbc-centro-arbitragem-mediacao\/en\/wp-json\/wp\/v2\/types\/page"}],"author":[{"embeddable":true,"href":"https:\/\/www.ccbc.org.br\/cam-ccbc-centro-arbitragem-mediacao\/en\/wp-json\/wp\/v2\/users\/25"}],"replies":[{"embeddable":true,"href":"https:\/\/www.ccbc.org.br\/cam-ccbc-centro-arbitragem-mediacao\/en\/wp-json\/wp\/v2\/comments?post=36871"}],"version-history":[{"count":32,"href":"https:\/\/www.ccbc.org.br\/cam-ccbc-centro-arbitragem-mediacao\/en\/wp-json\/wp\/v2\/pages\/36871\/revisions"}],"predecessor-version":[{"id":69092,"href":"https:\/\/www.ccbc.org.br\/cam-ccbc-centro-arbitragem-mediacao\/en\/wp-json\/wp\/v2\/pages\/36871\/revisions\/69092"}],"up":[{"embeddable":true,"href":"https:\/\/www.ccbc.org.br\/cam-ccbc-centro-arbitragem-mediacao\/en\/wp-json\/wp\/v2\/pages\/7545"}],"wp:attachment":[{"href":"https:\/\/www.ccbc.org.br\/cam-ccbc-centro-arbitragem-mediacao\/en\/wp-json\/wp\/v2\/media?parent=36871"}],"curies":[{"name":"wp","href":"https:\/\/api.w.org\/{rel}","templated":true}]}}